{"id":1428,"date":"2025-09-25T13:34:18","date_gmt":"2025-09-25T13:34:18","guid":{"rendered":"https:\/\/people-and-culture-festival.berlin\/?page_id=1428"},"modified":"2025-09-30T12:57:47","modified_gmt":"2025-09-30T12:57:47","slug":"sessions","status":"publish","type":"page","link":"https:\/\/people-and-culture-festival.berlin\/en\/sessions\/","title":{"rendered":"Sessions"},"content":{"rendered":"<div class=\"block_section_header\">\n    <div class=\"flex items-center gap-x-2 md:gap-x-4\">\n    <h2 class=\"min-h-12 md:min-h-[55px] xl:min-h-[72px] px-6 xl:px-8 rounded-[98px] bg-pcfSecondary text-[25px] md:text-[31px] xl:text-[39px] md:tracking-[-0.31px] xl:tracking-[-0.195px] font-[600] text-white flex items-center section-header-h2\">\n        Sessions    <\/h2>\n    <div class=\"flex-grow h-[2px] bg-pcfSecondary\"><\/div>\n    <div class=\"h-12 md:h-[55px] xl:h-[72px] w-12 md:w-[55px] xl:w-[72px] shrink-0\">\n        <img decoding=\"async\" src=\"https:\/\/people-and-culture-festival.berlin\/wp-content\/themes\/pcf2025\/assets\/gfx\/icons\/arrow-down.svg\" class=\"h-full\" alt=\"\">\n    <\/div>\n<\/div><\/div>\n\n<div class=\"block_intro_text\">\n    <div class=\"text-pcfSecondary text-heading-mobile-h3 md:text-heading-h4 xl:text-heading-h3\">\n        The People &amp; Culture Festival 2025 offers a diverse program with talks, panels, and workshops. New this year is a special offer for young people in the career orientation phase \u2013 with insights, exchange, and inspiration for their own path.\r\n\r\nHere you can find the complete program overview.    <\/div>\n<\/div>\n\n<div class=\"filter-container\">\n    <div class=\"collapse-css program-filter sticky mt-16 md:mt-[114px] top-24 md:top-[114px] bottom-0 z-20\">\n        <div class=\"collapse-header\">\n            <div class=\"px-6 py-3 rounded-[24px] bg-pcfYellow flex items-center program-filter-header min-h-11 text-reading-caption text-black\">\n                <div>\n                    <div class=\"on-closed\">\n                        Filter program                    <\/div>\n                    <div class=\"on-opened\">\n                        close filter                    <\/div>\n                <\/div>\n                <div class=\"ml-auto\">\n                    <div class=\"on-closed\">\n                        <svg width=\"20\" height=\"20\" viewBox=\"0 0 20 20\" fill=\"none\" xmlns=\"http:\/\/www.w3.org\/2000\/svg\">\n                            <path id=\"Union\" fill-rule=\"evenodd\" clip-rule=\"evenodd\" d=\"M11.0187 0H8.96741V8.97975H0V11.031H8.96741V20H11.0187V11.031H20V8.97975H11.0187V0Z\" fill=\"#000000\"\/>\n                        <\/svg>\n                    <\/div>\n                    <div class=\"on-opened\">\n                        <svg width=\"20\" height=\"4\" viewBox=\"0 0 20 4\" fill=\"none\" xmlns=\"http:\/\/www.w3.org\/2000\/svg\">\n                            <path id=\"Union\" d=\"M20 0.974122V3.0254L0 3.0254L8.96644e-08 0.974121L20 0.974122Z\" fill=\"#ffffff\"\/>\n                        <\/svg>\n                    <\/div>\n                <\/div>\n            <\/div>\n        <\/div>\n        <div class=\"collapse-body transition-all ease-out !block overflow-hidden h-0\">\n            <div class=\"w-full p-4 bg-white relative z-10\">\n                <div class=\"xl:flex xl:w-full\">\n                    <div class=\"xl:flex-1 xl:basis-2\/3\">\n                        <!-- Filter: Rubrik -->\n                        <div class=\"text-reading-caption text-pcfPrimary relative z-[1]\">\n                            show category                        <\/div>\n                        <div class=\"mt-5 relative z-[1] flex flex-row gap-2 flex-wrap\">\n                                                                                                                        <div class=\"pcf-rubrik relative flex\">\n                                    <input type=\"checkbox\" id=\"cb-t-demografischer-wandel-arbeitsgesellschaft-en\" class=\"hidden i-rubrik peer\" data-rubrik=\"demografischer-wandel-arbeitsgesellschaft-en\">\n                                    <label for=\"cb-t-demografischer-wandel-arbeitsgesellschaft-en\" class=\"rounded-[24px] text-[14px] tracking-[0.28px] px-3 py-2 text-white cursor-pointer bg-rubrikGruen  peer-checked:bg-pcfPrimary transition-colors hover-capable:hover:bg-pcfPrimary\">\n                                        Demografischer Wandel &amp; Arbeitsgesellschaft                                    <\/label>\n                                <\/div>\n                                                                                            <div class=\"pcf-rubrik relative flex\">\n                                    <input type=\"checkbox\" id=\"cb-t-entrepreneurship-neue-berufliche-wege-en\" class=\"hidden i-rubrik peer\" data-rubrik=\"entrepreneurship-neue-berufliche-wege-en\">\n                                    <label for=\"cb-t-entrepreneurship-neue-berufliche-wege-en\" class=\"rounded-[24px] text-[14px] tracking-[0.28px] px-3 py-2 text-white cursor-pointer bg-rubrikLila  peer-checked:bg-pcfPrimary transition-colors hover-capable:hover:bg-pcfPrimary\">\n                                        Entrepreneurship &amp; neue berufliche Wege                                    <\/label>\n                                <\/div>\n                                                                                            <div class=\"pcf-rubrik relative flex\">\n                                    <input type=\"checkbox\" id=\"cb-t-mental-health-wellbeing-en\" class=\"hidden i-rubrik peer\" data-rubrik=\"mental-health-wellbeing-en\">\n                                    <label for=\"cb-t-mental-health-wellbeing-en\" class=\"rounded-[24px] text-[14px] tracking-[0.28px] px-3 py-2 text-white cursor-pointer bg-rubrikRot  peer-checked:bg-pcfPrimary transition-colors hover-capable:hover:bg-pcfPrimary\">\n                                        Mental Health &amp; Wellbeing                                    <\/label>\n                                <\/div>\n                                                                                            <div class=\"pcf-rubrik relative flex\">\n                                    <input type=\"checkbox\" id=\"cb-t-zukunft-der-arbeit-ki-en\" class=\"hidden i-rubrik peer\" data-rubrik=\"zukunft-der-arbeit-ki-en\">\n                                    <label for=\"cb-t-zukunft-der-arbeit-ki-en\" class=\"rounded-[24px] text-[14px] tracking-[0.28px] px-3 py-2 text-white cursor-pointer bg-rubrikBlau  peer-checked:bg-pcfPrimary transition-colors hover-capable:hover:bg-pcfPrimary\">\n                                        Zukunft der Arbeit &amp; KI                                    <\/label>\n                                <\/div>\n                                                    <\/div>\n                    <\/div>\n\n                    <hr class=\"border-pcfSecondary border-1 my-6 xl:hidden\">\n\n                    <div class=\"xl:flex-1 xl:basis-1\/3\">\n                        <!-- Filter: Gemerkte Sessions -->\n                        <div class=\"text-reading-caption text-pcfPrimary relative z-[1]\">\n                            show saved sessions                        <\/div>\n                        <div class=\"mt-5 relative z-[1] flex flex-row gap-2 flex-wrap\">\n                            <div class=\"relative flex overflow-hidden shrink-0 group\">\n                                <input type=\"radio\" name=\"savedSessionFilter\" id=\"cb-t-ss-off\" class=\"hidden i-savedSession peer\" value=\"off\" checked>\n                                <label for=\"cb-t-ss-off\" class=\"rounded-[24px] px-3 py-2 text-pcfPrimary bg-[rgba(76,26,58,0.09)] text-[14px] tracking-[0.28px] peer-checked:bg-pcfPrimary peer-checked:text-white transition-colors cursor-pointer hover-capable:hover:bg-labelDefaultHover hover-capable:peer-checked:hover:bg-labelActiveHover\">\n                                    show all sessions                                <\/label>\n                            <\/div>\n                            <div class=\"relative flex overflow-hidden shrink-0 group\">\n                                <input type=\"radio\" name=\"savedSessionFilter\" id=\"cb-t-ss-on\" class=\"hidden i-savedSession peer\" value=\"on\">\n                                <label for=\"cb-t-ss-on\" class=\"rounded-[24px] px-3 py-2 text-pcfPrimary bg-[rgba(76,26,58,0.09)] text-[14px] tracking-[0.28px] peer-checked:bg-pcfPrimary peer-checked:text-white transition-colors cursor-pointer hover-capable:hover:bg-labelDefaultHover hover-capable:peer-checked:hover:bg-labelActiveHover\">\n                                    show saved sessions                                <\/label>\n                            <\/div>\n                        <\/div>\n                        <hr class=\"border-pcfSecondary border-1 my-6 xl:hidden\">\n                    <\/div>\n\n                <\/div>\n                <hr class=\"border-pcfSecondary border-1 my-7 hidden xl:block\">\n\n                <!-- Filter: Sprache -->\n                <div class=\"text-reading-caption text-pcfPrimary relative z-[1]\">\n                    filter by language                <\/div>\n                <div class=\"mt-5 relative z-[1] flex flex-row gap-2 flex-wrap\">\n                                                                <div class=\"relative flex overflow-hidden shrink-0 group\">\n                            <input type=\"checkbox\" id=\"cb-t-en\" class=\"hidden i-sprache peer\" data-sprache=\"en\">\n                            <label for=\"cb-t-en\" class=\"rounded-[24px] px-3 py-2 text-pcfPrimary bg-[rgba(76,26,58,0.09)] text-[14px] tracking-[0.28px] peer-checked:bg-pcfPrimary peer-checked:text-white transition-colors cursor-pointer hover-capable:hover:bg-labelDefaultHover hover-capable:peer-checked:hover:bg-labelActiveHover\">\n                                EN                            <\/label>\n                        <\/div>\n                                            <div class=\"relative flex overflow-hidden shrink-0 group\">\n                            <input type=\"checkbox\" id=\"cb-t-ger\" class=\"hidden i-sprache peer\" data-sprache=\"ger\">\n                            <label for=\"cb-t-ger\" class=\"rounded-[24px] px-3 py-2 text-pcfPrimary bg-[rgba(76,26,58,0.09)] text-[14px] tracking-[0.28px] peer-checked:bg-pcfPrimary peer-checked:text-white transition-colors cursor-pointer hover-capable:hover:bg-labelDefaultHover hover-capable:peer-checked:hover:bg-labelActiveHover\">\n                                GER                            <\/label>\n                        <\/div>\n                                    <\/div>\n                <hr class=\"border-pcfSecondary border-1 my-6 xl:my-7\">\n\n                <!-- Filter: Session -->\n                <div class=\"text-reading-caption text-pcfPrimary relative z-[1]\">\n                    filter by session                <\/div>\n                <div class=\"mt-5 relative z-[1] flex flex-row gap-2 flex-wrap\">\n                                                                <div class=\"relative flex overflow-hidden shrink-0 group\">\n                            <input type=\"checkbox\" id=\"cb-t-ai-consultation\" class=\"hidden i-session peer\" data-session=\"ai-consultation\">\n                            <label for=\"cb-t-ai-consultation\" class=\"rounded-[24px] px-3 py-2 text-pcfPrimary bg-[rgba(76,26,58,0.09)] text-[14px] tracking-[0.28px] peer-checked:bg-pcfPrimary peer-checked:text-white transition-colors cursor-pointer hover-capable:hover:bg-labelDefaultHover hover-capable:peer-checked:hover:bg-labelActiveHover\">\n                                AI Consultation                            <\/label>\n                        <\/div>\n                                            <div class=\"relative flex overflow-hidden shrink-0 group\">\n                            <input type=\"checkbox\" id=\"cb-t-crash-course\" class=\"hidden i-session peer\" data-session=\"crash-course\">\n                            <label for=\"cb-t-crash-course\" class=\"rounded-[24px] px-3 py-2 text-pcfPrimary bg-[rgba(76,26,58,0.09)] text-[14px] tracking-[0.28px] peer-checked:bg-pcfPrimary peer-checked:text-white transition-colors cursor-pointer hover-capable:hover:bg-labelDefaultHover hover-capable:peer-checked:hover:bg-labelActiveHover\">\n                                Crash course                            <\/label>\n                        <\/div>\n                                            <div class=\"relative flex overflow-hidden shrink-0 group\">\n                            <input type=\"checkbox\" id=\"cb-t-festival-closing-en\" class=\"hidden i-session peer\" data-session=\"festival-closing-en\">\n                            <label for=\"cb-t-festival-closing-en\" class=\"rounded-[24px] px-3 py-2 text-pcfPrimary bg-[rgba(76,26,58,0.09)] text-[14px] tracking-[0.28px] peer-checked:bg-pcfPrimary peer-checked:text-white transition-colors cursor-pointer hover-capable:hover:bg-labelDefaultHover hover-capable:peer-checked:hover:bg-labelActiveHover\">\n                                Festival Closing                            <\/label>\n                        <\/div>\n                                            <div class=\"relative flex overflow-hidden shrink-0 group\">\n                            <input type=\"checkbox\" id=\"cb-t-festival-opening-en\" class=\"hidden i-session peer\" data-session=\"festival-opening-en\">\n                            <label for=\"cb-t-festival-opening-en\" class=\"rounded-[24px] px-3 py-2 text-pcfPrimary bg-[rgba(76,26,58,0.09)] text-[14px] tracking-[0.28px] peer-checked:bg-pcfPrimary peer-checked:text-white transition-colors cursor-pointer hover-capable:hover:bg-labelDefaultHover hover-capable:peer-checked:hover:bg-labelActiveHover\">\n                                Festival Opening                            <\/label>\n                        <\/div>\n                                            <div class=\"relative flex overflow-hidden shrink-0 group\">\n                            <input type=\"checkbox\" id=\"cb-t-film-en\" class=\"hidden i-session peer\" data-session=\"film-en\">\n                            <label for=\"cb-t-film-en\" class=\"rounded-[24px] px-3 py-2 text-pcfPrimary bg-[rgba(76,26,58,0.09)] text-[14px] tracking-[0.28px] peer-checked:bg-pcfPrimary peer-checked:text-white transition-colors cursor-pointer hover-capable:hover:bg-labelDefaultHover hover-capable:peer-checked:hover:bg-labelActiveHover\">\n                                Film                            <\/label>\n                        <\/div>\n                                            <div class=\"relative flex overflow-hidden shrink-0 group\">\n                            <input type=\"checkbox\" id=\"cb-t-firesite-chat-en\" class=\"hidden i-session peer\" data-session=\"firesite-chat-en\">\n                            <label for=\"cb-t-firesite-chat-en\" class=\"rounded-[24px] px-3 py-2 text-pcfPrimary bg-[rgba(76,26,58,0.09)] text-[14px] tracking-[0.28px] peer-checked:bg-pcfPrimary peer-checked:text-white transition-colors cursor-pointer hover-capable:hover:bg-labelDefaultHover hover-capable:peer-checked:hover:bg-labelActiveHover\">\n                                Firesite Chat                            <\/label>\n                        <\/div>\n                                            <div class=\"relative flex overflow-hidden shrink-0 group\">\n                            <input type=\"checkbox\" id=\"cb-t-keynote-en\" class=\"hidden i-session peer\" data-session=\"keynote-en\">\n                            <label for=\"cb-t-keynote-en\" class=\"rounded-[24px] px-3 py-2 text-pcfPrimary bg-[rgba(76,26,58,0.09)] text-[14px] tracking-[0.28px] peer-checked:bg-pcfPrimary peer-checked:text-white transition-colors cursor-pointer hover-capable:hover:bg-labelDefaultHover hover-capable:peer-checked:hover:bg-labelActiveHover\">\n                                Keynote                            <\/label>\n                        <\/div>\n                                            <div class=\"relative flex overflow-hidden shrink-0 group\">\n                            <input type=\"checkbox\" id=\"cb-t-lightning-talk-en\" class=\"hidden i-session peer\" data-session=\"lightning-talk-en\">\n                            <label for=\"cb-t-lightning-talk-en\" class=\"rounded-[24px] px-3 py-2 text-pcfPrimary bg-[rgba(76,26,58,0.09)] text-[14px] tracking-[0.28px] peer-checked:bg-pcfPrimary peer-checked:text-white transition-colors cursor-pointer hover-capable:hover:bg-labelDefaultHover hover-capable:peer-checked:hover:bg-labelActiveHover\">\n                                Lightning Talk                            <\/label>\n                        <\/div>\n                                            <div class=\"relative flex overflow-hidden shrink-0 group\">\n                            <input type=\"checkbox\" id=\"cb-t-networking-session-en\" class=\"hidden i-session peer\" data-session=\"networking-session-en\">\n                            <label for=\"cb-t-networking-session-en\" class=\"rounded-[24px] px-3 py-2 text-pcfPrimary bg-[rgba(76,26,58,0.09)] text-[14px] tracking-[0.28px] peer-checked:bg-pcfPrimary peer-checked:text-white transition-colors cursor-pointer hover-capable:hover:bg-labelDefaultHover hover-capable:peer-checked:hover:bg-labelActiveHover\">\n                                Networking Session                            <\/label>\n                        <\/div>\n                                            <div class=\"relative flex overflow-hidden shrink-0 group\">\n                            <input type=\"checkbox\" id=\"cb-t-panel-en\" class=\"hidden i-session peer\" data-session=\"panel-en\">\n                            <label for=\"cb-t-panel-en\" class=\"rounded-[24px] px-3 py-2 text-pcfPrimary bg-[rgba(76,26,58,0.09)] text-[14px] tracking-[0.28px] peer-checked:bg-pcfPrimary peer-checked:text-white transition-colors cursor-pointer hover-capable:hover:bg-labelDefaultHover hover-capable:peer-checked:hover:bg-labelActiveHover\">\n                                Panel                            <\/label>\n                        <\/div>\n                                            <div class=\"relative flex overflow-hidden shrink-0 group\">\n                            <input type=\"checkbox\" id=\"cb-t-workshop-en\" class=\"hidden i-session peer\" data-session=\"workshop-en\">\n                            <label for=\"cb-t-workshop-en\" class=\"rounded-[24px] px-3 py-2 text-pcfPrimary bg-[rgba(76,26,58,0.09)] text-[14px] tracking-[0.28px] peer-checked:bg-pcfPrimary peer-checked:text-white transition-colors cursor-pointer hover-capable:hover:bg-labelDefaultHover hover-capable:peer-checked:hover:bg-labelActiveHover\">\n                                Workshop                            <\/label>\n                        <\/div>\n                                    <\/div>\n                <hr class=\"border-pcfSecondary border-1 my-6 xl:my-7\">\n\n                <!-- Filter: Thema -->\n                <div class=\"text-reading-caption text-pcfPrimary relative z-[1]\">\n                    filter by topic                <\/div>\n                <div class=\"mt-5 relative z-[1] flex flex-row gap-2 flex-wrap\">\n                                                        <\/div>\n                <hr class=\"border-pcfSecondary border-1 my-6 xl:my-7\">\n\n                <!-- Filter: Ort -->\n                <div class=\"text-reading-caption text-pcfPrimary relative z-[1]\">\n                    filter location                <\/div>\n                <div class=\"mt-5 relative z-[1] flex flex-row gap-2 flex-wrap\">\n                                                                <div class=\"relative flex overflow-hidden shrink-0 group\">\n                            <input type=\"checkbox\" id=\"cb-o-cinema-10\" class=\"hidden i-ort peer\" data-ort=\"cinema-10\">\n                            <label for=\"cb-o-cinema-10\" class=\"rounded-[24px] px-3 py-2 text-pcfPrimary bg-[rgba(76,26,58,0.09)] text-[14px] tracking-[0.28px] peer-checked:bg-pcfPrimary peer-checked:text-white transition-colors cursor-pointer hover-capable:hover:bg-labelDefaultHover hover-capable:peer-checked:hover:bg-labelActiveHover\">\n                                Cinema 10                            <\/label>\n                        <\/div>\n                                            <div class=\"relative flex overflow-hidden shrink-0 group\">\n                            <input type=\"checkbox\" id=\"cb-o-cinema-2\" class=\"hidden i-ort peer\" data-ort=\"cinema-2\">\n                            <label for=\"cb-o-cinema-2\" class=\"rounded-[24px] px-3 py-2 text-pcfPrimary bg-[rgba(76,26,58,0.09)] text-[14px] tracking-[0.28px] peer-checked:bg-pcfPrimary peer-checked:text-white transition-colors cursor-pointer hover-capable:hover:bg-labelDefaultHover hover-capable:peer-checked:hover:bg-labelActiveHover\">\n                                Cinema 2                            <\/label>\n                        <\/div>\n                                            <div class=\"relative flex overflow-hidden shrink-0 group\">\n                            <input type=\"checkbox\" id=\"cb-o-cinema-3\" class=\"hidden i-ort peer\" data-ort=\"cinema-3\">\n                            <label for=\"cb-o-cinema-3\" class=\"rounded-[24px] px-3 py-2 text-pcfPrimary bg-[rgba(76,26,58,0.09)] text-[14px] tracking-[0.28px] peer-checked:bg-pcfPrimary peer-checked:text-white transition-colors cursor-pointer hover-capable:hover:bg-labelDefaultHover hover-capable:peer-checked:hover:bg-labelActiveHover\">\n                                Cinema 3                            <\/label>\n                        <\/div>\n                                            <div class=\"relative flex overflow-hidden shrink-0 group\">\n                            <input type=\"checkbox\" id=\"cb-o-cinema-6\" class=\"hidden i-ort peer\" data-ort=\"cinema-6\">\n                            <label for=\"cb-o-cinema-6\" class=\"rounded-[24px] px-3 py-2 text-pcfPrimary bg-[rgba(76,26,58,0.09)] text-[14px] tracking-[0.28px] peer-checked:bg-pcfPrimary peer-checked:text-white transition-colors cursor-pointer hover-capable:hover:bg-labelDefaultHover hover-capable:peer-checked:hover:bg-labelActiveHover\">\n                                Cinema 6                            <\/label>\n                        <\/div>\n                                            <div class=\"relative flex overflow-hidden shrink-0 group\">\n                            <input type=\"checkbox\" id=\"cb-o-cinema-7\" class=\"hidden i-ort peer\" data-ort=\"cinema-7\">\n                            <label for=\"cb-o-cinema-7\" class=\"rounded-[24px] px-3 py-2 text-pcfPrimary bg-[rgba(76,26,58,0.09)] text-[14px] tracking-[0.28px] peer-checked:bg-pcfPrimary peer-checked:text-white transition-colors cursor-pointer hover-capable:hover:bg-labelDefaultHover hover-capable:peer-checked:hover:bg-labelActiveHover\">\n                                Cinema 7                            <\/label>\n                        <\/div>\n                                            <div class=\"relative flex overflow-hidden shrink-0 group\">\n                            <input type=\"checkbox\" id=\"cb-o-cinema-9\" class=\"hidden i-ort peer\" data-ort=\"cinema-9\">\n                            <label for=\"cb-o-cinema-9\" class=\"rounded-[24px] px-3 py-2 text-pcfPrimary bg-[rgba(76,26,58,0.09)] text-[14px] tracking-[0.28px] peer-checked:bg-pcfPrimary peer-checked:text-white transition-colors cursor-pointer hover-capable:hover:bg-labelDefaultHover hover-capable:peer-checked:hover:bg-labelActiveHover\">\n                                Cinema 9                            <\/label>\n                        <\/div>\n                                            <div class=\"relative flex overflow-hidden shrink-0 group\">\n                            <input type=\"checkbox\" id=\"cb-o-kino-4-en\" class=\"hidden i-ort peer\" data-ort=\"kino-4-en\">\n                            <label for=\"cb-o-kino-4-en\" class=\"rounded-[24px] px-3 py-2 text-pcfPrimary bg-[rgba(76,26,58,0.09)] text-[14px] tracking-[0.28px] peer-checked:bg-pcfPrimary peer-checked:text-white transition-colors cursor-pointer hover-capable:hover:bg-labelDefaultHover hover-capable:peer-checked:hover:bg-labelActiveHover\">\n                                Kino 4                            <\/label>\n                        <\/div>\n                                            <div class=\"relative flex overflow-hidden shrink-0 group\">\n                            <input type=\"checkbox\" id=\"cb-o-networking-community-lounge-en\" class=\"hidden i-ort peer\" data-ort=\"networking-community-lounge-en\">\n                            <label for=\"cb-o-networking-community-lounge-en\" class=\"rounded-[24px] px-3 py-2 text-pcfPrimary bg-[rgba(76,26,58,0.09)] text-[14px] tracking-[0.28px] peer-checked:bg-pcfPrimary peer-checked:text-white transition-colors cursor-pointer hover-capable:hover:bg-labelDefaultHover hover-capable:peer-checked:hover:bg-labelActiveHover\">\n                                Networking &amp; Community Lounge                            <\/label>\n                        <\/div>\n                                    <\/div>\n            <\/div>\n        <\/div>\n    <\/div>\n\n            <div class=\"mt-16 xl:mt-[104px]\">\n                <a class=\"bg-pcfYellow rounded-[98px] flex items-center justify-center px-3 text-black shadow-button-big transition-colors hover-capable:hover:bg-white active:bg-white hover:text-black active:text-black text-heading-mobile-h3 h-12 xl:!hidden\" href=\"https:\/\/people-and-culture-festival.berlin\/en\/timetable\/\" target=\"_self\">\n        open as timetable    <\/a>\n                <a class=\"bg-pcfYellow rounded-[98px] flex items-center justify-center px-3 text-black shadow-button-big transition-colors hover-capable:hover:bg-white active:bg-white hover:text-black active:text-black text-heading-h4 h-16 !hidden xl:!flex\" href=\"https:\/\/people-and-culture-festival.berlin\/en\/timetable\/\" target=\"_self\">\n        open as timeable    <\/a>\n        <\/div>\n    \n    <!-- Session Conent -->\n    <div class=\"mt-10 xl:mt-[104px] flex flex-col sessions-container\">\n        \n\n\n\n\n<div class=\"session flex flex-col xl:grid xl:grid-cols-4 xl:gap-x-10 w-full bg-white px-4 xl:px-6 py-6 border-t-[2px] xl:border-t-[4px] border-t-pcfSecondary mb-10 xl:mb-12\" data-id=\"1666\" data-rubriken=\"demografischer-wandel-arbeitsgesellschaft-en,entrepreneurship-neue-berufliche-wege-en,mental-health-wellbeing-en,zukunft-der-arbeit-ki-en\" data-sprachen=\"ger\" data-sessions=\"festival-opening-en\" data-themen=\"\" data-orte=\"cinema-10\">\n    <!-- META -->\n\n    <div class=\"xl:col-span-3\">\n        <div class=\"\">\n            <div class=\"xl:hidden\">\n                \n<button class=\"session-button w-7 h-[25px] group relative \" data-session=\"1666\" onClick=\"toggleSessionInLocalStorage(1666)\">\n    <img decoding=\"async\" class=\"default opacity-100 group-hover:opacity-0 transition-all absolute left-0 top-0 w-full h-auto\" src=\"https:\/\/people-and-culture-festival.berlin\/wp-content\/themes\/pcf2025\/assets\/gfx\/icons\/session\/heart-list-default.svg\" alt=\"Session merken\">\n    <img decoding=\"async\" class=\"default opacity-0 group-hover:opacity-100 transition-all absolute left-0 top-0 w-full h-auto\" src=\"https:\/\/people-and-culture-festival.berlin\/wp-content\/themes\/pcf2025\/assets\/gfx\/icons\/session\/heart-list-hover.svg\" alt=\"Session merken\">\n    <img decoding=\"async\" class=\"selected opacity-100 group-hover:opacity-0 transition-all absolute left-0 top-0 w-full h-auto\" src=\"https:\/\/people-and-culture-festival.berlin\/wp-content\/themes\/pcf2025\/assets\/gfx\/icons\/session\/heart-list-active.svg\" alt=\"Session nicht mehr merken\">\n    <img decoding=\"async\" class=\"selected opacity-0 group-hover:opacity-100 transition-all absolute left-0 top-0 w-full h-auto\" src=\"https:\/\/people-and-culture-festival.berlin\/wp-content\/themes\/pcf2025\/assets\/gfx\/icons\/session\/heart-list-active-hover.svg\" alt=\"Session nicht mehr merken\">\n<\/button>            <\/div>\n            <div class=\"flex gap-1 flex-wrap mt-6 xl:mt-0 items-center\">\n                <!-- Meta: Rubrik -->\n                                    <div class=\"bg-rubrikGruen rounded-[24px] px-3 py-2 text-white text-[14px] tracking-[0.28px]\">\n                        Demografischer Wandel &amp; Arbeitsgesellschaft                    <\/div>\n                                    <div class=\"bg-rubrikGruen rounded-[24px] px-3 py-2 text-white text-[14px] tracking-[0.28px]\">\n                        Entrepreneurship &amp; neue berufliche Wege                    <\/div>\n                                    <div class=\"bg-rubrikGruen rounded-[24px] px-3 py-2 text-white text-[14px] tracking-[0.28px]\">\n                        Mental Health &amp; Wellbeing                    <\/div>\n                                    <div class=\"bg-rubrikGruen rounded-[24px] px-3 py-2 text-white text-[14px] tracking-[0.28px]\">\n                        Zukunft der Arbeit &amp; KI                    <\/div>\n                                <!-- Meta: Language -->\n                                    <div class=\"uppercase rounded-[24px] px-3 py-2 text-pcfPrimary bg-[rgba(76,26,58,0.09)] text-[14px] tracking-[0.28px]\">\n                        DE                    <\/div>\n                                <!-- Meta: Session -->\n                                    <div class=\"rounded-[24px] px-3 py-2 text-pcfPrimary bg-[rgba(76,26,58,0.09)] text-[14px] tracking-[0.28px]\">\n                        Festival Opening                    <\/div>\n                \n                <div class=\"hidden xl:flex ms-auto items-center\">\n                    \n<button class=\"session-button w-7 h-[25px] group relative \" data-session=\"1666\" onClick=\"toggleSessionInLocalStorage(1666)\">\n    <img decoding=\"async\" class=\"default opacity-100 group-hover:opacity-0 transition-all absolute left-0 top-0 w-full h-auto\" src=\"https:\/\/people-and-culture-festival.berlin\/wp-content\/themes\/pcf2025\/assets\/gfx\/icons\/session\/heart-list-default.svg\" alt=\"Session merken\">\n    <img decoding=\"async\" class=\"default opacity-0 group-hover:opacity-100 transition-all absolute left-0 top-0 w-full h-auto\" src=\"https:\/\/people-and-culture-festival.berlin\/wp-content\/themes\/pcf2025\/assets\/gfx\/icons\/session\/heart-list-hover.svg\" alt=\"Session merken\">\n    <img decoding=\"async\" class=\"selected opacity-100 group-hover:opacity-0 transition-all absolute left-0 top-0 w-full h-auto\" src=\"https:\/\/people-and-culture-festival.berlin\/wp-content\/themes\/pcf2025\/assets\/gfx\/icons\/session\/heart-list-active.svg\" alt=\"Session nicht mehr merken\">\n    <img decoding=\"async\" class=\"selected opacity-0 group-hover:opacity-100 transition-all absolute left-0 top-0 w-full h-auto\" src=\"https:\/\/people-and-culture-festival.berlin\/wp-content\/themes\/pcf2025\/assets\/gfx\/icons\/session\/heart-list-active-hover.svg\" alt=\"Session nicht mehr merken\">\n<\/button>                <\/div>\n            <\/div>\n            <!-- Meta: Time -->\n            <div class=\"mt-6 text-pcfPrimary text-heading-mobile-h2 xl:text-heading-h3\">\n                10:00 &#8211;\n                10:30            <\/div>\n            <!-- Meta: Location -->\n            <div class=\"mt-2 flex items-center text-reading-body-1 text-pcfSecondary\">\n                <img decoding=\"async\" src=\"https:\/\/people-and-culture-festival.berlin\/wp-content\/themes\/pcf2025\/assets\/gfx\/location.svg\" alt=\"\" class=\"!h-5 !w-auto me-3\">\n                Cinema 10            <\/div>\n        <\/div>\n\n        <div class=\"mt-6 xl:mt-4 border-t-[1px] border-t-pcfSecondary\">\n            <!-- Title -->\n            <div class=\"mt-6 text-heading-mobile-h2 xl:text-heading-h3 text-pcfPrimary break-words\">\n                Festival Opening            <\/div>\n\n\n            <!-- Content -->\n            <div class=\"mt-7 xl:mt-6 lineCollapse text-reading-body-1 whitespace-pre-line\" data-showmore=\"expand\" data-showless=\"collapse\" data-buttonclasses=\"mt-6 lineCollapseButton\"><\/div>\n\n            <!-- Content: Themen -->\n            <div class=\"flex gap-1 flex-wrap mt-6 xl:mt-10\">\n                            <\/div>\n        <\/div>\n    <\/div>\n    <!-- Info Container -->\n            <div class=\"mt-6 xl:mt-4 border-t-[1px] xl:border-t-0 border-t-pcfSecondary\">\n                            <div class=\"mt-6 xl:mt-0 xl:mb-6\">\n                    <div class=\"text-pcfSecondary text-reading-caption\">\n                        Host                    <\/div>\n                    <div class=\"mt-2 flex flex-col gap-y-2\">\n                                                    <div>\n                                <a href=\"https:\/\/people-and-culture-festival.berlin\/en\/speakers\/katie-gallus\/\" class=\"text-pcfLink text-reading-body-1-bold\">\n                                    Katie Gallus                                <\/a>\n                            <\/div>\n                                            <\/div>\n                <\/div>\n                                        <div class=\"mt-6 xl:mt-0\">\n                    <div class=\"text-pcfSecondary text-reading-caption\">\n                        Speaker                    <\/div>\n                    <div class=\"mt-2 flex flex-col gap-y-2\">\n                                                    <div class=\"\">\n                                <a href=\"https:\/\/people-and-culture-festival.berlin\/en\/speakers\/jeannine-koch\/\" class=\"text-pcfLink text-reading-body-1-bold\">\n                                    Jeannine Koch                                <\/a>\n                                <div class=\"text-pcfPrimary text-reading-body-1\">\n                                    medianet berlinbrandenburg e.V.                                <\/div>\n                            <\/div>\n                                            <\/div>\n                <\/div>\n                                <\/div>\n    \n<\/div>\n\n\n\n\n\n<div class=\"session flex flex-col xl:grid xl:grid-cols-4 xl:gap-x-10 w-full bg-white px-4 xl:px-6 py-6 border-t-[2px] xl:border-t-[4px] border-t-pcfSecondary mb-10 xl:mb-12\" data-id=\"1295\" data-rubriken=\"mental-health-wellbeing-en\" data-sprachen=\"ger\" data-sessions=\"panel-en\" data-themen=\"\" data-orte=\"cinema-10\">\n    <!-- META -->\n\n    <div class=\"xl:col-span-3\">\n        <div class=\"\">\n            <div class=\"xl:hidden\">\n                \n<button class=\"session-button w-7 h-[25px] group relative \" data-session=\"1295\" onClick=\"toggleSessionInLocalStorage(1295)\">\n    <img decoding=\"async\" class=\"default opacity-100 group-hover:opacity-0 transition-all absolute left-0 top-0 w-full h-auto\" src=\"https:\/\/people-and-culture-festival.berlin\/wp-content\/themes\/pcf2025\/assets\/gfx\/icons\/session\/heart-list-default.svg\" alt=\"Session merken\">\n    <img decoding=\"async\" class=\"default opacity-0 group-hover:opacity-100 transition-all absolute left-0 top-0 w-full h-auto\" src=\"https:\/\/people-and-culture-festival.berlin\/wp-content\/themes\/pcf2025\/assets\/gfx\/icons\/session\/heart-list-hover.svg\" alt=\"Session merken\">\n    <img decoding=\"async\" class=\"selected opacity-100 group-hover:opacity-0 transition-all absolute left-0 top-0 w-full h-auto\" src=\"https:\/\/people-and-culture-festival.berlin\/wp-content\/themes\/pcf2025\/assets\/gfx\/icons\/session\/heart-list-active.svg\" alt=\"Session nicht mehr merken\">\n    <img decoding=\"async\" class=\"selected opacity-0 group-hover:opacity-100 transition-all absolute left-0 top-0 w-full h-auto\" src=\"https:\/\/people-and-culture-festival.berlin\/wp-content\/themes\/pcf2025\/assets\/gfx\/icons\/session\/heart-list-active-hover.svg\" alt=\"Session nicht mehr merken\">\n<\/button>            <\/div>\n            <div class=\"flex gap-1 flex-wrap mt-6 xl:mt-0 items-center\">\n                <!-- Meta: Rubrik -->\n                                    <div class=\"bg-rubrikRot rounded-[24px] px-3 py-2 text-white text-[14px] tracking-[0.28px]\">\n                        Mental Health &amp; Wellbeing                    <\/div>\n                                <!-- Meta: Language -->\n                                    <div class=\"uppercase rounded-[24px] px-3 py-2 text-pcfPrimary bg-[rgba(76,26,58,0.09)] text-[14px] tracking-[0.28px]\">\n                        DE                    <\/div>\n                                <!-- Meta: Session -->\n                                    <div class=\"rounded-[24px] px-3 py-2 text-pcfPrimary bg-[rgba(76,26,58,0.09)] text-[14px] tracking-[0.28px]\">\n                        Panel                    <\/div>\n                \n                <div class=\"hidden xl:flex ms-auto items-center\">\n                    \n<button class=\"session-button w-7 h-[25px] group relative \" data-session=\"1295\" onClick=\"toggleSessionInLocalStorage(1295)\">\n    <img decoding=\"async\" class=\"default opacity-100 group-hover:opacity-0 transition-all absolute left-0 top-0 w-full h-auto\" src=\"https:\/\/people-and-culture-festival.berlin\/wp-content\/themes\/pcf2025\/assets\/gfx\/icons\/session\/heart-list-default.svg\" alt=\"Session merken\">\n    <img decoding=\"async\" class=\"default opacity-0 group-hover:opacity-100 transition-all absolute left-0 top-0 w-full h-auto\" src=\"https:\/\/people-and-culture-festival.berlin\/wp-content\/themes\/pcf2025\/assets\/gfx\/icons\/session\/heart-list-hover.svg\" alt=\"Session merken\">\n    <img decoding=\"async\" class=\"selected opacity-100 group-hover:opacity-0 transition-all absolute left-0 top-0 w-full h-auto\" src=\"https:\/\/people-and-culture-festival.berlin\/wp-content\/themes\/pcf2025\/assets\/gfx\/icons\/session\/heart-list-active.svg\" alt=\"Session nicht mehr merken\">\n    <img decoding=\"async\" class=\"selected opacity-0 group-hover:opacity-100 transition-all absolute left-0 top-0 w-full h-auto\" src=\"https:\/\/people-and-culture-festival.berlin\/wp-content\/themes\/pcf2025\/assets\/gfx\/icons\/session\/heart-list-active-hover.svg\" alt=\"Session nicht mehr merken\">\n<\/button>                <\/div>\n            <\/div>\n            <!-- Meta: Time -->\n            <div class=\"mt-6 text-pcfPrimary text-heading-mobile-h2 xl:text-heading-h3\">\n                10:30 &#8211;\n                11:15            <\/div>\n            <!-- Meta: Location -->\n            <div class=\"mt-2 flex items-center text-reading-body-1 text-pcfSecondary\">\n                <img decoding=\"async\" src=\"https:\/\/people-and-culture-festival.berlin\/wp-content\/themes\/pcf2025\/assets\/gfx\/location.svg\" alt=\"\" class=\"!h-5 !w-auto me-3\">\n                Cinema 10            <\/div>\n        <\/div>\n\n        <div class=\"mt-6 xl:mt-4 border-t-[1px] border-t-pcfSecondary\">\n            <!-- Title -->\n            <div class=\"mt-6 text-heading-mobile-h2 xl:text-heading-h3 text-pcfPrimary break-words\">\n                Between performance and joie de vivre: Rethinking mental health \u2013 A conversation about stress, burnout prevention and society\u2019s approach to mental health            <\/div>\n\n\n            <!-- Content -->\n            <div class=\"mt-7 xl:mt-6 lineCollapse text-reading-body-1 whitespace-pre-line\" data-showmore=\"expand\" data-showless=\"collapse\" data-buttonclasses=\"mt-6 lineCollapseButton\">Mental health is no longer a taboo subject \u2013 yet there is still a lack of space for open, systemic discussions about how we shape work, leadership, and social change in a way that empowers people rather than exhausts them. In this panel, four perspectives from psychology, counseling, academia, and public service will discuss how mental health can be conceptualized, promoted, and anchored for the future.<\/div>\n\n            <!-- Content: Themen -->\n            <div class=\"flex gap-1 flex-wrap mt-6 xl:mt-10\">\n                            <\/div>\n        <\/div>\n    <\/div>\n    <!-- Info Container -->\n            <div class=\"mt-6 xl:mt-4 border-t-[1px] xl:border-t-0 border-t-pcfSecondary\">\n                            <div class=\"mt-6 xl:mt-0 xl:mb-6\">\n                    <div class=\"text-pcfSecondary text-reading-caption\">\n                        Host                    <\/div>\n                    <div class=\"mt-2 flex flex-col gap-y-2\">\n                                                    <div>\n                                <a href=\"https:\/\/people-and-culture-festival.berlin\/en\/speakers\/sophia-buetow\/\" class=\"text-pcfLink text-reading-body-1-bold\">\n                                    Sophia B\u00fctow                                <\/a>\n                            <\/div>\n                                            <\/div>\n                <\/div>\n                                        <div class=\"mt-6 xl:mt-0\">\n                    <div class=\"text-pcfSecondary text-reading-caption\">\n                        Speaker                    <\/div>\n                    <div class=\"mt-2 flex flex-col gap-y-2\">\n                                                    <div class=\"\">\n                                <a href=\"https:\/\/people-and-culture-festival.berlin\/en\/speakers\/nora-dietrich\/\" class=\"text-pcfLink text-reading-body-1-bold\">\n                                    Nora Dietrich                                <\/a>\n                                <div class=\"text-pcfPrimary text-reading-body-1\">\n                                    between people GmbH                                <\/div>\n                            <\/div>\n                                                    <div class=\"\">\n                                <a href=\"https:\/\/people-and-culture-festival.berlin\/en\/speakers\/damaris-hagen\/\" class=\"text-pcfLink text-reading-body-1-bold\">\n                                    Damaris Hagen                                <\/a>\n                                <div class=\"text-pcfPrimary text-reading-body-1\">\n                                    Freelance Advisor                                <\/div>\n                            <\/div>\n                                                    <div class=\"\">\n                                <a href=\"https:\/\/people-and-culture-festival.berlin\/en\/speakers\/margitta-schulze-lohoff\/\" class=\"text-pcfLink text-reading-body-1-bold\">\n                                    Margitta Schulze Lohoff                                <\/a>\n                                <div class=\"text-pcfPrimary text-reading-body-1\">\n                                    brand eins                                <\/div>\n                            <\/div>\n                                            <\/div>\n                <\/div>\n                                <\/div>\n    \n<\/div>\n\n\n\n\n\n<div class=\"session flex flex-col xl:grid xl:grid-cols-4 xl:gap-x-10 w-full bg-white px-4 xl:px-6 py-6 border-t-[2px] xl:border-t-[4px] border-t-pcfSecondary mb-10 xl:mb-12\" data-id=\"1665\" data-rubriken=\"entrepreneurship-neue-berufliche-wege-en\" data-sprachen=\"ger\" data-sessions=\"crash-course\" data-themen=\"\" data-orte=\"cinema-9\">\n    <!-- META -->\n\n    <div class=\"xl:col-span-3\">\n        <div class=\"\">\n            <div class=\"xl:hidden\">\n                \n<button class=\"session-button w-7 h-[25px] group relative \" data-session=\"1665\" onClick=\"toggleSessionInLocalStorage(1665)\">\n    <img decoding=\"async\" class=\"default opacity-100 group-hover:opacity-0 transition-all absolute left-0 top-0 w-full h-auto\" src=\"https:\/\/people-and-culture-festival.berlin\/wp-content\/themes\/pcf2025\/assets\/gfx\/icons\/session\/heart-list-default.svg\" alt=\"Session merken\">\n    <img decoding=\"async\" class=\"default opacity-0 group-hover:opacity-100 transition-all absolute left-0 top-0 w-full h-auto\" src=\"https:\/\/people-and-culture-festival.berlin\/wp-content\/themes\/pcf2025\/assets\/gfx\/icons\/session\/heart-list-hover.svg\" alt=\"Session merken\">\n    <img decoding=\"async\" class=\"selected opacity-100 group-hover:opacity-0 transition-all absolute left-0 top-0 w-full h-auto\" src=\"https:\/\/people-and-culture-festival.berlin\/wp-content\/themes\/pcf2025\/assets\/gfx\/icons\/session\/heart-list-active.svg\" alt=\"Session nicht mehr merken\">\n    <img decoding=\"async\" class=\"selected opacity-0 group-hover:opacity-100 transition-all absolute left-0 top-0 w-full h-auto\" src=\"https:\/\/people-and-culture-festival.berlin\/wp-content\/themes\/pcf2025\/assets\/gfx\/icons\/session\/heart-list-active-hover.svg\" alt=\"Session nicht mehr merken\">\n<\/button>            <\/div>\n            <div class=\"flex gap-1 flex-wrap mt-6 xl:mt-0 items-center\">\n                <!-- Meta: Rubrik -->\n                                    <div class=\"bg-rubrikLila rounded-[24px] px-3 py-2 text-white text-[14px] tracking-[0.28px]\">\n                        Entrepreneurship &amp; neue berufliche Wege                    <\/div>\n                                <!-- Meta: Language -->\n                                    <div class=\"uppercase rounded-[24px] px-3 py-2 text-pcfPrimary bg-[rgba(76,26,58,0.09)] text-[14px] tracking-[0.28px]\">\n                        DE                    <\/div>\n                                <!-- Meta: Session -->\n                                    <div class=\"rounded-[24px] px-3 py-2 text-pcfPrimary bg-[rgba(76,26,58,0.09)] text-[14px] tracking-[0.28px]\">\n                        Crash course                    <\/div>\n                \n                <div class=\"hidden xl:flex ms-auto items-center\">\n                    \n<button class=\"session-button w-7 h-[25px] group relative \" data-session=\"1665\" onClick=\"toggleSessionInLocalStorage(1665)\">\n    <img decoding=\"async\" class=\"default opacity-100 group-hover:opacity-0 transition-all absolute left-0 top-0 w-full h-auto\" src=\"https:\/\/people-and-culture-festival.berlin\/wp-content\/themes\/pcf2025\/assets\/gfx\/icons\/session\/heart-list-default.svg\" alt=\"Session merken\">\n    <img decoding=\"async\" class=\"default opacity-0 group-hover:opacity-100 transition-all absolute left-0 top-0 w-full h-auto\" src=\"https:\/\/people-and-culture-festival.berlin\/wp-content\/themes\/pcf2025\/assets\/gfx\/icons\/session\/heart-list-hover.svg\" alt=\"Session merken\">\n    <img decoding=\"async\" class=\"selected opacity-100 group-hover:opacity-0 transition-all absolute left-0 top-0 w-full h-auto\" src=\"https:\/\/people-and-culture-festival.berlin\/wp-content\/themes\/pcf2025\/assets\/gfx\/icons\/session\/heart-list-active.svg\" alt=\"Session nicht mehr merken\">\n    <img decoding=\"async\" class=\"selected opacity-0 group-hover:opacity-100 transition-all absolute left-0 top-0 w-full h-auto\" src=\"https:\/\/people-and-culture-festival.berlin\/wp-content\/themes\/pcf2025\/assets\/gfx\/icons\/session\/heart-list-active-hover.svg\" alt=\"Session nicht mehr merken\">\n<\/button>                <\/div>\n            <\/div>\n            <!-- Meta: Time -->\n            <div class=\"mt-6 text-pcfPrimary text-heading-mobile-h2 xl:text-heading-h3\">\n                10:30 &#8211;\n                11:45            <\/div>\n            <!-- Meta: Location -->\n            <div class=\"mt-2 flex items-center text-reading-body-1 text-pcfSecondary\">\n                <img decoding=\"async\" src=\"https:\/\/people-and-culture-festival.berlin\/wp-content\/themes\/pcf2025\/assets\/gfx\/location.svg\" alt=\"\" class=\"!h-5 !w-auto me-3\">\n                Cinema 9            <\/div>\n        <\/div>\n\n        <div class=\"mt-6 xl:mt-4 border-t-[1px] border-t-pcfSecondary\">\n            <!-- Title -->\n            <div class=\"mt-6 text-heading-mobile-h2 xl:text-heading-h3 text-pcfPrimary break-words\">\n                Expedition Future: Finding Your Path with Values and Strengths            <\/div>\n\n\n            <!-- Content -->\n            <div class=\"mt-7 xl:mt-6 lineCollapse text-reading-body-1 whitespace-pre-line\" data-showmore=\"expand\" data-showless=\"collapse\" data-buttonclasses=\"mt-6 lineCollapseButton\">In this workshop, you will design an image of your personal future and gain guidance for your next steps. Through guided reflections, inner imagery, and group exchange, you will explore:- Your future vision: \r\n\r\nA glimpse into the best possible future.- Your values compass: Which principles and qualities are important to you on your path.- Your strength toolkit: \r\n\r\nWhich skills support you today \u2013 and which you want to develop for the future.This creates clarity about what guides and strengthens you. You will leave the Future Expedition with new impulses, fresh motivation, and a clearer sense of your own path.As the number of participants is limited, participation in this workshop requires registration.\r\n\r\nClick the &#8220;Sign Up&#8221; button and secure your spot in the workshop.<\/div>\n\n            <!-- Content: Themen -->\n            <div class=\"flex gap-1 flex-wrap mt-6 xl:mt-10\">\n                            <\/div>\n        <\/div>\n    <\/div>\n    <!-- Info Container -->\n            <div class=\"mt-6 xl:mt-4 border-t-[1px] xl:border-t-0 border-t-pcfSecondary\">\n                                        <div class=\"mt-6 xl:mt-0\">\n                    <div class=\"text-pcfSecondary text-reading-caption\">\n                        Speaker                    <\/div>\n                    <div class=\"mt-2 flex flex-col gap-y-2\">\n                                                    <div class=\"\">\n                                <a href=\"https:\/\/people-and-culture-festival.berlin\/en\/speakers\/caro-frank\/\" class=\"text-pcfLink text-reading-body-1-bold\">\n                                    Caro Frank                                <\/a>\n                                <div class=\"text-pcfPrimary text-reading-body-1\">\n                                    Freelancer                                <\/div>\n                            <\/div>\n                                                    <div class=\"\">\n                                <a href=\"https:\/\/people-and-culture-festival.berlin\/en\/speakers\/kerstin-walter\/\" class=\"text-pcfLink text-reading-body-1-bold\">\n                                    Kerstin Walter                                <\/a>\n                                <div class=\"text-pcfPrimary text-reading-body-1\">\n                                    freelance                                <\/div>\n                            <\/div>\n                                            <\/div>\n                <\/div>\n                                        <div class=\"mt-6\">\n                        <a class=\"border-2 border-pcfYellow bg-pcfYellow inline-block text-pcfGray rounded-[24px] transition-colors hover-capable:hover:bg-white hover-capable:hover:text-black active:bg-white active:border-white active:text-black px-[18px] py-[6px] text-[16px] tracking-[0.08px]\" href=\"https:\/\/app.guestoo.de\/public\/event\/2aa1347c-d49b-41d0-a627-805c5e9b198f \" target=\"_self\">\n        Sign Up    <\/a>\n                <\/div>\n                    <\/div>\n    \n<\/div>\n\n\n\n\n\n<div class=\"session flex flex-col xl:grid xl:grid-cols-4 xl:gap-x-10 w-full bg-white px-4 xl:px-6 py-6 border-t-[2px] xl:border-t-[4px] border-t-pcfSecondary mb-10 xl:mb-12\" data-id=\"1664\" data-rubriken=\"demografischer-wandel-arbeitsgesellschaft-en\" data-sprachen=\"ger\" data-sessions=\"panel-en\" data-themen=\"\" data-orte=\"cinema-7\">\n    <!-- META -->\n\n    <div class=\"xl:col-span-3\">\n        <div class=\"\">\n            <div class=\"xl:hidden\">\n                \n<button class=\"session-button w-7 h-[25px] group relative \" data-session=\"1664\" onClick=\"toggleSessionInLocalStorage(1664)\">\n    <img decoding=\"async\" class=\"default opacity-100 group-hover:opacity-0 transition-all absolute left-0 top-0 w-full h-auto\" src=\"https:\/\/people-and-culture-festival.berlin\/wp-content\/themes\/pcf2025\/assets\/gfx\/icons\/session\/heart-list-default.svg\" alt=\"Session merken\">\n    <img decoding=\"async\" class=\"default opacity-0 group-hover:opacity-100 transition-all absolute left-0 top-0 w-full h-auto\" src=\"https:\/\/people-and-culture-festival.berlin\/wp-content\/themes\/pcf2025\/assets\/gfx\/icons\/session\/heart-list-hover.svg\" alt=\"Session merken\">\n    <img decoding=\"async\" class=\"selected opacity-100 group-hover:opacity-0 transition-all absolute left-0 top-0 w-full h-auto\" src=\"https:\/\/people-and-culture-festival.berlin\/wp-content\/themes\/pcf2025\/assets\/gfx\/icons\/session\/heart-list-active.svg\" alt=\"Session nicht mehr merken\">\n    <img decoding=\"async\" class=\"selected opacity-0 group-hover:opacity-100 transition-all absolute left-0 top-0 w-full h-auto\" src=\"https:\/\/people-and-culture-festival.berlin\/wp-content\/themes\/pcf2025\/assets\/gfx\/icons\/session\/heart-list-active-hover.svg\" alt=\"Session nicht mehr merken\">\n<\/button>            <\/div>\n            <div class=\"flex gap-1 flex-wrap mt-6 xl:mt-0 items-center\">\n                <!-- Meta: Rubrik -->\n                                    <div class=\"bg-rubrikGruen rounded-[24px] px-3 py-2 text-white text-[14px] tracking-[0.28px]\">\n                        Demografischer Wandel &amp; Arbeitsgesellschaft                    <\/div>\n                                <!-- Meta: Language -->\n                                    <div class=\"uppercase rounded-[24px] px-3 py-2 text-pcfPrimary bg-[rgba(76,26,58,0.09)] text-[14px] tracking-[0.28px]\">\n                        DE                    <\/div>\n                                <!-- Meta: Session -->\n                                    <div class=\"rounded-[24px] px-3 py-2 text-pcfPrimary bg-[rgba(76,26,58,0.09)] text-[14px] tracking-[0.28px]\">\n                        Panel                    <\/div>\n                \n                <div class=\"hidden xl:flex ms-auto items-center\">\n                    \n<button class=\"session-button w-7 h-[25px] group relative \" data-session=\"1664\" onClick=\"toggleSessionInLocalStorage(1664)\">\n    <img decoding=\"async\" class=\"default opacity-100 group-hover:opacity-0 transition-all absolute left-0 top-0 w-full h-auto\" src=\"https:\/\/people-and-culture-festival.berlin\/wp-content\/themes\/pcf2025\/assets\/gfx\/icons\/session\/heart-list-default.svg\" alt=\"Session merken\">\n    <img decoding=\"async\" class=\"default opacity-0 group-hover:opacity-100 transition-all absolute left-0 top-0 w-full h-auto\" src=\"https:\/\/people-and-culture-festival.berlin\/wp-content\/themes\/pcf2025\/assets\/gfx\/icons\/session\/heart-list-hover.svg\" alt=\"Session merken\">\n    <img decoding=\"async\" class=\"selected opacity-100 group-hover:opacity-0 transition-all absolute left-0 top-0 w-full h-auto\" src=\"https:\/\/people-and-culture-festival.berlin\/wp-content\/themes\/pcf2025\/assets\/gfx\/icons\/session\/heart-list-active.svg\" alt=\"Session nicht mehr merken\">\n    <img decoding=\"async\" class=\"selected opacity-0 group-hover:opacity-100 transition-all absolute left-0 top-0 w-full h-auto\" src=\"https:\/\/people-and-culture-festival.berlin\/wp-content\/themes\/pcf2025\/assets\/gfx\/icons\/session\/heart-list-active-hover.svg\" alt=\"Session nicht mehr merken\">\n<\/button>                <\/div>\n            <\/div>\n            <!-- Meta: Time -->\n            <div class=\"mt-6 text-pcfPrimary text-heading-mobile-h2 xl:text-heading-h3\">\n                10:30 &#8211;\n                11:15            <\/div>\n            <!-- Meta: Location -->\n            <div class=\"mt-2 flex items-center text-reading-body-1 text-pcfSecondary\">\n                <img decoding=\"async\" src=\"https:\/\/people-and-culture-festival.berlin\/wp-content\/themes\/pcf2025\/assets\/gfx\/location.svg\" alt=\"\" class=\"!h-5 !w-auto me-3\">\n                Cinema 7            <\/div>\n        <\/div>\n\n        <div class=\"mt-6 xl:mt-4 border-t-[1px] border-t-pcfSecondary\">\n            <!-- Title -->\n            <div class=\"mt-6 text-heading-mobile-h2 xl:text-heading-h3 text-pcfPrimary break-words\">\n                Overcoming structural disadvantage \u2013 strengthening women&#8217;s employment            <\/div>\n\n\n            <!-- Content -->\n            <div class=\"mt-7 xl:mt-6 lineCollapse text-reading-body-1 whitespace-pre-line\" data-showmore=\"expand\" data-showless=\"collapse\" data-buttonclasses=\"mt-6 lineCollapseButton\">Genuine equality in the workplace remains one of the major societal challenges of our time. Women\u2019s everyday lives are still shaped by unequal structures \u2013 from pay gaps and lack of career advancement opportunities to insufficient visibility in leadership roles. \r\n\r\nThe panel explores how deeply these disadvantages affect women and what levers are needed to sustainably strengthen women\u2019s employment and participation:\r\n\r\n&#8211; Which structural barriers continue to hold women back to this day?\r\n&#8211; How can fair compensation and work models be designed?\r\n&#8211; What cultural and organizational changes are necessary to ensure that equality is not just lip service, but a lived reality?\r\n&#8211; What role does it play when men also clearly acknowledge and support the need for equality?\r\n\r\nThe aim is to make concrete experiences, approaches, and perspectives visible \u2013 from everyday challenges and best practices to visionary ideas for a fairer working world.<\/div>\n\n            <!-- Content: Themen -->\n            <div class=\"flex gap-1 flex-wrap mt-6 xl:mt-10\">\n                            <\/div>\n        <\/div>\n    <\/div>\n    <!-- Info Container -->\n            <div class=\"mt-6 xl:mt-4 border-t-[1px] xl:border-t-0 border-t-pcfSecondary\">\n                                        <div class=\"mt-6 xl:mt-0\">\n                    <div class=\"text-pcfSecondary text-reading-caption\">\n                        Speaker                    <\/div>\n                    <div class=\"mt-2 flex flex-col gap-y-2\">\n                                                    <div class=\"\">\n                                <a href=\"https:\/\/people-and-culture-festival.berlin\/en\/speakers\/vera-strauch\/\" class=\"text-pcfLink text-reading-body-1-bold\">\n                                    Vera Strauch                                <\/a>\n                                <div class=\"text-pcfPrimary text-reading-body-1\">\n                                    Dear Monday                                <\/div>\n                            <\/div>\n                                                    <div class=\"\">\n                                <a href=\"https:\/\/people-and-culture-festival.berlin\/en\/speakers\/jeanette-gusko\/\" class=\"text-pcfLink text-reading-body-1-bold\">\n                                    Jeanette Gusko                                <\/a>\n                                <div class=\"text-pcfPrimary text-reading-body-1\">\n                                                                    <\/div>\n                            <\/div>\n                                                    <div class=\"\">\n                                <a href=\"https:\/\/people-and-culture-festival.berlin\/speakers\/christina-sontheim-leven\/\" class=\"text-pcfLink text-reading-body-1-bold\">\n                                    Christina Sontheim-Leven                                <\/a>\n                                <div class=\"text-pcfPrimary text-reading-body-1\">\n                                    3E                                <\/div>\n                            <\/div>\n                                            <\/div>\n                <\/div>\n                                <\/div>\n    \n<\/div>\n\n\n\n\n\n<div class=\"session flex flex-col xl:grid xl:grid-cols-4 xl:gap-x-10 w-full bg-white px-4 xl:px-6 py-6 border-t-[2px] xl:border-t-[4px] border-t-pcfSecondary mb-10 xl:mb-12\" data-id=\"1311\" data-rubriken=\"demografischer-wandel-arbeitsgesellschaft-en\" data-sprachen=\"ger\" data-sessions=\"keynote-en\" data-themen=\"\" data-orte=\"cinema-2\">\n    <!-- META -->\n\n    <div class=\"xl:col-span-3\">\n        <div class=\"\">\n            <div class=\"xl:hidden\">\n                \n<button class=\"session-button w-7 h-[25px] group relative \" data-session=\"1311\" onClick=\"toggleSessionInLocalStorage(1311)\">\n    <img decoding=\"async\" class=\"default opacity-100 group-hover:opacity-0 transition-all absolute left-0 top-0 w-full h-auto\" src=\"https:\/\/people-and-culture-festival.berlin\/wp-content\/themes\/pcf2025\/assets\/gfx\/icons\/session\/heart-list-default.svg\" alt=\"Session merken\">\n    <img decoding=\"async\" class=\"default opacity-0 group-hover:opacity-100 transition-all absolute left-0 top-0 w-full h-auto\" src=\"https:\/\/people-and-culture-festival.berlin\/wp-content\/themes\/pcf2025\/assets\/gfx\/icons\/session\/heart-list-hover.svg\" alt=\"Session merken\">\n    <img decoding=\"async\" class=\"selected opacity-100 group-hover:opacity-0 transition-all absolute left-0 top-0 w-full h-auto\" src=\"https:\/\/people-and-culture-festival.berlin\/wp-content\/themes\/pcf2025\/assets\/gfx\/icons\/session\/heart-list-active.svg\" alt=\"Session nicht mehr merken\">\n    <img decoding=\"async\" class=\"selected opacity-0 group-hover:opacity-100 transition-all absolute left-0 top-0 w-full h-auto\" src=\"https:\/\/people-and-culture-festival.berlin\/wp-content\/themes\/pcf2025\/assets\/gfx\/icons\/session\/heart-list-active-hover.svg\" alt=\"Session nicht mehr merken\">\n<\/button>            <\/div>\n            <div class=\"flex gap-1 flex-wrap mt-6 xl:mt-0 items-center\">\n                <!-- Meta: Rubrik -->\n                                    <div class=\"bg-rubrikGruen rounded-[24px] px-3 py-2 text-white text-[14px] tracking-[0.28px]\">\n                        Demografischer Wandel &amp; Arbeitsgesellschaft                    <\/div>\n                                <!-- Meta: Language -->\n                                    <div class=\"uppercase rounded-[24px] px-3 py-2 text-pcfPrimary bg-[rgba(76,26,58,0.09)] text-[14px] tracking-[0.28px]\">\n                        DE                    <\/div>\n                                <!-- Meta: Session -->\n                                    <div class=\"rounded-[24px] px-3 py-2 text-pcfPrimary bg-[rgba(76,26,58,0.09)] text-[14px] tracking-[0.28px]\">\n                        Keynote                    <\/div>\n                \n                <div class=\"hidden xl:flex ms-auto items-center\">\n                    \n<button class=\"session-button w-7 h-[25px] group relative \" data-session=\"1311\" onClick=\"toggleSessionInLocalStorage(1311)\">\n    <img decoding=\"async\" class=\"default opacity-100 group-hover:opacity-0 transition-all absolute left-0 top-0 w-full h-auto\" src=\"https:\/\/people-and-culture-festival.berlin\/wp-content\/themes\/pcf2025\/assets\/gfx\/icons\/session\/heart-list-default.svg\" alt=\"Session merken\">\n    <img decoding=\"async\" class=\"default opacity-0 group-hover:opacity-100 transition-all absolute left-0 top-0 w-full h-auto\" src=\"https:\/\/people-and-culture-festival.berlin\/wp-content\/themes\/pcf2025\/assets\/gfx\/icons\/session\/heart-list-hover.svg\" alt=\"Session merken\">\n    <img decoding=\"async\" class=\"selected opacity-100 group-hover:opacity-0 transition-all absolute left-0 top-0 w-full h-auto\" src=\"https:\/\/people-and-culture-festival.berlin\/wp-content\/themes\/pcf2025\/assets\/gfx\/icons\/session\/heart-list-active.svg\" alt=\"Session nicht mehr merken\">\n    <img decoding=\"async\" class=\"selected opacity-0 group-hover:opacity-100 transition-all absolute left-0 top-0 w-full h-auto\" src=\"https:\/\/people-and-culture-festival.berlin\/wp-content\/themes\/pcf2025\/assets\/gfx\/icons\/session\/heart-list-active-hover.svg\" alt=\"Session nicht mehr merken\">\n<\/button>                <\/div>\n            <\/div>\n            <!-- Meta: Time -->\n            <div class=\"mt-6 text-pcfPrimary text-heading-mobile-h2 xl:text-heading-h3\">\n                10:30 &#8211;\n                11:00            <\/div>\n            <!-- Meta: Location -->\n            <div class=\"mt-2 flex items-center text-reading-body-1 text-pcfSecondary\">\n                <img decoding=\"async\" src=\"https:\/\/people-and-culture-festival.berlin\/wp-content\/themes\/pcf2025\/assets\/gfx\/location.svg\" alt=\"\" class=\"!h-5 !w-auto me-3\">\n                Cinema 2            <\/div>\n        <\/div>\n\n        <div class=\"mt-6 xl:mt-4 border-t-[1px] border-t-pcfSecondary\">\n            <!-- Title -->\n            <div class=\"mt-6 text-heading-mobile-h2 xl:text-heading-h3 text-pcfPrimary break-words\">\n                Space for dialogue or how WIN-WIN solutions emerge through a change of perspective            <\/div>\n\n\n            <!-- Content -->\n            <div class=\"mt-7 xl:mt-6 lineCollapse text-reading-body-1 whitespace-pre-line\" data-showmore=\"expand\" data-showless=\"collapse\" data-buttonclasses=\"mt-6 lineCollapseButton\">In the session, participants will first be explained the issues that shaped the different generations in their respective eras. These influences reveal certain behavioral patterns that explain why people from these generations repeatedly react similarly in stressful or conflict situations. Once this is understood, the shift in perspective helps them adjust their own viewpoint so that the supposed &#8220;other&#8221; is suddenly seen as something positive, thus creating win-win solutions that ultimately benefit everyone.<\/div>\n\n            <!-- Content: Themen -->\n            <div class=\"flex gap-1 flex-wrap mt-6 xl:mt-10\">\n                            <\/div>\n        <\/div>\n    <\/div>\n    <!-- Info Container -->\n            <div class=\"mt-6 xl:mt-4 border-t-[1px] xl:border-t-0 border-t-pcfSecondary\">\n                                        <div class=\"mt-6 xl:mt-0\">\n                    <div class=\"text-pcfSecondary text-reading-caption\">\n                        Speaker                    <\/div>\n                    <div class=\"mt-2 flex flex-col gap-y-2\">\n                                                    <div class=\"\">\n                                <a href=\"https:\/\/people-and-culture-festival.berlin\/en\/speakers\/sacha-hold\/\" class=\"text-pcfLink text-reading-body-1-bold\">\n                                    Sacha Hold                                <\/a>\n                                <div class=\"text-pcfPrimary text-reading-body-1\">\n                                    BetweenGen, brand of SHCB GmbH                                <\/div>\n                            <\/div>\n                                                    <div class=\"\">\n                                <a href=\"https:\/\/people-and-culture-festival.berlin\/en\/?post_type=page&#038;p=1428\" class=\"text-pcfLink text-reading-body-1-bold\">\n                                                                    <\/a>\n                                <div class=\"text-pcfPrimary text-reading-body-1\">\n                                                                    <\/div>\n                            <\/div>\n                                            <\/div>\n                <\/div>\n                                <\/div>\n    \n<\/div>\n\n\n\n\n\n<div class=\"session flex flex-col xl:grid xl:grid-cols-4 xl:gap-x-10 w-full bg-white px-4 xl:px-6 py-6 border-t-[2px] xl:border-t-[4px] border-t-pcfSecondary mb-10 xl:mb-12\" data-id=\"1301\" data-rubriken=\"mental-health-wellbeing-en\" data-sprachen=\"ger\" data-sessions=\"workshop-en\" data-themen=\"\" data-orte=\"kino-4-en\">\n    <!-- META -->\n\n    <div class=\"xl:col-span-3\">\n        <div class=\"\">\n            <div class=\"xl:hidden\">\n                \n<button class=\"session-button w-7 h-[25px] group relative \" data-session=\"1301\" onClick=\"toggleSessionInLocalStorage(1301)\">\n    <img decoding=\"async\" class=\"default opacity-100 group-hover:opacity-0 transition-all absolute left-0 top-0 w-full h-auto\" src=\"https:\/\/people-and-culture-festival.berlin\/wp-content\/themes\/pcf2025\/assets\/gfx\/icons\/session\/heart-list-default.svg\" alt=\"Session merken\">\n    <img decoding=\"async\" class=\"default opacity-0 group-hover:opacity-100 transition-all absolute left-0 top-0 w-full h-auto\" src=\"https:\/\/people-and-culture-festival.berlin\/wp-content\/themes\/pcf2025\/assets\/gfx\/icons\/session\/heart-list-hover.svg\" alt=\"Session merken\">\n    <img decoding=\"async\" class=\"selected opacity-100 group-hover:opacity-0 transition-all absolute left-0 top-0 w-full h-auto\" src=\"https:\/\/people-and-culture-festival.berlin\/wp-content\/themes\/pcf2025\/assets\/gfx\/icons\/session\/heart-list-active.svg\" alt=\"Session nicht mehr merken\">\n    <img decoding=\"async\" class=\"selected opacity-0 group-hover:opacity-100 transition-all absolute left-0 top-0 w-full h-auto\" src=\"https:\/\/people-and-culture-festival.berlin\/wp-content\/themes\/pcf2025\/assets\/gfx\/icons\/session\/heart-list-active-hover.svg\" alt=\"Session nicht mehr merken\">\n<\/button>            <\/div>\n            <div class=\"flex gap-1 flex-wrap mt-6 xl:mt-0 items-center\">\n                <!-- Meta: Rubrik -->\n                                    <div class=\"bg-rubrikRot rounded-[24px] px-3 py-2 text-white text-[14px] tracking-[0.28px]\">\n                        Mental Health &amp; Wellbeing                    <\/div>\n                                <!-- Meta: Language -->\n                                    <div class=\"uppercase rounded-[24px] px-3 py-2 text-pcfPrimary bg-[rgba(76,26,58,0.09)] text-[14px] tracking-[0.28px]\">\n                        DE                    <\/div>\n                                <!-- Meta: Session -->\n                                    <div class=\"rounded-[24px] px-3 py-2 text-pcfPrimary bg-[rgba(76,26,58,0.09)] text-[14px] tracking-[0.28px]\">\n                        Workshop                    <\/div>\n                \n                <div class=\"hidden xl:flex ms-auto items-center\">\n                    \n<button class=\"session-button w-7 h-[25px] group relative \" data-session=\"1301\" onClick=\"toggleSessionInLocalStorage(1301)\">\n    <img decoding=\"async\" class=\"default opacity-100 group-hover:opacity-0 transition-all absolute left-0 top-0 w-full h-auto\" src=\"https:\/\/people-and-culture-festival.berlin\/wp-content\/themes\/pcf2025\/assets\/gfx\/icons\/session\/heart-list-default.svg\" alt=\"Session merken\">\n    <img decoding=\"async\" class=\"default opacity-0 group-hover:opacity-100 transition-all absolute left-0 top-0 w-full h-auto\" src=\"https:\/\/people-and-culture-festival.berlin\/wp-content\/themes\/pcf2025\/assets\/gfx\/icons\/session\/heart-list-hover.svg\" alt=\"Session merken\">\n    <img decoding=\"async\" class=\"selected opacity-100 group-hover:opacity-0 transition-all absolute left-0 top-0 w-full h-auto\" src=\"https:\/\/people-and-culture-festival.berlin\/wp-content\/themes\/pcf2025\/assets\/gfx\/icons\/session\/heart-list-active.svg\" alt=\"Session nicht mehr merken\">\n    <img decoding=\"async\" class=\"selected opacity-0 group-hover:opacity-100 transition-all absolute left-0 top-0 w-full h-auto\" src=\"https:\/\/people-and-culture-festival.berlin\/wp-content\/themes\/pcf2025\/assets\/gfx\/icons\/session\/heart-list-active-hover.svg\" alt=\"Session nicht mehr merken\">\n<\/button>                <\/div>\n            <\/div>\n            <!-- Meta: Time -->\n            <div class=\"mt-6 text-pcfPrimary text-heading-mobile-h2 xl:text-heading-h3\">\n                11:00 &#8211;\n                12:00            <\/div>\n            <!-- Meta: Location -->\n            <div class=\"mt-2 flex items-center text-reading-body-1 text-pcfSecondary\">\n                <img decoding=\"async\" src=\"https:\/\/people-and-culture-festival.berlin\/wp-content\/themes\/pcf2025\/assets\/gfx\/location.svg\" alt=\"\" class=\"!h-5 !w-auto me-3\">\n                Kino 4            <\/div>\n        <\/div>\n\n        <div class=\"mt-6 xl:mt-4 border-t-[1px] border-t-pcfSecondary\">\n            <!-- Title -->\n            <div class=\"mt-6 text-heading-mobile-h2 xl:text-heading-h3 text-pcfPrimary break-words\">\n                What is normal? About resilience, neurodiversity, and future skills.            <\/div>\n\n\n            <!-- Content -->\n            <div class=\"mt-7 xl:mt-6 lineCollapse text-reading-body-1 whitespace-pre-line\" data-showmore=\"expand\" data-showless=\"collapse\" data-buttonclasses=\"mt-6 lineCollapseButton\">There&#8217;s no such thing as normal \u2013 and that&#8217;s precisely what makes us strong. In their interactive workshop, Sandra and Janne, founders of fluid., invite participants to rediscover neurodiversity and the role of resilience as a key competency for the workplace of tomorrow. Together with participants, they explore strengths, differences, and future skills in a changing world.<\/div>\n\n            <!-- Content: Themen -->\n            <div class=\"flex gap-1 flex-wrap mt-6 xl:mt-10\">\n                            <\/div>\n        <\/div>\n    <\/div>\n    <!-- Info Container -->\n            <div class=\"mt-6 xl:mt-4 border-t-[1px] xl:border-t-0 border-t-pcfSecondary\">\n                                        <div class=\"mt-6 xl:mt-0\">\n                    <div class=\"text-pcfSecondary text-reading-caption\">\n                        Speaker                    <\/div>\n                    <div class=\"mt-2 flex flex-col gap-y-2\">\n                                                    <div class=\"\">\n                                <a href=\"https:\/\/people-and-culture-festival.berlin\/en\/speakers\/sandra-marie-olijslager-janne-trauzettel\/\" class=\"text-pcfLink text-reading-body-1-bold\">\n                                    Sandra-Marie Olijslager &#038; Janne Trauzettel                                <\/a>\n                                <div class=\"text-pcfPrimary text-reading-body-1\">\n                                    fluid.                                <\/div>\n                            <\/div>\n                                            <\/div>\n                <\/div>\n                                        <div class=\"mt-6\">\n                        <a class=\"border-2 border-pcfYellow bg-pcfYellow inline-block text-pcfGray rounded-[24px] transition-colors hover-capable:hover:bg-white hover-capable:hover:text-black active:bg-white active:border-white active:text-black px-[18px] py-[6px] text-[16px] tracking-[0.08px]\" href=\"https:\/\/app.guestoo.de\/public\/event\/8b8c5d6a-733a-4d76-a6be-ef2e4087d7e8\" target=\"_self\">\n        Sign Up    <\/a>\n                <\/div>\n                    <\/div>\n    \n<\/div>\n\n\n\n\n\n<div class=\"session flex flex-col xl:grid xl:grid-cols-4 xl:gap-x-10 w-full bg-white px-4 xl:px-6 py-6 border-t-[2px] xl:border-t-[4px] border-t-pcfSecondary mb-10 xl:mb-12\" data-id=\"1299\" data-rubriken=\"entrepreneurship-neue-berufliche-wege-en\" data-sprachen=\"ger\" data-sessions=\"workshop-en\" data-themen=\"\" data-orte=\"cinema-3\">\n    <!-- META -->\n\n    <div class=\"xl:col-span-3\">\n        <div class=\"\">\n            <div class=\"xl:hidden\">\n                \n<button class=\"session-button w-7 h-[25px] group relative \" data-session=\"1299\" onClick=\"toggleSessionInLocalStorage(1299)\">\n    <img decoding=\"async\" class=\"default opacity-100 group-hover:opacity-0 transition-all absolute left-0 top-0 w-full h-auto\" src=\"https:\/\/people-and-culture-festival.berlin\/wp-content\/themes\/pcf2025\/assets\/gfx\/icons\/session\/heart-list-default.svg\" alt=\"Session merken\">\n    <img decoding=\"async\" class=\"default opacity-0 group-hover:opacity-100 transition-all absolute left-0 top-0 w-full h-auto\" src=\"https:\/\/people-and-culture-festival.berlin\/wp-content\/themes\/pcf2025\/assets\/gfx\/icons\/session\/heart-list-hover.svg\" alt=\"Session merken\">\n    <img decoding=\"async\" class=\"selected opacity-100 group-hover:opacity-0 transition-all absolute left-0 top-0 w-full h-auto\" src=\"https:\/\/people-and-culture-festival.berlin\/wp-content\/themes\/pcf2025\/assets\/gfx\/icons\/session\/heart-list-active.svg\" alt=\"Session nicht mehr merken\">\n    <img decoding=\"async\" class=\"selected opacity-0 group-hover:opacity-100 transition-all absolute left-0 top-0 w-full h-auto\" src=\"https:\/\/people-and-culture-festival.berlin\/wp-content\/themes\/pcf2025\/assets\/gfx\/icons\/session\/heart-list-active-hover.svg\" alt=\"Session nicht mehr merken\">\n<\/button>            <\/div>\n            <div class=\"flex gap-1 flex-wrap mt-6 xl:mt-0 items-center\">\n                <!-- Meta: Rubrik -->\n                                    <div class=\"bg-rubrikLila rounded-[24px] px-3 py-2 text-white text-[14px] tracking-[0.28px]\">\n                        Entrepreneurship &amp; neue berufliche Wege                    <\/div>\n                                <!-- Meta: Language -->\n                                    <div class=\"uppercase rounded-[24px] px-3 py-2 text-pcfPrimary bg-[rgba(76,26,58,0.09)] text-[14px] tracking-[0.28px]\">\n                        DE                    <\/div>\n                                <!-- Meta: Session -->\n                                    <div class=\"rounded-[24px] px-3 py-2 text-pcfPrimary bg-[rgba(76,26,58,0.09)] text-[14px] tracking-[0.28px]\">\n                        Workshop                    <\/div>\n                \n                <div class=\"hidden xl:flex ms-auto items-center\">\n                    \n<button class=\"session-button w-7 h-[25px] group relative \" data-session=\"1299\" onClick=\"toggleSessionInLocalStorage(1299)\">\n    <img decoding=\"async\" class=\"default opacity-100 group-hover:opacity-0 transition-all absolute left-0 top-0 w-full h-auto\" src=\"https:\/\/people-and-culture-festival.berlin\/wp-content\/themes\/pcf2025\/assets\/gfx\/icons\/session\/heart-list-default.svg\" alt=\"Session merken\">\n    <img decoding=\"async\" class=\"default opacity-0 group-hover:opacity-100 transition-all absolute left-0 top-0 w-full h-auto\" src=\"https:\/\/people-and-culture-festival.berlin\/wp-content\/themes\/pcf2025\/assets\/gfx\/icons\/session\/heart-list-hover.svg\" alt=\"Session merken\">\n    <img decoding=\"async\" class=\"selected opacity-100 group-hover:opacity-0 transition-all absolute left-0 top-0 w-full h-auto\" src=\"https:\/\/people-and-culture-festival.berlin\/wp-content\/themes\/pcf2025\/assets\/gfx\/icons\/session\/heart-list-active.svg\" alt=\"Session nicht mehr merken\">\n    <img decoding=\"async\" class=\"selected opacity-0 group-hover:opacity-100 transition-all absolute left-0 top-0 w-full h-auto\" src=\"https:\/\/people-and-culture-festival.berlin\/wp-content\/themes\/pcf2025\/assets\/gfx\/icons\/session\/heart-list-active-hover.svg\" alt=\"Session nicht mehr merken\">\n<\/button>                <\/div>\n            <\/div>\n            <!-- Meta: Time -->\n            <div class=\"mt-6 text-pcfPrimary text-heading-mobile-h2 xl:text-heading-h3\">\n                11:00 &#8211;\n                12:00            <\/div>\n            <!-- Meta: Location -->\n            <div class=\"mt-2 flex items-center text-reading-body-1 text-pcfSecondary\">\n                <img decoding=\"async\" src=\"https:\/\/people-and-culture-festival.berlin\/wp-content\/themes\/pcf2025\/assets\/gfx\/location.svg\" alt=\"\" class=\"!h-5 !w-auto me-3\">\n                Cinema 3            <\/div>\n        <\/div>\n\n        <div class=\"mt-6 xl:mt-4 border-t-[1px] border-t-pcfSecondary\">\n            <!-- Title -->\n            <div class=\"mt-6 text-heading-mobile-h2 xl:text-heading-h3 text-pcfPrimary break-words\">\n                Interactive Startup Lab: Resilience in Uncertain Times            <\/div>\n\n\n            <!-- Content -->\n            <div class=\"mt-7 xl:mt-6 lineCollapse text-reading-body-1 whitespace-pre-line\" data-showmore=\"expand\" data-showless=\"collapse\" data-buttonclasses=\"mt-6 lineCollapseButton\">gr\u00fcnderstudios brings insights from 25+ startups it has supported and, via live voting, develops the building blocks of a resilient founder profile. The workshop combines real-life cases, interaction, and scientific input. Participants receive practical tools for times of uncertainty, stress, and self-doubt during the startup process. The audience shares thoughts and questions, votes anonymously, and participates in the discussion.<\/div>\n\n            <!-- Content: Themen -->\n            <div class=\"flex gap-1 flex-wrap mt-6 xl:mt-10\">\n                            <\/div>\n        <\/div>\n    <\/div>\n    <!-- Info Container -->\n            <div class=\"mt-6 xl:mt-4 border-t-[1px] xl:border-t-0 border-t-pcfSecondary\">\n                                        <div class=\"mt-6 xl:mt-0\">\n                    <div class=\"text-pcfSecondary text-reading-caption\">\n                        Speaker                    <\/div>\n                    <div class=\"mt-2 flex flex-col gap-y-2\">\n                                                    <div class=\"\">\n                                <a href=\"https:\/\/people-and-culture-festival.berlin\/en\/speakers\/carina-schulte\/\" class=\"text-pcfLink text-reading-body-1-bold\">\n                                    Carina Schulte                                <\/a>\n                                <div class=\"text-pcfPrimary text-reading-body-1\">\n                                    gr\u00fcnderstudios                                <\/div>\n                            <\/div>\n                                                    <div class=\"\">\n                                <a href=\"https:\/\/people-and-culture-festival.berlin\/en\/speakers\/hannah-trute\/\" class=\"text-pcfLink text-reading-body-1-bold\">\n                                    Hannah Trute                                <\/a>\n                                <div class=\"text-pcfPrimary text-reading-body-1\">\n                                    gr\u00fcnderstudios                                <\/div>\n                            <\/div>\n                                            <\/div>\n                <\/div>\n                                        <div class=\"mt-6\">\n                        <a class=\"border-2 border-pcfYellow bg-pcfYellow inline-block text-pcfGray rounded-[24px] transition-colors hover-capable:hover:bg-white hover-capable:hover:text-black active:bg-white active:border-white active:text-black px-[18px] py-[6px] text-[16px] tracking-[0.08px]\" href=\"https:\/\/app.guestoo.de\/public\/event\/bd3730a8-e18c-4d7b-a1c3-1232e5feccee\" target=\"_self\">\n        Sign Up    <\/a>\n                <\/div>\n                    <\/div>\n    \n<\/div>\n\n\n\n\n\n<div class=\"session flex flex-col xl:grid xl:grid-cols-4 xl:gap-x-10 w-full bg-white px-4 xl:px-6 py-6 border-t-[2px] xl:border-t-[4px] border-t-pcfSecondary mb-10 xl:mb-12\" data-id=\"1274\" data-rubriken=\"mental-health-wellbeing-en\" data-sprachen=\"ger\" data-sessions=\"networking-session-en\" data-themen=\"\" data-orte=\"networking-community-lounge-en\">\n    <!-- META -->\n\n    <div class=\"xl:col-span-3\">\n        <div class=\"\">\n            <div class=\"xl:hidden\">\n                \n<button class=\"session-button w-7 h-[25px] group relative \" data-session=\"1274\" onClick=\"toggleSessionInLocalStorage(1274)\">\n    <img decoding=\"async\" class=\"default opacity-100 group-hover:opacity-0 transition-all absolute left-0 top-0 w-full h-auto\" src=\"https:\/\/people-and-culture-festival.berlin\/wp-content\/themes\/pcf2025\/assets\/gfx\/icons\/session\/heart-list-default.svg\" alt=\"Session merken\">\n    <img decoding=\"async\" class=\"default opacity-0 group-hover:opacity-100 transition-all absolute left-0 top-0 w-full h-auto\" src=\"https:\/\/people-and-culture-festival.berlin\/wp-content\/themes\/pcf2025\/assets\/gfx\/icons\/session\/heart-list-hover.svg\" alt=\"Session merken\">\n    <img decoding=\"async\" class=\"selected opacity-100 group-hover:opacity-0 transition-all absolute left-0 top-0 w-full h-auto\" src=\"https:\/\/people-and-culture-festival.berlin\/wp-content\/themes\/pcf2025\/assets\/gfx\/icons\/session\/heart-list-active.svg\" alt=\"Session nicht mehr merken\">\n    <img decoding=\"async\" class=\"selected opacity-0 group-hover:opacity-100 transition-all absolute left-0 top-0 w-full h-auto\" src=\"https:\/\/people-and-culture-festival.berlin\/wp-content\/themes\/pcf2025\/assets\/gfx\/icons\/session\/heart-list-active-hover.svg\" alt=\"Session nicht mehr merken\">\n<\/button>            <\/div>\n            <div class=\"flex gap-1 flex-wrap mt-6 xl:mt-0 items-center\">\n                <!-- Meta: Rubrik -->\n                                    <div class=\"bg-rubrikRot rounded-[24px] px-3 py-2 text-white text-[14px] tracking-[0.28px]\">\n                        Mental Health &amp; Wellbeing                    <\/div>\n                                <!-- Meta: Language -->\n                                    <div class=\"uppercase rounded-[24px] px-3 py-2 text-pcfPrimary bg-[rgba(76,26,58,0.09)] text-[14px] tracking-[0.28px]\">\n                        DE                    <\/div>\n                                <!-- Meta: Session -->\n                                    <div class=\"rounded-[24px] px-3 py-2 text-pcfPrimary bg-[rgba(76,26,58,0.09)] text-[14px] tracking-[0.28px]\">\n                        Networking Session                    <\/div>\n                \n                <div class=\"hidden xl:flex ms-auto items-center\">\n                    \n<button class=\"session-button w-7 h-[25px] group relative \" data-session=\"1274\" onClick=\"toggleSessionInLocalStorage(1274)\">\n    <img decoding=\"async\" class=\"default opacity-100 group-hover:opacity-0 transition-all absolute left-0 top-0 w-full h-auto\" src=\"https:\/\/people-and-culture-festival.berlin\/wp-content\/themes\/pcf2025\/assets\/gfx\/icons\/session\/heart-list-default.svg\" alt=\"Session merken\">\n    <img decoding=\"async\" class=\"default opacity-0 group-hover:opacity-100 transition-all absolute left-0 top-0 w-full h-auto\" src=\"https:\/\/people-and-culture-festival.berlin\/wp-content\/themes\/pcf2025\/assets\/gfx\/icons\/session\/heart-list-hover.svg\" alt=\"Session merken\">\n    <img decoding=\"async\" class=\"selected opacity-100 group-hover:opacity-0 transition-all absolute left-0 top-0 w-full h-auto\" src=\"https:\/\/people-and-culture-festival.berlin\/wp-content\/themes\/pcf2025\/assets\/gfx\/icons\/session\/heart-list-active.svg\" alt=\"Session nicht mehr merken\">\n    <img decoding=\"async\" class=\"selected opacity-0 group-hover:opacity-100 transition-all absolute left-0 top-0 w-full h-auto\" src=\"https:\/\/people-and-culture-festival.berlin\/wp-content\/themes\/pcf2025\/assets\/gfx\/icons\/session\/heart-list-active-hover.svg\" alt=\"Session nicht mehr merken\">\n<\/button>                <\/div>\n            <\/div>\n            <!-- Meta: Time -->\n            <div class=\"mt-6 text-pcfPrimary text-heading-mobile-h2 xl:text-heading-h3\">\n                11:00 &#8211;\n                11:30            <\/div>\n            <!-- Meta: Location -->\n            <div class=\"mt-2 flex items-center text-reading-body-1 text-pcfSecondary\">\n                <img decoding=\"async\" src=\"https:\/\/people-and-culture-festival.berlin\/wp-content\/themes\/pcf2025\/assets\/gfx\/location.svg\" alt=\"\" class=\"!h-5 !w-auto me-3\">\n                Networking &amp; Community Lounge            <\/div>\n        <\/div>\n\n        <div class=\"mt-6 xl:mt-4 border-t-[1px] border-t-pcfSecondary\">\n            <!-- Title -->\n            <div class=\"mt-6 text-heading-mobile-h2 xl:text-heading-h3 text-pcfPrimary break-words\">\n                Speed \u200b\u200bnetworking without small talk: What motivates you at work?            <\/div>\n\n\n            <!-- Content -->\n            <div class=\"mt-7 xl:mt-6 lineCollapse text-reading-body-1 whitespace-pre-line\" data-showmore=\"expand\" data-showless=\"collapse\" data-buttonclasses=\"mt-6 lineCollapseButton\">When was the last time you thought, &#8220;Am I the only one experiencing this?&#8221;\r\nWhether it&#8217;s the first day of a new job, endless meetings, or the question &#8220;Where are we going next?&#8221; \u2013 we all know these moments.\r\nIn this speed networking session, we skip the small talk and share experiences that often go unspoken: thoughts, doubts, small victories, and aha moments. Perhaps you&#8217;ll recognize yourself in others&#8217; answers. Perhaps you&#8217;ll realize: You&#8217;re not alone in your experiences.<\/div>\n\n            <!-- Content: Themen -->\n            <div class=\"flex gap-1 flex-wrap mt-6 xl:mt-10\">\n                            <\/div>\n        <\/div>\n    <\/div>\n    <!-- Info Container -->\n            <div class=\"mt-6 xl:mt-4 border-t-[1px] xl:border-t-0 border-t-pcfSecondary\">\n                                        <div class=\"mt-6 xl:mt-0\">\n                    <div class=\"text-pcfSecondary text-reading-caption\">\n                        Speaker                    <\/div>\n                    <div class=\"mt-2 flex flex-col gap-y-2\">\n                                                    <div class=\"\">\n                                <a href=\"https:\/\/people-and-culture-festival.berlin\/en\/speakers\/roxane-kar\/\" class=\"text-pcfLink text-reading-body-1-bold\">\n                                    Roxane Kar                                <\/a>\n                                <div class=\"text-pcfPrimary text-reading-body-1\">\n                                    Freelancer                                <\/div>\n                            <\/div>\n                                            <\/div>\n                <\/div>\n                                <\/div>\n    \n<\/div>\n\n\n\n\n\n<div class=\"session flex flex-col xl:grid xl:grid-cols-4 xl:gap-x-10 w-full bg-white px-4 xl:px-6 py-6 border-t-[2px] xl:border-t-[4px] border-t-pcfSecondary mb-10 xl:mb-12\" data-id=\"1306\" data-rubriken=\"zukunft-der-arbeit-ki-en\" data-sprachen=\"ger\" data-sessions=\"workshop-en\" data-themen=\"\" data-orte=\"cinema-6\">\n    <!-- META -->\n\n    <div class=\"xl:col-span-3\">\n        <div class=\"\">\n            <div class=\"xl:hidden\">\n                \n<button class=\"session-button w-7 h-[25px] group relative \" data-session=\"1306\" onClick=\"toggleSessionInLocalStorage(1306)\">\n    <img decoding=\"async\" class=\"default opacity-100 group-hover:opacity-0 transition-all absolute left-0 top-0 w-full h-auto\" src=\"https:\/\/people-and-culture-festival.berlin\/wp-content\/themes\/pcf2025\/assets\/gfx\/icons\/session\/heart-list-default.svg\" alt=\"Session merken\">\n    <img decoding=\"async\" class=\"default opacity-0 group-hover:opacity-100 transition-all absolute left-0 top-0 w-full h-auto\" src=\"https:\/\/people-and-culture-festival.berlin\/wp-content\/themes\/pcf2025\/assets\/gfx\/icons\/session\/heart-list-hover.svg\" alt=\"Session merken\">\n    <img decoding=\"async\" class=\"selected opacity-100 group-hover:opacity-0 transition-all absolute left-0 top-0 w-full h-auto\" src=\"https:\/\/people-and-culture-festival.berlin\/wp-content\/themes\/pcf2025\/assets\/gfx\/icons\/session\/heart-list-active.svg\" alt=\"Session nicht mehr merken\">\n    <img decoding=\"async\" class=\"selected opacity-0 group-hover:opacity-100 transition-all absolute left-0 top-0 w-full h-auto\" src=\"https:\/\/people-and-culture-festival.berlin\/wp-content\/themes\/pcf2025\/assets\/gfx\/icons\/session\/heart-list-active-hover.svg\" alt=\"Session nicht mehr merken\">\n<\/button>            <\/div>\n            <div class=\"flex gap-1 flex-wrap mt-6 xl:mt-0 items-center\">\n                <!-- Meta: Rubrik -->\n                                    <div class=\"bg-rubrikBlau rounded-[24px] px-3 py-2 text-white text-[14px] tracking-[0.28px]\">\n                        Zukunft der Arbeit &amp; KI                    <\/div>\n                                <!-- Meta: Language -->\n                                    <div class=\"uppercase rounded-[24px] px-3 py-2 text-pcfPrimary bg-[rgba(76,26,58,0.09)] text-[14px] tracking-[0.28px]\">\n                        DE                    <\/div>\n                                <!-- Meta: Session -->\n                                    <div class=\"rounded-[24px] px-3 py-2 text-pcfPrimary bg-[rgba(76,26,58,0.09)] text-[14px] tracking-[0.28px]\">\n                        Workshop                    <\/div>\n                \n                <div class=\"hidden xl:flex ms-auto items-center\">\n                    \n<button class=\"session-button w-7 h-[25px] group relative \" data-session=\"1306\" onClick=\"toggleSessionInLocalStorage(1306)\">\n    <img decoding=\"async\" class=\"default opacity-100 group-hover:opacity-0 transition-all absolute left-0 top-0 w-full h-auto\" src=\"https:\/\/people-and-culture-festival.berlin\/wp-content\/themes\/pcf2025\/assets\/gfx\/icons\/session\/heart-list-default.svg\" alt=\"Session merken\">\n    <img decoding=\"async\" class=\"default opacity-0 group-hover:opacity-100 transition-all absolute left-0 top-0 w-full h-auto\" src=\"https:\/\/people-and-culture-festival.berlin\/wp-content\/themes\/pcf2025\/assets\/gfx\/icons\/session\/heart-list-hover.svg\" alt=\"Session merken\">\n    <img decoding=\"async\" class=\"selected opacity-100 group-hover:opacity-0 transition-all absolute left-0 top-0 w-full h-auto\" src=\"https:\/\/people-and-culture-festival.berlin\/wp-content\/themes\/pcf2025\/assets\/gfx\/icons\/session\/heart-list-active.svg\" alt=\"Session nicht mehr merken\">\n    <img decoding=\"async\" class=\"selected opacity-0 group-hover:opacity-100 transition-all absolute left-0 top-0 w-full h-auto\" src=\"https:\/\/people-and-culture-festival.berlin\/wp-content\/themes\/pcf2025\/assets\/gfx\/icons\/session\/heart-list-active-hover.svg\" alt=\"Session nicht mehr merken\">\n<\/button>                <\/div>\n            <\/div>\n            <!-- Meta: Time -->\n            <div class=\"mt-6 text-pcfPrimary text-heading-mobile-h2 xl:text-heading-h3\">\n                11:00 &#8211;\n                12:00            <\/div>\n            <!-- Meta: Location -->\n            <div class=\"mt-2 flex items-center text-reading-body-1 text-pcfSecondary\">\n                <img decoding=\"async\" src=\"https:\/\/people-and-culture-festival.berlin\/wp-content\/themes\/pcf2025\/assets\/gfx\/location.svg\" alt=\"\" class=\"!h-5 !w-auto me-3\">\n                Cinema 6            <\/div>\n        <\/div>\n\n        <div class=\"mt-6 xl:mt-4 border-t-[1px] border-t-pcfSecondary\">\n            <!-- Title -->\n            <div class=\"mt-6 text-heading-mobile-h2 xl:text-heading-h3 text-pcfPrimary break-words\">\n                The power of future visions \u2013 a workshop that gives hope            <\/div>\n\n\n            <!-- Content -->\n            <div class=\"mt-7 xl:mt-6 lineCollapse text-reading-body-1 whitespace-pre-line\" data-showmore=\"expand\" data-showless=\"collapse\" data-buttonclasses=\"mt-6 lineCollapseButton\">In this workshop, we embark on an imaginative journey into possible futures. Inspired by Rob Hopkins&#8217; &#8220;How to Fall in Love with the Future&#8221; and artistic stimuli, we practice activating our imaginations and developing our own visions of the future. Between hope and overwhelm, utopia and reality, we explore together which visions are relevant and recognize where we need to engage in dialogue about differences. Through artistic methods, exchange, and collective imagining, a space is created in which the future becomes tangible, conceivable, and shapeable.<\/div>\n\n            <!-- Content: Themen -->\n            <div class=\"flex gap-1 flex-wrap mt-6 xl:mt-10\">\n                            <\/div>\n        <\/div>\n    <\/div>\n    <!-- Info Container -->\n            <div class=\"mt-6 xl:mt-4 border-t-[1px] xl:border-t-0 border-t-pcfSecondary\">\n                                        <div class=\"mt-6 xl:mt-0\">\n                    <div class=\"text-pcfSecondary text-reading-caption\">\n                        Speaker                    <\/div>\n                    <div class=\"mt-2 flex flex-col gap-y-2\">\n                                                    <div class=\"\">\n                                <a href=\"https:\/\/people-and-culture-festival.berlin\/en\/speakers\/dr-anja-adler\/\" class=\"text-pcfLink text-reading-body-1-bold\">\n                                    Dr. Anja Adler                                <\/a>\n                                <div class=\"text-pcfPrimary text-reading-body-1\">\n                                    The GoodChange                                <\/div>\n                            <\/div>\n                                            <\/div>\n                <\/div>\n                                        <div class=\"mt-6\">\n                        <a class=\"border-2 border-pcfYellow bg-pcfYellow inline-block text-pcfGray rounded-[24px] transition-colors hover-capable:hover:bg-white hover-capable:hover:text-black active:bg-white active:border-white active:text-black px-[18px] py-[6px] text-[16px] tracking-[0.08px]\" href=\"https:\/\/app.guestoo.de\/public\/event\/723739e8-257f-4500-8dc6-2bf5683405c2\" target=\"_self\">\n        Sign Up    <\/a>\n                <\/div>\n                    <\/div>\n    \n<\/div>\n\n\n\n\n\n<div class=\"session flex flex-col xl:grid xl:grid-cols-4 xl:gap-x-10 w-full bg-white px-4 xl:px-6 py-6 border-t-[2px] xl:border-t-[4px] border-t-pcfSecondary mb-10 xl:mb-12\" data-id=\"1268\" data-rubriken=\"entrepreneurship-neue-berufliche-wege-en\" data-sprachen=\"ger\" data-sessions=\"keynote-en\" data-themen=\"\" data-orte=\"cinema-10\">\n    <!-- META -->\n\n    <div class=\"xl:col-span-3\">\n        <div class=\"\">\n            <div class=\"xl:hidden\">\n                \n<button class=\"session-button w-7 h-[25px] group relative \" data-session=\"1268\" onClick=\"toggleSessionInLocalStorage(1268)\">\n    <img decoding=\"async\" class=\"default opacity-100 group-hover:opacity-0 transition-all absolute left-0 top-0 w-full h-auto\" src=\"https:\/\/people-and-culture-festival.berlin\/wp-content\/themes\/pcf2025\/assets\/gfx\/icons\/session\/heart-list-default.svg\" alt=\"Session merken\">\n    <img decoding=\"async\" class=\"default opacity-0 group-hover:opacity-100 transition-all absolute left-0 top-0 w-full h-auto\" src=\"https:\/\/people-and-culture-festival.berlin\/wp-content\/themes\/pcf2025\/assets\/gfx\/icons\/session\/heart-list-hover.svg\" alt=\"Session merken\">\n    <img decoding=\"async\" class=\"selected opacity-100 group-hover:opacity-0 transition-all absolute left-0 top-0 w-full h-auto\" src=\"https:\/\/people-and-culture-festival.berlin\/wp-content\/themes\/pcf2025\/assets\/gfx\/icons\/session\/heart-list-active.svg\" alt=\"Session nicht mehr merken\">\n    <img decoding=\"async\" class=\"selected opacity-0 group-hover:opacity-100 transition-all absolute left-0 top-0 w-full h-auto\" src=\"https:\/\/people-and-culture-festival.berlin\/wp-content\/themes\/pcf2025\/assets\/gfx\/icons\/session\/heart-list-active-hover.svg\" alt=\"Session nicht mehr merken\">\n<\/button>            <\/div>\n            <div class=\"flex gap-1 flex-wrap mt-6 xl:mt-0 items-center\">\n                <!-- Meta: Rubrik -->\n                                    <div class=\"bg-rubrikLila rounded-[24px] px-3 py-2 text-white text-[14px] tracking-[0.28px]\">\n                        Entrepreneurship &amp; neue berufliche Wege                    <\/div>\n                                <!-- Meta: Language -->\n                                    <div class=\"uppercase rounded-[24px] px-3 py-2 text-pcfPrimary bg-[rgba(76,26,58,0.09)] text-[14px] tracking-[0.28px]\">\n                        DE                    <\/div>\n                                <!-- Meta: Session -->\n                                    <div class=\"rounded-[24px] px-3 py-2 text-pcfPrimary bg-[rgba(76,26,58,0.09)] text-[14px] tracking-[0.28px]\">\n                        Keynote                    <\/div>\n                \n                <div class=\"hidden xl:flex ms-auto items-center\">\n                    \n<button class=\"session-button w-7 h-[25px] group relative \" data-session=\"1268\" onClick=\"toggleSessionInLocalStorage(1268)\">\n    <img decoding=\"async\" class=\"default opacity-100 group-hover:opacity-0 transition-all absolute left-0 top-0 w-full h-auto\" src=\"https:\/\/people-and-culture-festival.berlin\/wp-content\/themes\/pcf2025\/assets\/gfx\/icons\/session\/heart-list-default.svg\" alt=\"Session merken\">\n    <img decoding=\"async\" class=\"default opacity-0 group-hover:opacity-100 transition-all absolute left-0 top-0 w-full h-auto\" src=\"https:\/\/people-and-culture-festival.berlin\/wp-content\/themes\/pcf2025\/assets\/gfx\/icons\/session\/heart-list-hover.svg\" alt=\"Session merken\">\n    <img decoding=\"async\" class=\"selected opacity-100 group-hover:opacity-0 transition-all absolute left-0 top-0 w-full h-auto\" src=\"https:\/\/people-and-culture-festival.berlin\/wp-content\/themes\/pcf2025\/assets\/gfx\/icons\/session\/heart-list-active.svg\" alt=\"Session nicht mehr merken\">\n    <img decoding=\"async\" class=\"selected opacity-0 group-hover:opacity-100 transition-all absolute left-0 top-0 w-full h-auto\" src=\"https:\/\/people-and-culture-festival.berlin\/wp-content\/themes\/pcf2025\/assets\/gfx\/icons\/session\/heart-list-active-hover.svg\" alt=\"Session nicht mehr merken\">\n<\/button>                <\/div>\n            <\/div>\n            <!-- Meta: Time -->\n            <div class=\"mt-6 text-pcfPrimary text-heading-mobile-h2 xl:text-heading-h3\">\n                11:15 &#8211;\n                11:45            <\/div>\n            <!-- Meta: Location -->\n            <div class=\"mt-2 flex items-center text-reading-body-1 text-pcfSecondary\">\n                <img decoding=\"async\" src=\"https:\/\/people-and-culture-festival.berlin\/wp-content\/themes\/pcf2025\/assets\/gfx\/location.svg\" alt=\"\" class=\"!h-5 !w-auto me-3\">\n                Cinema 10            <\/div>\n        <\/div>\n\n        <div class=\"mt-6 xl:mt-4 border-t-[1px] border-t-pcfSecondary\">\n            <!-- Title -->\n            <div class=\"mt-6 text-heading-mobile-h2 xl:text-heading-h3 text-pcfPrimary break-words\">\n                About love, rags and the female success penalty            <\/div>\n\n\n            <!-- Content -->\n            <div class=\"mt-7 xl:mt-6 lineCollapse text-reading-body-1 whitespace-pre-line\" data-showmore=\"expand\" data-showless=\"collapse\" data-buttonclasses=\"mt-6 lineCollapseButton\">The role of women in society has shifted; women lead companies, states, and revolutions. Thanks to feminism and female empowerment, ambitious women today are an unstoppable movement. Unfortunately, we haven&#8217;t changed the role of men in the same way. This leads to a problem: the more successful you are as a woman, the more the role of the man at your side is called into question. How uncomfortable. The idea of \u200b\u200bCherrish was born because we love and believe in men, and we are building the world&#8217;s first place where women can fall in love with men who all know their self-worth, which is more than their financial or social status.<\/div>\n\n            <!-- Content: Themen -->\n            <div class=\"flex gap-1 flex-wrap mt-6 xl:mt-10\">\n                            <\/div>\n        <\/div>\n    <\/div>\n    <!-- Info Container -->\n            <div class=\"mt-6 xl:mt-4 border-t-[1px] xl:border-t-0 border-t-pcfSecondary\">\n                                        <div class=\"mt-6 xl:mt-0\">\n                    <div class=\"text-pcfSecondary text-reading-caption\">\n                        Speaker                    <\/div>\n                    <div class=\"mt-2 flex flex-col gap-y-2\">\n                                                    <div class=\"\">\n                                <a href=\"https:\/\/people-and-culture-festival.berlin\/en\/speakers\/bianca-praetorius\/\" class=\"text-pcfLink text-reading-body-1-bold\">\n                                    Bianca Praetorius                                <\/a>\n                                <div class=\"text-pcfPrimary text-reading-body-1\">\n                                    CHERRISH                                <\/div>\n                            <\/div>\n                                            <\/div>\n                <\/div>\n                                <\/div>\n    \n<\/div>\n\n\n\n\n\n<div class=\"session flex flex-col xl:grid xl:grid-cols-4 xl:gap-x-10 w-full bg-white px-4 xl:px-6 py-6 border-t-[2px] xl:border-t-[4px] border-t-pcfSecondary mb-10 xl:mb-12\" data-id=\"1297\" data-rubriken=\"mental-health-wellbeing-en\" data-sprachen=\"ger\" data-sessions=\"film-en,panel-en\" data-themen=\"\" data-orte=\"cinema-7\">\n    <!-- META -->\n\n    <div class=\"xl:col-span-3\">\n        <div class=\"\">\n            <div class=\"xl:hidden\">\n                \n<button class=\"session-button w-7 h-[25px] group relative \" data-session=\"1297\" onClick=\"toggleSessionInLocalStorage(1297)\">\n    <img decoding=\"async\" class=\"default opacity-100 group-hover:opacity-0 transition-all absolute left-0 top-0 w-full h-auto\" src=\"https:\/\/people-and-culture-festival.berlin\/wp-content\/themes\/pcf2025\/assets\/gfx\/icons\/session\/heart-list-default.svg\" alt=\"Session merken\">\n    <img decoding=\"async\" class=\"default opacity-0 group-hover:opacity-100 transition-all absolute left-0 top-0 w-full h-auto\" src=\"https:\/\/people-and-culture-festival.berlin\/wp-content\/themes\/pcf2025\/assets\/gfx\/icons\/session\/heart-list-hover.svg\" alt=\"Session merken\">\n    <img decoding=\"async\" class=\"selected opacity-100 group-hover:opacity-0 transition-all absolute left-0 top-0 w-full h-auto\" src=\"https:\/\/people-and-culture-festival.berlin\/wp-content\/themes\/pcf2025\/assets\/gfx\/icons\/session\/heart-list-active.svg\" alt=\"Session nicht mehr merken\">\n    <img decoding=\"async\" class=\"selected opacity-0 group-hover:opacity-100 transition-all absolute left-0 top-0 w-full h-auto\" src=\"https:\/\/people-and-culture-festival.berlin\/wp-content\/themes\/pcf2025\/assets\/gfx\/icons\/session\/heart-list-active-hover.svg\" alt=\"Session nicht mehr merken\">\n<\/button>            <\/div>\n            <div class=\"flex gap-1 flex-wrap mt-6 xl:mt-0 items-center\">\n                <!-- Meta: Rubrik -->\n                                    <div class=\"bg-rubrikRot rounded-[24px] px-3 py-2 text-white text-[14px] tracking-[0.28px]\">\n                        Mental Health &amp; Wellbeing                    <\/div>\n                                <!-- Meta: Language -->\n                                    <div class=\"uppercase rounded-[24px] px-3 py-2 text-pcfPrimary bg-[rgba(76,26,58,0.09)] text-[14px] tracking-[0.28px]\">\n                        DE                    <\/div>\n                                <!-- Meta: Session -->\n                                    <div class=\"rounded-[24px] px-3 py-2 text-pcfPrimary bg-[rgba(76,26,58,0.09)] text-[14px] tracking-[0.28px]\">\n                        Film                    <\/div>\n                                    <div class=\"rounded-[24px] px-3 py-2 text-pcfPrimary bg-[rgba(76,26,58,0.09)] text-[14px] tracking-[0.28px]\">\n                        Panel                    <\/div>\n                \n                <div class=\"hidden xl:flex ms-auto items-center\">\n                    \n<button class=\"session-button w-7 h-[25px] group relative \" data-session=\"1297\" onClick=\"toggleSessionInLocalStorage(1297)\">\n    <img decoding=\"async\" class=\"default opacity-100 group-hover:opacity-0 transition-all absolute left-0 top-0 w-full h-auto\" src=\"https:\/\/people-and-culture-festival.berlin\/wp-content\/themes\/pcf2025\/assets\/gfx\/icons\/session\/heart-list-default.svg\" alt=\"Session merken\">\n    <img decoding=\"async\" class=\"default opacity-0 group-hover:opacity-100 transition-all absolute left-0 top-0 w-full h-auto\" src=\"https:\/\/people-and-culture-festival.berlin\/wp-content\/themes\/pcf2025\/assets\/gfx\/icons\/session\/heart-list-hover.svg\" alt=\"Session merken\">\n    <img decoding=\"async\" class=\"selected opacity-100 group-hover:opacity-0 transition-all absolute left-0 top-0 w-full h-auto\" src=\"https:\/\/people-and-culture-festival.berlin\/wp-content\/themes\/pcf2025\/assets\/gfx\/icons\/session\/heart-list-active.svg\" alt=\"Session nicht mehr merken\">\n    <img decoding=\"async\" class=\"selected opacity-0 group-hover:opacity-100 transition-all absolute left-0 top-0 w-full h-auto\" src=\"https:\/\/people-and-culture-festival.berlin\/wp-content\/themes\/pcf2025\/assets\/gfx\/icons\/session\/heart-list-active-hover.svg\" alt=\"Session nicht mehr merken\">\n<\/button>                <\/div>\n            <\/div>\n            <!-- Meta: Time -->\n            <div class=\"mt-6 text-pcfPrimary text-heading-mobile-h2 xl:text-heading-h3\">\n                11:15 &#8211;\n                12:30            <\/div>\n            <!-- Meta: Location -->\n            <div class=\"mt-2 flex items-center text-reading-body-1 text-pcfSecondary\">\n                <img decoding=\"async\" src=\"https:\/\/people-and-culture-festival.berlin\/wp-content\/themes\/pcf2025\/assets\/gfx\/location.svg\" alt=\"\" class=\"!h-5 !w-auto me-3\">\n                Cinema 7            <\/div>\n        <\/div>\n\n        <div class=\"mt-6 xl:mt-4 border-t-[1px] border-t-pcfSecondary\">\n            <!-- Title -->\n            <div class=\"mt-6 text-heading-mobile-h2 xl:text-heading-h3 text-pcfPrimary break-words\">\n                Tabootalk: Menopause and the female cycle in the workplace            <\/div>\n\n\n            <!-- Content -->\n            <div class=\"mt-7 xl:mt-6 lineCollapse text-reading-body-1 whitespace-pre-line\" data-showmore=\"expand\" data-showless=\"collapse\" data-buttonclasses=\"mt-6 lineCollapseButton\">Making menopause visible \u2013 in business. Now.\r\nOne in two women \u2013 in the middle of menopause. And almost all remain silent.\r\n\r\nWe \u2013 Constanze Baier, Tina Holmes &amp; Sandra Baron \u2013 are breaking the taboo. With a film and panel, we&#8217;re bringing menopause, menopause &amp; female health into the workplace.\r\nFor real change. For companies with a future. For a culture that no longer ignores women.<\/div>\n\n            <!-- Content: Themen -->\n            <div class=\"flex gap-1 flex-wrap mt-6 xl:mt-10\">\n                            <\/div>\n        <\/div>\n    <\/div>\n    <!-- Info Container -->\n            <div class=\"mt-6 xl:mt-4 border-t-[1px] xl:border-t-0 border-t-pcfSecondary\">\n                                        <div class=\"mt-6 xl:mt-0\">\n                    <div class=\"text-pcfSecondary text-reading-caption\">\n                        Speaker                    <\/div>\n                    <div class=\"mt-2 flex flex-col gap-y-2\">\n                                                    <div class=\"\">\n                                <a href=\"https:\/\/people-and-culture-festival.berlin\/en\/speakers\/tina-holmes\/\" class=\"text-pcfLink text-reading-body-1-bold\">\n                                    Tina Holmes                                <\/a>\n                                <div class=\"text-pcfPrimary text-reading-body-1\">\n                                    Tabootalker                                <\/div>\n                            <\/div>\n                                                    <div class=\"\">\n                                <a href=\"https:\/\/people-and-culture-festival.berlin\/en\/speakers\/sandra-baron\/\" class=\"text-pcfLink text-reading-body-1-bold\">\n                                    Sandra Baron                                <\/a>\n                                <div class=\"text-pcfPrimary text-reading-body-1\">\n                                    BCC Baron Coaching &amp; Consulting                                <\/div>\n                            <\/div>\n                                                    <div class=\"\">\n                                <a href=\"https:\/\/people-and-culture-festival.berlin\/en\/speakers\/constanze-baier\/\" class=\"text-pcfLink text-reading-body-1-bold\">\n                                    Constanze Baier                                <\/a>\n                                <div class=\"text-pcfPrimary text-reading-body-1\">\n                                    #unversch\u00e4mt.WEIBLICH                                <\/div>\n                            <\/div>\n                                            <\/div>\n                <\/div>\n                                <\/div>\n    \n<\/div>\n\n\n\n\n\n<div class=\"session flex flex-col xl:grid xl:grid-cols-4 xl:gap-x-10 w-full bg-white px-4 xl:px-6 py-6 border-t-[2px] xl:border-t-[4px] border-t-pcfSecondary mb-10 xl:mb-12\" data-id=\"1281\" data-rubriken=\"demografischer-wandel-arbeitsgesellschaft-en\" data-sprachen=\"ger\" data-sessions=\"lightning-talk-en\" data-themen=\"\" data-orte=\"cinema-2\">\n    <!-- META -->\n\n    <div class=\"xl:col-span-3\">\n        <div class=\"\">\n            <div class=\"xl:hidden\">\n                \n<button class=\"session-button w-7 h-[25px] group relative \" data-session=\"1281\" onClick=\"toggleSessionInLocalStorage(1281)\">\n    <img decoding=\"async\" class=\"default opacity-100 group-hover:opacity-0 transition-all absolute left-0 top-0 w-full h-auto\" src=\"https:\/\/people-and-culture-festival.berlin\/wp-content\/themes\/pcf2025\/assets\/gfx\/icons\/session\/heart-list-default.svg\" alt=\"Session merken\">\n    <img decoding=\"async\" class=\"default opacity-0 group-hover:opacity-100 transition-all absolute left-0 top-0 w-full h-auto\" src=\"https:\/\/people-and-culture-festival.berlin\/wp-content\/themes\/pcf2025\/assets\/gfx\/icons\/session\/heart-list-hover.svg\" alt=\"Session merken\">\n    <img decoding=\"async\" class=\"selected opacity-100 group-hover:opacity-0 transition-all absolute left-0 top-0 w-full h-auto\" src=\"https:\/\/people-and-culture-festival.berlin\/wp-content\/themes\/pcf2025\/assets\/gfx\/icons\/session\/heart-list-active.svg\" alt=\"Session nicht mehr merken\">\n    <img decoding=\"async\" class=\"selected opacity-0 group-hover:opacity-100 transition-all absolute left-0 top-0 w-full h-auto\" src=\"https:\/\/people-and-culture-festival.berlin\/wp-content\/themes\/pcf2025\/assets\/gfx\/icons\/session\/heart-list-active-hover.svg\" alt=\"Session nicht mehr merken\">\n<\/button>            <\/div>\n            <div class=\"flex gap-1 flex-wrap mt-6 xl:mt-0 items-center\">\n                <!-- Meta: Rubrik -->\n                                    <div class=\"bg-rubrikGruen rounded-[24px] px-3 py-2 text-white text-[14px] tracking-[0.28px]\">\n                        Demografischer Wandel &amp; Arbeitsgesellschaft                    <\/div>\n                                <!-- Meta: Language -->\n                                    <div class=\"uppercase rounded-[24px] px-3 py-2 text-pcfPrimary bg-[rgba(76,26,58,0.09)] text-[14px] tracking-[0.28px]\">\n                        DE                    <\/div>\n                                <!-- Meta: Session -->\n                                    <div class=\"rounded-[24px] px-3 py-2 text-pcfPrimary bg-[rgba(76,26,58,0.09)] text-[14px] tracking-[0.28px]\">\n                        Lightning Talk                    <\/div>\n                \n                <div class=\"hidden xl:flex ms-auto items-center\">\n                    \n<button class=\"session-button w-7 h-[25px] group relative \" data-session=\"1281\" onClick=\"toggleSessionInLocalStorage(1281)\">\n    <img decoding=\"async\" class=\"default opacity-100 group-hover:opacity-0 transition-all absolute left-0 top-0 w-full h-auto\" src=\"https:\/\/people-and-culture-festival.berlin\/wp-content\/themes\/pcf2025\/assets\/gfx\/icons\/session\/heart-list-default.svg\" alt=\"Session merken\">\n    <img decoding=\"async\" class=\"default opacity-0 group-hover:opacity-100 transition-all absolute left-0 top-0 w-full h-auto\" src=\"https:\/\/people-and-culture-festival.berlin\/wp-content\/themes\/pcf2025\/assets\/gfx\/icons\/session\/heart-list-hover.svg\" alt=\"Session merken\">\n    <img decoding=\"async\" class=\"selected opacity-100 group-hover:opacity-0 transition-all absolute left-0 top-0 w-full h-auto\" src=\"https:\/\/people-and-culture-festival.berlin\/wp-content\/themes\/pcf2025\/assets\/gfx\/icons\/session\/heart-list-active.svg\" alt=\"Session nicht mehr merken\">\n    <img decoding=\"async\" class=\"selected opacity-0 group-hover:opacity-100 transition-all absolute left-0 top-0 w-full h-auto\" src=\"https:\/\/people-and-culture-festival.berlin\/wp-content\/themes\/pcf2025\/assets\/gfx\/icons\/session\/heart-list-active-hover.svg\" alt=\"Session nicht mehr merken\">\n<\/button>                <\/div>\n            <\/div>\n            <!-- Meta: Time -->\n            <div class=\"mt-6 text-pcfPrimary text-heading-mobile-h2 xl:text-heading-h3\">\n                11:15 &#8211;\n                11:30            <\/div>\n            <!-- Meta: Location -->\n            <div class=\"mt-2 flex items-center text-reading-body-1 text-pcfSecondary\">\n                <img decoding=\"async\" src=\"https:\/\/people-and-culture-festival.berlin\/wp-content\/themes\/pcf2025\/assets\/gfx\/location.svg\" alt=\"\" class=\"!h-5 !w-auto me-3\">\n                Cinema 2            <\/div>\n        <\/div>\n\n        <div class=\"mt-6 xl:mt-4 border-t-[1px] border-t-pcfSecondary\">\n            <!-- Title -->\n            <div class=\"mt-6 text-heading-mobile-h2 xl:text-heading-h3 text-pcfPrimary break-words\">\n                Smart like a mom: What companies can learn from single parents            <\/div>\n\n\n            <!-- Content -->\n            <div class=\"mt-7 xl:mt-6 lineCollapse text-reading-body-1 whitespace-pre-line\" data-showmore=\"expand\" data-showless=\"collapse\" data-buttonclasses=\"mt-6 lineCollapseButton\">Managers often become parents, and parents far too rarely become managers. When people think of entrepreneurial spirit, they rarely think of mothers, and even more rarely of single parents. Yet, every day, they master what many companies desperately seek: resilience, personal responsibility, and a solution-oriented approach.\r\n\r\nThey aren&#8217;t failing because of the system\u2014the system is failing them. And in doing so, they&#8217;re wasting real future potential that has long since been realized elsewhere.\r\n\r\nLaura Christl brings her perspective as a self-employed woman, mother, and former human resources manager to the stage: clear, uncomfortable, and solution-oriented. She shows why care work must long ago be understood as a leadership skill, how structural barriers drive away talented professionals, and how organizations can rethink themselves if they are serious about diversity and sustainability.\r\nIn her presentation, she not only provides insight into personal experiences and encourages other women to follow their path, but also opens our eyes to systemic connections, societal expectations, and concrete scope for action.\r\nHer appeal: If you want to solve the skills shortage, you have to not only hire people, but retain them. Not just listen, but adapt structures to equity. Not just preach inclusion, but enable it.<\/div>\n\n            <!-- Content: Themen -->\n            <div class=\"flex gap-1 flex-wrap mt-6 xl:mt-10\">\n                            <\/div>\n        <\/div>\n    <\/div>\n    <!-- Info Container -->\n            <div class=\"mt-6 xl:mt-4 border-t-[1px] xl:border-t-0 border-t-pcfSecondary\">\n                                        <div class=\"mt-6 xl:mt-0\">\n                    <div class=\"text-pcfSecondary text-reading-caption\">\n                        Speaker                    <\/div>\n                    <div class=\"mt-2 flex flex-col gap-y-2\">\n                                                    <div class=\"\">\n                                <a href=\"https:\/\/people-and-culture-festival.berlin\/en\/speakers\/laura-christl\/\" class=\"text-pcfLink text-reading-body-1-bold\">\n                                    Laura Christl                                <\/a>\n                                <div class=\"text-pcfPrimary text-reading-body-1\">\n                                    Laura Christl Consulting                                <\/div>\n                            <\/div>\n                                            <\/div>\n                <\/div>\n                                <\/div>\n    \n<\/div>\n\n\n\n\n\n<div class=\"session flex flex-col xl:grid xl:grid-cols-4 xl:gap-x-10 w-full bg-white px-4 xl:px-6 py-6 border-t-[2px] xl:border-t-[4px] border-t-pcfSecondary mb-10 xl:mb-12\" data-id=\"1309\" data-rubriken=\"mental-health-wellbeing-en\" data-sprachen=\"ger\" data-sessions=\"lightning-talk-en\" data-themen=\"\" data-orte=\"cinema-2\">\n    <!-- META -->\n\n    <div class=\"xl:col-span-3\">\n        <div class=\"\">\n            <div class=\"xl:hidden\">\n                \n<button class=\"session-button w-7 h-[25px] group relative \" data-session=\"1309\" onClick=\"toggleSessionInLocalStorage(1309)\">\n    <img decoding=\"async\" class=\"default opacity-100 group-hover:opacity-0 transition-all absolute left-0 top-0 w-full h-auto\" src=\"https:\/\/people-and-culture-festival.berlin\/wp-content\/themes\/pcf2025\/assets\/gfx\/icons\/session\/heart-list-default.svg\" alt=\"Session merken\">\n    <img decoding=\"async\" class=\"default opacity-0 group-hover:opacity-100 transition-all absolute left-0 top-0 w-full h-auto\" src=\"https:\/\/people-and-culture-festival.berlin\/wp-content\/themes\/pcf2025\/assets\/gfx\/icons\/session\/heart-list-hover.svg\" alt=\"Session merken\">\n    <img decoding=\"async\" class=\"selected opacity-100 group-hover:opacity-0 transition-all absolute left-0 top-0 w-full h-auto\" src=\"https:\/\/people-and-culture-festival.berlin\/wp-content\/themes\/pcf2025\/assets\/gfx\/icons\/session\/heart-list-active.svg\" alt=\"Session nicht mehr merken\">\n    <img decoding=\"async\" class=\"selected opacity-0 group-hover:opacity-100 transition-all absolute left-0 top-0 w-full h-auto\" src=\"https:\/\/people-and-culture-festival.berlin\/wp-content\/themes\/pcf2025\/assets\/gfx\/icons\/session\/heart-list-active-hover.svg\" alt=\"Session nicht mehr merken\">\n<\/button>            <\/div>\n            <div class=\"flex gap-1 flex-wrap mt-6 xl:mt-0 items-center\">\n                <!-- Meta: Rubrik -->\n                                    <div class=\"bg-rubrikRot rounded-[24px] px-3 py-2 text-white text-[14px] tracking-[0.28px]\">\n                        Mental Health &amp; Wellbeing                    <\/div>\n                                <!-- Meta: Language -->\n                                    <div class=\"uppercase rounded-[24px] px-3 py-2 text-pcfPrimary bg-[rgba(76,26,58,0.09)] text-[14px] tracking-[0.28px]\">\n                        DE                    <\/div>\n                                <!-- Meta: Session -->\n                                    <div class=\"rounded-[24px] px-3 py-2 text-pcfPrimary bg-[rgba(76,26,58,0.09)] text-[14px] tracking-[0.28px]\">\n                        Lightning Talk                    <\/div>\n                \n                <div class=\"hidden xl:flex ms-auto items-center\">\n                    \n<button class=\"session-button w-7 h-[25px] group relative \" data-session=\"1309\" onClick=\"toggleSessionInLocalStorage(1309)\">\n    <img decoding=\"async\" class=\"default opacity-100 group-hover:opacity-0 transition-all absolute left-0 top-0 w-full h-auto\" src=\"https:\/\/people-and-culture-festival.berlin\/wp-content\/themes\/pcf2025\/assets\/gfx\/icons\/session\/heart-list-default.svg\" alt=\"Session merken\">\n    <img decoding=\"async\" class=\"default opacity-0 group-hover:opacity-100 transition-all absolute left-0 top-0 w-full h-auto\" src=\"https:\/\/people-and-culture-festival.berlin\/wp-content\/themes\/pcf2025\/assets\/gfx\/icons\/session\/heart-list-hover.svg\" alt=\"Session merken\">\n    <img decoding=\"async\" class=\"selected opacity-100 group-hover:opacity-0 transition-all absolute left-0 top-0 w-full h-auto\" src=\"https:\/\/people-and-culture-festival.berlin\/wp-content\/themes\/pcf2025\/assets\/gfx\/icons\/session\/heart-list-active.svg\" alt=\"Session nicht mehr merken\">\n    <img decoding=\"async\" class=\"selected opacity-0 group-hover:opacity-100 transition-all absolute left-0 top-0 w-full h-auto\" src=\"https:\/\/people-and-culture-festival.berlin\/wp-content\/themes\/pcf2025\/assets\/gfx\/icons\/session\/heart-list-active-hover.svg\" alt=\"Session nicht mehr merken\">\n<\/button>                <\/div>\n            <\/div>\n            <!-- Meta: Time -->\n            <div class=\"mt-6 text-pcfPrimary text-heading-mobile-h2 xl:text-heading-h3\">\n                11:30 &#8211;\n                11:45            <\/div>\n            <!-- Meta: Location -->\n            <div class=\"mt-2 flex items-center text-reading-body-1 text-pcfSecondary\">\n                <img decoding=\"async\" src=\"https:\/\/people-and-culture-festival.berlin\/wp-content\/themes\/pcf2025\/assets\/gfx\/location.svg\" alt=\"\" class=\"!h-5 !w-auto me-3\">\n                Cinema 2            <\/div>\n        <\/div>\n\n        <div class=\"mt-6 xl:mt-4 border-t-[1px] border-t-pcfSecondary\">\n            <!-- Title -->\n            <div class=\"mt-6 text-heading-mobile-h2 xl:text-heading-h3 text-pcfPrimary break-words\">\n                PMS as a guide for the future of the world of work            <\/div>\n\n\n            <!-- Content -->\n            <div class=\"mt-7 xl:mt-6 lineCollapse text-reading-body-1 whitespace-pre-line\" data-showmore=\"expand\" data-showless=\"collapse\" data-buttonclasses=\"mt-6 lineCollapseButton\">Franzi Ruhnau reverses the perspective: PMS (premenstrual syndrome) is not the problem, but the solution. As a &#8220;Personal Management System,&#8221; it highlights what needs to change in everyday work. The author and cycle coach explains why we should take these signals seriously. If we use PMS discomfort as a guide, workplaces will emerge that benefit everyone. A disruptive approach that uses physical signals as a guide for change.<\/div>\n\n            <!-- Content: Themen -->\n            <div class=\"flex gap-1 flex-wrap mt-6 xl:mt-10\">\n                            <\/div>\n        <\/div>\n    <\/div>\n    <!-- Info Container -->\n            <div class=\"mt-6 xl:mt-4 border-t-[1px] xl:border-t-0 border-t-pcfSecondary\">\n                                        <div class=\"mt-6 xl:mt-0\">\n                    <div class=\"text-pcfSecondary text-reading-caption\">\n                        Speaker                    <\/div>\n                    <div class=\"mt-2 flex flex-col gap-y-2\">\n                                                    <div class=\"\">\n                                <a href=\"https:\/\/people-and-culture-festival.berlin\/en\/speakers\/franzi-ruhnau-2\/\" class=\"text-pcfLink text-reading-body-1-bold\">\n                                    Franzi Ruhnau                                <\/a>\n                                <div class=\"text-pcfPrimary text-reading-body-1\">\n                                    ZYKLUS POWER                                <\/div>\n                            <\/div>\n                                                    <div class=\"\">\n                                <a href=\"https:\/\/people-and-culture-festival.berlin\/en\/?post_type=page&#038;p=1428\" class=\"text-pcfLink text-reading-body-1-bold\">\n                                                                    <\/a>\n                                <div class=\"text-pcfPrimary text-reading-body-1\">\n                                                                    <\/div>\n                            <\/div>\n                                            <\/div>\n                <\/div>\n                                <\/div>\n    \n<\/div>\n\n\n\n\n\n<div class=\"session flex flex-col xl:grid xl:grid-cols-4 xl:gap-x-10 w-full bg-white px-4 xl:px-6 py-6 border-t-[2px] xl:border-t-[4px] border-t-pcfSecondary mb-10 xl:mb-12\" data-id=\"1656\" data-rubriken=\"demografischer-wandel-arbeitsgesellschaft-en\" data-sprachen=\"ger\" data-sessions=\"panel-en\" data-themen=\"\" data-orte=\"cinema-2\">\n    <!-- META -->\n\n    <div class=\"xl:col-span-3\">\n        <div class=\"\">\n            <div class=\"xl:hidden\">\n                \n<button class=\"session-button w-7 h-[25px] group relative \" data-session=\"1656\" onClick=\"toggleSessionInLocalStorage(1656)\">\n    <img decoding=\"async\" class=\"default opacity-100 group-hover:opacity-0 transition-all absolute left-0 top-0 w-full h-auto\" src=\"https:\/\/people-and-culture-festival.berlin\/wp-content\/themes\/pcf2025\/assets\/gfx\/icons\/session\/heart-list-default.svg\" alt=\"Session merken\">\n    <img decoding=\"async\" class=\"default opacity-0 group-hover:opacity-100 transition-all absolute left-0 top-0 w-full h-auto\" src=\"https:\/\/people-and-culture-festival.berlin\/wp-content\/themes\/pcf2025\/assets\/gfx\/icons\/session\/heart-list-hover.svg\" alt=\"Session merken\">\n    <img decoding=\"async\" class=\"selected opacity-100 group-hover:opacity-0 transition-all absolute left-0 top-0 w-full h-auto\" src=\"https:\/\/people-and-culture-festival.berlin\/wp-content\/themes\/pcf2025\/assets\/gfx\/icons\/session\/heart-list-active.svg\" alt=\"Session nicht mehr merken\">\n    <img decoding=\"async\" class=\"selected opacity-0 group-hover:opacity-100 transition-all absolute left-0 top-0 w-full h-auto\" src=\"https:\/\/people-and-culture-festival.berlin\/wp-content\/themes\/pcf2025\/assets\/gfx\/icons\/session\/heart-list-active-hover.svg\" alt=\"Session nicht mehr merken\">\n<\/button>            <\/div>\n            <div class=\"flex gap-1 flex-wrap mt-6 xl:mt-0 items-center\">\n                <!-- Meta: Rubrik -->\n                                    <div class=\"bg-rubrikGruen rounded-[24px] px-3 py-2 text-white text-[14px] tracking-[0.28px]\">\n                        Demografischer Wandel &amp; Arbeitsgesellschaft                    <\/div>\n                                <!-- Meta: Language -->\n                                    <div class=\"uppercase rounded-[24px] px-3 py-2 text-pcfPrimary bg-[rgba(76,26,58,0.09)] text-[14px] tracking-[0.28px]\">\n                        DE                    <\/div>\n                                <!-- Meta: Session -->\n                                    <div class=\"rounded-[24px] px-3 py-2 text-pcfPrimary bg-[rgba(76,26,58,0.09)] text-[14px] tracking-[0.28px]\">\n                        Panel                    <\/div>\n                \n                <div class=\"hidden xl:flex ms-auto items-center\">\n                    \n<button class=\"session-button w-7 h-[25px] group relative \" data-session=\"1656\" onClick=\"toggleSessionInLocalStorage(1656)\">\n    <img decoding=\"async\" class=\"default opacity-100 group-hover:opacity-0 transition-all absolute left-0 top-0 w-full h-auto\" src=\"https:\/\/people-and-culture-festival.berlin\/wp-content\/themes\/pcf2025\/assets\/gfx\/icons\/session\/heart-list-default.svg\" alt=\"Session merken\">\n    <img decoding=\"async\" class=\"default opacity-0 group-hover:opacity-100 transition-all absolute left-0 top-0 w-full h-auto\" src=\"https:\/\/people-and-culture-festival.berlin\/wp-content\/themes\/pcf2025\/assets\/gfx\/icons\/session\/heart-list-hover.svg\" alt=\"Session merken\">\n    <img decoding=\"async\" class=\"selected opacity-100 group-hover:opacity-0 transition-all absolute left-0 top-0 w-full h-auto\" src=\"https:\/\/people-and-culture-festival.berlin\/wp-content\/themes\/pcf2025\/assets\/gfx\/icons\/session\/heart-list-active.svg\" alt=\"Session nicht mehr merken\">\n    <img decoding=\"async\" class=\"selected opacity-0 group-hover:opacity-100 transition-all absolute left-0 top-0 w-full h-auto\" src=\"https:\/\/people-and-culture-festival.berlin\/wp-content\/themes\/pcf2025\/assets\/gfx\/icons\/session\/heart-list-active-hover.svg\" alt=\"Session nicht mehr merken\">\n<\/button>                <\/div>\n            <\/div>\n            <!-- Meta: Time -->\n            <div class=\"mt-6 text-pcfPrimary text-heading-mobile-h2 xl:text-heading-h3\">\n                11:45 &#8211;\n                12:30            <\/div>\n            <!-- Meta: Location -->\n            <div class=\"mt-2 flex items-center text-reading-body-1 text-pcfSecondary\">\n                <img decoding=\"async\" src=\"https:\/\/people-and-culture-festival.berlin\/wp-content\/themes\/pcf2025\/assets\/gfx\/location.svg\" alt=\"\" class=\"!h-5 !w-auto me-3\">\n                Cinema 2            <\/div>\n        <\/div>\n\n        <div class=\"mt-6 xl:mt-4 border-t-[1px] border-t-pcfSecondary\">\n            <!-- Title -->\n            <div class=\"mt-6 text-heading-mobile-h2 xl:text-heading-h3 text-pcfPrimary break-words\">\n                How can we shape change in companies? On resistance, opportunities, and cultural transformation            <\/div>\n\n\n            <!-- Content -->\n            <div class=\"mt-7 xl:mt-6 lineCollapse text-reading-body-1 whitespace-pre-line\" data-showmore=\"expand\" data-showless=\"collapse\" data-buttonclasses=\"mt-6 lineCollapseButton\">At the center of this panel is a key question: How can change succeed in companies?Together, we discuss what change processes do to people, what dynamics arise when securities are shaken \u2013 and how transformation can succeed not only as a business transformation but also as a social movement.Representatives from companies, change facilitation, and further education shed light on what is needed for this: courage, clarity, good communication, and space for emotions. In addition, we take a look at the attitudes and skills required to make change effective and sustainable.The goal is to make concrete experiences, perspectives, and approaches visible \u2013 and to show how change can move not only structures but also collaboration and culture.<\/div>\n\n            <!-- Content: Themen -->\n            <div class=\"flex gap-1 flex-wrap mt-6 xl:mt-10\">\n                            <\/div>\n        <\/div>\n    <\/div>\n    <!-- Info Container -->\n            <div class=\"mt-6 xl:mt-4 border-t-[1px] xl:border-t-0 border-t-pcfSecondary\">\n                            <div class=\"mt-6 xl:mt-0 xl:mb-6\">\n                    <div class=\"text-pcfSecondary text-reading-caption\">\n                        Host                    <\/div>\n                    <div class=\"mt-2 flex flex-col gap-y-2\">\n                                                    <div>\n                                <a href=\"https:\/\/people-and-culture-festival.berlin\/speakers\/christian-huder\/\" class=\"text-pcfLink text-reading-body-1-bold\">\n                                    Christian Huder                                <\/a>\n                            <\/div>\n                                            <\/div>\n                <\/div>\n                                        <div class=\"mt-6 xl:mt-0\">\n                    <div class=\"text-pcfSecondary text-reading-caption\">\n                        Speaker                    <\/div>\n                    <div class=\"mt-2 flex flex-col gap-y-2\">\n                                                    <div class=\"\">\n                                <a href=\"https:\/\/people-and-culture-festival.berlin\/en\/speakers\/ilya-yacine\/\" class=\"text-pcfLink text-reading-body-1-bold\">\n                                    Ilya Yacine                                <\/a>\n                                <div class=\"text-pcfPrimary text-reading-body-1\">\n                                    adesso SE                                <\/div>\n                            <\/div>\n                                                    <div class=\"\">\n                                <a href=\"https:\/\/people-and-culture-festival.berlin\/en\/speakers\/gabriela-seidel-hollaender\/\" class=\"text-pcfLink text-reading-body-1-bold\">\n                                    Gabriela Seidel-Hollaender                                <\/a>\n                                <div class=\"text-pcfPrimary text-reading-body-1\">\n                                    Erich Pommer Institut                                <\/div>\n                            <\/div>\n                                                    <div class=\"\">\n                                <a href=\"https:\/\/people-and-culture-festival.berlin\/en\/speakers\/marie-kanellopulos\/\" class=\"text-pcfLink text-reading-body-1-bold\">\n                                    Marie Kanellopulos                                <\/a>\n                                <div class=\"text-pcfPrimary text-reading-body-1\">\n                                    DONE!Berlin GmbH                                <\/div>\n                            <\/div>\n                                            <\/div>\n                <\/div>\n                                <\/div>\n    \n<\/div>\n\n\n\n\n\n<div class=\"session flex flex-col xl:grid xl:grid-cols-4 xl:gap-x-10 w-full bg-white px-4 xl:px-6 py-6 border-t-[2px] xl:border-t-[4px] border-t-pcfSecondary mb-10 xl:mb-12\" data-id=\"1287\" data-rubriken=\"demografischer-wandel-arbeitsgesellschaft-en\" data-sprachen=\"ger\" data-sessions=\"panel-en\" data-themen=\"\" data-orte=\"cinema-10\">\n    <!-- META -->\n\n    <div class=\"xl:col-span-3\">\n        <div class=\"\">\n            <div class=\"xl:hidden\">\n                \n<button class=\"session-button w-7 h-[25px] group relative \" data-session=\"1287\" onClick=\"toggleSessionInLocalStorage(1287)\">\n    <img decoding=\"async\" class=\"default opacity-100 group-hover:opacity-0 transition-all absolute left-0 top-0 w-full h-auto\" src=\"https:\/\/people-and-culture-festival.berlin\/wp-content\/themes\/pcf2025\/assets\/gfx\/icons\/session\/heart-list-default.svg\" alt=\"Session merken\">\n    <img decoding=\"async\" class=\"default opacity-0 group-hover:opacity-100 transition-all absolute left-0 top-0 w-full h-auto\" src=\"https:\/\/people-and-culture-festival.berlin\/wp-content\/themes\/pcf2025\/assets\/gfx\/icons\/session\/heart-list-hover.svg\" alt=\"Session merken\">\n    <img decoding=\"async\" class=\"selected opacity-100 group-hover:opacity-0 transition-all absolute left-0 top-0 w-full h-auto\" src=\"https:\/\/people-and-culture-festival.berlin\/wp-content\/themes\/pcf2025\/assets\/gfx\/icons\/session\/heart-list-active.svg\" alt=\"Session nicht mehr merken\">\n    <img decoding=\"async\" class=\"selected opacity-0 group-hover:opacity-100 transition-all absolute left-0 top-0 w-full h-auto\" src=\"https:\/\/people-and-culture-festival.berlin\/wp-content\/themes\/pcf2025\/assets\/gfx\/icons\/session\/heart-list-active-hover.svg\" alt=\"Session nicht mehr merken\">\n<\/button>            <\/div>\n            <div class=\"flex gap-1 flex-wrap mt-6 xl:mt-0 items-center\">\n                <!-- Meta: Rubrik -->\n                                    <div class=\"bg-rubrikGruen rounded-[24px] px-3 py-2 text-white text-[14px] tracking-[0.28px]\">\n                        Demografischer Wandel &amp; Arbeitsgesellschaft                    <\/div>\n                                <!-- Meta: Language -->\n                                    <div class=\"uppercase rounded-[24px] px-3 py-2 text-pcfPrimary bg-[rgba(76,26,58,0.09)] text-[14px] tracking-[0.28px]\">\n                        DE                    <\/div>\n                                <!-- Meta: Session -->\n                                    <div class=\"rounded-[24px] px-3 py-2 text-pcfPrimary bg-[rgba(76,26,58,0.09)] text-[14px] tracking-[0.28px]\">\n                        Panel                    <\/div>\n                \n                <div class=\"hidden xl:flex ms-auto items-center\">\n                    \n<button class=\"session-button w-7 h-[25px] group relative \" data-session=\"1287\" onClick=\"toggleSessionInLocalStorage(1287)\">\n    <img decoding=\"async\" class=\"default opacity-100 group-hover:opacity-0 transition-all absolute left-0 top-0 w-full h-auto\" src=\"https:\/\/people-and-culture-festival.berlin\/wp-content\/themes\/pcf2025\/assets\/gfx\/icons\/session\/heart-list-default.svg\" alt=\"Session merken\">\n    <img decoding=\"async\" class=\"default opacity-0 group-hover:opacity-100 transition-all absolute left-0 top-0 w-full h-auto\" src=\"https:\/\/people-and-culture-festival.berlin\/wp-content\/themes\/pcf2025\/assets\/gfx\/icons\/session\/heart-list-hover.svg\" alt=\"Session merken\">\n    <img decoding=\"async\" class=\"selected opacity-100 group-hover:opacity-0 transition-all absolute left-0 top-0 w-full h-auto\" src=\"https:\/\/people-and-culture-festival.berlin\/wp-content\/themes\/pcf2025\/assets\/gfx\/icons\/session\/heart-list-active.svg\" alt=\"Session nicht mehr merken\">\n    <img decoding=\"async\" class=\"selected opacity-0 group-hover:opacity-100 transition-all absolute left-0 top-0 w-full h-auto\" src=\"https:\/\/people-and-culture-festival.berlin\/wp-content\/themes\/pcf2025\/assets\/gfx\/icons\/session\/heart-list-active-hover.svg\" alt=\"Session nicht mehr merken\">\n<\/button>                <\/div>\n            <\/div>\n            <!-- Meta: Time -->\n            <div class=\"mt-6 text-pcfPrimary text-heading-mobile-h2 xl:text-heading-h3\">\n                12:00 &#8211;\n                12:45            <\/div>\n            <!-- Meta: Location -->\n            <div class=\"mt-2 flex items-center text-reading-body-1 text-pcfSecondary\">\n                <img decoding=\"async\" src=\"https:\/\/people-and-culture-festival.berlin\/wp-content\/themes\/pcf2025\/assets\/gfx\/location.svg\" alt=\"\" class=\"!h-5 !w-auto me-3\">\n                Cinema 10            <\/div>\n        <\/div>\n\n        <div class=\"mt-6 xl:mt-4 border-t-[1px] border-t-pcfSecondary\">\n            <!-- Title -->\n            <div class=\"mt-6 text-heading-mobile-h2 xl:text-heading-h3 text-pcfPrimary break-words\">\n                How do we secure our future? Strategies for the economy in times of demographic change            <\/div>\n\n\n            <!-- Content -->\n            <div class=\"mt-7 xl:mt-6 lineCollapse text-reading-body-1 whitespace-pre-line\" data-showmore=\"expand\" data-showless=\"collapse\" data-buttonclasses=\"mt-6 lineCollapseButton\">Germany is facing profound changes: Demographic change poses enormous challenges for the economy and the labor market. How do we secure prosperity when fewer people are working? Do we need to work longer, more, or, above all, more efficiently? What happens when companies are left without successors \u2013 and how does this affect the location? What are the ways to integrate international specialists more quickly, and what structural hurdles must be overcome so that women can fully realize their potential in the labor market? What job profiles will the jobs of the future be? In this panel discussion, experts from business and science will examine possible consequences and opportunities, as well as possible solutions for a sustainable German economy in times of change.<\/div>\n\n            <!-- Content: Themen -->\n            <div class=\"flex gap-1 flex-wrap mt-6 xl:mt-10\">\n                            <\/div>\n        <\/div>\n    <\/div>\n    <!-- Info Container -->\n            <div class=\"mt-6 xl:mt-4 border-t-[1px] xl:border-t-0 border-t-pcfSecondary\">\n                            <div class=\"mt-6 xl:mt-0 xl:mb-6\">\n                    <div class=\"text-pcfSecondary text-reading-caption\">\n                        Host                    <\/div>\n                    <div class=\"mt-2 flex flex-col gap-y-2\">\n                                                    <div>\n                                <a href=\"https:\/\/people-and-culture-festival.berlin\/en\/speakers\/jeannine-koch\/\" class=\"text-pcfLink text-reading-body-1-bold\">\n                                    Jeannine Koch                                <\/a>\n                            <\/div>\n                                            <\/div>\n                <\/div>\n                                        <div class=\"mt-6 xl:mt-0\">\n                    <div class=\"text-pcfSecondary text-reading-caption\">\n                        Speaker                    <\/div>\n                    <div class=\"mt-2 flex flex-col gap-y-2\">\n                                                    <div class=\"\">\n                                <a href=\"https:\/\/people-and-culture-festival.berlin\/en\/speakers\/dr-esther-konieczny\/\" class=\"text-pcfLink text-reading-body-1-bold\">\n                                    Dr. Esther Konieczny                                <\/a>\n                                <div class=\"text-pcfPrimary text-reading-body-1\">\n                                    welcome in_between                                <\/div>\n                            <\/div>\n                                                    <div class=\"\">\n                                <a href=\"https:\/\/people-and-culture-festival.berlin\/en\/speakers\/dirk-werner\/\" class=\"text-pcfLink text-reading-body-1-bold\">\n                                    Dirk Werner                                <\/a>\n                                <div class=\"text-pcfPrimary text-reading-body-1\">\n                                    Institute of the German Economy                                <\/div>\n                            <\/div>\n                                                    <div class=\"\">\n                                <a href=\"https:\/\/people-and-culture-festival.berlin\/en\/speakers\/katharina-zalewski\/\" class=\"text-pcfLink text-reading-body-1-bold\">\n                                    Katharina Zalewski                                <\/a>\n                                <div class=\"text-pcfPrimary text-reading-body-1\">\n                                    IHK Berlin                                <\/div>\n                            <\/div>\n                                                    <div class=\"\">\n                                <a href=\"https:\/\/people-and-culture-festival.berlin\/en\/speakers\/katharina-wolff\/\" class=\"text-pcfLink text-reading-body-1-bold\">\n                                    Katharina Wolff                                <\/a>\n                                <div class=\"text-pcfPrimary text-reading-body-1\">\n                                    STRIVE Magazine                                <\/div>\n                            <\/div>\n                                                    <div class=\"\">\n                                <a href=\"https:\/\/people-and-culture-festival.berlin\/en\/speakers\/mathias-lemcke\/\" class=\"text-pcfLink text-reading-body-1-bold\">\n                                    Mathias Lemcke                                <\/a>\n                                <div class=\"text-pcfPrimary text-reading-body-1\">\n                                    Employment Agency Berlin Mitte                                <\/div>\n                            <\/div>\n                                            <\/div>\n                <\/div>\n                                <\/div>\n    \n<\/div>\n\n\n\n\n\n<div class=\"session flex flex-col xl:grid xl:grid-cols-4 xl:gap-x-10 w-full bg-white px-4 xl:px-6 py-6 border-t-[2px] xl:border-t-[4px] border-t-pcfSecondary mb-10 xl:mb-12\" data-id=\"1661\" data-rubriken=\"entrepreneurship-neue-berufliche-wege-en\" data-sprachen=\"ger\" data-sessions=\"crash-course\" data-themen=\"\" data-orte=\"cinema-9\">\n    <!-- META -->\n\n    <div class=\"xl:col-span-3\">\n        <div class=\"\">\n            <div class=\"xl:hidden\">\n                \n<button class=\"session-button w-7 h-[25px] group relative \" data-session=\"1661\" onClick=\"toggleSessionInLocalStorage(1661)\">\n    <img decoding=\"async\" class=\"default opacity-100 group-hover:opacity-0 transition-all absolute left-0 top-0 w-full h-auto\" src=\"https:\/\/people-and-culture-festival.berlin\/wp-content\/themes\/pcf2025\/assets\/gfx\/icons\/session\/heart-list-default.svg\" alt=\"Session merken\">\n    <img decoding=\"async\" class=\"default opacity-0 group-hover:opacity-100 transition-all absolute left-0 top-0 w-full h-auto\" src=\"https:\/\/people-and-culture-festival.berlin\/wp-content\/themes\/pcf2025\/assets\/gfx\/icons\/session\/heart-list-hover.svg\" alt=\"Session merken\">\n    <img decoding=\"async\" class=\"selected opacity-100 group-hover:opacity-0 transition-all absolute left-0 top-0 w-full h-auto\" src=\"https:\/\/people-and-culture-festival.berlin\/wp-content\/themes\/pcf2025\/assets\/gfx\/icons\/session\/heart-list-active.svg\" alt=\"Session nicht mehr merken\">\n    <img decoding=\"async\" class=\"selected opacity-0 group-hover:opacity-100 transition-all absolute left-0 top-0 w-full h-auto\" src=\"https:\/\/people-and-culture-festival.berlin\/wp-content\/themes\/pcf2025\/assets\/gfx\/icons\/session\/heart-list-active-hover.svg\" alt=\"Session nicht mehr merken\">\n<\/button>            <\/div>\n            <div class=\"flex gap-1 flex-wrap mt-6 xl:mt-0 items-center\">\n                <!-- Meta: Rubrik -->\n                                    <div class=\"bg-rubrikLila rounded-[24px] px-3 py-2 text-white text-[14px] tracking-[0.28px]\">\n                        Entrepreneurship &amp; neue berufliche Wege                    <\/div>\n                                <!-- Meta: Language -->\n                                    <div class=\"uppercase rounded-[24px] px-3 py-2 text-pcfPrimary bg-[rgba(76,26,58,0.09)] text-[14px] tracking-[0.28px]\">\n                        DE                    <\/div>\n                                <!-- Meta: Session -->\n                                    <div class=\"rounded-[24px] px-3 py-2 text-pcfPrimary bg-[rgba(76,26,58,0.09)] text-[14px] tracking-[0.28px]\">\n                        Crash course                    <\/div>\n                \n                <div class=\"hidden xl:flex ms-auto items-center\">\n                    \n<button class=\"session-button w-7 h-[25px] group relative \" data-session=\"1661\" onClick=\"toggleSessionInLocalStorage(1661)\">\n    <img decoding=\"async\" class=\"default opacity-100 group-hover:opacity-0 transition-all absolute left-0 top-0 w-full h-auto\" src=\"https:\/\/people-and-culture-festival.berlin\/wp-content\/themes\/pcf2025\/assets\/gfx\/icons\/session\/heart-list-default.svg\" alt=\"Session merken\">\n    <img decoding=\"async\" class=\"default opacity-0 group-hover:opacity-100 transition-all absolute left-0 top-0 w-full h-auto\" src=\"https:\/\/people-and-culture-festival.berlin\/wp-content\/themes\/pcf2025\/assets\/gfx\/icons\/session\/heart-list-hover.svg\" alt=\"Session merken\">\n    <img decoding=\"async\" class=\"selected opacity-100 group-hover:opacity-0 transition-all absolute left-0 top-0 w-full h-auto\" src=\"https:\/\/people-and-culture-festival.berlin\/wp-content\/themes\/pcf2025\/assets\/gfx\/icons\/session\/heart-list-active.svg\" alt=\"Session nicht mehr merken\">\n    <img decoding=\"async\" class=\"selected opacity-0 group-hover:opacity-100 transition-all absolute left-0 top-0 w-full h-auto\" src=\"https:\/\/people-and-culture-festival.berlin\/wp-content\/themes\/pcf2025\/assets\/gfx\/icons\/session\/heart-list-active-hover.svg\" alt=\"Session nicht mehr merken\">\n<\/button>                <\/div>\n            <\/div>\n            <!-- Meta: Time -->\n            <div class=\"mt-6 text-pcfPrimary text-heading-mobile-h2 xl:text-heading-h3\">\n                12:00 &#8211;\n                13:15            <\/div>\n            <!-- Meta: Location -->\n            <div class=\"mt-2 flex items-center text-reading-body-1 text-pcfSecondary\">\n                <img decoding=\"async\" src=\"https:\/\/people-and-culture-festival.berlin\/wp-content\/themes\/pcf2025\/assets\/gfx\/location.svg\" alt=\"\" class=\"!h-5 !w-auto me-3\">\n                Cinema 9            <\/div>\n        <\/div>\n\n        <div class=\"mt-6 xl:mt-4 border-t-[1px] border-t-pcfSecondary\">\n            <!-- Title -->\n            <div class=\"mt-6 text-heading-mobile-h2 xl:text-heading-h3 text-pcfPrimary break-words\">\n                School done: Now I&#8217;m starting my own business            <\/div>\n\n\n            <!-- Content -->\n            <div class=\"mt-7 xl:mt-6 lineCollapse text-reading-body-1 whitespace-pre-line\" data-showmore=\"expand\" data-showless=\"collapse\" data-buttonclasses=\"mt-6 lineCollapseButton\">School&#8217;s over \u2013 what now? Start your own business. In this workshop, we discuss cool startup ideas, the steps needed, and how you can get started right away. Instead of dry theory, there are practical tips, exciting examples, and space for exchange. \r\n\r\nIf you want to take your future into your own hands, this is the right place for you.Since the number of participants is limited, attending this workshop requires registration. Click the &#8220;Sign Up&#8221; button to secure your spot in the workshop.\r\n<\/div>\n\n            <!-- Content: Themen -->\n            <div class=\"flex gap-1 flex-wrap mt-6 xl:mt-10\">\n                            <\/div>\n        <\/div>\n    <\/div>\n    <!-- Info Container -->\n            <div class=\"mt-6 xl:mt-4 border-t-[1px] xl:border-t-0 border-t-pcfSecondary\">\n                                        <div class=\"mt-6 xl:mt-0\">\n                    <div class=\"text-pcfSecondary text-reading-caption\">\n                        Speaker                    <\/div>\n                    <div class=\"mt-2 flex flex-col gap-y-2\">\n                                                    <div class=\"\">\n                                <a href=\"https:\/\/people-and-culture-festival.berlin\/en\/speakers\/sophia-weider\/\" class=\"text-pcfLink text-reading-body-1-bold\">\n                                    Sophia Weider                                <\/a>\n                                <div class=\"text-pcfPrimary text-reading-body-1\">\n                                    Self Employed                                <\/div>\n                            <\/div>\n                                            <\/div>\n                <\/div>\n                                        <div class=\"mt-6\">\n                        <a class=\"border-2 border-pcfYellow bg-pcfYellow inline-block text-pcfGray rounded-[24px] transition-colors hover-capable:hover:bg-white hover-capable:hover:text-black active:bg-white active:border-white active:text-black px-[18px] py-[6px] text-[16px] tracking-[0.08px]\" href=\"https:\/\/app.guestoo.de\/public\/event\/6ff5c1ad-ef73-4018-ae07-39856f923cb9\" target=\"_self\">\n        Sign Up    <\/a>\n                <\/div>\n                    <\/div>\n    \n<\/div>\n\n\n\n\n\n<div class=\"session flex flex-col xl:grid xl:grid-cols-4 xl:gap-x-10 w-full bg-white px-4 xl:px-6 py-6 border-t-[2px] xl:border-t-[4px] border-t-pcfSecondary mb-10 xl:mb-12\" data-id=\"1671\" data-rubriken=\"demografischer-wandel-arbeitsgesellschaft-en\" data-sprachen=\"ger\" data-sessions=\"networking-session-en\" data-themen=\"\" data-orte=\"networking-community-lounge-en\">\n    <!-- META -->\n\n    <div class=\"xl:col-span-3\">\n        <div class=\"\">\n            <div class=\"xl:hidden\">\n                \n<button class=\"session-button w-7 h-[25px] group relative \" data-session=\"1671\" onClick=\"toggleSessionInLocalStorage(1671)\">\n    <img decoding=\"async\" class=\"default opacity-100 group-hover:opacity-0 transition-all absolute left-0 top-0 w-full h-auto\" src=\"https:\/\/people-and-culture-festival.berlin\/wp-content\/themes\/pcf2025\/assets\/gfx\/icons\/session\/heart-list-default.svg\" alt=\"Session merken\">\n    <img decoding=\"async\" class=\"default opacity-0 group-hover:opacity-100 transition-all absolute left-0 top-0 w-full h-auto\" src=\"https:\/\/people-and-culture-festival.berlin\/wp-content\/themes\/pcf2025\/assets\/gfx\/icons\/session\/heart-list-hover.svg\" alt=\"Session merken\">\n    <img decoding=\"async\" class=\"selected opacity-100 group-hover:opacity-0 transition-all absolute left-0 top-0 w-full h-auto\" src=\"https:\/\/people-and-culture-festival.berlin\/wp-content\/themes\/pcf2025\/assets\/gfx\/icons\/session\/heart-list-active.svg\" alt=\"Session nicht mehr merken\">\n    <img decoding=\"async\" class=\"selected opacity-0 group-hover:opacity-100 transition-all absolute left-0 top-0 w-full h-auto\" src=\"https:\/\/people-and-culture-festival.berlin\/wp-content\/themes\/pcf2025\/assets\/gfx\/icons\/session\/heart-list-active-hover.svg\" alt=\"Session nicht mehr merken\">\n<\/button>            <\/div>\n            <div class=\"flex gap-1 flex-wrap mt-6 xl:mt-0 items-center\">\n                <!-- Meta: Rubrik -->\n                                    <div class=\"bg-rubrikGruen rounded-[24px] px-3 py-2 text-white text-[14px] tracking-[0.28px]\">\n                        Demografischer Wandel &amp; Arbeitsgesellschaft                    <\/div>\n                                <!-- Meta: Language -->\n                                    <div class=\"uppercase rounded-[24px] px-3 py-2 text-pcfPrimary bg-[rgba(76,26,58,0.09)] text-[14px] tracking-[0.28px]\">\n                        DE                    <\/div>\n                                <!-- Meta: Session -->\n                                    <div class=\"rounded-[24px] px-3 py-2 text-pcfPrimary bg-[rgba(76,26,58,0.09)] text-[14px] tracking-[0.28px]\">\n                        Networking Session                    <\/div>\n                \n                <div class=\"hidden xl:flex ms-auto items-center\">\n                    \n<button class=\"session-button w-7 h-[25px] group relative \" data-session=\"1671\" onClick=\"toggleSessionInLocalStorage(1671)\">\n    <img decoding=\"async\" class=\"default opacity-100 group-hover:opacity-0 transition-all absolute left-0 top-0 w-full h-auto\" src=\"https:\/\/people-and-culture-festival.berlin\/wp-content\/themes\/pcf2025\/assets\/gfx\/icons\/session\/heart-list-default.svg\" alt=\"Session merken\">\n    <img decoding=\"async\" class=\"default opacity-0 group-hover:opacity-100 transition-all absolute left-0 top-0 w-full h-auto\" src=\"https:\/\/people-and-culture-festival.berlin\/wp-content\/themes\/pcf2025\/assets\/gfx\/icons\/session\/heart-list-hover.svg\" alt=\"Session merken\">\n    <img decoding=\"async\" class=\"selected opacity-100 group-hover:opacity-0 transition-all absolute left-0 top-0 w-full h-auto\" src=\"https:\/\/people-and-culture-festival.berlin\/wp-content\/themes\/pcf2025\/assets\/gfx\/icons\/session\/heart-list-active.svg\" alt=\"Session nicht mehr merken\">\n    <img decoding=\"async\" class=\"selected opacity-0 group-hover:opacity-100 transition-all absolute left-0 top-0 w-full h-auto\" src=\"https:\/\/people-and-culture-festival.berlin\/wp-content\/themes\/pcf2025\/assets\/gfx\/icons\/session\/heart-list-active-hover.svg\" alt=\"Session nicht mehr merken\">\n<\/button>                <\/div>\n            <\/div>\n            <!-- Meta: Time -->\n            <div class=\"mt-6 text-pcfPrimary text-heading-mobile-h2 xl:text-heading-h3\">\n                12:00 &#8211;\n                12:30            <\/div>\n            <!-- Meta: Location -->\n            <div class=\"mt-2 flex items-center text-reading-body-1 text-pcfSecondary\">\n                <img decoding=\"async\" src=\"https:\/\/people-and-culture-festival.berlin\/wp-content\/themes\/pcf2025\/assets\/gfx\/location.svg\" alt=\"\" class=\"!h-5 !w-auto me-3\">\n                Networking &amp; Community Lounge            <\/div>\n        <\/div>\n\n        <div class=\"mt-6 xl:mt-4 border-t-[1px] border-t-pcfSecondary\">\n            <!-- Title -->\n            <div class=\"mt-6 text-heading-mobile-h2 xl:text-heading-h3 text-pcfPrimary break-words\">\n                Relationship imbalance stories: Spilling the tea about love fails &#038; clumsy moves            <\/div>\n\n\n            <!-- Content -->\n            <div class=\"mt-7 xl:mt-6 lineCollapse text-reading-body-1 whitespace-pre-line\" data-showmore=\"expand\" data-showless=\"collapse\" data-buttonclasses=\"mt-6 lineCollapseButton\">After the keynote on the Female Success Penalty and the clash between feminism &amp; the old-school stereotypes of love, we\u2019re collecting your stories: We want to hear them all! The awkward dates, lame moves, WTF moments, and tearful ghostings. Every life reality around ambitious women, men, and the great love.\r\n\r\nBring your anecdote, drop your hot take: What is masculinity today? Which images are dead, which do we need anew?\r\n\r\nLet\u2019s talk, let\u2019s laugh, let\u2019s rethink, together.<\/div>\n\n            <!-- Content: Themen -->\n            <div class=\"flex gap-1 flex-wrap mt-6 xl:mt-10\">\n                            <\/div>\n        <\/div>\n    <\/div>\n    <!-- Info Container -->\n            <div class=\"mt-6 xl:mt-4 border-t-[1px] xl:border-t-0 border-t-pcfSecondary\">\n                                        <div class=\"mt-6 xl:mt-0\">\n                    <div class=\"text-pcfSecondary text-reading-caption\">\n                        Speaker                    <\/div>\n                    <div class=\"mt-2 flex flex-col gap-y-2\">\n                                                    <div class=\"\">\n                                <a href=\"https:\/\/people-and-culture-festival.berlin\/en\/speakers\/bianca-praetorius\/\" class=\"text-pcfLink text-reading-body-1-bold\">\n                                    Bianca Praetorius                                <\/a>\n                                <div class=\"text-pcfPrimary text-reading-body-1\">\n                                    CHERRISH                                <\/div>\n                            <\/div>\n                                            <\/div>\n                <\/div>\n                                <\/div>\n    \n<\/div>\n\n\n\n\n\n<div class=\"session flex flex-col xl:grid xl:grid-cols-4 xl:gap-x-10 w-full bg-white px-4 xl:px-6 py-6 border-t-[2px] xl:border-t-[4px] border-t-pcfSecondary mb-10 xl:mb-12\" data-id=\"1305\" data-rubriken=\"mental-health-wellbeing-en\" data-sprachen=\"ger\" data-sessions=\"workshop-en\" data-themen=\"\" data-orte=\"cinema-6\">\n    <!-- META -->\n\n    <div class=\"xl:col-span-3\">\n        <div class=\"\">\n            <div class=\"xl:hidden\">\n                \n<button class=\"session-button w-7 h-[25px] group relative \" data-session=\"1305\" onClick=\"toggleSessionInLocalStorage(1305)\">\n    <img decoding=\"async\" class=\"default opacity-100 group-hover:opacity-0 transition-all absolute left-0 top-0 w-full h-auto\" src=\"https:\/\/people-and-culture-festival.berlin\/wp-content\/themes\/pcf2025\/assets\/gfx\/icons\/session\/heart-list-default.svg\" alt=\"Session merken\">\n    <img decoding=\"async\" class=\"default opacity-0 group-hover:opacity-100 transition-all absolute left-0 top-0 w-full h-auto\" src=\"https:\/\/people-and-culture-festival.berlin\/wp-content\/themes\/pcf2025\/assets\/gfx\/icons\/session\/heart-list-hover.svg\" alt=\"Session merken\">\n    <img decoding=\"async\" class=\"selected opacity-100 group-hover:opacity-0 transition-all absolute left-0 top-0 w-full h-auto\" src=\"https:\/\/people-and-culture-festival.berlin\/wp-content\/themes\/pcf2025\/assets\/gfx\/icons\/session\/heart-list-active.svg\" alt=\"Session nicht mehr merken\">\n    <img decoding=\"async\" class=\"selected opacity-0 group-hover:opacity-100 transition-all absolute left-0 top-0 w-full h-auto\" src=\"https:\/\/people-and-culture-festival.berlin\/wp-content\/themes\/pcf2025\/assets\/gfx\/icons\/session\/heart-list-active-hover.svg\" alt=\"Session nicht mehr merken\">\n<\/button>            <\/div>\n            <div class=\"flex gap-1 flex-wrap mt-6 xl:mt-0 items-center\">\n                <!-- Meta: Rubrik -->\n                                    <div class=\"bg-rubrikRot rounded-[24px] px-3 py-2 text-white text-[14px] tracking-[0.28px]\">\n                        Mental Health &amp; Wellbeing                    <\/div>\n                                <!-- Meta: Language -->\n                                    <div class=\"uppercase rounded-[24px] px-3 py-2 text-pcfPrimary bg-[rgba(76,26,58,0.09)] text-[14px] tracking-[0.28px]\">\n                        DE                    <\/div>\n                                <!-- Meta: Session -->\n                                    <div class=\"rounded-[24px] px-3 py-2 text-pcfPrimary bg-[rgba(76,26,58,0.09)] text-[14px] tracking-[0.28px]\">\n                        Workshop                    <\/div>\n                \n                <div class=\"hidden xl:flex ms-auto items-center\">\n                    \n<button class=\"session-button w-7 h-[25px] group relative \" data-session=\"1305\" onClick=\"toggleSessionInLocalStorage(1305)\">\n    <img decoding=\"async\" class=\"default opacity-100 group-hover:opacity-0 transition-all absolute left-0 top-0 w-full h-auto\" src=\"https:\/\/people-and-culture-festival.berlin\/wp-content\/themes\/pcf2025\/assets\/gfx\/icons\/session\/heart-list-default.svg\" alt=\"Session merken\">\n    <img decoding=\"async\" class=\"default opacity-0 group-hover:opacity-100 transition-all absolute left-0 top-0 w-full h-auto\" src=\"https:\/\/people-and-culture-festival.berlin\/wp-content\/themes\/pcf2025\/assets\/gfx\/icons\/session\/heart-list-hover.svg\" alt=\"Session merken\">\n    <img decoding=\"async\" class=\"selected opacity-100 group-hover:opacity-0 transition-all absolute left-0 top-0 w-full h-auto\" src=\"https:\/\/people-and-culture-festival.berlin\/wp-content\/themes\/pcf2025\/assets\/gfx\/icons\/session\/heart-list-active.svg\" alt=\"Session nicht mehr merken\">\n    <img decoding=\"async\" class=\"selected opacity-0 group-hover:opacity-100 transition-all absolute left-0 top-0 w-full h-auto\" src=\"https:\/\/people-and-culture-festival.berlin\/wp-content\/themes\/pcf2025\/assets\/gfx\/icons\/session\/heart-list-active-hover.svg\" alt=\"Session nicht mehr merken\">\n<\/button>                <\/div>\n            <\/div>\n            <!-- Meta: Time -->\n            <div class=\"mt-6 text-pcfPrimary text-heading-mobile-h2 xl:text-heading-h3\">\n                12:15 &#8211;\n                13:15            <\/div>\n            <!-- Meta: Location -->\n            <div class=\"mt-2 flex items-center text-reading-body-1 text-pcfSecondary\">\n                <img decoding=\"async\" src=\"https:\/\/people-and-culture-festival.berlin\/wp-content\/themes\/pcf2025\/assets\/gfx\/location.svg\" alt=\"\" class=\"!h-5 !w-auto me-3\">\n                Cinema 6            <\/div>\n        <\/div>\n\n        <div class=\"mt-6 xl:mt-4 border-t-[1px] border-t-pcfSecondary\">\n            <!-- Title -->\n            <div class=\"mt-6 text-heading-mobile-h2 xl:text-heading-h3 text-pcfPrimary break-words\">\n                Mastering boundaries \u2014 Healthy boundaries for more ease in everyday work            <\/div>\n\n\n            <!-- Content -->\n            <div class=\"mt-7 xl:mt-6 lineCollapse text-reading-body-1 whitespace-pre-line\" data-showmore=\"expand\" data-showless=\"collapse\" data-buttonclasses=\"mt-6 lineCollapseButton\">In her workshop, Stefanie Gerke demonstrates how healthy boundaries create more ease in everyday work. Using coaching tools, reflection, and embodiment, she supports participants in recognizing their own needs, saying &#8220;no,&#8221; and setting clearer boundaries at work \u2013 for greater self-efficacy and inner peace.<\/div>\n\n            <!-- Content: Themen -->\n            <div class=\"flex gap-1 flex-wrap mt-6 xl:mt-10\">\n                            <\/div>\n        <\/div>\n    <\/div>\n    <!-- Info Container -->\n            <div class=\"mt-6 xl:mt-4 border-t-[1px] xl:border-t-0 border-t-pcfSecondary\">\n                                        <div class=\"mt-6 xl:mt-0\">\n                    <div class=\"text-pcfSecondary text-reading-caption\">\n                        Speaker                    <\/div>\n                    <div class=\"mt-2 flex flex-col gap-y-2\">\n                                                    <div class=\"\">\n                                <a href=\"https:\/\/people-and-culture-festival.berlin\/en\/speakers\/stefanie-gerke\/\" class=\"text-pcfLink text-reading-body-1-bold\">\n                                    Stefanie Gerke                                <\/a>\n                                <div class=\"text-pcfPrimary text-reading-body-1\">\n                                    Stefanie Gerke Coaching                                <\/div>\n                            <\/div>\n                                            <\/div>\n                <\/div>\n                                        <div class=\"mt-6\">\n                        <a class=\"border-2 border-pcfYellow bg-pcfYellow inline-block text-pcfGray rounded-[24px] transition-colors hover-capable:hover:bg-white hover-capable:hover:text-black active:bg-white active:border-white active:text-black px-[18px] py-[6px] text-[16px] tracking-[0.08px]\" href=\"https:\/\/app.guestoo.de\/public\/event\/e747a93c-7b29-4d95-8b5d-090d40348714\" target=\"_self\">\n        Sign Up    <\/a>\n                <\/div>\n                    <\/div>\n    \n<\/div>\n\n\n\n\n\n<div class=\"session flex flex-col xl:grid xl:grid-cols-4 xl:gap-x-10 w-full bg-white px-4 xl:px-6 py-6 border-t-[2px] xl:border-t-[4px] border-t-pcfSecondary mb-10 xl:mb-12\" data-id=\"1302\" data-rubriken=\"entrepreneurship-neue-berufliche-wege-en\" data-sprachen=\"\" data-sessions=\"workshop-en\" data-themen=\"\" data-orte=\"kino-4-en\">\n    <!-- META -->\n\n    <div class=\"xl:col-span-3\">\n        <div class=\"\">\n            <div class=\"xl:hidden\">\n                \n<button class=\"session-button w-7 h-[25px] group relative \" data-session=\"1302\" onClick=\"toggleSessionInLocalStorage(1302)\">\n    <img decoding=\"async\" class=\"default opacity-100 group-hover:opacity-0 transition-all absolute left-0 top-0 w-full h-auto\" src=\"https:\/\/people-and-culture-festival.berlin\/wp-content\/themes\/pcf2025\/assets\/gfx\/icons\/session\/heart-list-default.svg\" alt=\"Session merken\">\n    <img decoding=\"async\" class=\"default opacity-0 group-hover:opacity-100 transition-all absolute left-0 top-0 w-full h-auto\" src=\"https:\/\/people-and-culture-festival.berlin\/wp-content\/themes\/pcf2025\/assets\/gfx\/icons\/session\/heart-list-hover.svg\" alt=\"Session merken\">\n    <img decoding=\"async\" class=\"selected opacity-100 group-hover:opacity-0 transition-all absolute left-0 top-0 w-full h-auto\" src=\"https:\/\/people-and-culture-festival.berlin\/wp-content\/themes\/pcf2025\/assets\/gfx\/icons\/session\/heart-list-active.svg\" alt=\"Session nicht mehr merken\">\n    <img decoding=\"async\" class=\"selected opacity-0 group-hover:opacity-100 transition-all absolute left-0 top-0 w-full h-auto\" src=\"https:\/\/people-and-culture-festival.berlin\/wp-content\/themes\/pcf2025\/assets\/gfx\/icons\/session\/heart-list-active-hover.svg\" alt=\"Session nicht mehr merken\">\n<\/button>            <\/div>\n            <div class=\"flex gap-1 flex-wrap mt-6 xl:mt-0 items-center\">\n                <!-- Meta: Rubrik -->\n                                    <div class=\"bg-rubrikLila rounded-[24px] px-3 py-2 text-white text-[14px] tracking-[0.28px]\">\n                        Entrepreneurship &amp; neue berufliche Wege                    <\/div>\n                                <!-- Meta: Language -->\n                                <!-- Meta: Session -->\n                                    <div class=\"rounded-[24px] px-3 py-2 text-pcfPrimary bg-[rgba(76,26,58,0.09)] text-[14px] tracking-[0.28px]\">\n                        Workshop                    <\/div>\n                \n                <div class=\"hidden xl:flex ms-auto items-center\">\n                    \n<button class=\"session-button w-7 h-[25px] group relative \" data-session=\"1302\" onClick=\"toggleSessionInLocalStorage(1302)\">\n    <img decoding=\"async\" class=\"default opacity-100 group-hover:opacity-0 transition-all absolute left-0 top-0 w-full h-auto\" src=\"https:\/\/people-and-culture-festival.berlin\/wp-content\/themes\/pcf2025\/assets\/gfx\/icons\/session\/heart-list-default.svg\" alt=\"Session merken\">\n    <img decoding=\"async\" class=\"default opacity-0 group-hover:opacity-100 transition-all absolute left-0 top-0 w-full h-auto\" src=\"https:\/\/people-and-culture-festival.berlin\/wp-content\/themes\/pcf2025\/assets\/gfx\/icons\/session\/heart-list-hover.svg\" alt=\"Session merken\">\n    <img decoding=\"async\" class=\"selected opacity-100 group-hover:opacity-0 transition-all absolute left-0 top-0 w-full h-auto\" src=\"https:\/\/people-and-culture-festival.berlin\/wp-content\/themes\/pcf2025\/assets\/gfx\/icons\/session\/heart-list-active.svg\" alt=\"Session nicht mehr merken\">\n    <img decoding=\"async\" class=\"selected opacity-0 group-hover:opacity-100 transition-all absolute left-0 top-0 w-full h-auto\" src=\"https:\/\/people-and-culture-festival.berlin\/wp-content\/themes\/pcf2025\/assets\/gfx\/icons\/session\/heart-list-active-hover.svg\" alt=\"Session nicht mehr merken\">\n<\/button>                <\/div>\n            <\/div>\n            <!-- Meta: Time -->\n            <div class=\"mt-6 text-pcfPrimary text-heading-mobile-h2 xl:text-heading-h3\">\n                12:15 &#8211;\n                13:15            <\/div>\n            <!-- Meta: Location -->\n            <div class=\"mt-2 flex items-center text-reading-body-1 text-pcfSecondary\">\n                <img decoding=\"async\" src=\"https:\/\/people-and-culture-festival.berlin\/wp-content\/themes\/pcf2025\/assets\/gfx\/location.svg\" alt=\"\" class=\"!h-5 !w-auto me-3\">\n                Kino 4            <\/div>\n        <\/div>\n\n        <div class=\"mt-6 xl:mt-4 border-t-[1px] border-t-pcfSecondary\">\n            <!-- Title -->\n            <div class=\"mt-6 text-heading-mobile-h2 xl:text-heading-h3 text-pcfPrimary break-words\">\n                Is Solopreneurship for You?            <\/div>\n\n\n            <!-- Content -->\n            <div class=\"mt-7 xl:mt-6 lineCollapse text-reading-body-1 whitespace-pre-line\" data-showmore=\"expand\" data-showless=\"collapse\" data-buttonclasses=\"mt-6 lineCollapseButton\">\u200bYou\u2019ve been thinking about working for yourself. Maybe you have a business idea (or three). Maybe you\u2019re just tired of the 9-to-5 grind and wondering if there\u2019s another way.\r\n\r\n\u200bBut you don\u2019t know if solopreneurship is the right move, or how to even start figuring it out.\r\n\r\n\u200bThat\u2019s exactly what this interactive workshop is for. No pressure, no \u201cquit your job today\u201d hype, just a structured, hands-on session to help you explore your options safely and strategically.\r\n\r\n\u200bWhat you walk away with:\r\n\r\n\u200b\u2714 A personal Solopreneur Readiness Self-Assessment (Mindset, Financial, Skills &amp; Business Model).\r\n\u2714 Hands-on exercises to uncover what expertise you could turn into a business.\r\n\u2714 A clear roadmap outlining your next steps, whether that\u2019s freelancing, consulting, a side hustle, or full-time independence.\r\n\u2714 A chance to discuss your challenges, fears, and goals with like-minded professionals.\r\n\r\n\u200bWho it this workshop for:\r\n\r\n&#8211; \u200bSeasoned professionals wondering if solopreneurship is a viable next move.\r\n&#8211; Freelancers looking to take things more seriously and strategically\r\n&#8211; Someone with a business idea but no clue how to start.\r\n&#8211; If you are feeling stuck between job security and career independence.\r\n\r\n\u200bBy the end you will know:\r\n\r\n\u2714\u200b Whether solopreneurship is a realistic path for you.\r\n\u2714 \u200bWhat kind of business could actually work for you.\r\n\u2714 What practical steps you need to take next without unnecessary risks.\r\n<\/div>\n\n            <!-- Content: Themen -->\n            <div class=\"flex gap-1 flex-wrap mt-6 xl:mt-10\">\n                            <\/div>\n        <\/div>\n    <\/div>\n    <!-- Info Container -->\n            <div class=\"mt-6 xl:mt-4 border-t-[1px] xl:border-t-0 border-t-pcfSecondary\">\n                                        <div class=\"mt-6 xl:mt-0\">\n                    <div class=\"text-pcfSecondary text-reading-caption\">\n                        Speaker                    <\/div>\n                    <div class=\"mt-2 flex flex-col gap-y-2\">\n                                                    <div class=\"\">\n                                <a href=\"https:\/\/people-and-culture-festival.berlin\/en\/speakers\/ricardo-brito\/\" class=\"text-pcfLink text-reading-body-1-bold\">\n                                    Ricardo Brito                                <\/a>\n                                <div class=\"text-pcfPrimary text-reading-body-1\">\n                                    Solopreneur                                <\/div>\n                            <\/div>\n                                            <\/div>\n                <\/div>\n                                        <div class=\"mt-6\">\n                        <a class=\"border-2 border-pcfYellow bg-pcfYellow inline-block text-pcfGray rounded-[24px] transition-colors hover-capable:hover:bg-white hover-capable:hover:text-black active:bg-white active:border-white active:text-black px-[18px] py-[6px] text-[16px] tracking-[0.08px]\" href=\"https:\/\/app.guestoo.de\/public\/event\/7cb25341-1431-4c18-a201-357e47f182b6\" target=\"_self\">\n        Sign Up    <\/a>\n                <\/div>\n                    <\/div>\n    \n<\/div>\n\n\n\n\n\n<div class=\"session flex flex-col xl:grid xl:grid-cols-4 xl:gap-x-10 w-full bg-white px-4 xl:px-6 py-6 border-t-[2px] xl:border-t-[4px] border-t-pcfSecondary mb-10 xl:mb-12\" data-id=\"1307\" data-rubriken=\"mental-health-wellbeing-en\" data-sprachen=\"ger\" data-sessions=\"workshop-en\" data-themen=\"\" data-orte=\"cinema-3\">\n    <!-- META -->\n\n    <div class=\"xl:col-span-3\">\n        <div class=\"\">\n            <div class=\"xl:hidden\">\n                \n<button class=\"session-button w-7 h-[25px] group relative \" data-session=\"1307\" onClick=\"toggleSessionInLocalStorage(1307)\">\n    <img decoding=\"async\" class=\"default opacity-100 group-hover:opacity-0 transition-all absolute left-0 top-0 w-full h-auto\" src=\"https:\/\/people-and-culture-festival.berlin\/wp-content\/themes\/pcf2025\/assets\/gfx\/icons\/session\/heart-list-default.svg\" alt=\"Session merken\">\n    <img decoding=\"async\" class=\"default opacity-0 group-hover:opacity-100 transition-all absolute left-0 top-0 w-full h-auto\" src=\"https:\/\/people-and-culture-festival.berlin\/wp-content\/themes\/pcf2025\/assets\/gfx\/icons\/session\/heart-list-hover.svg\" alt=\"Session merken\">\n    <img decoding=\"async\" class=\"selected opacity-100 group-hover:opacity-0 transition-all absolute left-0 top-0 w-full h-auto\" src=\"https:\/\/people-and-culture-festival.berlin\/wp-content\/themes\/pcf2025\/assets\/gfx\/icons\/session\/heart-list-active.svg\" alt=\"Session nicht mehr merken\">\n    <img decoding=\"async\" class=\"selected opacity-0 group-hover:opacity-100 transition-all absolute left-0 top-0 w-full h-auto\" src=\"https:\/\/people-and-culture-festival.berlin\/wp-content\/themes\/pcf2025\/assets\/gfx\/icons\/session\/heart-list-active-hover.svg\" alt=\"Session nicht mehr merken\">\n<\/button>            <\/div>\n            <div class=\"flex gap-1 flex-wrap mt-6 xl:mt-0 items-center\">\n                <!-- Meta: Rubrik -->\n                                    <div class=\"bg-rubrikRot rounded-[24px] px-3 py-2 text-white text-[14px] tracking-[0.28px]\">\n                        Mental Health &amp; Wellbeing                    <\/div>\n                                <!-- Meta: Language -->\n                                    <div class=\"uppercase rounded-[24px] px-3 py-2 text-pcfPrimary bg-[rgba(76,26,58,0.09)] text-[14px] tracking-[0.28px]\">\n                        DE                    <\/div>\n                                <!-- Meta: Session -->\n                                    <div class=\"rounded-[24px] px-3 py-2 text-pcfPrimary bg-[rgba(76,26,58,0.09)] text-[14px] tracking-[0.28px]\">\n                        Workshop                    <\/div>\n                \n                <div class=\"hidden xl:flex ms-auto items-center\">\n                    \n<button class=\"session-button w-7 h-[25px] group relative \" data-session=\"1307\" onClick=\"toggleSessionInLocalStorage(1307)\">\n    <img decoding=\"async\" class=\"default opacity-100 group-hover:opacity-0 transition-all absolute left-0 top-0 w-full h-auto\" src=\"https:\/\/people-and-culture-festival.berlin\/wp-content\/themes\/pcf2025\/assets\/gfx\/icons\/session\/heart-list-default.svg\" alt=\"Session merken\">\n    <img decoding=\"async\" class=\"default opacity-0 group-hover:opacity-100 transition-all absolute left-0 top-0 w-full h-auto\" src=\"https:\/\/people-and-culture-festival.berlin\/wp-content\/themes\/pcf2025\/assets\/gfx\/icons\/session\/heart-list-hover.svg\" alt=\"Session merken\">\n    <img decoding=\"async\" class=\"selected opacity-100 group-hover:opacity-0 transition-all absolute left-0 top-0 w-full h-auto\" src=\"https:\/\/people-and-culture-festival.berlin\/wp-content\/themes\/pcf2025\/assets\/gfx\/icons\/session\/heart-list-active.svg\" alt=\"Session nicht mehr merken\">\n    <img decoding=\"async\" class=\"selected opacity-0 group-hover:opacity-100 transition-all absolute left-0 top-0 w-full h-auto\" src=\"https:\/\/people-and-culture-festival.berlin\/wp-content\/themes\/pcf2025\/assets\/gfx\/icons\/session\/heart-list-active-hover.svg\" alt=\"Session nicht mehr merken\">\n<\/button>                <\/div>\n            <\/div>\n            <!-- Meta: Time -->\n            <div class=\"mt-6 text-pcfPrimary text-heading-mobile-h2 xl:text-heading-h3\">\n                12:15 &#8211;\n                13:15            <\/div>\n            <!-- Meta: Location -->\n            <div class=\"mt-2 flex items-center text-reading-body-1 text-pcfSecondary\">\n                <img decoding=\"async\" src=\"https:\/\/people-and-culture-festival.berlin\/wp-content\/themes\/pcf2025\/assets\/gfx\/location.svg\" alt=\"\" class=\"!h-5 !w-auto me-3\">\n                Cinema 3            <\/div>\n        <\/div>\n\n        <div class=\"mt-6 xl:mt-4 border-t-[1px] border-t-pcfSecondary\">\n            <!-- Title -->\n            <div class=\"mt-6 text-heading-mobile-h2 xl:text-heading-h3 text-pcfPrimary break-words\">\n                Neuroplasticity &#8211; How we learn to shape our brain and the world itself            <\/div>\n\n\n            <!-- Content -->\n            <div class=\"mt-7 xl:mt-6 lineCollapse text-reading-body-1 whitespace-pre-line\" data-showmore=\"expand\" data-showless=\"collapse\" data-buttonclasses=\"mt-6 lineCollapseButton\">The session is a hybrid of keynote, fun, and workshop. It will provide valuable insights into how our brain actually works, what neuroplasticity is, and how we can learn to shape it ourselves. We&#8217;ll do writing exercises, breakout sessions, and even a shared visualization to apply the principle of neuroplasticity directly to ourselves and shape our brains the way we want them to be.<\/div>\n\n            <!-- Content: Themen -->\n            <div class=\"flex gap-1 flex-wrap mt-6 xl:mt-10\">\n                            <\/div>\n        <\/div>\n    <\/div>\n    <!-- Info Container -->\n            <div class=\"mt-6 xl:mt-4 border-t-[1px] xl:border-t-0 border-t-pcfSecondary\">\n                                        <div class=\"mt-6 xl:mt-0\">\n                    <div class=\"text-pcfSecondary text-reading-caption\">\n                        Speaker                    <\/div>\n                    <div class=\"mt-2 flex flex-col gap-y-2\">\n                                                    <div class=\"\">\n                                <a href=\"https:\/\/people-and-culture-festival.berlin\/en\/speakers\/diane-hielscher\/\" class=\"text-pcfLink text-reading-body-1-bold\">\n                                    Diane Hielscher                                <\/a>\n                                <div class=\"text-pcfPrimary text-reading-body-1\">\n                                    LifeXLab                                <\/div>\n                            <\/div>\n                                            <\/div>\n                <\/div>\n                                        <div class=\"mt-6\">\n                        <a class=\"border-2 border-pcfYellow bg-pcfYellow inline-block text-pcfGray rounded-[24px] transition-colors hover-capable:hover:bg-white hover-capable:hover:text-black active:bg-white active:border-white active:text-black px-[18px] py-[6px] text-[16px] tracking-[0.08px]\" href=\"https:\/\/app.guestoo.de\/public\/event\/ff31a578-8cbf-4fb1-ba60-5cecbfa16dd0\" target=\"_self\">\n        Sign Up    <\/a>\n                <\/div>\n                    <\/div>\n    \n<\/div>\n\n\n\n\n\n<div class=\"session flex flex-col xl:grid xl:grid-cols-4 xl:gap-x-10 w-full bg-white px-4 xl:px-6 py-6 border-t-[2px] xl:border-t-[4px] border-t-pcfSecondary mb-10 xl:mb-12\" data-id=\"1291\" data-rubriken=\"zukunft-der-arbeit-ki-en\" data-sprachen=\"ger\" data-sessions=\"lightning-talk-en\" data-themen=\"\" data-orte=\"cinema-7\">\n    <!-- META -->\n\n    <div class=\"xl:col-span-3\">\n        <div class=\"\">\n            <div class=\"xl:hidden\">\n                \n<button class=\"session-button w-7 h-[25px] group relative \" data-session=\"1291\" onClick=\"toggleSessionInLocalStorage(1291)\">\n    <img decoding=\"async\" class=\"default opacity-100 group-hover:opacity-0 transition-all absolute left-0 top-0 w-full h-auto\" src=\"https:\/\/people-and-culture-festival.berlin\/wp-content\/themes\/pcf2025\/assets\/gfx\/icons\/session\/heart-list-default.svg\" alt=\"Session merken\">\n    <img decoding=\"async\" class=\"default opacity-0 group-hover:opacity-100 transition-all absolute left-0 top-0 w-full h-auto\" src=\"https:\/\/people-and-culture-festival.berlin\/wp-content\/themes\/pcf2025\/assets\/gfx\/icons\/session\/heart-list-hover.svg\" alt=\"Session merken\">\n    <img decoding=\"async\" class=\"selected opacity-100 group-hover:opacity-0 transition-all absolute left-0 top-0 w-full h-auto\" src=\"https:\/\/people-and-culture-festival.berlin\/wp-content\/themes\/pcf2025\/assets\/gfx\/icons\/session\/heart-list-active.svg\" alt=\"Session nicht mehr merken\">\n    <img decoding=\"async\" class=\"selected opacity-0 group-hover:opacity-100 transition-all absolute left-0 top-0 w-full h-auto\" src=\"https:\/\/people-and-culture-festival.berlin\/wp-content\/themes\/pcf2025\/assets\/gfx\/icons\/session\/heart-list-active-hover.svg\" alt=\"Session nicht mehr merken\">\n<\/button>            <\/div>\n            <div class=\"flex gap-1 flex-wrap mt-6 xl:mt-0 items-center\">\n                <!-- Meta: Rubrik -->\n                                    <div class=\"bg-rubrikBlau rounded-[24px] px-3 py-2 text-white text-[14px] tracking-[0.28px]\">\n                        Zukunft der Arbeit &amp; KI                    <\/div>\n                                <!-- Meta: Language -->\n                                    <div class=\"uppercase rounded-[24px] px-3 py-2 text-pcfPrimary bg-[rgba(76,26,58,0.09)] text-[14px] tracking-[0.28px]\">\n                        DE                    <\/div>\n                                <!-- Meta: Session -->\n                                    <div class=\"rounded-[24px] px-3 py-2 text-pcfPrimary bg-[rgba(76,26,58,0.09)] text-[14px] tracking-[0.28px]\">\n                        Lightning Talk                    <\/div>\n                \n                <div class=\"hidden xl:flex ms-auto items-center\">\n                    \n<button class=\"session-button w-7 h-[25px] group relative \" data-session=\"1291\" onClick=\"toggleSessionInLocalStorage(1291)\">\n    <img decoding=\"async\" class=\"default opacity-100 group-hover:opacity-0 transition-all absolute left-0 top-0 w-full h-auto\" src=\"https:\/\/people-and-culture-festival.berlin\/wp-content\/themes\/pcf2025\/assets\/gfx\/icons\/session\/heart-list-default.svg\" alt=\"Session merken\">\n    <img decoding=\"async\" class=\"default opacity-0 group-hover:opacity-100 transition-all absolute left-0 top-0 w-full h-auto\" src=\"https:\/\/people-and-culture-festival.berlin\/wp-content\/themes\/pcf2025\/assets\/gfx\/icons\/session\/heart-list-hover.svg\" alt=\"Session merken\">\n    <img decoding=\"async\" class=\"selected opacity-100 group-hover:opacity-0 transition-all absolute left-0 top-0 w-full h-auto\" src=\"https:\/\/people-and-culture-festival.berlin\/wp-content\/themes\/pcf2025\/assets\/gfx\/icons\/session\/heart-list-active.svg\" alt=\"Session nicht mehr merken\">\n    <img decoding=\"async\" class=\"selected opacity-0 group-hover:opacity-100 transition-all absolute left-0 top-0 w-full h-auto\" src=\"https:\/\/people-and-culture-festival.berlin\/wp-content\/themes\/pcf2025\/assets\/gfx\/icons\/session\/heart-list-active-hover.svg\" alt=\"Session nicht mehr merken\">\n<\/button>                <\/div>\n            <\/div>\n            <!-- Meta: Time -->\n            <div class=\"mt-6 text-pcfPrimary text-heading-mobile-h2 xl:text-heading-h3\">\n                12:30 &#8211;\n                12:45            <\/div>\n            <!-- Meta: Location -->\n            <div class=\"mt-2 flex items-center text-reading-body-1 text-pcfSecondary\">\n                <img decoding=\"async\" src=\"https:\/\/people-and-culture-festival.berlin\/wp-content\/themes\/pcf2025\/assets\/gfx\/location.svg\" alt=\"\" class=\"!h-5 !w-auto me-3\">\n                Cinema 7            <\/div>\n        <\/div>\n\n        <div class=\"mt-6 xl:mt-4 border-t-[1px] border-t-pcfSecondary\">\n            <!-- Title -->\n            <div class=\"mt-6 text-heading-mobile-h2 xl:text-heading-h3 text-pcfPrimary break-words\">\n                150 minds, one goal: Rethinking TK marketing with AI            <\/div>\n\n\n            <!-- Content -->\n            <div class=\"mt-7 xl:mt-6 lineCollapse text-reading-body-1 whitespace-pre-line\" data-showmore=\"expand\" data-showless=\"collapse\" data-buttonclasses=\"mt-6 lineCollapseButton\">How do you support 150 marketing professionals in integrating AI into their everyday marketing work and preparing for the future in the AI \u200b\u200bera?\r\nInsights into an ambitious AI learning journey with a human-centered approach. From foresight-based future scenarios to executive alignment and an initial lighthouse event with all 150 employees.\r\nTakeaway: Useful ingredients for your own AI learning journey from the perspective of the journey guide (aka external consultant)<\/div>\n\n            <!-- Content: Themen -->\n            <div class=\"flex gap-1 flex-wrap mt-6 xl:mt-10\">\n                            <\/div>\n        <\/div>\n    <\/div>\n    <!-- Info Container -->\n            <div class=\"mt-6 xl:mt-4 border-t-[1px] xl:border-t-0 border-t-pcfSecondary\">\n                                        <div class=\"mt-6 xl:mt-0\">\n                    <div class=\"text-pcfSecondary text-reading-caption\">\n                        Speaker                    <\/div>\n                    <div class=\"mt-2 flex flex-col gap-y-2\">\n                                                    <div class=\"\">\n                                <a href=\"https:\/\/people-and-culture-festival.berlin\/en\/speakers\/holger-schmitz\/\" class=\"text-pcfLink text-reading-body-1-bold\">\n                                    Holger Schmitz                                <\/a>\n                                <div class=\"text-pcfPrimary text-reading-body-1\">\n                                    diffferent GmbH                                <\/div>\n                            <\/div>\n                                            <\/div>\n                <\/div>\n                                <\/div>\n    \n<\/div>\n\n\n\n\n\n<div class=\"session flex flex-col xl:grid xl:grid-cols-4 xl:gap-x-10 w-full bg-white px-4 xl:px-6 py-6 border-t-[2px] xl:border-t-[4px] border-t-pcfSecondary mb-10 xl:mb-12\" data-id=\"1669\" data-rubriken=\"zukunft-der-arbeit-ki-en\" data-sprachen=\"ger\" data-sessions=\"lightning-talk-en\" data-themen=\"\" data-orte=\"cinema-2\">\n    <!-- META -->\n\n    <div class=\"xl:col-span-3\">\n        <div class=\"\">\n            <div class=\"xl:hidden\">\n                \n<button class=\"session-button w-7 h-[25px] group relative \" data-session=\"1669\" onClick=\"toggleSessionInLocalStorage(1669)\">\n    <img decoding=\"async\" class=\"default opacity-100 group-hover:opacity-0 transition-all absolute left-0 top-0 w-full h-auto\" src=\"https:\/\/people-and-culture-festival.berlin\/wp-content\/themes\/pcf2025\/assets\/gfx\/icons\/session\/heart-list-default.svg\" alt=\"Session merken\">\n    <img decoding=\"async\" class=\"default opacity-0 group-hover:opacity-100 transition-all absolute left-0 top-0 w-full h-auto\" src=\"https:\/\/people-and-culture-festival.berlin\/wp-content\/themes\/pcf2025\/assets\/gfx\/icons\/session\/heart-list-hover.svg\" alt=\"Session merken\">\n    <img decoding=\"async\" class=\"selected opacity-100 group-hover:opacity-0 transition-all absolute left-0 top-0 w-full h-auto\" src=\"https:\/\/people-and-culture-festival.berlin\/wp-content\/themes\/pcf2025\/assets\/gfx\/icons\/session\/heart-list-active.svg\" alt=\"Session nicht mehr merken\">\n    <img decoding=\"async\" class=\"selected opacity-0 group-hover:opacity-100 transition-all absolute left-0 top-0 w-full h-auto\" src=\"https:\/\/people-and-culture-festival.berlin\/wp-content\/themes\/pcf2025\/assets\/gfx\/icons\/session\/heart-list-active-hover.svg\" alt=\"Session nicht mehr merken\">\n<\/button>            <\/div>\n            <div class=\"flex gap-1 flex-wrap mt-6 xl:mt-0 items-center\">\n                <!-- Meta: Rubrik -->\n                                    <div class=\"bg-rubrikBlau rounded-[24px] px-3 py-2 text-white text-[14px] tracking-[0.28px]\">\n                        Zukunft der Arbeit &amp; KI                    <\/div>\n                                <!-- Meta: Language -->\n                                    <div class=\"uppercase rounded-[24px] px-3 py-2 text-pcfPrimary bg-[rgba(76,26,58,0.09)] text-[14px] tracking-[0.28px]\">\n                        DE                    <\/div>\n                                <!-- Meta: Session -->\n                                    <div class=\"rounded-[24px] px-3 py-2 text-pcfPrimary bg-[rgba(76,26,58,0.09)] text-[14px] tracking-[0.28px]\">\n                        Lightning Talk                    <\/div>\n                \n                <div class=\"hidden xl:flex ms-auto items-center\">\n                    \n<button class=\"session-button w-7 h-[25px] group relative \" data-session=\"1669\" onClick=\"toggleSessionInLocalStorage(1669)\">\n    <img decoding=\"async\" class=\"default opacity-100 group-hover:opacity-0 transition-all absolute left-0 top-0 w-full h-auto\" src=\"https:\/\/people-and-culture-festival.berlin\/wp-content\/themes\/pcf2025\/assets\/gfx\/icons\/session\/heart-list-default.svg\" alt=\"Session merken\">\n    <img decoding=\"async\" class=\"default opacity-0 group-hover:opacity-100 transition-all absolute left-0 top-0 w-full h-auto\" src=\"https:\/\/people-and-culture-festival.berlin\/wp-content\/themes\/pcf2025\/assets\/gfx\/icons\/session\/heart-list-hover.svg\" alt=\"Session merken\">\n    <img decoding=\"async\" class=\"selected opacity-100 group-hover:opacity-0 transition-all absolute left-0 top-0 w-full h-auto\" src=\"https:\/\/people-and-culture-festival.berlin\/wp-content\/themes\/pcf2025\/assets\/gfx\/icons\/session\/heart-list-active.svg\" alt=\"Session nicht mehr merken\">\n    <img decoding=\"async\" class=\"selected opacity-0 group-hover:opacity-100 transition-all absolute left-0 top-0 w-full h-auto\" src=\"https:\/\/people-and-culture-festival.berlin\/wp-content\/themes\/pcf2025\/assets\/gfx\/icons\/session\/heart-list-active-hover.svg\" alt=\"Session nicht mehr merken\">\n<\/button>                <\/div>\n            <\/div>\n            <!-- Meta: Time -->\n            <div class=\"mt-6 text-pcfPrimary text-heading-mobile-h2 xl:text-heading-h3\">\n                12:30 &#8211;\n                12:45            <\/div>\n            <!-- Meta: Location -->\n            <div class=\"mt-2 flex items-center text-reading-body-1 text-pcfSecondary\">\n                <img decoding=\"async\" src=\"https:\/\/people-and-culture-festival.berlin\/wp-content\/themes\/pcf2025\/assets\/gfx\/location.svg\" alt=\"\" class=\"!h-5 !w-auto me-3\">\n                Cinema 2            <\/div>\n        <\/div>\n\n        <div class=\"mt-6 xl:mt-4 border-t-[1px] border-t-pcfSecondary\">\n            <!-- Title -->\n            <div class=\"mt-6 text-heading-mobile-h2 xl:text-heading-h3 text-pcfPrimary break-words\">\n                Self-organization in practice: The key to resilience            <\/div>\n\n\n            <!-- Content -->\n            <div class=\"mt-7 xl:mt-6 lineCollapse text-reading-body-1 whitespace-pre-line\" data-showmore=\"expand\" data-showless=\"collapse\" data-buttonclasses=\"mt-6 lineCollapseButton\">Self-organization often sounds like theory or a buzzword. Carolin Kister and Simon Teichmann demonstrate how it works in practice. Drawing on their experiences from Berlin&#8217;s oldest self-organized coworking space, cocreation.loft, they make it tangible how self-organization not only makes an organization more efficient but above all more resilient and robust.\r\n<\/div>\n\n            <!-- Content: Themen -->\n            <div class=\"flex gap-1 flex-wrap mt-6 xl:mt-10\">\n                            <\/div>\n        <\/div>\n    <\/div>\n    <!-- Info Container -->\n            <div class=\"mt-6 xl:mt-4 border-t-[1px] xl:border-t-0 border-t-pcfSecondary\">\n                                        <div class=\"mt-6 xl:mt-0\">\n                    <div class=\"text-pcfSecondary text-reading-caption\">\n                        Speaker                    <\/div>\n                    <div class=\"mt-2 flex flex-col gap-y-2\">\n                                                    <div class=\"\">\n                                <a href=\"https:\/\/people-and-culture-festival.berlin\/en\/speakers\/simon-teichmann\/\" class=\"text-pcfLink text-reading-body-1-bold\">\n                                    Simon Teichmann                                <\/a>\n                                <div class=\"text-pcfPrimary text-reading-body-1\">\n                                    Teichmann Brand Strategy                                <\/div>\n                            <\/div>\n                                                    <div class=\"\">\n                                <a href=\"https:\/\/people-and-culture-festival.berlin\/en\/speakers\/carolin-kister\/\" class=\"text-pcfLink text-reading-body-1-bold\">\n                                    Carolin Kister                                <\/a>\n                                <div class=\"text-pcfPrimary text-reading-body-1\">\n                                    Freelancer\/CoCreation Loft                                 <\/div>\n                            <\/div>\n                                            <\/div>\n                <\/div>\n                                <\/div>\n    \n<\/div>\n\n\n\n\n\n<div class=\"session flex flex-col xl:grid xl:grid-cols-4 xl:gap-x-10 w-full bg-white px-4 xl:px-6 py-6 border-t-[2px] xl:border-t-[4px] border-t-pcfSecondary mb-10 xl:mb-12\" data-id=\"1294\" data-rubriken=\"demografischer-wandel-arbeitsgesellschaft-en\" data-sprachen=\"ger\" data-sessions=\"panel-en\" data-themen=\"\" data-orte=\"cinema-10\">\n    <!-- META -->\n\n    <div class=\"xl:col-span-3\">\n        <div class=\"\">\n            <div class=\"xl:hidden\">\n                \n<button class=\"session-button w-7 h-[25px] group relative \" data-session=\"1294\" onClick=\"toggleSessionInLocalStorage(1294)\">\n    <img decoding=\"async\" class=\"default opacity-100 group-hover:opacity-0 transition-all absolute left-0 top-0 w-full h-auto\" src=\"https:\/\/people-and-culture-festival.berlin\/wp-content\/themes\/pcf2025\/assets\/gfx\/icons\/session\/heart-list-default.svg\" alt=\"Session merken\">\n    <img decoding=\"async\" class=\"default opacity-0 group-hover:opacity-100 transition-all absolute left-0 top-0 w-full h-auto\" src=\"https:\/\/people-and-culture-festival.berlin\/wp-content\/themes\/pcf2025\/assets\/gfx\/icons\/session\/heart-list-hover.svg\" alt=\"Session merken\">\n    <img decoding=\"async\" class=\"selected opacity-100 group-hover:opacity-0 transition-all absolute left-0 top-0 w-full h-auto\" src=\"https:\/\/people-and-culture-festival.berlin\/wp-content\/themes\/pcf2025\/assets\/gfx\/icons\/session\/heart-list-active.svg\" alt=\"Session nicht mehr merken\">\n    <img decoding=\"async\" class=\"selected opacity-0 group-hover:opacity-100 transition-all absolute left-0 top-0 w-full h-auto\" src=\"https:\/\/people-and-culture-festival.berlin\/wp-content\/themes\/pcf2025\/assets\/gfx\/icons\/session\/heart-list-active-hover.svg\" alt=\"Session nicht mehr merken\">\n<\/button>            <\/div>\n            <div class=\"flex gap-1 flex-wrap mt-6 xl:mt-0 items-center\">\n                <!-- Meta: Rubrik -->\n                                    <div class=\"bg-rubrikGruen rounded-[24px] px-3 py-2 text-white text-[14px] tracking-[0.28px]\">\n                        Demografischer Wandel &amp; Arbeitsgesellschaft                    <\/div>\n                                <!-- Meta: Language -->\n                                    <div class=\"uppercase rounded-[24px] px-3 py-2 text-pcfPrimary bg-[rgba(76,26,58,0.09)] text-[14px] tracking-[0.28px]\">\n                        DE                    <\/div>\n                                <!-- Meta: Session -->\n                                    <div class=\"rounded-[24px] px-3 py-2 text-pcfPrimary bg-[rgba(76,26,58,0.09)] text-[14px] tracking-[0.28px]\">\n                        Panel                    <\/div>\n                \n                <div class=\"hidden xl:flex ms-auto items-center\">\n                    \n<button class=\"session-button w-7 h-[25px] group relative \" data-session=\"1294\" onClick=\"toggleSessionInLocalStorage(1294)\">\n    <img decoding=\"async\" class=\"default opacity-100 group-hover:opacity-0 transition-all absolute left-0 top-0 w-full h-auto\" src=\"https:\/\/people-and-culture-festival.berlin\/wp-content\/themes\/pcf2025\/assets\/gfx\/icons\/session\/heart-list-default.svg\" alt=\"Session merken\">\n    <img decoding=\"async\" class=\"default opacity-0 group-hover:opacity-100 transition-all absolute left-0 top-0 w-full h-auto\" src=\"https:\/\/people-and-culture-festival.berlin\/wp-content\/themes\/pcf2025\/assets\/gfx\/icons\/session\/heart-list-hover.svg\" alt=\"Session merken\">\n    <img decoding=\"async\" class=\"selected opacity-100 group-hover:opacity-0 transition-all absolute left-0 top-0 w-full h-auto\" src=\"https:\/\/people-and-culture-festival.berlin\/wp-content\/themes\/pcf2025\/assets\/gfx\/icons\/session\/heart-list-active.svg\" alt=\"Session nicht mehr merken\">\n    <img decoding=\"async\" class=\"selected opacity-0 group-hover:opacity-100 transition-all absolute left-0 top-0 w-full h-auto\" src=\"https:\/\/people-and-culture-festival.berlin\/wp-content\/themes\/pcf2025\/assets\/gfx\/icons\/session\/heart-list-active-hover.svg\" alt=\"Session nicht mehr merken\">\n<\/button>                <\/div>\n            <\/div>\n            <!-- Meta: Time -->\n            <div class=\"mt-6 text-pcfPrimary text-heading-mobile-h2 xl:text-heading-h3\">\n                12:45 &#8211;\n                13:30            <\/div>\n            <!-- Meta: Location -->\n            <div class=\"mt-2 flex items-center text-reading-body-1 text-pcfSecondary\">\n                <img decoding=\"async\" src=\"https:\/\/people-and-culture-festival.berlin\/wp-content\/themes\/pcf2025\/assets\/gfx\/location.svg\" alt=\"\" class=\"!h-5 !w-auto me-3\">\n                Cinema 10            <\/div>\n        <\/div>\n\n        <div class=\"mt-6 xl:mt-4 border-t-[1px] border-t-pcfSecondary\">\n            <!-- Title -->\n            <div class=\"mt-6 text-heading-mobile-h2 xl:text-heading-h3 text-pcfPrimary break-words\">\n                Future behind the scenes &#8211; future without offspring?            <\/div>\n\n\n            <!-- Content -->\n            <div class=\"mt-7 xl:mt-6 lineCollapse text-reading-body-1 whitespace-pre-line\" data-showmore=\"expand\" data-showless=\"collapse\" data-buttonclasses=\"mt-6 lineCollapseButton\">Stages and theaters not only fulfill an artistic function but are also important training centers. Skilled workers are trained in numerous professions \u2013 from event technology to make-up and workshops. Until September 2025, apprenticeships in Berlin were supported through a solidarity-based financial equalization program. With the loss of this funding and simultaneous budget cuts, these apprenticeships are acutely threatened. As a consequence, Berlin&#8217;s theaters must now finance apprenticeships entirely from their own budgets, in a context of general budget cuts for cultural institutions.\r\nThis puts double pressure on apprenticeships and could potentially be reduced.\r\nThe associated risks include not only the decline in apprenticeships in highly specialized trades (make-up, VT, workshops), but also an increased shortage of skilled workers in Berlin&#8217;s cultural and event landscape, thus weakening Berlin as a cultural and creative hub in the long term.\r\n\r\nTheaters are systemically important training centers for professions that are also needed outside of the stage (event industry, film\/TV, trade fairs). As a cultural and event metropolis, Berlin directly benefits from a secure supply of young talent. Reliable funding for apprenticeships is an investment in the future, not a subsidy for luxuries.\r\nConclusion: Theater training is more than just cultural funding\u2014it&#8217;s a safeguard for skilled workers in Berlin. Without a solution to the loss of funding, valuable apprenticeships are threatened.<\/div>\n\n            <!-- Content: Themen -->\n            <div class=\"flex gap-1 flex-wrap mt-6 xl:mt-10\">\n                            <\/div>\n        <\/div>\n    <\/div>\n    <!-- Info Container -->\n            <div class=\"mt-6 xl:mt-4 border-t-[1px] xl:border-t-0 border-t-pcfSecondary\">\n                            <div class=\"mt-6 xl:mt-0 xl:mb-6\">\n                    <div class=\"text-pcfSecondary text-reading-caption\">\n                        Host                    <\/div>\n                    <div class=\"mt-2 flex flex-col gap-y-2\">\n                                                    <div>\n                                <a href=\"https:\/\/people-and-culture-festival.berlin\/en\/speakers\/maura-meyer\/\" class=\"text-pcfLink text-reading-body-1-bold\">\n                                    Maura Meyer                                <\/a>\n                            <\/div>\n                                            <\/div>\n                <\/div>\n                                        <div class=\"mt-6 xl:mt-0\">\n                    <div class=\"text-pcfSecondary text-reading-caption\">\n                        Speaker                    <\/div>\n                    <div class=\"mt-2 flex flex-col gap-y-2\">\n                                                    <div class=\"\">\n                                <a href=\"https:\/\/people-and-culture-festival.berlin\/en\/speakers\/natalja-pastian-gause\/\" class=\"text-pcfLink text-reading-body-1-bold\">\n                                    Natalja Pastian-Gause                                <\/a>\n                                <div class=\"text-pcfPrimary text-reading-body-1\">\n                                    German Theater                                <\/div>\n                            <\/div>\n                                                    <div class=\"\">\n                                <a href=\"https:\/\/people-and-culture-festival.berlin\/en\/speakers\/leopold-starke\/\" class=\"text-pcfLink text-reading-body-1-bold\">\n                                    Leopold Starke                                <\/a>\n                                <div class=\"text-pcfPrimary text-reading-body-1\">\n                                    State Opera Unter den Linden                                <\/div>\n                            <\/div>\n                                                    <div class=\"\">\n                                <a href=\"https:\/\/people-and-culture-festival.berlin\/en\/speakers\/rolf-d-suhl\/\" class=\"text-pcfLink text-reading-body-1-bold\">\n                                    Rolf D. Suhl                                <\/a>\n                                <div class=\"text-pcfPrimary text-reading-body-1\">\n                                    Foundation Opera in Berlin                                <\/div>\n                            <\/div>\n                                            <\/div>\n                <\/div>\n                                <\/div>\n    \n<\/div>\n\n\n\n\n\n<div class=\"session flex flex-col xl:grid xl:grid-cols-4 xl:gap-x-10 w-full bg-white px-4 xl:px-6 py-6 border-t-[2px] xl:border-t-[4px] border-t-pcfSecondary mb-10 xl:mb-12\" data-id=\"1298\" data-rubriken=\"entrepreneurship-neue-berufliche-wege-en\" data-sprachen=\"en\" data-sessions=\"keynote-en\" data-themen=\"\" data-orte=\"cinema-7\">\n    <!-- META -->\n\n    <div class=\"xl:col-span-3\">\n        <div class=\"\">\n            <div class=\"xl:hidden\">\n                \n<button class=\"session-button w-7 h-[25px] group relative \" data-session=\"1298\" onClick=\"toggleSessionInLocalStorage(1298)\">\n    <img decoding=\"async\" class=\"default opacity-100 group-hover:opacity-0 transition-all absolute left-0 top-0 w-full h-auto\" src=\"https:\/\/people-and-culture-festival.berlin\/wp-content\/themes\/pcf2025\/assets\/gfx\/icons\/session\/heart-list-default.svg\" alt=\"Session merken\">\n    <img decoding=\"async\" class=\"default opacity-0 group-hover:opacity-100 transition-all absolute left-0 top-0 w-full h-auto\" src=\"https:\/\/people-and-culture-festival.berlin\/wp-content\/themes\/pcf2025\/assets\/gfx\/icons\/session\/heart-list-hover.svg\" alt=\"Session merken\">\n    <img decoding=\"async\" class=\"selected opacity-100 group-hover:opacity-0 transition-all absolute left-0 top-0 w-full h-auto\" src=\"https:\/\/people-and-culture-festival.berlin\/wp-content\/themes\/pcf2025\/assets\/gfx\/icons\/session\/heart-list-active.svg\" alt=\"Session nicht mehr merken\">\n    <img decoding=\"async\" class=\"selected opacity-0 group-hover:opacity-100 transition-all absolute left-0 top-0 w-full h-auto\" src=\"https:\/\/people-and-culture-festival.berlin\/wp-content\/themes\/pcf2025\/assets\/gfx\/icons\/session\/heart-list-active-hover.svg\" alt=\"Session nicht mehr merken\">\n<\/button>            <\/div>\n            <div class=\"flex gap-1 flex-wrap mt-6 xl:mt-0 items-center\">\n                <!-- Meta: Rubrik -->\n                                    <div class=\"bg-rubrikLila rounded-[24px] px-3 py-2 text-white text-[14px] tracking-[0.28px]\">\n                        Entrepreneurship &amp; neue berufliche Wege                    <\/div>\n                                <!-- Meta: Language -->\n                                    <div class=\"uppercase rounded-[24px] px-3 py-2 text-pcfPrimary bg-[rgba(76,26,58,0.09)] text-[14px] tracking-[0.28px]\">\n                        EN                    <\/div>\n                                <!-- Meta: Session -->\n                                    <div class=\"rounded-[24px] px-3 py-2 text-pcfPrimary bg-[rgba(76,26,58,0.09)] text-[14px] tracking-[0.28px]\">\n                        Keynote                    <\/div>\n                \n                <div class=\"hidden xl:flex ms-auto items-center\">\n                    \n<button class=\"session-button w-7 h-[25px] group relative \" data-session=\"1298\" onClick=\"toggleSessionInLocalStorage(1298)\">\n    <img decoding=\"async\" class=\"default opacity-100 group-hover:opacity-0 transition-all absolute left-0 top-0 w-full h-auto\" src=\"https:\/\/people-and-culture-festival.berlin\/wp-content\/themes\/pcf2025\/assets\/gfx\/icons\/session\/heart-list-default.svg\" alt=\"Session merken\">\n    <img decoding=\"async\" class=\"default opacity-0 group-hover:opacity-100 transition-all absolute left-0 top-0 w-full h-auto\" src=\"https:\/\/people-and-culture-festival.berlin\/wp-content\/themes\/pcf2025\/assets\/gfx\/icons\/session\/heart-list-hover.svg\" alt=\"Session merken\">\n    <img decoding=\"async\" class=\"selected opacity-100 group-hover:opacity-0 transition-all absolute left-0 top-0 w-full h-auto\" src=\"https:\/\/people-and-culture-festival.berlin\/wp-content\/themes\/pcf2025\/assets\/gfx\/icons\/session\/heart-list-active.svg\" alt=\"Session nicht mehr merken\">\n    <img decoding=\"async\" class=\"selected opacity-0 group-hover:opacity-100 transition-all absolute left-0 top-0 w-full h-auto\" src=\"https:\/\/people-and-culture-festival.berlin\/wp-content\/themes\/pcf2025\/assets\/gfx\/icons\/session\/heart-list-active-hover.svg\" alt=\"Session nicht mehr merken\">\n<\/button>                <\/div>\n            <\/div>\n            <!-- Meta: Time -->\n            <div class=\"mt-6 text-pcfPrimary text-heading-mobile-h2 xl:text-heading-h3\">\n                12:45 &#8211;\n                13:15            <\/div>\n            <!-- Meta: Location -->\n            <div class=\"mt-2 flex items-center text-reading-body-1 text-pcfSecondary\">\n                <img decoding=\"async\" src=\"https:\/\/people-and-culture-festival.berlin\/wp-content\/themes\/pcf2025\/assets\/gfx\/location.svg\" alt=\"\" class=\"!h-5 !w-auto me-3\">\n                Cinema 7            <\/div>\n        <\/div>\n\n        <div class=\"mt-6 xl:mt-4 border-t-[1px] border-t-pcfSecondary\">\n            <!-- Title -->\n            <div class=\"mt-6 text-heading-mobile-h2 xl:text-heading-h3 text-pcfPrimary break-words\">\n                Your Skills Are Stronger Than You Think: Resilience and Career Reinvention            <\/div>\n\n\n            <!-- Content -->\n            <div class=\"mt-7 xl:mt-6 lineCollapse text-reading-body-1 whitespace-pre-line\" data-showmore=\"expand\" data-showless=\"collapse\" data-buttonclasses=\"mt-6 lineCollapseButton\">Your skills are stronger than you think. In this talk, Clara Hahn shows how skill stacking can turn diverse experiences into future-proof careers. It\u2019s about taking your strengths seriously, combining them in new ways, and building a roadmap that balances vision with everyday steps. Resilience means not just bouncing back, but moving forward, with curiosity, courage, and the confidence that your unique mix of skills matters.<\/div>\n\n            <!-- Content: Themen -->\n            <div class=\"flex gap-1 flex-wrap mt-6 xl:mt-10\">\n                            <\/div>\n        <\/div>\n    <\/div>\n    <!-- Info Container -->\n            <div class=\"mt-6 xl:mt-4 border-t-[1px] xl:border-t-0 border-t-pcfSecondary\">\n                                        <div class=\"mt-6 xl:mt-0\">\n                    <div class=\"text-pcfSecondary text-reading-caption\">\n                        Speaker                    <\/div>\n                    <div class=\"mt-2 flex flex-col gap-y-2\">\n                                                    <div class=\"\">\n                                <a href=\"https:\/\/people-and-culture-festival.berlin\/en\/speakers\/clara-hahn\/\" class=\"text-pcfLink text-reading-body-1-bold\">\n                                    Clara Hahn                                <\/a>\n                                <div class=\"text-pcfPrimary text-reading-body-1\">\n                                    Fired Up GmbH                                <\/div>\n                            <\/div>\n                                            <\/div>\n                <\/div>\n                                <\/div>\n    \n<\/div>\n\n\n\n\n\n<div class=\"session flex flex-col xl:grid xl:grid-cols-4 xl:gap-x-10 w-full bg-white px-4 xl:px-6 py-6 border-t-[2px] xl:border-t-[4px] border-t-pcfSecondary mb-10 xl:mb-12\" data-id=\"1662\" data-rubriken=\"entrepreneurship-neue-berufliche-wege-en\" data-sprachen=\"ger\" data-sessions=\"networking-session-en\" data-themen=\"\" data-orte=\"networking-community-lounge-en\">\n    <!-- META -->\n\n    <div class=\"xl:col-span-3\">\n        <div class=\"\">\n            <div class=\"xl:hidden\">\n                \n<button class=\"session-button w-7 h-[25px] group relative \" data-session=\"1662\" onClick=\"toggleSessionInLocalStorage(1662)\">\n    <img decoding=\"async\" class=\"default opacity-100 group-hover:opacity-0 transition-all absolute left-0 top-0 w-full h-auto\" src=\"https:\/\/people-and-culture-festival.berlin\/wp-content\/themes\/pcf2025\/assets\/gfx\/icons\/session\/heart-list-default.svg\" alt=\"Session merken\">\n    <img decoding=\"async\" class=\"default opacity-0 group-hover:opacity-100 transition-all absolute left-0 top-0 w-full h-auto\" src=\"https:\/\/people-and-culture-festival.berlin\/wp-content\/themes\/pcf2025\/assets\/gfx\/icons\/session\/heart-list-hover.svg\" alt=\"Session merken\">\n    <img decoding=\"async\" class=\"selected opacity-100 group-hover:opacity-0 transition-all absolute left-0 top-0 w-full h-auto\" src=\"https:\/\/people-and-culture-festival.berlin\/wp-content\/themes\/pcf2025\/assets\/gfx\/icons\/session\/heart-list-active.svg\" alt=\"Session nicht mehr merken\">\n    <img decoding=\"async\" class=\"selected opacity-0 group-hover:opacity-100 transition-all absolute left-0 top-0 w-full h-auto\" src=\"https:\/\/people-and-culture-festival.berlin\/wp-content\/themes\/pcf2025\/assets\/gfx\/icons\/session\/heart-list-active-hover.svg\" alt=\"Session nicht mehr merken\">\n<\/button>            <\/div>\n            <div class=\"flex gap-1 flex-wrap mt-6 xl:mt-0 items-center\">\n                <!-- Meta: Rubrik -->\n                                    <div class=\"bg-rubrikLila rounded-[24px] px-3 py-2 text-white text-[14px] tracking-[0.28px]\">\n                        Entrepreneurship &amp; neue berufliche Wege                    <\/div>\n                                <!-- Meta: Language -->\n                                    <div class=\"uppercase rounded-[24px] px-3 py-2 text-pcfPrimary bg-[rgba(76,26,58,0.09)] text-[14px] tracking-[0.28px]\">\n                        DE                    <\/div>\n                                <!-- Meta: Session -->\n                                    <div class=\"rounded-[24px] px-3 py-2 text-pcfPrimary bg-[rgba(76,26,58,0.09)] text-[14px] tracking-[0.28px]\">\n                        Networking Session                    <\/div>\n                \n                <div class=\"hidden xl:flex ms-auto items-center\">\n                    \n<button class=\"session-button w-7 h-[25px] group relative \" data-session=\"1662\" onClick=\"toggleSessionInLocalStorage(1662)\">\n    <img decoding=\"async\" class=\"default opacity-100 group-hover:opacity-0 transition-all absolute left-0 top-0 w-full h-auto\" src=\"https:\/\/people-and-culture-festival.berlin\/wp-content\/themes\/pcf2025\/assets\/gfx\/icons\/session\/heart-list-default.svg\" alt=\"Session merken\">\n    <img decoding=\"async\" class=\"default opacity-0 group-hover:opacity-100 transition-all absolute left-0 top-0 w-full h-auto\" src=\"https:\/\/people-and-culture-festival.berlin\/wp-content\/themes\/pcf2025\/assets\/gfx\/icons\/session\/heart-list-hover.svg\" alt=\"Session merken\">\n    <img decoding=\"async\" class=\"selected opacity-100 group-hover:opacity-0 transition-all absolute left-0 top-0 w-full h-auto\" src=\"https:\/\/people-and-culture-festival.berlin\/wp-content\/themes\/pcf2025\/assets\/gfx\/icons\/session\/heart-list-active.svg\" alt=\"Session nicht mehr merken\">\n    <img decoding=\"async\" class=\"selected opacity-0 group-hover:opacity-100 transition-all absolute left-0 top-0 w-full h-auto\" src=\"https:\/\/people-and-culture-festival.berlin\/wp-content\/themes\/pcf2025\/assets\/gfx\/icons\/session\/heart-list-active-hover.svg\" alt=\"Session nicht mehr merken\">\n<\/button>                <\/div>\n            <\/div>\n            <!-- Meta: Time -->\n            <div class=\"mt-6 text-pcfPrimary text-heading-mobile-h2 xl:text-heading-h3\">\n                13:00 &#8211;\n                13:30            <\/div>\n            <!-- Meta: Location -->\n            <div class=\"mt-2 flex items-center text-reading-body-1 text-pcfSecondary\">\n                <img decoding=\"async\" src=\"https:\/\/people-and-culture-festival.berlin\/wp-content\/themes\/pcf2025\/assets\/gfx\/location.svg\" alt=\"\" class=\"!h-5 !w-auto me-3\">\n                Networking &amp; Community Lounge            <\/div>\n        <\/div>\n\n        <div class=\"mt-6 xl:mt-4 border-t-[1px] border-t-pcfSecondary\">\n            <!-- Title -->\n            <div class=\"mt-6 text-heading-mobile-h2 xl:text-heading-h3 text-pcfPrimary break-words\">\n                KISS FM &#8211; Something with media &#8211; how to get your foot in the door            <\/div>\n\n\n            <!-- Content -->\n            <div class=\"mt-7 xl:mt-6 lineCollapse text-reading-body-1 whitespace-pre-line\" data-showmore=\"expand\" data-showless=\"collapse\" data-buttonclasses=\"mt-6 lineCollapseButton\">In her session, she provides an insight into the editorial day-to-day at KISS FM. She also shows which red flags and green flags really matter in applications. In the interactive &#8216;Shortcut Internship,&#8217; she presents two typical tasks that every intern can expect \u2013 including a Q&amp;A.\r\n<\/div>\n\n            <!-- Content: Themen -->\n            <div class=\"flex gap-1 flex-wrap mt-6 xl:mt-10\">\n                            <\/div>\n        <\/div>\n    <\/div>\n    <!-- Info Container -->\n            <div class=\"mt-6 xl:mt-4 border-t-[1px] xl:border-t-0 border-t-pcfSecondary\">\n                                        <div class=\"mt-6 xl:mt-0\">\n                    <div class=\"text-pcfSecondary text-reading-caption\">\n                        Speaker                    <\/div>\n                    <div class=\"mt-2 flex flex-col gap-y-2\">\n                                                    <div class=\"\">\n                                <a href=\"https:\/\/people-and-culture-festival.berlin\/en\/speakers\/franzi-mille-kiss-fm\/\" class=\"text-pcfLink text-reading-body-1-bold\">\n                                    Franzi &#038; Mille (KISS FM)                                <\/a>\n                                <div class=\"text-pcfPrimary text-reading-body-1\">\n                                    KISS FM Gmbh &amp;Co KG                                <\/div>\n                            <\/div>\n                                            <\/div>\n                <\/div>\n                                <\/div>\n    \n<\/div>\n\n\n\n\n\n<div class=\"session flex flex-col xl:grid xl:grid-cols-4 xl:gap-x-10 w-full bg-white px-4 xl:px-6 py-6 border-t-[2px] xl:border-t-[4px] border-t-pcfSecondary mb-10 xl:mb-12\" data-id=\"1673\" data-rubriken=\"demografischer-wandel-arbeitsgesellschaft-en\" data-sprachen=\"ger\" data-sessions=\"firesite-chat-en\" data-themen=\"\" data-orte=\"cinema-2\">\n    <!-- META -->\n\n    <div class=\"xl:col-span-3\">\n        <div class=\"\">\n            <div class=\"xl:hidden\">\n                \n<button class=\"session-button w-7 h-[25px] group relative \" data-session=\"1673\" onClick=\"toggleSessionInLocalStorage(1673)\">\n    <img decoding=\"async\" class=\"default opacity-100 group-hover:opacity-0 transition-all absolute left-0 top-0 w-full h-auto\" src=\"https:\/\/people-and-culture-festival.berlin\/wp-content\/themes\/pcf2025\/assets\/gfx\/icons\/session\/heart-list-default.svg\" alt=\"Session merken\">\n    <img decoding=\"async\" class=\"default opacity-0 group-hover:opacity-100 transition-all absolute left-0 top-0 w-full h-auto\" src=\"https:\/\/people-and-culture-festival.berlin\/wp-content\/themes\/pcf2025\/assets\/gfx\/icons\/session\/heart-list-hover.svg\" alt=\"Session merken\">\n    <img decoding=\"async\" class=\"selected opacity-100 group-hover:opacity-0 transition-all absolute left-0 top-0 w-full h-auto\" src=\"https:\/\/people-and-culture-festival.berlin\/wp-content\/themes\/pcf2025\/assets\/gfx\/icons\/session\/heart-list-active.svg\" alt=\"Session nicht mehr merken\">\n    <img decoding=\"async\" class=\"selected opacity-0 group-hover:opacity-100 transition-all absolute left-0 top-0 w-full h-auto\" src=\"https:\/\/people-and-culture-festival.berlin\/wp-content\/themes\/pcf2025\/assets\/gfx\/icons\/session\/heart-list-active-hover.svg\" alt=\"Session nicht mehr merken\">\n<\/button>            <\/div>\n            <div class=\"flex gap-1 flex-wrap mt-6 xl:mt-0 items-center\">\n                <!-- Meta: Rubrik -->\n                                    <div class=\"bg-rubrikGruen rounded-[24px] px-3 py-2 text-white text-[14px] tracking-[0.28px]\">\n                        Demografischer Wandel &amp; Arbeitsgesellschaft                    <\/div>\n                                <!-- Meta: Language -->\n                                    <div class=\"uppercase rounded-[24px] px-3 py-2 text-pcfPrimary bg-[rgba(76,26,58,0.09)] text-[14px] tracking-[0.28px]\">\n                        DE                    <\/div>\n                                <!-- Meta: Session -->\n                                    <div class=\"rounded-[24px] px-3 py-2 text-pcfPrimary bg-[rgba(76,26,58,0.09)] text-[14px] tracking-[0.28px]\">\n                        Firesite Chat                    <\/div>\n                \n                <div class=\"hidden xl:flex ms-auto items-center\">\n                    \n<button class=\"session-button w-7 h-[25px] group relative \" data-session=\"1673\" onClick=\"toggleSessionInLocalStorage(1673)\">\n    <img decoding=\"async\" class=\"default opacity-100 group-hover:opacity-0 transition-all absolute left-0 top-0 w-full h-auto\" src=\"https:\/\/people-and-culture-festival.berlin\/wp-content\/themes\/pcf2025\/assets\/gfx\/icons\/session\/heart-list-default.svg\" alt=\"Session merken\">\n    <img decoding=\"async\" class=\"default opacity-0 group-hover:opacity-100 transition-all absolute left-0 top-0 w-full h-auto\" src=\"https:\/\/people-and-culture-festival.berlin\/wp-content\/themes\/pcf2025\/assets\/gfx\/icons\/session\/heart-list-hover.svg\" alt=\"Session merken\">\n    <img decoding=\"async\" class=\"selected opacity-100 group-hover:opacity-0 transition-all absolute left-0 top-0 w-full h-auto\" src=\"https:\/\/people-and-culture-festival.berlin\/wp-content\/themes\/pcf2025\/assets\/gfx\/icons\/session\/heart-list-active.svg\" alt=\"Session nicht mehr merken\">\n    <img decoding=\"async\" class=\"selected opacity-0 group-hover:opacity-100 transition-all absolute left-0 top-0 w-full h-auto\" src=\"https:\/\/people-and-culture-festival.berlin\/wp-content\/themes\/pcf2025\/assets\/gfx\/icons\/session\/heart-list-active-hover.svg\" alt=\"Session nicht mehr merken\">\n<\/button>                <\/div>\n            <\/div>\n            <!-- Meta: Time -->\n            <div class=\"mt-6 text-pcfPrimary text-heading-mobile-h2 xl:text-heading-h3\">\n                13:00 &#8211;\n                13:30            <\/div>\n            <!-- Meta: Location -->\n            <div class=\"mt-2 flex items-center text-reading-body-1 text-pcfSecondary\">\n                <img decoding=\"async\" src=\"https:\/\/people-and-culture-festival.berlin\/wp-content\/themes\/pcf2025\/assets\/gfx\/location.svg\" alt=\"\" class=\"!h-5 !w-auto me-3\">\n                Cinema 2            <\/div>\n        <\/div>\n\n        <div class=\"mt-6 xl:mt-4 border-t-[1px] border-t-pcfSecondary\">\n            <!-- Title -->\n            <div class=\"mt-6 text-heading-mobile-h2 xl:text-heading-h3 text-pcfPrimary break-words\">\n                Business acquisition as a future model \u2013 preserving structures, shaping the future            <\/div>\n\n\n            <!-- Content -->\n            <div class=\"mt-7 xl:mt-6 lineCollapse text-reading-body-1 whitespace-pre-line\" data-showmore=\"expand\" data-showless=\"collapse\" data-buttonclasses=\"mt-6 lineCollapseButton\">Starting a business is considered sexy \u2013 taking over one is seen as old-fashioned. Yet this is exactly where a huge opportunity lies: instead of starting from scratch, continue existing structures and transform them with new energy. In Germany, hundreds of thousands of companies are without a successor. Munay Zamarano herself, as a young woman, dared to take over a natural cosmetics company and shows how tradition can turn into innovation. Together, we talk about why succession needs more visibility, how we can break outdated narratives \u2013 and why women, in particular, should actively help shape this future.\r\n<\/div>\n\n            <!-- Content: Themen -->\n            <div class=\"flex gap-1 flex-wrap mt-6 xl:mt-10\">\n                            <\/div>\n        <\/div>\n    <\/div>\n    <!-- Info Container -->\n            <div class=\"mt-6 xl:mt-4 border-t-[1px] xl:border-t-0 border-t-pcfSecondary\">\n                            <div class=\"mt-6 xl:mt-0 xl:mb-6\">\n                    <div class=\"text-pcfSecondary text-reading-caption\">\n                        Host                    <\/div>\n                    <div class=\"mt-2 flex flex-col gap-y-2\">\n                                                    <div>\n                                <a href=\"https:\/\/people-and-culture-festival.berlin\/en\/speakers\/jeannine-koch\/\" class=\"text-pcfLink text-reading-body-1-bold\">\n                                    Jeannine Koch                                <\/a>\n                            <\/div>\n                                            <\/div>\n                <\/div>\n                                        <div class=\"mt-6 xl:mt-0\">\n                    <div class=\"text-pcfSecondary text-reading-caption\">\n                        Speaker                    <\/div>\n                    <div class=\"mt-2 flex flex-col gap-y-2\">\n                                                    <div class=\"\">\n                                <a href=\"https:\/\/people-and-culture-festival.berlin\/en\/speakers\/munay-zamorano\/\" class=\"text-pcfLink text-reading-body-1-bold\">\n                                    Munay Zamorano                                <\/a>\n                                <div class=\"text-pcfPrimary text-reading-body-1\">\n                                     Female Founder Academy                                <\/div>\n                            <\/div>\n                                            <\/div>\n                <\/div>\n                                <\/div>\n    \n<\/div>\n\n\n\n\n\n<div class=\"session flex flex-col xl:grid xl:grid-cols-4 xl:gap-x-10 w-full bg-white px-4 xl:px-6 py-6 border-t-[2px] xl:border-t-[4px] border-t-pcfSecondary mb-10 xl:mb-12\" data-id=\"1657\" data-rubriken=\"demografischer-wandel-arbeitsgesellschaft-en\" data-sprachen=\"ger\" data-sessions=\"panel-en\" data-themen=\"\" data-orte=\"cinema-7\">\n    <!-- META -->\n\n    <div class=\"xl:col-span-3\">\n        <div class=\"\">\n            <div class=\"xl:hidden\">\n                \n<button class=\"session-button w-7 h-[25px] group relative \" data-session=\"1657\" onClick=\"toggleSessionInLocalStorage(1657)\">\n    <img decoding=\"async\" class=\"default opacity-100 group-hover:opacity-0 transition-all absolute left-0 top-0 w-full h-auto\" src=\"https:\/\/people-and-culture-festival.berlin\/wp-content\/themes\/pcf2025\/assets\/gfx\/icons\/session\/heart-list-default.svg\" alt=\"Session merken\">\n    <img decoding=\"async\" class=\"default opacity-0 group-hover:opacity-100 transition-all absolute left-0 top-0 w-full h-auto\" src=\"https:\/\/people-and-culture-festival.berlin\/wp-content\/themes\/pcf2025\/assets\/gfx\/icons\/session\/heart-list-hover.svg\" alt=\"Session merken\">\n    <img decoding=\"async\" class=\"selected opacity-100 group-hover:opacity-0 transition-all absolute left-0 top-0 w-full h-auto\" src=\"https:\/\/people-and-culture-festival.berlin\/wp-content\/themes\/pcf2025\/assets\/gfx\/icons\/session\/heart-list-active.svg\" alt=\"Session nicht mehr merken\">\n    <img decoding=\"async\" class=\"selected opacity-0 group-hover:opacity-100 transition-all absolute left-0 top-0 w-full h-auto\" src=\"https:\/\/people-and-culture-festival.berlin\/wp-content\/themes\/pcf2025\/assets\/gfx\/icons\/session\/heart-list-active-hover.svg\" alt=\"Session nicht mehr merken\">\n<\/button>            <\/div>\n            <div class=\"flex gap-1 flex-wrap mt-6 xl:mt-0 items-center\">\n                <!-- Meta: Rubrik -->\n                                    <div class=\"bg-rubrikGruen rounded-[24px] px-3 py-2 text-white text-[14px] tracking-[0.28px]\">\n                        Demografischer Wandel &amp; Arbeitsgesellschaft                    <\/div>\n                                <!-- Meta: Language -->\n                                    <div class=\"uppercase rounded-[24px] px-3 py-2 text-pcfPrimary bg-[rgba(76,26,58,0.09)] text-[14px] tracking-[0.28px]\">\n                        DE                    <\/div>\n                                <!-- Meta: Session -->\n                                    <div class=\"rounded-[24px] px-3 py-2 text-pcfPrimary bg-[rgba(76,26,58,0.09)] text-[14px] tracking-[0.28px]\">\n                        Panel                    <\/div>\n                \n                <div class=\"hidden xl:flex ms-auto items-center\">\n                    \n<button class=\"session-button w-7 h-[25px] group relative \" data-session=\"1657\" onClick=\"toggleSessionInLocalStorage(1657)\">\n    <img decoding=\"async\" class=\"default opacity-100 group-hover:opacity-0 transition-all absolute left-0 top-0 w-full h-auto\" src=\"https:\/\/people-and-culture-festival.berlin\/wp-content\/themes\/pcf2025\/assets\/gfx\/icons\/session\/heart-list-default.svg\" alt=\"Session merken\">\n    <img decoding=\"async\" class=\"default opacity-0 group-hover:opacity-100 transition-all absolute left-0 top-0 w-full h-auto\" src=\"https:\/\/people-and-culture-festival.berlin\/wp-content\/themes\/pcf2025\/assets\/gfx\/icons\/session\/heart-list-hover.svg\" alt=\"Session merken\">\n    <img decoding=\"async\" class=\"selected opacity-100 group-hover:opacity-0 transition-all absolute left-0 top-0 w-full h-auto\" src=\"https:\/\/people-and-culture-festival.berlin\/wp-content\/themes\/pcf2025\/assets\/gfx\/icons\/session\/heart-list-active.svg\" alt=\"Session nicht mehr merken\">\n    <img decoding=\"async\" class=\"selected opacity-0 group-hover:opacity-100 transition-all absolute left-0 top-0 w-full h-auto\" src=\"https:\/\/people-and-culture-festival.berlin\/wp-content\/themes\/pcf2025\/assets\/gfx\/icons\/session\/heart-list-active-hover.svg\" alt=\"Session nicht mehr merken\">\n<\/button>                <\/div>\n            <\/div>\n            <!-- Meta: Time -->\n            <div class=\"mt-6 text-pcfPrimary text-heading-mobile-h2 xl:text-heading-h3\">\n                13:15 &#8211;\n                14:00            <\/div>\n            <!-- Meta: Location -->\n            <div class=\"mt-2 flex items-center text-reading-body-1 text-pcfSecondary\">\n                <img decoding=\"async\" src=\"https:\/\/people-and-culture-festival.berlin\/wp-content\/themes\/pcf2025\/assets\/gfx\/location.svg\" alt=\"\" class=\"!h-5 !w-auto me-3\">\n                Cinema 7            <\/div>\n        <\/div>\n\n        <div class=\"mt-6 xl:mt-4 border-t-[1px] border-t-pcfSecondary\">\n            <!-- Title -->\n            <div class=\"mt-6 text-heading-mobile-h2 xl:text-heading-h3 text-pcfPrimary break-words\">\n                &#8220;Child must, Adult can, Age may&#8221; &#8211; Interactive panel against the discrimination of young people (adultism)            <\/div>\n\n\n            <!-- Content -->\n            <div class=\"mt-7 xl:mt-6 lineCollapse text-reading-body-1 whitespace-pre-line\" data-showmore=\"expand\" data-showless=\"collapse\" data-buttonclasses=\"mt-6 lineCollapseButton\">Exactly one year ago today (October 9, 2024), an alliance of universities and associations in the USA proclaimed a day against age-related discrimination (with a focus on older people). We will join on October 9, 2025! With a special focus on the disadvantage faced by young people (in family, school, work, elections, therapy, everyday life), we are proclaiming the Day Against Adultism!In this panel, young and older people will look together at the systemic disadvantage of young people\u2014whether in the family, at school, in training, or at work. We will talk, play, and analyze together\u2014about what the problem actually is and what a fairer society looks like, where the potential of young people is better utilized.<\/div>\n\n            <!-- Content: Themen -->\n            <div class=\"flex gap-1 flex-wrap mt-6 xl:mt-10\">\n                            <\/div>\n        <\/div>\n    <\/div>\n    <!-- Info Container -->\n            <div class=\"mt-6 xl:mt-4 border-t-[1px] xl:border-t-0 border-t-pcfSecondary\">\n                            <div class=\"mt-6 xl:mt-0 xl:mb-6\">\n                    <div class=\"text-pcfSecondary text-reading-caption\">\n                        Host                    <\/div>\n                    <div class=\"mt-2 flex flex-col gap-y-2\">\n                                                    <div>\n                                <a href=\"https:\/\/people-and-culture-festival.berlin\/en\/speakers\/julius-hassemer\/\" class=\"text-pcfLink text-reading-body-1-bold\">\n                                    Julius Hassemer                                <\/a>\n                            <\/div>\n                                            <\/div>\n                <\/div>\n                                        <div class=\"mt-6 xl:mt-0\">\n                    <div class=\"text-pcfSecondary text-reading-caption\">\n                        Speaker                    <\/div>\n                    <div class=\"mt-2 flex flex-col gap-y-2\">\n                                                    <div class=\"\">\n                                <a href=\"https:\/\/people-and-culture-festival.berlin\/en\/speakers\/cecilie-l-brohm\/\" class=\"text-pcfLink text-reading-body-1-bold\">\n                                    Cecilie L. Brohm                                <\/a>\n                                <div class=\"text-pcfPrimary text-reading-body-1\">\n                                    Radikale T\u00f6chter                                <\/div>\n                            <\/div>\n                                                    <div class=\"\">\n                                <a href=\"https:\/\/people-and-culture-festival.berlin\/en\/speakers\/lukas-schmidt\/\" class=\"text-pcfLink text-reading-body-1-bold\">\n                                    Lukas Schmidt                                <\/a>\n                                <div class=\"text-pcfPrimary text-reading-body-1\">\n                                                                    <\/div>\n                            <\/div>\n                                                    <div class=\"\">\n                                <a href=\"https:\/\/people-and-culture-festival.berlin\/en\/speakers\/ella-hassemer\/\" class=\"text-pcfLink text-reading-body-1-bold\">\n                                    Ella Hassemer                                <\/a>\n                                <div class=\"text-pcfPrimary text-reading-body-1\">\n                                                                    <\/div>\n                            <\/div>\n                                                    <div class=\"\">\n                                <a href=\"https:\/\/people-and-culture-festival.berlin\/en\/speakers\/sookee\/\" class=\"text-pcfLink text-reading-body-1-bold\">\n                                    Sookee                                <\/a>\n                                <div class=\"text-pcfPrimary text-reading-body-1\">\n                                                                    <\/div>\n                            <\/div>\n                                            <\/div>\n                <\/div>\n                                <\/div>\n    \n<\/div>\n\n\n\n\n\n<div class=\"session flex flex-col xl:grid xl:grid-cols-4 xl:gap-x-10 w-full bg-white px-4 xl:px-6 py-6 border-t-[2px] xl:border-t-[4px] border-t-pcfSecondary mb-10 xl:mb-12\" data-id=\"1304\" data-rubriken=\"demografischer-wandel-arbeitsgesellschaft-en\" data-sprachen=\"ger\" data-sessions=\"workshop-en\" data-themen=\"\" data-orte=\"cinema-6\">\n    <!-- META -->\n\n    <div class=\"xl:col-span-3\">\n        <div class=\"\">\n            <div class=\"xl:hidden\">\n                \n<button class=\"session-button w-7 h-[25px] group relative \" data-session=\"1304\" onClick=\"toggleSessionInLocalStorage(1304)\">\n    <img decoding=\"async\" class=\"default opacity-100 group-hover:opacity-0 transition-all absolute left-0 top-0 w-full h-auto\" src=\"https:\/\/people-and-culture-festival.berlin\/wp-content\/themes\/pcf2025\/assets\/gfx\/icons\/session\/heart-list-default.svg\" alt=\"Session merken\">\n    <img decoding=\"async\" class=\"default opacity-0 group-hover:opacity-100 transition-all absolute left-0 top-0 w-full h-auto\" src=\"https:\/\/people-and-culture-festival.berlin\/wp-content\/themes\/pcf2025\/assets\/gfx\/icons\/session\/heart-list-hover.svg\" alt=\"Session merken\">\n    <img decoding=\"async\" class=\"selected opacity-100 group-hover:opacity-0 transition-all absolute left-0 top-0 w-full h-auto\" src=\"https:\/\/people-and-culture-festival.berlin\/wp-content\/themes\/pcf2025\/assets\/gfx\/icons\/session\/heart-list-active.svg\" alt=\"Session nicht mehr merken\">\n    <img decoding=\"async\" class=\"selected opacity-0 group-hover:opacity-100 transition-all absolute left-0 top-0 w-full h-auto\" src=\"https:\/\/people-and-culture-festival.berlin\/wp-content\/themes\/pcf2025\/assets\/gfx\/icons\/session\/heart-list-active-hover.svg\" alt=\"Session nicht mehr merken\">\n<\/button>            <\/div>\n            <div class=\"flex gap-1 flex-wrap mt-6 xl:mt-0 items-center\">\n                <!-- Meta: Rubrik -->\n                                    <div class=\"bg-rubrikGruen rounded-[24px] px-3 py-2 text-white text-[14px] tracking-[0.28px]\">\n                        Demografischer Wandel &amp; Arbeitsgesellschaft                    <\/div>\n                                <!-- Meta: Language -->\n                                    <div class=\"uppercase rounded-[24px] px-3 py-2 text-pcfPrimary bg-[rgba(76,26,58,0.09)] text-[14px] tracking-[0.28px]\">\n                        DE                    <\/div>\n                                <!-- Meta: Session -->\n                                    <div class=\"rounded-[24px] px-3 py-2 text-pcfPrimary bg-[rgba(76,26,58,0.09)] text-[14px] tracking-[0.28px]\">\n                        Workshop                    <\/div>\n                \n                <div class=\"hidden xl:flex ms-auto items-center\">\n                    \n<button class=\"session-button w-7 h-[25px] group relative \" data-session=\"1304\" onClick=\"toggleSessionInLocalStorage(1304)\">\n    <img decoding=\"async\" class=\"default opacity-100 group-hover:opacity-0 transition-all absolute left-0 top-0 w-full h-auto\" src=\"https:\/\/people-and-culture-festival.berlin\/wp-content\/themes\/pcf2025\/assets\/gfx\/icons\/session\/heart-list-default.svg\" alt=\"Session merken\">\n    <img decoding=\"async\" class=\"default opacity-0 group-hover:opacity-100 transition-all absolute left-0 top-0 w-full h-auto\" src=\"https:\/\/people-and-culture-festival.berlin\/wp-content\/themes\/pcf2025\/assets\/gfx\/icons\/session\/heart-list-hover.svg\" alt=\"Session merken\">\n    <img decoding=\"async\" class=\"selected opacity-100 group-hover:opacity-0 transition-all absolute left-0 top-0 w-full h-auto\" src=\"https:\/\/people-and-culture-festival.berlin\/wp-content\/themes\/pcf2025\/assets\/gfx\/icons\/session\/heart-list-active.svg\" alt=\"Session nicht mehr merken\">\n    <img decoding=\"async\" class=\"selected opacity-0 group-hover:opacity-100 transition-all absolute left-0 top-0 w-full h-auto\" src=\"https:\/\/people-and-culture-festival.berlin\/wp-content\/themes\/pcf2025\/assets\/gfx\/icons\/session\/heart-list-active-hover.svg\" alt=\"Session nicht mehr merken\">\n<\/button>                <\/div>\n            <\/div>\n            <!-- Meta: Time -->\n            <div class=\"mt-6 text-pcfPrimary text-heading-mobile-h2 xl:text-heading-h3\">\n                13:30 &#8211;\n                14:30            <\/div>\n            <!-- Meta: Location -->\n            <div class=\"mt-2 flex items-center text-reading-body-1 text-pcfSecondary\">\n                <img decoding=\"async\" src=\"https:\/\/people-and-culture-festival.berlin\/wp-content\/themes\/pcf2025\/assets\/gfx\/location.svg\" alt=\"\" class=\"!h-5 !w-auto me-3\">\n                Cinema 6            <\/div>\n        <\/div>\n\n        <div class=\"mt-6 xl:mt-4 border-t-[1px] border-t-pcfSecondary\">\n            <!-- Title -->\n            <div class=\"mt-6 text-heading-mobile-h2 xl:text-heading-h3 text-pcfPrimary break-words\">\n                Integration as innovation: SMEs meet diversity            <\/div>\n\n\n            <!-- Content -->\n            <div class=\"mt-7 xl:mt-6 lineCollapse text-reading-body-1 whitespace-pre-line\" data-showmore=\"expand\" data-showless=\"collapse\" data-buttonclasses=\"mt-6 lineCollapseButton\">Small and medium-sized businesses are the heart of our economy in many sectors. At the same time, they are particularly hard hit by the shortage of skilled workers. Qualified workers are lacking in many areas, while at the same time, many refugees and immigrants want to work in Germany but often struggle to find the right access to the labor market.\r\n\r\nThis is where we come in: Integration as Innovation &#8211; Small and medium-sized businesses meet diversity. We bring both sides together: motivated people with refugee and migration experience and small and medium-sized enterprises that urgently need skilled workers. Through targeted training, individual consulting, language support, and a growing corporate network, we provide targeted and practical support to both applicants and companies.\r\nOur message is clear: Diversity is not a risk, but a resource. Anyone who chooses a diversity-sensitive HR policy today is investing in the future of their company. We believe that integration succeeds when it is supported and when companies are willing to take new paths.\r\n\r\nAt a time when social division and political polarization are increasing, strong impulses for cohesion, equal opportunities, and economic responsibility are needed. Together with small and medium-sized businesses, we are setting an example: for greater participation, for new perspectives and for sustainable solutions to the shortage of skilled workers.<\/div>\n\n            <!-- Content: Themen -->\n            <div class=\"flex gap-1 flex-wrap mt-6 xl:mt-10\">\n                            <\/div>\n        <\/div>\n    <\/div>\n    <!-- Info Container -->\n            <div class=\"mt-6 xl:mt-4 border-t-[1px] xl:border-t-0 border-t-pcfSecondary\">\n                                        <div class=\"mt-6 xl:mt-0\">\n                    <div class=\"text-pcfSecondary text-reading-caption\">\n                        Speaker                    <\/div>\n                    <div class=\"mt-2 flex flex-col gap-y-2\">\n                                                    <div class=\"\">\n                                <a href=\"https:\/\/people-and-culture-festival.berlin\/en\/speakers\/lela-griessbach\/\" class=\"text-pcfLink text-reading-body-1-bold\">\n                                    Lela Grie\u00dfbach                                <\/a>\n                                <div class=\"text-pcfPrimary text-reading-body-1\">\n                                    j4r &#8211; jobs4refugees gGmbH                                <\/div>\n                            <\/div>\n                                                    <div class=\"\">\n                                <a href=\"https:\/\/people-and-culture-festival.berlin\/en\/speakers\/johann-thelen\/\" class=\"text-pcfLink text-reading-body-1-bold\">\n                                    Johann Thelen                                <\/a>\n                                <div class=\"text-pcfPrimary text-reading-body-1\">\n                                    j4r &#8211; jobs4refugees gGmbH                                <\/div>\n                            <\/div>\n                                                    <div class=\"\">\n                                <a href=\"https:\/\/people-and-culture-festival.berlin\/en\/speakers\/sophie-wade\/\" class=\"text-pcfLink text-reading-body-1-bold\">\n                                    Sophie Wade                                <\/a>\n                                <div class=\"text-pcfPrimary text-reading-body-1\">\n                                    j4r &#8211; jobs4refugees gGmbH                                <\/div>\n                            <\/div>\n                                            <\/div>\n                <\/div>\n                                        <div class=\"mt-6\">\n                        <a class=\"border-2 border-pcfYellow bg-pcfYellow inline-block text-pcfGray rounded-[24px] transition-colors hover-capable:hover:bg-white hover-capable:hover:text-black active:bg-white active:border-white active:text-black px-[18px] py-[6px] text-[16px] tracking-[0.08px]\" href=\"https:\/\/app.guestoo.de\/public\/event\/a6b6983a-576e-4616-8e8b-39256d2eb7b5 \" target=\"_blank\">\n        Sign Up    <\/a>\n                <\/div>\n                    <\/div>\n    \n<\/div>\n\n\n\n\n\n<div class=\"session flex flex-col xl:grid xl:grid-cols-4 xl:gap-x-10 w-full bg-white px-4 xl:px-6 py-6 border-t-[2px] xl:border-t-[4px] border-t-pcfSecondary mb-10 xl:mb-12\" data-id=\"1312\" data-rubriken=\"demografischer-wandel-arbeitsgesellschaft-en\" data-sprachen=\"ger\" data-sessions=\"keynote-en\" data-themen=\"\" data-orte=\"cinema-2\">\n    <!-- META -->\n\n    <div class=\"xl:col-span-3\">\n        <div class=\"\">\n            <div class=\"xl:hidden\">\n                \n<button class=\"session-button w-7 h-[25px] group relative \" data-session=\"1312\" onClick=\"toggleSessionInLocalStorage(1312)\">\n    <img decoding=\"async\" class=\"default opacity-100 group-hover:opacity-0 transition-all absolute left-0 top-0 w-full h-auto\" src=\"https:\/\/people-and-culture-festival.berlin\/wp-content\/themes\/pcf2025\/assets\/gfx\/icons\/session\/heart-list-default.svg\" alt=\"Session merken\">\n    <img decoding=\"async\" class=\"default opacity-0 group-hover:opacity-100 transition-all absolute left-0 top-0 w-full h-auto\" src=\"https:\/\/people-and-culture-festival.berlin\/wp-content\/themes\/pcf2025\/assets\/gfx\/icons\/session\/heart-list-hover.svg\" alt=\"Session merken\">\n    <img decoding=\"async\" class=\"selected opacity-100 group-hover:opacity-0 transition-all absolute left-0 top-0 w-full h-auto\" src=\"https:\/\/people-and-culture-festival.berlin\/wp-content\/themes\/pcf2025\/assets\/gfx\/icons\/session\/heart-list-active.svg\" alt=\"Session nicht mehr merken\">\n    <img decoding=\"async\" class=\"selected opacity-0 group-hover:opacity-100 transition-all absolute left-0 top-0 w-full h-auto\" src=\"https:\/\/people-and-culture-festival.berlin\/wp-content\/themes\/pcf2025\/assets\/gfx\/icons\/session\/heart-list-active-hover.svg\" alt=\"Session nicht mehr merken\">\n<\/button>            <\/div>\n            <div class=\"flex gap-1 flex-wrap mt-6 xl:mt-0 items-center\">\n                <!-- Meta: Rubrik -->\n                                    <div class=\"bg-rubrikGruen rounded-[24px] px-3 py-2 text-white text-[14px] tracking-[0.28px]\">\n                        Demografischer Wandel &amp; Arbeitsgesellschaft                    <\/div>\n                                <!-- Meta: Language -->\n                                    <div class=\"uppercase rounded-[24px] px-3 py-2 text-pcfPrimary bg-[rgba(76,26,58,0.09)] text-[14px] tracking-[0.28px]\">\n                        DE                    <\/div>\n                                <!-- Meta: Session -->\n                                    <div class=\"rounded-[24px] px-3 py-2 text-pcfPrimary bg-[rgba(76,26,58,0.09)] text-[14px] tracking-[0.28px]\">\n                        Keynote                    <\/div>\n                \n                <div class=\"hidden xl:flex ms-auto items-center\">\n                    \n<button class=\"session-button w-7 h-[25px] group relative \" data-session=\"1312\" onClick=\"toggleSessionInLocalStorage(1312)\">\n    <img decoding=\"async\" class=\"default opacity-100 group-hover:opacity-0 transition-all absolute left-0 top-0 w-full h-auto\" src=\"https:\/\/people-and-culture-festival.berlin\/wp-content\/themes\/pcf2025\/assets\/gfx\/icons\/session\/heart-list-default.svg\" alt=\"Session merken\">\n    <img decoding=\"async\" class=\"default opacity-0 group-hover:opacity-100 transition-all absolute left-0 top-0 w-full h-auto\" src=\"https:\/\/people-and-culture-festival.berlin\/wp-content\/themes\/pcf2025\/assets\/gfx\/icons\/session\/heart-list-hover.svg\" alt=\"Session merken\">\n    <img decoding=\"async\" class=\"selected opacity-100 group-hover:opacity-0 transition-all absolute left-0 top-0 w-full h-auto\" src=\"https:\/\/people-and-culture-festival.berlin\/wp-content\/themes\/pcf2025\/assets\/gfx\/icons\/session\/heart-list-active.svg\" alt=\"Session nicht mehr merken\">\n    <img decoding=\"async\" class=\"selected opacity-0 group-hover:opacity-100 transition-all absolute left-0 top-0 w-full h-auto\" src=\"https:\/\/people-and-culture-festival.berlin\/wp-content\/themes\/pcf2025\/assets\/gfx\/icons\/session\/heart-list-active-hover.svg\" alt=\"Session nicht mehr merken\">\n<\/button>                <\/div>\n            <\/div>\n            <!-- Meta: Time -->\n            <div class=\"mt-6 text-pcfPrimary text-heading-mobile-h2 xl:text-heading-h3\">\n                13:30 &#8211;\n                14:00            <\/div>\n            <!-- Meta: Location -->\n            <div class=\"mt-2 flex items-center text-reading-body-1 text-pcfSecondary\">\n                <img decoding=\"async\" src=\"https:\/\/people-and-culture-festival.berlin\/wp-content\/themes\/pcf2025\/assets\/gfx\/location.svg\" alt=\"\" class=\"!h-5 !w-auto me-3\">\n                Cinema 2            <\/div>\n        <\/div>\n\n        <div class=\"mt-6 xl:mt-4 border-t-[1px] border-t-pcfSecondary\">\n            <!-- Title -->\n            <div class=\"mt-6 text-heading-mobile-h2 xl:text-heading-h3 text-pcfPrimary break-words\">\n                Not old, but different \u2013 \u200b\u200bHow occupational health management can shape demographic change            <\/div>\n\n\n            <!-- Content -->\n            <div class=\"mt-7 xl:mt-6 lineCollapse text-reading-body-1 whitespace-pre-line\" data-showmore=\"expand\" data-showless=\"collapse\" data-buttonclasses=\"mt-6 lineCollapseButton\">The presentation will address the question of what demographic change actually means and what consequences it can have for companies. At the same time, it will highlight the opportunities it presents and how companies can capitalize on them. A focus will be on dealing with generational conflicts, as well as on solutions and measures that have proven effective in practice for retaining employees long-term, avoiding performance declines, and remaining competitive in the long term.<\/div>\n\n            <!-- Content: Themen -->\n            <div class=\"flex gap-1 flex-wrap mt-6 xl:mt-10\">\n                            <\/div>\n        <\/div>\n    <\/div>\n    <!-- Info Container -->\n            <div class=\"mt-6 xl:mt-4 border-t-[1px] xl:border-t-0 border-t-pcfSecondary\">\n                                        <div class=\"mt-6 xl:mt-0\">\n                    <div class=\"text-pcfSecondary text-reading-caption\">\n                        Speaker                    <\/div>\n                    <div class=\"mt-2 flex flex-col gap-y-2\">\n                                                    <div class=\"\">\n                                <a href=\"https:\/\/people-and-culture-festival.berlin\/en\/speakers\/christin-weil\/\" class=\"text-pcfLink text-reading-body-1-bold\">\n                                    Christin Weil                                <\/a>\n                                <div class=\"text-pcfPrimary text-reading-body-1\">\n                                    CorporaHealth                                <\/div>\n                            <\/div>\n                                                    <div class=\"\">\n                                <a href=\"https:\/\/people-and-culture-festival.berlin\/en\/?post_type=page&#038;p=1428\" class=\"text-pcfLink text-reading-body-1-bold\">\n                                                                    <\/a>\n                                <div class=\"text-pcfPrimary text-reading-body-1\">\n                                                                    <\/div>\n                            <\/div>\n                                            <\/div>\n                <\/div>\n                                <\/div>\n    \n<\/div>\n\n\n\n\n\n<div class=\"session flex flex-col xl:grid xl:grid-cols-4 xl:gap-x-10 w-full bg-white px-4 xl:px-6 py-6 border-t-[2px] xl:border-t-[4px] border-t-pcfSecondary mb-10 xl:mb-12\" data-id=\"1675\" data-rubriken=\"mental-health-wellbeing-en\" data-sprachen=\"ger\" data-sessions=\"crash-course\" data-themen=\"\" data-orte=\"cinema-9\">\n    <!-- META -->\n\n    <div class=\"xl:col-span-3\">\n        <div class=\"\">\n            <div class=\"xl:hidden\">\n                \n<button class=\"session-button w-7 h-[25px] group relative \" data-session=\"1675\" onClick=\"toggleSessionInLocalStorage(1675)\">\n    <img decoding=\"async\" class=\"default opacity-100 group-hover:opacity-0 transition-all absolute left-0 top-0 w-full h-auto\" src=\"https:\/\/people-and-culture-festival.berlin\/wp-content\/themes\/pcf2025\/assets\/gfx\/icons\/session\/heart-list-default.svg\" alt=\"Session merken\">\n    <img decoding=\"async\" class=\"default opacity-0 group-hover:opacity-100 transition-all absolute left-0 top-0 w-full h-auto\" src=\"https:\/\/people-and-culture-festival.berlin\/wp-content\/themes\/pcf2025\/assets\/gfx\/icons\/session\/heart-list-hover.svg\" alt=\"Session merken\">\n    <img decoding=\"async\" class=\"selected opacity-100 group-hover:opacity-0 transition-all absolute left-0 top-0 w-full h-auto\" src=\"https:\/\/people-and-culture-festival.berlin\/wp-content\/themes\/pcf2025\/assets\/gfx\/icons\/session\/heart-list-active.svg\" alt=\"Session nicht mehr merken\">\n    <img decoding=\"async\" class=\"selected opacity-0 group-hover:opacity-100 transition-all absolute left-0 top-0 w-full h-auto\" src=\"https:\/\/people-and-culture-festival.berlin\/wp-content\/themes\/pcf2025\/assets\/gfx\/icons\/session\/heart-list-active-hover.svg\" alt=\"Session nicht mehr merken\">\n<\/button>            <\/div>\n            <div class=\"flex gap-1 flex-wrap mt-6 xl:mt-0 items-center\">\n                <!-- Meta: Rubrik -->\n                                    <div class=\"bg-rubrikRot rounded-[24px] px-3 py-2 text-white text-[14px] tracking-[0.28px]\">\n                        Mental Health &amp; Wellbeing                    <\/div>\n                                <!-- Meta: Language -->\n                                    <div class=\"uppercase rounded-[24px] px-3 py-2 text-pcfPrimary bg-[rgba(76,26,58,0.09)] text-[14px] tracking-[0.28px]\">\n                        DE                    <\/div>\n                                <!-- Meta: Session -->\n                                    <div class=\"rounded-[24px] px-3 py-2 text-pcfPrimary bg-[rgba(76,26,58,0.09)] text-[14px] tracking-[0.28px]\">\n                        Crash course                    <\/div>\n                \n                <div class=\"hidden xl:flex ms-auto items-center\">\n                    \n<button class=\"session-button w-7 h-[25px] group relative \" data-session=\"1675\" onClick=\"toggleSessionInLocalStorage(1675)\">\n    <img decoding=\"async\" class=\"default opacity-100 group-hover:opacity-0 transition-all absolute left-0 top-0 w-full h-auto\" src=\"https:\/\/people-and-culture-festival.berlin\/wp-content\/themes\/pcf2025\/assets\/gfx\/icons\/session\/heart-list-default.svg\" alt=\"Session merken\">\n    <img decoding=\"async\" class=\"default opacity-0 group-hover:opacity-100 transition-all absolute left-0 top-0 w-full h-auto\" src=\"https:\/\/people-and-culture-festival.berlin\/wp-content\/themes\/pcf2025\/assets\/gfx\/icons\/session\/heart-list-hover.svg\" alt=\"Session merken\">\n    <img decoding=\"async\" class=\"selected opacity-100 group-hover:opacity-0 transition-all absolute left-0 top-0 w-full h-auto\" src=\"https:\/\/people-and-culture-festival.berlin\/wp-content\/themes\/pcf2025\/assets\/gfx\/icons\/session\/heart-list-active.svg\" alt=\"Session nicht mehr merken\">\n    <img decoding=\"async\" class=\"selected opacity-0 group-hover:opacity-100 transition-all absolute left-0 top-0 w-full h-auto\" src=\"https:\/\/people-and-culture-festival.berlin\/wp-content\/themes\/pcf2025\/assets\/gfx\/icons\/session\/heart-list-active-hover.svg\" alt=\"Session nicht mehr merken\">\n<\/button>                <\/div>\n            <\/div>\n            <!-- Meta: Time -->\n            <div class=\"mt-6 text-pcfPrimary text-heading-mobile-h2 xl:text-heading-h3\">\n                13:30 &#8211;\n                14:45            <\/div>\n            <!-- Meta: Location -->\n            <div class=\"mt-2 flex items-center text-reading-body-1 text-pcfSecondary\">\n                <img decoding=\"async\" src=\"https:\/\/people-and-culture-festival.berlin\/wp-content\/themes\/pcf2025\/assets\/gfx\/location.svg\" alt=\"\" class=\"!h-5 !w-auto me-3\">\n                Cinema 9            <\/div>\n        <\/div>\n\n        <div class=\"mt-6 xl:mt-4 border-t-[1px] border-t-pcfSecondary\">\n            <!-- Title -->\n            <div class=\"mt-6 text-heading-mobile-h2 xl:text-heading-h3 text-pcfPrimary break-words\">\n                From school to the future: AI and future careers            <\/div>\n\n\n            <!-- Content -->\n            <div class=\"mt-7 xl:mt-6 lineCollapse text-reading-body-1 whitespace-pre-line\" data-showmore=\"expand\" data-showless=\"collapse\" data-buttonclasses=\"mt-6 lineCollapseButton\"><\/div>\n\n            <!-- Content: Themen -->\n            <div class=\"flex gap-1 flex-wrap mt-6 xl:mt-10\">\n                            <\/div>\n        <\/div>\n    <\/div>\n    <!-- Info Container -->\n            <div class=\"mt-6 xl:mt-4 border-t-[1px] xl:border-t-0 border-t-pcfSecondary\">\n                                        <div class=\"mt-6 xl:mt-0\">\n                    <div class=\"text-pcfSecondary text-reading-caption\">\n                        Speaker                    <\/div>\n                    <div class=\"mt-2 flex flex-col gap-y-2\">\n                                                    <div class=\"\">\n                                <a href=\"https:\/\/people-and-culture-festival.berlin\/en\/speakers\/tara-hawk\/\" class=\"text-pcfLink text-reading-body-1-bold\">\n                                    Tara Hawk                                <\/a>\n                                <div class=\"text-pcfPrimary text-reading-body-1\">\n                                    Freelancer                                <\/div>\n                            <\/div>\n                                            <\/div>\n                <\/div>\n                                        <div class=\"mt-6\">\n                        <a class=\"border-2 border-pcfYellow bg-pcfYellow inline-block text-pcfGray rounded-[24px] transition-colors hover-capable:hover:bg-white hover-capable:hover:text-black active:bg-white active:border-white active:text-black px-[18px] py-[6px] text-[16px] tracking-[0.08px]\" href=\"https:\/\/app.guestoo.de\/public\/event\/2310acb6-6a92-4b0f-99ce-727d271c1a02\" target=\"_self\">\n        Sign Up    <\/a>\n                <\/div>\n                    <\/div>\n    \n<\/div>\n\n\n\n\n\n<div class=\"session flex flex-col xl:grid xl:grid-cols-4 xl:gap-x-10 w-full bg-white px-4 xl:px-6 py-6 border-t-[2px] xl:border-t-[4px] border-t-pcfSecondary mb-10 xl:mb-12\" data-id=\"1300\" data-rubriken=\"mental-health-wellbeing-en\" data-sprachen=\"ger\" data-sessions=\"workshop-en\" data-themen=\"\" data-orte=\"kino-4-en\">\n    <!-- META -->\n\n    <div class=\"xl:col-span-3\">\n        <div class=\"\">\n            <div class=\"xl:hidden\">\n                \n<button class=\"session-button w-7 h-[25px] group relative \" data-session=\"1300\" onClick=\"toggleSessionInLocalStorage(1300)\">\n    <img decoding=\"async\" class=\"default opacity-100 group-hover:opacity-0 transition-all absolute left-0 top-0 w-full h-auto\" src=\"https:\/\/people-and-culture-festival.berlin\/wp-content\/themes\/pcf2025\/assets\/gfx\/icons\/session\/heart-list-default.svg\" alt=\"Session merken\">\n    <img decoding=\"async\" class=\"default opacity-0 group-hover:opacity-100 transition-all absolute left-0 top-0 w-full h-auto\" src=\"https:\/\/people-and-culture-festival.berlin\/wp-content\/themes\/pcf2025\/assets\/gfx\/icons\/session\/heart-list-hover.svg\" alt=\"Session merken\">\n    <img decoding=\"async\" class=\"selected opacity-100 group-hover:opacity-0 transition-all absolute left-0 top-0 w-full h-auto\" src=\"https:\/\/people-and-culture-festival.berlin\/wp-content\/themes\/pcf2025\/assets\/gfx\/icons\/session\/heart-list-active.svg\" alt=\"Session nicht mehr merken\">\n    <img decoding=\"async\" class=\"selected opacity-0 group-hover:opacity-100 transition-all absolute left-0 top-0 w-full h-auto\" src=\"https:\/\/people-and-culture-festival.berlin\/wp-content\/themes\/pcf2025\/assets\/gfx\/icons\/session\/heart-list-active-hover.svg\" alt=\"Session nicht mehr merken\">\n<\/button>            <\/div>\n            <div class=\"flex gap-1 flex-wrap mt-6 xl:mt-0 items-center\">\n                <!-- Meta: Rubrik -->\n                                    <div class=\"bg-rubrikRot rounded-[24px] px-3 py-2 text-white text-[14px] tracking-[0.28px]\">\n                        Mental Health &amp; Wellbeing                    <\/div>\n                                <!-- Meta: Language -->\n                                    <div class=\"uppercase rounded-[24px] px-3 py-2 text-pcfPrimary bg-[rgba(76,26,58,0.09)] text-[14px] tracking-[0.28px]\">\n                        DE                    <\/div>\n                                <!-- Meta: Session -->\n                                    <div class=\"rounded-[24px] px-3 py-2 text-pcfPrimary bg-[rgba(76,26,58,0.09)] text-[14px] tracking-[0.28px]\">\n                        Workshop                    <\/div>\n                \n                <div class=\"hidden xl:flex ms-auto items-center\">\n                    \n<button class=\"session-button w-7 h-[25px] group relative \" data-session=\"1300\" onClick=\"toggleSessionInLocalStorage(1300)\">\n    <img decoding=\"async\" class=\"default opacity-100 group-hover:opacity-0 transition-all absolute left-0 top-0 w-full h-auto\" src=\"https:\/\/people-and-culture-festival.berlin\/wp-content\/themes\/pcf2025\/assets\/gfx\/icons\/session\/heart-list-default.svg\" alt=\"Session merken\">\n    <img decoding=\"async\" class=\"default opacity-0 group-hover:opacity-100 transition-all absolute left-0 top-0 w-full h-auto\" src=\"https:\/\/people-and-culture-festival.berlin\/wp-content\/themes\/pcf2025\/assets\/gfx\/icons\/session\/heart-list-hover.svg\" alt=\"Session merken\">\n    <img decoding=\"async\" class=\"selected opacity-100 group-hover:opacity-0 transition-all absolute left-0 top-0 w-full h-auto\" src=\"https:\/\/people-and-culture-festival.berlin\/wp-content\/themes\/pcf2025\/assets\/gfx\/icons\/session\/heart-list-active.svg\" alt=\"Session nicht mehr merken\">\n    <img decoding=\"async\" class=\"selected opacity-0 group-hover:opacity-100 transition-all absolute left-0 top-0 w-full h-auto\" src=\"https:\/\/people-and-culture-festival.berlin\/wp-content\/themes\/pcf2025\/assets\/gfx\/icons\/session\/heart-list-active-hover.svg\" alt=\"Session nicht mehr merken\">\n<\/button>                <\/div>\n            <\/div>\n            <!-- Meta: Time -->\n            <div class=\"mt-6 text-pcfPrimary text-heading-mobile-h2 xl:text-heading-h3\">\n                13:30 &#8211;\n                14:30            <\/div>\n            <!-- Meta: Location -->\n            <div class=\"mt-2 flex items-center text-reading-body-1 text-pcfSecondary\">\n                <img decoding=\"async\" src=\"https:\/\/people-and-culture-festival.berlin\/wp-content\/themes\/pcf2025\/assets\/gfx\/location.svg\" alt=\"\" class=\"!h-5 !w-auto me-3\">\n                Kino 4            <\/div>\n        <\/div>\n\n        <div class=\"mt-6 xl:mt-4 border-t-[1px] border-t-pcfSecondary\">\n            <!-- Title -->\n            <div class=\"mt-6 text-heading-mobile-h2 xl:text-heading-h3 text-pcfPrimary break-words\">\n                Build Resilient Relationships \u2013 Leadership as relationship work between self, team and organization            <\/div>\n\n\n            <!-- Content -->\n            <div class=\"mt-7 xl:mt-6 lineCollapse text-reading-body-1 whitespace-pre-line\" data-showmore=\"expand\" data-showless=\"collapse\" data-buttonclasses=\"mt-6 lineCollapseButton\">Resilient relationships are the foundation of effective leadership \u2013 especially in challenging situations. They don&#8217;t develop by chance, but through attitude, attentiveness, and conscious practice. In this workshop, Joachim Haupt and Klara Haddix demonstrate how relationship-oriented leadership can be practiced in everyday life. Participants will gain insights into the cultural work and leadership development at LichtBlick and reflect on their own relationship building in the workplace.<\/div>\n\n            <!-- Content: Themen -->\n            <div class=\"flex gap-1 flex-wrap mt-6 xl:mt-10\">\n                            <\/div>\n        <\/div>\n    <\/div>\n    <!-- Info Container -->\n            <div class=\"mt-6 xl:mt-4 border-t-[1px] xl:border-t-0 border-t-pcfSecondary\">\n                                        <div class=\"mt-6 xl:mt-0\">\n                    <div class=\"text-pcfSecondary text-reading-caption\">\n                        Speaker                    <\/div>\n                    <div class=\"mt-2 flex flex-col gap-y-2\">\n                                                    <div class=\"\">\n                                <a href=\"https:\/\/people-and-culture-festival.berlin\/en\/speakers\/dr-joachim-haupt\/\" class=\"text-pcfLink text-reading-body-1-bold\">\n                                    Dr. Joachim Haupt                                <\/a>\n                                <div class=\"text-pcfPrimary text-reading-body-1\">\n                                    mglw. GmbH                                <\/div>\n                            <\/div>\n                                                    <div class=\"\">\n                                <a href=\"https:\/\/people-and-culture-festival.berlin\/en\/speakers\/klara-haddix\/\" class=\"text-pcfLink text-reading-body-1-bold\">\n                                    Klara Haddix                                <\/a>\n                                <div class=\"text-pcfPrimary text-reading-body-1\">\n                                    LichtBlick SE                                <\/div>\n                            <\/div>\n                                            <\/div>\n                <\/div>\n                                        <div class=\"mt-6\">\n                        <a class=\"border-2 border-pcfYellow bg-pcfYellow inline-block text-pcfGray rounded-[24px] transition-colors hover-capable:hover:bg-white hover-capable:hover:text-black active:bg-white active:border-white active:text-black px-[18px] py-[6px] text-[16px] tracking-[0.08px]\" href=\"https:\/\/app.guestoo.de\/public\/event\/e0b4104f-7746-48cf-8301-f26974376432\" target=\"_self\">\n        Sign Up    <\/a>\n                <\/div>\n                    <\/div>\n    \n<\/div>\n\n\n\n\n\n<div class=\"session flex flex-col xl:grid xl:grid-cols-4 xl:gap-x-10 w-full bg-white px-4 xl:px-6 py-6 border-t-[2px] xl:border-t-[4px] border-t-pcfSecondary mb-10 xl:mb-12\" data-id=\"1271\" data-rubriken=\"entrepreneurship-neue-berufliche-wege-en\" data-sprachen=\"ger\" data-sessions=\"workshop-en\" data-themen=\"\" data-orte=\"cinema-3\">\n    <!-- META -->\n\n    <div class=\"xl:col-span-3\">\n        <div class=\"\">\n            <div class=\"xl:hidden\">\n                \n<button class=\"session-button w-7 h-[25px] group relative \" data-session=\"1271\" onClick=\"toggleSessionInLocalStorage(1271)\">\n    <img decoding=\"async\" class=\"default opacity-100 group-hover:opacity-0 transition-all absolute left-0 top-0 w-full h-auto\" src=\"https:\/\/people-and-culture-festival.berlin\/wp-content\/themes\/pcf2025\/assets\/gfx\/icons\/session\/heart-list-default.svg\" alt=\"Session merken\">\n    <img decoding=\"async\" class=\"default opacity-0 group-hover:opacity-100 transition-all absolute left-0 top-0 w-full h-auto\" src=\"https:\/\/people-and-culture-festival.berlin\/wp-content\/themes\/pcf2025\/assets\/gfx\/icons\/session\/heart-list-hover.svg\" alt=\"Session merken\">\n    <img decoding=\"async\" class=\"selected opacity-100 group-hover:opacity-0 transition-all absolute left-0 top-0 w-full h-auto\" src=\"https:\/\/people-and-culture-festival.berlin\/wp-content\/themes\/pcf2025\/assets\/gfx\/icons\/session\/heart-list-active.svg\" alt=\"Session nicht mehr merken\">\n    <img decoding=\"async\" class=\"selected opacity-0 group-hover:opacity-100 transition-all absolute left-0 top-0 w-full h-auto\" src=\"https:\/\/people-and-culture-festival.berlin\/wp-content\/themes\/pcf2025\/assets\/gfx\/icons\/session\/heart-list-active-hover.svg\" alt=\"Session nicht mehr merken\">\n<\/button>            <\/div>\n            <div class=\"flex gap-1 flex-wrap mt-6 xl:mt-0 items-center\">\n                <!-- Meta: Rubrik -->\n                                    <div class=\"bg-rubrikLila rounded-[24px] px-3 py-2 text-white text-[14px] tracking-[0.28px]\">\n                        Entrepreneurship &amp; neue berufliche Wege                    <\/div>\n                                <!-- Meta: Language -->\n                                    <div class=\"uppercase rounded-[24px] px-3 py-2 text-pcfPrimary bg-[rgba(76,26,58,0.09)] text-[14px] tracking-[0.28px]\">\n                        DE                    <\/div>\n                                <!-- Meta: Session -->\n                                    <div class=\"rounded-[24px] px-3 py-2 text-pcfPrimary bg-[rgba(76,26,58,0.09)] text-[14px] tracking-[0.28px]\">\n                        Workshop                    <\/div>\n                \n                <div class=\"hidden xl:flex ms-auto items-center\">\n                    \n<button class=\"session-button w-7 h-[25px] group relative \" data-session=\"1271\" onClick=\"toggleSessionInLocalStorage(1271)\">\n    <img decoding=\"async\" class=\"default opacity-100 group-hover:opacity-0 transition-all absolute left-0 top-0 w-full h-auto\" src=\"https:\/\/people-and-culture-festival.berlin\/wp-content\/themes\/pcf2025\/assets\/gfx\/icons\/session\/heart-list-default.svg\" alt=\"Session merken\">\n    <img decoding=\"async\" class=\"default opacity-0 group-hover:opacity-100 transition-all absolute left-0 top-0 w-full h-auto\" src=\"https:\/\/people-and-culture-festival.berlin\/wp-content\/themes\/pcf2025\/assets\/gfx\/icons\/session\/heart-list-hover.svg\" alt=\"Session merken\">\n    <img decoding=\"async\" class=\"selected opacity-100 group-hover:opacity-0 transition-all absolute left-0 top-0 w-full h-auto\" src=\"https:\/\/people-and-culture-festival.berlin\/wp-content\/themes\/pcf2025\/assets\/gfx\/icons\/session\/heart-list-active.svg\" alt=\"Session nicht mehr merken\">\n    <img decoding=\"async\" class=\"selected opacity-0 group-hover:opacity-100 transition-all absolute left-0 top-0 w-full h-auto\" src=\"https:\/\/people-and-culture-festival.berlin\/wp-content\/themes\/pcf2025\/assets\/gfx\/icons\/session\/heart-list-active-hover.svg\" alt=\"Session nicht mehr merken\">\n<\/button>                <\/div>\n            <\/div>\n            <!-- Meta: Time -->\n            <div class=\"mt-6 text-pcfPrimary text-heading-mobile-h2 xl:text-heading-h3\">\n                13:30 &#8211;\n                14:30            <\/div>\n            <!-- Meta: Location -->\n            <div class=\"mt-2 flex items-center text-reading-body-1 text-pcfSecondary\">\n                <img decoding=\"async\" src=\"https:\/\/people-and-culture-festival.berlin\/wp-content\/themes\/pcf2025\/assets\/gfx\/location.svg\" alt=\"\" class=\"!h-5 !w-auto me-3\">\n                Cinema 3            <\/div>\n        <\/div>\n\n        <div class=\"mt-6 xl:mt-4 border-t-[1px] border-t-pcfSecondary\">\n            <!-- Title -->\n            <div class=\"mt-6 text-heading-mobile-h2 xl:text-heading-h3 text-pcfPrimary break-words\">\n                Define your job vision \u2013 and the future skills you really need            <\/div>\n\n\n            <!-- Content -->\n            <div class=\"mt-7 xl:mt-6 lineCollapse text-reading-body-1 whitespace-pre-line\" data-showmore=\"expand\" data-showless=\"collapse\" data-buttonclasses=\"mt-6 lineCollapseButton\">Many people feel that their current job isn&#8217;t (or no longer is) a good fit for them. But before you take new steps, you need clarity about your personal job vision\u2014that is, what drives, motivates, and fulfills you at your core. In this interactive workshop, you&#8217;ll begin developing your own personal compass. You&#8217;ll reflect on what&#8217;s important to you, identify relevant future skills, and use them to formulate concrete, motivating goals.\r\n\r\nSince the number of participants is limited, attending this workshop requires registration. Click the &#8220;Sign Up&#8221; button to secure your spot in the workshop.<\/div>\n\n            <!-- Content: Themen -->\n            <div class=\"flex gap-1 flex-wrap mt-6 xl:mt-10\">\n                            <\/div>\n        <\/div>\n    <\/div>\n    <!-- Info Container -->\n            <div class=\"mt-6 xl:mt-4 border-t-[1px] xl:border-t-0 border-t-pcfSecondary\">\n                                        <div class=\"mt-6 xl:mt-0\">\n                    <div class=\"text-pcfSecondary text-reading-caption\">\n                        Speaker                    <\/div>\n                    <div class=\"mt-2 flex flex-col gap-y-2\">\n                                                    <div class=\"\">\n                                <a href=\"https:\/\/people-and-culture-festival.berlin\/en\/speakers\/steffen-sommerlad\/\" class=\"text-pcfLink text-reading-body-1-bold\">\n                                    Steffen Sommerlad                                <\/a>\n                                <div class=\"text-pcfPrimary text-reading-body-1\">\n                                    Freelancer                                <\/div>\n                            <\/div>\n                                            <\/div>\n                <\/div>\n                                        <div class=\"mt-6\">\n                        <a class=\"border-2 border-pcfYellow bg-pcfYellow inline-block text-pcfGray rounded-[24px] transition-colors hover-capable:hover:bg-white hover-capable:hover:text-black active:bg-white active:border-white active:text-black px-[18px] py-[6px] text-[16px] tracking-[0.08px]\" href=\"https:\/\/app.guestoo.de\/public\/event\/79769e6b-9e52-4ae2-a2d7-5e2fd6fb727a\" target=\"_self\">\n        Sign Up    <\/a>\n                <\/div>\n                    <\/div>\n    \n<\/div>\n\n\n\n\n\n<div class=\"session flex flex-col xl:grid xl:grid-cols-4 xl:gap-x-10 w-full bg-white px-4 xl:px-6 py-6 border-t-[2px] xl:border-t-[4px] border-t-pcfSecondary mb-10 xl:mb-12\" data-id=\"1658\" data-rubriken=\"mental-health-wellbeing-en\" data-sprachen=\"ger\" data-sessions=\"firesite-chat-en\" data-themen=\"\" data-orte=\"cinema-10\">\n    <!-- META -->\n\n    <div class=\"xl:col-span-3\">\n        <div class=\"\">\n            <div class=\"xl:hidden\">\n                \n<button class=\"session-button w-7 h-[25px] group relative \" data-session=\"1658\" onClick=\"toggleSessionInLocalStorage(1658)\">\n    <img decoding=\"async\" class=\"default opacity-100 group-hover:opacity-0 transition-all absolute left-0 top-0 w-full h-auto\" src=\"https:\/\/people-and-culture-festival.berlin\/wp-content\/themes\/pcf2025\/assets\/gfx\/icons\/session\/heart-list-default.svg\" alt=\"Session merken\">\n    <img decoding=\"async\" class=\"default opacity-0 group-hover:opacity-100 transition-all absolute left-0 top-0 w-full h-auto\" src=\"https:\/\/people-and-culture-festival.berlin\/wp-content\/themes\/pcf2025\/assets\/gfx\/icons\/session\/heart-list-hover.svg\" alt=\"Session merken\">\n    <img decoding=\"async\" class=\"selected opacity-100 group-hover:opacity-0 transition-all absolute left-0 top-0 w-full h-auto\" src=\"https:\/\/people-and-culture-festival.berlin\/wp-content\/themes\/pcf2025\/assets\/gfx\/icons\/session\/heart-list-active.svg\" alt=\"Session nicht mehr merken\">\n    <img decoding=\"async\" class=\"selected opacity-0 group-hover:opacity-100 transition-all absolute left-0 top-0 w-full h-auto\" src=\"https:\/\/people-and-culture-festival.berlin\/wp-content\/themes\/pcf2025\/assets\/gfx\/icons\/session\/heart-list-active-hover.svg\" alt=\"Session nicht mehr merken\">\n<\/button>            <\/div>\n            <div class=\"flex gap-1 flex-wrap mt-6 xl:mt-0 items-center\">\n                <!-- Meta: Rubrik -->\n                                    <div class=\"bg-rubrikRot rounded-[24px] px-3 py-2 text-white text-[14px] tracking-[0.28px]\">\n                        Mental Health &amp; Wellbeing                    <\/div>\n                                <!-- Meta: Language -->\n                                    <div class=\"uppercase rounded-[24px] px-3 py-2 text-pcfPrimary bg-[rgba(76,26,58,0.09)] text-[14px] tracking-[0.28px]\">\n                        DE                    <\/div>\n                                <!-- Meta: Session -->\n                                    <div class=\"rounded-[24px] px-3 py-2 text-pcfPrimary bg-[rgba(76,26,58,0.09)] text-[14px] tracking-[0.28px]\">\n                        Firesite Chat                    <\/div>\n                \n                <div class=\"hidden xl:flex ms-auto items-center\">\n                    \n<button class=\"session-button w-7 h-[25px] group relative \" data-session=\"1658\" onClick=\"toggleSessionInLocalStorage(1658)\">\n    <img decoding=\"async\" class=\"default opacity-100 group-hover:opacity-0 transition-all absolute left-0 top-0 w-full h-auto\" src=\"https:\/\/people-and-culture-festival.berlin\/wp-content\/themes\/pcf2025\/assets\/gfx\/icons\/session\/heart-list-default.svg\" alt=\"Session merken\">\n    <img decoding=\"async\" class=\"default opacity-0 group-hover:opacity-100 transition-all absolute left-0 top-0 w-full h-auto\" src=\"https:\/\/people-and-culture-festival.berlin\/wp-content\/themes\/pcf2025\/assets\/gfx\/icons\/session\/heart-list-hover.svg\" alt=\"Session merken\">\n    <img decoding=\"async\" class=\"selected opacity-100 group-hover:opacity-0 transition-all absolute left-0 top-0 w-full h-auto\" src=\"https:\/\/people-and-culture-festival.berlin\/wp-content\/themes\/pcf2025\/assets\/gfx\/icons\/session\/heart-list-active.svg\" alt=\"Session nicht mehr merken\">\n    <img decoding=\"async\" class=\"selected opacity-0 group-hover:opacity-100 transition-all absolute left-0 top-0 w-full h-auto\" src=\"https:\/\/people-and-culture-festival.berlin\/wp-content\/themes\/pcf2025\/assets\/gfx\/icons\/session\/heart-list-active-hover.svg\" alt=\"Session nicht mehr merken\">\n<\/button>                <\/div>\n            <\/div>\n            <!-- Meta: Time -->\n            <div class=\"mt-6 text-pcfPrimary text-heading-mobile-h2 xl:text-heading-h3\">\n                13:45 &#8211;\n                14:15            <\/div>\n            <!-- Meta: Location -->\n            <div class=\"mt-2 flex items-center text-reading-body-1 text-pcfSecondary\">\n                <img decoding=\"async\" src=\"https:\/\/people-and-culture-festival.berlin\/wp-content\/themes\/pcf2025\/assets\/gfx\/location.svg\" alt=\"\" class=\"!h-5 !w-auto me-3\">\n                Cinema 10            <\/div>\n        <\/div>\n\n        <div class=\"mt-6 xl:mt-4 border-t-[1px] border-t-pcfSecondary\">\n            <!-- Title -->\n            <div class=\"mt-6 text-heading-mobile-h2 xl:text-heading-h3 text-pcfPrimary break-words\">\n                Between Hot Flashes and Career: Menopause in the Workplace            <\/div>\n\n\n            <!-- Content -->\n            <div class=\"mt-7 xl:mt-6 lineCollapse text-reading-body-1 whitespace-pre-line\" data-showmore=\"expand\" data-showless=\"collapse\" data-buttonclasses=\"mt-6 lineCollapseButton\">Menopause affects millions of people \u2013 yet it often remains invisible and taboo in the workplace. In this fireside chat, Annunziata Schnurbein, founder of PeriHub, shares personal experiences and highlights typical challenges faced by those affected. Together, we discuss how companies can create a supportive, inclusive culture, the role allies play, and how to break the taboo around the topic. An inspiring interview for those affected, colleagues, leaders, and everyone who wants to make the workplace more humane, understanding, and inclusive.\r\n<\/div>\n\n            <!-- Content: Themen -->\n            <div class=\"flex gap-1 flex-wrap mt-6 xl:mt-10\">\n                            <\/div>\n        <\/div>\n    <\/div>\n    <!-- Info Container -->\n            <div class=\"mt-6 xl:mt-4 border-t-[1px] xl:border-t-0 border-t-pcfSecondary\">\n                            <div class=\"mt-6 xl:mt-0 xl:mb-6\">\n                    <div class=\"text-pcfSecondary text-reading-caption\">\n                        Host                    <\/div>\n                    <div class=\"mt-2 flex flex-col gap-y-2\">\n                                                    <div>\n                                <a href=\"https:\/\/people-and-culture-festival.berlin\/en\/speakers\/jeannine-koch\/\" class=\"text-pcfLink text-reading-body-1-bold\">\n                                    Jeannine Koch                                <\/a>\n                            <\/div>\n                                            <\/div>\n                <\/div>\n                                        <div class=\"mt-6 xl:mt-0\">\n                    <div class=\"text-pcfSecondary text-reading-caption\">\n                        Speaker                    <\/div>\n                    <div class=\"mt-2 flex flex-col gap-y-2\">\n                                                    <div class=\"\">\n                                <a href=\"https:\/\/people-and-culture-festival.berlin\/en\/speakers\/annunziata-schnurbein\/\" class=\"text-pcfLink text-reading-body-1-bold\">\n                                    Annunziata Schnurbein                                <\/a>\n                                <div class=\"text-pcfPrimary text-reading-body-1\">\n                                    PeriHub                                <\/div>\n                            <\/div>\n                                            <\/div>\n                <\/div>\n                                <\/div>\n    \n<\/div>\n\n\n\n\n\n<div class=\"session flex flex-col xl:grid xl:grid-cols-4 xl:gap-x-10 w-full bg-white px-4 xl:px-6 py-6 border-t-[2px] xl:border-t-[4px] border-t-pcfSecondary mb-10 xl:mb-12\" data-id=\"1668\" data-rubriken=\"zukunft-der-arbeit-ki-en\" data-sprachen=\"ger\" data-sessions=\"lightning-talk-en\" data-themen=\"\" data-orte=\"cinema-7\">\n    <!-- META -->\n\n    <div class=\"xl:col-span-3\">\n        <div class=\"\">\n            <div class=\"xl:hidden\">\n                \n<button class=\"session-button w-7 h-[25px] group relative \" data-session=\"1668\" onClick=\"toggleSessionInLocalStorage(1668)\">\n    <img decoding=\"async\" class=\"default opacity-100 group-hover:opacity-0 transition-all absolute left-0 top-0 w-full h-auto\" src=\"https:\/\/people-and-culture-festival.berlin\/wp-content\/themes\/pcf2025\/assets\/gfx\/icons\/session\/heart-list-default.svg\" alt=\"Session merken\">\n    <img decoding=\"async\" class=\"default opacity-0 group-hover:opacity-100 transition-all absolute left-0 top-0 w-full h-auto\" src=\"https:\/\/people-and-culture-festival.berlin\/wp-content\/themes\/pcf2025\/assets\/gfx\/icons\/session\/heart-list-hover.svg\" alt=\"Session merken\">\n    <img decoding=\"async\" class=\"selected opacity-100 group-hover:opacity-0 transition-all absolute left-0 top-0 w-full h-auto\" src=\"https:\/\/people-and-culture-festival.berlin\/wp-content\/themes\/pcf2025\/assets\/gfx\/icons\/session\/heart-list-active.svg\" alt=\"Session nicht mehr merken\">\n    <img decoding=\"async\" class=\"selected opacity-0 group-hover:opacity-100 transition-all absolute left-0 top-0 w-full h-auto\" src=\"https:\/\/people-and-culture-festival.berlin\/wp-content\/themes\/pcf2025\/assets\/gfx\/icons\/session\/heart-list-active-hover.svg\" alt=\"Session nicht mehr merken\">\n<\/button>            <\/div>\n            <div class=\"flex gap-1 flex-wrap mt-6 xl:mt-0 items-center\">\n                <!-- Meta: Rubrik -->\n                                    <div class=\"bg-rubrikBlau rounded-[24px] px-3 py-2 text-white text-[14px] tracking-[0.28px]\">\n                        Zukunft der Arbeit &amp; KI                    <\/div>\n                                <!-- Meta: Language -->\n                                    <div class=\"uppercase rounded-[24px] px-3 py-2 text-pcfPrimary bg-[rgba(76,26,58,0.09)] text-[14px] tracking-[0.28px]\">\n                        DE                    <\/div>\n                                <!-- Meta: Session -->\n                                    <div class=\"rounded-[24px] px-3 py-2 text-pcfPrimary bg-[rgba(76,26,58,0.09)] text-[14px] tracking-[0.28px]\">\n                        Lightning Talk                    <\/div>\n                \n                <div class=\"hidden xl:flex ms-auto items-center\">\n                    \n<button class=\"session-button w-7 h-[25px] group relative \" data-session=\"1668\" onClick=\"toggleSessionInLocalStorage(1668)\">\n    <img decoding=\"async\" class=\"default opacity-100 group-hover:opacity-0 transition-all absolute left-0 top-0 w-full h-auto\" src=\"https:\/\/people-and-culture-festival.berlin\/wp-content\/themes\/pcf2025\/assets\/gfx\/icons\/session\/heart-list-default.svg\" alt=\"Session merken\">\n    <img decoding=\"async\" class=\"default opacity-0 group-hover:opacity-100 transition-all absolute left-0 top-0 w-full h-auto\" src=\"https:\/\/people-and-culture-festival.berlin\/wp-content\/themes\/pcf2025\/assets\/gfx\/icons\/session\/heart-list-hover.svg\" alt=\"Session merken\">\n    <img decoding=\"async\" class=\"selected opacity-100 group-hover:opacity-0 transition-all absolute left-0 top-0 w-full h-auto\" src=\"https:\/\/people-and-culture-festival.berlin\/wp-content\/themes\/pcf2025\/assets\/gfx\/icons\/session\/heart-list-active.svg\" alt=\"Session nicht mehr merken\">\n    <img decoding=\"async\" class=\"selected opacity-0 group-hover:opacity-100 transition-all absolute left-0 top-0 w-full h-auto\" src=\"https:\/\/people-and-culture-festival.berlin\/wp-content\/themes\/pcf2025\/assets\/gfx\/icons\/session\/heart-list-active-hover.svg\" alt=\"Session nicht mehr merken\">\n<\/button>                <\/div>\n            <\/div>\n            <!-- Meta: Time -->\n            <div class=\"mt-6 text-pcfPrimary text-heading-mobile-h2 xl:text-heading-h3\">\n                14:00 &#8211;\n                14:15            <\/div>\n            <!-- Meta: Location -->\n            <div class=\"mt-2 flex items-center text-reading-body-1 text-pcfSecondary\">\n                <img decoding=\"async\" src=\"https:\/\/people-and-culture-festival.berlin\/wp-content\/themes\/pcf2025\/assets\/gfx\/location.svg\" alt=\"\" class=\"!h-5 !w-auto me-3\">\n                Cinema 7            <\/div>\n        <\/div>\n\n        <div class=\"mt-6 xl:mt-4 border-t-[1px] border-t-pcfSecondary\">\n            <!-- Title -->\n            <div class=\"mt-6 text-heading-mobile-h2 xl:text-heading-h3 text-pcfPrimary break-words\">\n                Beyond the Stage: Rethinking Work in the Music Industry            <\/div>\n\n\n            <!-- Content -->\n            <div class=\"mt-7 xl:mt-6 lineCollapse text-reading-body-1 whitespace-pre-line\" data-showmore=\"expand\" data-showless=\"collapse\" data-buttonclasses=\"mt-6 lineCollapseButton\">Future of work? It begins where invisible work becomes visible. Not in tools or AI, but in care, structure, and fairness. &#8216;Beyond the Stage&#8217; is an invitation to rethink the music industry: as a living ecosystem rather than a stage for a few.<\/div>\n\n            <!-- Content: Themen -->\n            <div class=\"flex gap-1 flex-wrap mt-6 xl:mt-10\">\n                            <\/div>\n        <\/div>\n    <\/div>\n    <!-- Info Container -->\n            <div class=\"mt-6 xl:mt-4 border-t-[1px] xl:border-t-0 border-t-pcfSecondary\">\n                                        <div class=\"mt-6 xl:mt-0\">\n                    <div class=\"text-pcfSecondary text-reading-caption\">\n                        Speaker                    <\/div>\n                    <div class=\"mt-2 flex flex-col gap-y-2\">\n                                                    <div class=\"\">\n                                <a href=\"https:\/\/people-and-culture-festival.berlin\/en\/speakers\/luanny-tiago-da-conceicao\/\" class=\"text-pcfLink text-reading-body-1-bold\">\n                                    Luanny Tiago da Concei\u00e7\u00e3o                                <\/a>\n                                <div class=\"text-pcfPrimary text-reading-body-1\">\n                                    Berlin Music Commission eG                                <\/div>\n                            <\/div>\n                                            <\/div>\n                <\/div>\n                                <\/div>\n    \n<\/div>\n\n\n\n\n\n<div class=\"session flex flex-col xl:grid xl:grid-cols-4 xl:gap-x-10 w-full bg-white px-4 xl:px-6 py-6 border-t-[2px] xl:border-t-[4px] border-t-pcfSecondary mb-10 xl:mb-12\" data-id=\"1313\" data-rubriken=\"entrepreneurship-neue-berufliche-wege-en\" data-sprachen=\"ger\" data-sessions=\"networking-session-en\" data-themen=\"\" data-orte=\"networking-community-lounge-en\">\n    <!-- META -->\n\n    <div class=\"xl:col-span-3\">\n        <div class=\"\">\n            <div class=\"xl:hidden\">\n                \n<button class=\"session-button w-7 h-[25px] group relative \" data-session=\"1313\" onClick=\"toggleSessionInLocalStorage(1313)\">\n    <img decoding=\"async\" class=\"default opacity-100 group-hover:opacity-0 transition-all absolute left-0 top-0 w-full h-auto\" src=\"https:\/\/people-and-culture-festival.berlin\/wp-content\/themes\/pcf2025\/assets\/gfx\/icons\/session\/heart-list-default.svg\" alt=\"Session merken\">\n    <img decoding=\"async\" class=\"default opacity-0 group-hover:opacity-100 transition-all absolute left-0 top-0 w-full h-auto\" src=\"https:\/\/people-and-culture-festival.berlin\/wp-content\/themes\/pcf2025\/assets\/gfx\/icons\/session\/heart-list-hover.svg\" alt=\"Session merken\">\n    <img decoding=\"async\" class=\"selected opacity-100 group-hover:opacity-0 transition-all absolute left-0 top-0 w-full h-auto\" src=\"https:\/\/people-and-culture-festival.berlin\/wp-content\/themes\/pcf2025\/assets\/gfx\/icons\/session\/heart-list-active.svg\" alt=\"Session nicht mehr merken\">\n    <img decoding=\"async\" class=\"selected opacity-0 group-hover:opacity-100 transition-all absolute left-0 top-0 w-full h-auto\" src=\"https:\/\/people-and-culture-festival.berlin\/wp-content\/themes\/pcf2025\/assets\/gfx\/icons\/session\/heart-list-active-hover.svg\" alt=\"Session nicht mehr merken\">\n<\/button>            <\/div>\n            <div class=\"flex gap-1 flex-wrap mt-6 xl:mt-0 items-center\">\n                <!-- Meta: Rubrik -->\n                                    <div class=\"bg-rubrikLila rounded-[24px] px-3 py-2 text-white text-[14px] tracking-[0.28px]\">\n                        Entrepreneurship &amp; neue berufliche Wege                    <\/div>\n                                <!-- Meta: Language -->\n                                    <div class=\"uppercase rounded-[24px] px-3 py-2 text-pcfPrimary bg-[rgba(76,26,58,0.09)] text-[14px] tracking-[0.28px]\">\n                        DE                    <\/div>\n                                <!-- Meta: Session -->\n                                    <div class=\"rounded-[24px] px-3 py-2 text-pcfPrimary bg-[rgba(76,26,58,0.09)] text-[14px] tracking-[0.28px]\">\n                        Networking Session                    <\/div>\n                \n                <div class=\"hidden xl:flex ms-auto items-center\">\n                    \n<button class=\"session-button w-7 h-[25px] group relative \" data-session=\"1313\" onClick=\"toggleSessionInLocalStorage(1313)\">\n    <img decoding=\"async\" class=\"default opacity-100 group-hover:opacity-0 transition-all absolute left-0 top-0 w-full h-auto\" src=\"https:\/\/people-and-culture-festival.berlin\/wp-content\/themes\/pcf2025\/assets\/gfx\/icons\/session\/heart-list-default.svg\" alt=\"Session merken\">\n    <img decoding=\"async\" class=\"default opacity-0 group-hover:opacity-100 transition-all absolute left-0 top-0 w-full h-auto\" src=\"https:\/\/people-and-culture-festival.berlin\/wp-content\/themes\/pcf2025\/assets\/gfx\/icons\/session\/heart-list-hover.svg\" alt=\"Session merken\">\n    <img decoding=\"async\" class=\"selected opacity-100 group-hover:opacity-0 transition-all absolute left-0 top-0 w-full h-auto\" src=\"https:\/\/people-and-culture-festival.berlin\/wp-content\/themes\/pcf2025\/assets\/gfx\/icons\/session\/heart-list-active.svg\" alt=\"Session nicht mehr merken\">\n    <img decoding=\"async\" class=\"selected opacity-0 group-hover:opacity-100 transition-all absolute left-0 top-0 w-full h-auto\" src=\"https:\/\/people-and-culture-festival.berlin\/wp-content\/themes\/pcf2025\/assets\/gfx\/icons\/session\/heart-list-active-hover.svg\" alt=\"Session nicht mehr merken\">\n<\/button>                <\/div>\n            <\/div>\n            <!-- Meta: Time -->\n            <div class=\"mt-6 text-pcfPrimary text-heading-mobile-h2 xl:text-heading-h3\">\n                14:00 &#8211;\n                14:30            <\/div>\n            <!-- Meta: Location -->\n            <div class=\"mt-2 flex items-center text-reading-body-1 text-pcfSecondary\">\n                <img decoding=\"async\" src=\"https:\/\/people-and-culture-festival.berlin\/wp-content\/themes\/pcf2025\/assets\/gfx\/location.svg\" alt=\"\" class=\"!h-5 !w-auto me-3\">\n                Networking &amp; Community Lounge            <\/div>\n        <\/div>\n\n        <div class=\"mt-6 xl:mt-4 border-t-[1px] border-t-pcfSecondary\">\n            <!-- Title -->\n            <div class=\"mt-6 text-heading-mobile-h2 xl:text-heading-h3 text-pcfPrimary break-words\">\n                Values \u200b\u200bas a compass \u2013 breaking new ground with clarity and resilience            <\/div>\n\n\n            <!-- Content -->\n            <div class=\"mt-7 xl:mt-6 lineCollapse text-reading-body-1 whitespace-pre-line\" data-showmore=\"expand\" data-showless=\"collapse\" data-buttonclasses=\"mt-6 lineCollapseButton\">Are you seeking new career paths and wondering what&#8217;s truly important to you? In this interactive networking format, you&#8217;ll discover, through exchange with others, which values \u200b\u200bguide you and how they guide you in a dynamic (working) world. Gain clarity, make exciting contacts, and be inspired by diverse perspectives.<\/div>\n\n            <!-- Content: Themen -->\n            <div class=\"flex gap-1 flex-wrap mt-6 xl:mt-10\">\n                            <\/div>\n        <\/div>\n    <\/div>\n    <!-- Info Container -->\n            <div class=\"mt-6 xl:mt-4 border-t-[1px] xl:border-t-0 border-t-pcfSecondary\">\n                                        <div class=\"mt-6 xl:mt-0\">\n                    <div class=\"text-pcfSecondary text-reading-caption\">\n                        Speaker                    <\/div>\n                    <div class=\"mt-2 flex flex-col gap-y-2\">\n                                                    <div class=\"\">\n                                <a href=\"https:\/\/people-and-culture-festival.berlin\/en\/speakers\/caro-frank\/\" class=\"text-pcfLink text-reading-body-1-bold\">\n                                    Caro Frank                                <\/a>\n                                <div class=\"text-pcfPrimary text-reading-body-1\">\n                                    Freelancer                                <\/div>\n                            <\/div>\n                                            <\/div>\n                <\/div>\n                                <\/div>\n    \n<\/div>\n\n\n\n\n\n<div class=\"session flex flex-col xl:grid xl:grid-cols-4 xl:gap-x-10 w-full bg-white px-4 xl:px-6 py-6 border-t-[2px] xl:border-t-[4px] border-t-pcfSecondary mb-10 xl:mb-12\" data-id=\"1280\" data-rubriken=\"zukunft-der-arbeit-ki-en\" data-sprachen=\"en\" data-sessions=\"lightning-talk-en\" data-themen=\"\" data-orte=\"cinema-2\">\n    <!-- META -->\n\n    <div class=\"xl:col-span-3\">\n        <div class=\"\">\n            <div class=\"xl:hidden\">\n                \n<button class=\"session-button w-7 h-[25px] group relative \" data-session=\"1280\" onClick=\"toggleSessionInLocalStorage(1280)\">\n    <img decoding=\"async\" class=\"default opacity-100 group-hover:opacity-0 transition-all absolute left-0 top-0 w-full h-auto\" src=\"https:\/\/people-and-culture-festival.berlin\/wp-content\/themes\/pcf2025\/assets\/gfx\/icons\/session\/heart-list-default.svg\" alt=\"Session merken\">\n    <img decoding=\"async\" class=\"default opacity-0 group-hover:opacity-100 transition-all absolute left-0 top-0 w-full h-auto\" src=\"https:\/\/people-and-culture-festival.berlin\/wp-content\/themes\/pcf2025\/assets\/gfx\/icons\/session\/heart-list-hover.svg\" alt=\"Session merken\">\n    <img decoding=\"async\" class=\"selected opacity-100 group-hover:opacity-0 transition-all absolute left-0 top-0 w-full h-auto\" src=\"https:\/\/people-and-culture-festival.berlin\/wp-content\/themes\/pcf2025\/assets\/gfx\/icons\/session\/heart-list-active.svg\" alt=\"Session nicht mehr merken\">\n    <img decoding=\"async\" class=\"selected opacity-0 group-hover:opacity-100 transition-all absolute left-0 top-0 w-full h-auto\" src=\"https:\/\/people-and-culture-festival.berlin\/wp-content\/themes\/pcf2025\/assets\/gfx\/icons\/session\/heart-list-active-hover.svg\" alt=\"Session nicht mehr merken\">\n<\/button>            <\/div>\n            <div class=\"flex gap-1 flex-wrap mt-6 xl:mt-0 items-center\">\n                <!-- Meta: Rubrik -->\n                                    <div class=\"bg-rubrikBlau rounded-[24px] px-3 py-2 text-white text-[14px] tracking-[0.28px]\">\n                        Zukunft der Arbeit &amp; KI                    <\/div>\n                                <!-- Meta: Language -->\n                                    <div class=\"uppercase rounded-[24px] px-3 py-2 text-pcfPrimary bg-[rgba(76,26,58,0.09)] text-[14px] tracking-[0.28px]\">\n                        EN                    <\/div>\n                                <!-- Meta: Session -->\n                                    <div class=\"rounded-[24px] px-3 py-2 text-pcfPrimary bg-[rgba(76,26,58,0.09)] text-[14px] tracking-[0.28px]\">\n                        Lightning Talk                    <\/div>\n                \n                <div class=\"hidden xl:flex ms-auto items-center\">\n                    \n<button class=\"session-button w-7 h-[25px] group relative \" data-session=\"1280\" onClick=\"toggleSessionInLocalStorage(1280)\">\n    <img decoding=\"async\" class=\"default opacity-100 group-hover:opacity-0 transition-all absolute left-0 top-0 w-full h-auto\" src=\"https:\/\/people-and-culture-festival.berlin\/wp-content\/themes\/pcf2025\/assets\/gfx\/icons\/session\/heart-list-default.svg\" alt=\"Session merken\">\n    <img decoding=\"async\" class=\"default opacity-0 group-hover:opacity-100 transition-all absolute left-0 top-0 w-full h-auto\" src=\"https:\/\/people-and-culture-festival.berlin\/wp-content\/themes\/pcf2025\/assets\/gfx\/icons\/session\/heart-list-hover.svg\" alt=\"Session merken\">\n    <img decoding=\"async\" class=\"selected opacity-100 group-hover:opacity-0 transition-all absolute left-0 top-0 w-full h-auto\" src=\"https:\/\/people-and-culture-festival.berlin\/wp-content\/themes\/pcf2025\/assets\/gfx\/icons\/session\/heart-list-active.svg\" alt=\"Session nicht mehr merken\">\n    <img decoding=\"async\" class=\"selected opacity-0 group-hover:opacity-100 transition-all absolute left-0 top-0 w-full h-auto\" src=\"https:\/\/people-and-culture-festival.berlin\/wp-content\/themes\/pcf2025\/assets\/gfx\/icons\/session\/heart-list-active-hover.svg\" alt=\"Session nicht mehr merken\">\n<\/button>                <\/div>\n            <\/div>\n            <!-- Meta: Time -->\n            <div class=\"mt-6 text-pcfPrimary text-heading-mobile-h2 xl:text-heading-h3\">\n                14:00 &#8211;\n                14:15            <\/div>\n            <!-- Meta: Location -->\n            <div class=\"mt-2 flex items-center text-reading-body-1 text-pcfSecondary\">\n                <img decoding=\"async\" src=\"https:\/\/people-and-culture-festival.berlin\/wp-content\/themes\/pcf2025\/assets\/gfx\/location.svg\" alt=\"\" class=\"!h-5 !w-auto me-3\">\n                Cinema 2            <\/div>\n        <\/div>\n\n        <div class=\"mt-6 xl:mt-4 border-t-[1px] border-t-pcfSecondary\">\n            <!-- Title -->\n            <div class=\"mt-6 text-heading-mobile-h2 xl:text-heading-h3 text-pcfPrimary break-words\">\n                The Care Revolution \u2013 How to grow cultures of care            <\/div>\n\n\n            <!-- Content -->\n            <div class=\"mt-7 xl:mt-6 lineCollapse text-reading-body-1 whitespace-pre-line\" data-showmore=\"expand\" data-showless=\"collapse\" data-buttonclasses=\"mt-6 lineCollapseButton\">From feel-good to cultures of care: Care is more radical than most people think. \r\nThis talk explores how care can grow in organizations\u2014not as a tool, but as a shared practice and relational stance. For deeper connection, resilience, and a work culture that puts relationship before performance.<\/div>\n\n            <!-- Content: Themen -->\n            <div class=\"flex gap-1 flex-wrap mt-6 xl:mt-10\">\n                            <\/div>\n        <\/div>\n    <\/div>\n    <!-- Info Container -->\n            <div class=\"mt-6 xl:mt-4 border-t-[1px] xl:border-t-0 border-t-pcfSecondary\">\n                                        <div class=\"mt-6 xl:mt-0\">\n                    <div class=\"text-pcfSecondary text-reading-caption\">\n                        Speaker                    <\/div>\n                    <div class=\"mt-2 flex flex-col gap-y-2\">\n                                                    <div class=\"\">\n                                <a href=\"https:\/\/people-and-culture-festival.berlin\/en\/speakers\/sabine-koppe\/\" class=\"text-pcfLink text-reading-body-1-bold\">\n                                    Sabine Koppe                                <\/a>\n                                <div class=\"text-pcfPrimary text-reading-body-1\">\n                                    Otherways Emergent Futures                                <\/div>\n                            <\/div>\n                                            <\/div>\n                <\/div>\n                                <\/div>\n    \n<\/div>\n\n\n\n\n\n<div class=\"session flex flex-col xl:grid xl:grid-cols-4 xl:gap-x-10 w-full bg-white px-4 xl:px-6 py-6 border-t-[2px] xl:border-t-[4px] border-t-pcfSecondary mb-10 xl:mb-12\" data-id=\"1290\" data-rubriken=\"mental-health-wellbeing-en\" data-sprachen=\"en\" data-sessions=\"lightning-talk-en\" data-themen=\"\" data-orte=\"cinema-7\">\n    <!-- META -->\n\n    <div class=\"xl:col-span-3\">\n        <div class=\"\">\n            <div class=\"xl:hidden\">\n                \n<button class=\"session-button w-7 h-[25px] group relative \" data-session=\"1290\" onClick=\"toggleSessionInLocalStorage(1290)\">\n    <img decoding=\"async\" class=\"default opacity-100 group-hover:opacity-0 transition-all absolute left-0 top-0 w-full h-auto\" src=\"https:\/\/people-and-culture-festival.berlin\/wp-content\/themes\/pcf2025\/assets\/gfx\/icons\/session\/heart-list-default.svg\" alt=\"Session merken\">\n    <img decoding=\"async\" class=\"default opacity-0 group-hover:opacity-100 transition-all absolute left-0 top-0 w-full h-auto\" src=\"https:\/\/people-and-culture-festival.berlin\/wp-content\/themes\/pcf2025\/assets\/gfx\/icons\/session\/heart-list-hover.svg\" alt=\"Session merken\">\n    <img decoding=\"async\" class=\"selected opacity-100 group-hover:opacity-0 transition-all absolute left-0 top-0 w-full h-auto\" src=\"https:\/\/people-and-culture-festival.berlin\/wp-content\/themes\/pcf2025\/assets\/gfx\/icons\/session\/heart-list-active.svg\" alt=\"Session nicht mehr merken\">\n    <img decoding=\"async\" class=\"selected opacity-0 group-hover:opacity-100 transition-all absolute left-0 top-0 w-full h-auto\" src=\"https:\/\/people-and-culture-festival.berlin\/wp-content\/themes\/pcf2025\/assets\/gfx\/icons\/session\/heart-list-active-hover.svg\" alt=\"Session nicht mehr merken\">\n<\/button>            <\/div>\n            <div class=\"flex gap-1 flex-wrap mt-6 xl:mt-0 items-center\">\n                <!-- Meta: Rubrik -->\n                                    <div class=\"bg-rubrikRot rounded-[24px] px-3 py-2 text-white text-[14px] tracking-[0.28px]\">\n                        Mental Health &amp; Wellbeing                    <\/div>\n                                <!-- Meta: Language -->\n                                    <div class=\"uppercase rounded-[24px] px-3 py-2 text-pcfPrimary bg-[rgba(76,26,58,0.09)] text-[14px] tracking-[0.28px]\">\n                        EN                    <\/div>\n                                <!-- Meta: Session -->\n                                    <div class=\"rounded-[24px] px-3 py-2 text-pcfPrimary bg-[rgba(76,26,58,0.09)] text-[14px] tracking-[0.28px]\">\n                        Lightning Talk                    <\/div>\n                \n                <div class=\"hidden xl:flex ms-auto items-center\">\n                    \n<button class=\"session-button w-7 h-[25px] group relative \" data-session=\"1290\" onClick=\"toggleSessionInLocalStorage(1290)\">\n    <img decoding=\"async\" class=\"default opacity-100 group-hover:opacity-0 transition-all absolute left-0 top-0 w-full h-auto\" src=\"https:\/\/people-and-culture-festival.berlin\/wp-content\/themes\/pcf2025\/assets\/gfx\/icons\/session\/heart-list-default.svg\" alt=\"Session merken\">\n    <img decoding=\"async\" class=\"default opacity-0 group-hover:opacity-100 transition-all absolute left-0 top-0 w-full h-auto\" src=\"https:\/\/people-and-culture-festival.berlin\/wp-content\/themes\/pcf2025\/assets\/gfx\/icons\/session\/heart-list-hover.svg\" alt=\"Session merken\">\n    <img decoding=\"async\" class=\"selected opacity-100 group-hover:opacity-0 transition-all absolute left-0 top-0 w-full h-auto\" src=\"https:\/\/people-and-culture-festival.berlin\/wp-content\/themes\/pcf2025\/assets\/gfx\/icons\/session\/heart-list-active.svg\" alt=\"Session nicht mehr merken\">\n    <img decoding=\"async\" class=\"selected opacity-0 group-hover:opacity-100 transition-all absolute left-0 top-0 w-full h-auto\" src=\"https:\/\/people-and-culture-festival.berlin\/wp-content\/themes\/pcf2025\/assets\/gfx\/icons\/session\/heart-list-active-hover.svg\" alt=\"Session nicht mehr merken\">\n<\/button>                <\/div>\n            <\/div>\n            <!-- Meta: Time -->\n            <div class=\"mt-6 text-pcfPrimary text-heading-mobile-h2 xl:text-heading-h3\">\n                14:15 &#8211;\n                14:30            <\/div>\n            <!-- Meta: Location -->\n            <div class=\"mt-2 flex items-center text-reading-body-1 text-pcfSecondary\">\n                <img decoding=\"async\" src=\"https:\/\/people-and-culture-festival.berlin\/wp-content\/themes\/pcf2025\/assets\/gfx\/location.svg\" alt=\"\" class=\"!h-5 !w-auto me-3\">\n                Cinema 7            <\/div>\n        <\/div>\n\n        <div class=\"mt-6 xl:mt-4 border-t-[1px] border-t-pcfSecondary\">\n            <!-- Title -->\n            <div class=\"mt-6 text-heading-mobile-h2 xl:text-heading-h3 text-pcfPrimary break-words\">\n                Top 10 Psychological Effects to learn for Burnout Prevention            <\/div>\n\n\n            <!-- Content -->\n            <div class=\"mt-7 xl:mt-6 lineCollapse text-reading-body-1 whitespace-pre-line\" data-showmore=\"expand\" data-showless=\"collapse\" data-buttonclasses=\"mt-6 lineCollapseButton\">Throughout our working lives, we experience many ups and downs. At times, work feels engaging, rewarding, and in flow. At other times, however, overwhelming challenges can push us toward darker states, including burnout. Recognizing these moments, taking control, and practicing self-care are essential. One of the most powerful supports in this process is developing self-understanding and learning about the psychological effects that contribute to burnout prevention. In this session, we will highlight, in a lightning-round format, the top 10 most important psychological effects.<\/div>\n\n            <!-- Content: Themen -->\n            <div class=\"flex gap-1 flex-wrap mt-6 xl:mt-10\">\n                            <\/div>\n        <\/div>\n    <\/div>\n    <!-- Info Container -->\n            <div class=\"mt-6 xl:mt-4 border-t-[1px] xl:border-t-0 border-t-pcfSecondary\">\n                                        <div class=\"mt-6 xl:mt-0\">\n                    <div class=\"text-pcfSecondary text-reading-caption\">\n                        Speaker                    <\/div>\n                    <div class=\"mt-2 flex flex-col gap-y-2\">\n                                                    <div class=\"\">\n                                <a href=\"https:\/\/people-and-culture-festival.berlin\/en\/speakers\/helen-hyung-choi\/\" class=\"text-pcfLink text-reading-body-1-bold\">\n                                    Helen Hyung Choi                                <\/a>\n                                <div class=\"text-pcfPrimary text-reading-body-1\">\n                                    Woodblock                                <\/div>\n                            <\/div>\n                                            <\/div>\n                <\/div>\n                                <\/div>\n    \n<\/div>\n\n\n\n\n\n<div class=\"session flex flex-col xl:grid xl:grid-cols-4 xl:gap-x-10 w-full bg-white px-4 xl:px-6 py-6 border-t-[2px] xl:border-t-[4px] border-t-pcfSecondary mb-10 xl:mb-12\" data-id=\"1279\" data-rubriken=\"entrepreneurship-neue-berufliche-wege-en\" data-sprachen=\"ger\" data-sessions=\"lightning-talk-en\" data-themen=\"\" data-orte=\"cinema-2\">\n    <!-- META -->\n\n    <div class=\"xl:col-span-3\">\n        <div class=\"\">\n            <div class=\"xl:hidden\">\n                \n<button class=\"session-button w-7 h-[25px] group relative \" data-session=\"1279\" onClick=\"toggleSessionInLocalStorage(1279)\">\n    <img decoding=\"async\" class=\"default opacity-100 group-hover:opacity-0 transition-all absolute left-0 top-0 w-full h-auto\" src=\"https:\/\/people-and-culture-festival.berlin\/wp-content\/themes\/pcf2025\/assets\/gfx\/icons\/session\/heart-list-default.svg\" alt=\"Session merken\">\n    <img decoding=\"async\" class=\"default opacity-0 group-hover:opacity-100 transition-all absolute left-0 top-0 w-full h-auto\" src=\"https:\/\/people-and-culture-festival.berlin\/wp-content\/themes\/pcf2025\/assets\/gfx\/icons\/session\/heart-list-hover.svg\" alt=\"Session merken\">\n    <img decoding=\"async\" class=\"selected opacity-100 group-hover:opacity-0 transition-all absolute left-0 top-0 w-full h-auto\" src=\"https:\/\/people-and-culture-festival.berlin\/wp-content\/themes\/pcf2025\/assets\/gfx\/icons\/session\/heart-list-active.svg\" alt=\"Session nicht mehr merken\">\n    <img decoding=\"async\" class=\"selected opacity-0 group-hover:opacity-100 transition-all absolute left-0 top-0 w-full h-auto\" src=\"https:\/\/people-and-culture-festival.berlin\/wp-content\/themes\/pcf2025\/assets\/gfx\/icons\/session\/heart-list-active-hover.svg\" alt=\"Session nicht mehr merken\">\n<\/button>            <\/div>\n            <div class=\"flex gap-1 flex-wrap mt-6 xl:mt-0 items-center\">\n                <!-- Meta: Rubrik -->\n                                    <div class=\"bg-rubrikLila rounded-[24px] px-3 py-2 text-white text-[14px] tracking-[0.28px]\">\n                        Entrepreneurship &amp; neue berufliche Wege                    <\/div>\n                                <!-- Meta: Language -->\n                                    <div class=\"uppercase rounded-[24px] px-3 py-2 text-pcfPrimary bg-[rgba(76,26,58,0.09)] text-[14px] tracking-[0.28px]\">\n                        DE                    <\/div>\n                                <!-- Meta: Session -->\n                                    <div class=\"rounded-[24px] px-3 py-2 text-pcfPrimary bg-[rgba(76,26,58,0.09)] text-[14px] tracking-[0.28px]\">\n                        Lightning Talk                    <\/div>\n                \n                <div class=\"hidden xl:flex ms-auto items-center\">\n                    \n<button class=\"session-button w-7 h-[25px] group relative \" data-session=\"1279\" onClick=\"toggleSessionInLocalStorage(1279)\">\n    <img decoding=\"async\" class=\"default opacity-100 group-hover:opacity-0 transition-all absolute left-0 top-0 w-full h-auto\" src=\"https:\/\/people-and-culture-festival.berlin\/wp-content\/themes\/pcf2025\/assets\/gfx\/icons\/session\/heart-list-default.svg\" alt=\"Session merken\">\n    <img decoding=\"async\" class=\"default opacity-0 group-hover:opacity-100 transition-all absolute left-0 top-0 w-full h-auto\" src=\"https:\/\/people-and-culture-festival.berlin\/wp-content\/themes\/pcf2025\/assets\/gfx\/icons\/session\/heart-list-hover.svg\" alt=\"Session merken\">\n    <img decoding=\"async\" class=\"selected opacity-100 group-hover:opacity-0 transition-all absolute left-0 top-0 w-full h-auto\" src=\"https:\/\/people-and-culture-festival.berlin\/wp-content\/themes\/pcf2025\/assets\/gfx\/icons\/session\/heart-list-active.svg\" alt=\"Session nicht mehr merken\">\n    <img decoding=\"async\" class=\"selected opacity-0 group-hover:opacity-100 transition-all absolute left-0 top-0 w-full h-auto\" src=\"https:\/\/people-and-culture-festival.berlin\/wp-content\/themes\/pcf2025\/assets\/gfx\/icons\/session\/heart-list-active-hover.svg\" alt=\"Session nicht mehr merken\">\n<\/button>                <\/div>\n            <\/div>\n            <!-- Meta: Time -->\n            <div class=\"mt-6 text-pcfPrimary text-heading-mobile-h2 xl:text-heading-h3\">\n                14:15 &#8211;\n                14:30            <\/div>\n            <!-- Meta: Location -->\n            <div class=\"mt-2 flex items-center text-reading-body-1 text-pcfSecondary\">\n                <img decoding=\"async\" src=\"https:\/\/people-and-culture-festival.berlin\/wp-content\/themes\/pcf2025\/assets\/gfx\/location.svg\" alt=\"\" class=\"!h-5 !w-auto me-3\">\n                Cinema 2            <\/div>\n        <\/div>\n\n        <div class=\"mt-6 xl:mt-4 border-t-[1px] border-t-pcfSecondary\">\n            <!-- Title -->\n            <div class=\"mt-6 text-heading-mobile-h2 xl:text-heading-h3 text-pcfPrimary break-words\">\n                Between chaos of ideas and pressure for efficiency \u2013 Why we need to rethink creative systems            <\/div>\n\n\n            <!-- Content -->\n            <div class=\"mt-7 xl:mt-6 lineCollapse text-reading-body-1 whitespace-pre-line\" data-showmore=\"expand\" data-showless=\"collapse\" data-buttonclasses=\"mt-6 lineCollapseButton\">There&#8217;s a gap in the creative business \u2013 between aspiration and reality, between inspiration and output. Creativity is demanded, but rarely properly managed. What&#8217;s missing is structure that doesn&#8217;t restrict, but empowers.\r\nTimm Paulick knows this tension firsthand: He&#8217;s been a UX designer, director, creative director, producer \u2013 and football player. He&#8217;s developed campaigns for international brands, managed productions, conceived sponsorship formats, and led creative teams. But above all, he&#8217;s a creative cross-border worker who has learned that good ideas need more than just freedom: They need the right system.\r\nWith PULK, Timm has created a framework that transforms creativity, strategy, and implementation into a clear process \u2013 modular, collaborative, and goal-oriented. His presentation is a passionate plea to companies, agencies, and creative professionals: Let&#8217;s rethink creative processes \u2013 and redesign them so that true innovation can emerge.<\/div>\n\n            <!-- Content: Themen -->\n            <div class=\"flex gap-1 flex-wrap mt-6 xl:mt-10\">\n                            <\/div>\n        <\/div>\n    <\/div>\n    <!-- Info Container -->\n            <div class=\"mt-6 xl:mt-4 border-t-[1px] xl:border-t-0 border-t-pcfSecondary\">\n                                        <div class=\"mt-6 xl:mt-0\">\n                    <div class=\"text-pcfSecondary text-reading-caption\">\n                        Speaker                    <\/div>\n                    <div class=\"mt-2 flex flex-col gap-y-2\">\n                                                    <div class=\"\">\n                                <a href=\"https:\/\/people-and-culture-festival.berlin\/en\/speakers\/timm-paulick\/\" class=\"text-pcfLink text-reading-body-1-bold\">\n                                    Timm Paulick                                <\/a>\n                                <div class=\"text-pcfPrimary text-reading-body-1\">\n                                    PULK. Creative Systems                                <\/div>\n                            <\/div>\n                                            <\/div>\n                <\/div>\n                                <\/div>\n    \n<\/div>\n\n\n\n\n\n<div class=\"session flex flex-col xl:grid xl:grid-cols-4 xl:gap-x-10 w-full bg-white px-4 xl:px-6 py-6 border-t-[2px] xl:border-t-[4px] border-t-pcfSecondary mb-10 xl:mb-12\" data-id=\"1296\" data-rubriken=\"zukunft-der-arbeit-ki-en\" data-sprachen=\"ger\" data-sessions=\"panel-en\" data-themen=\"\" data-orte=\"cinema-10\">\n    <!-- META -->\n\n    <div class=\"xl:col-span-3\">\n        <div class=\"\">\n            <div class=\"xl:hidden\">\n                \n<button class=\"session-button w-7 h-[25px] group relative \" data-session=\"1296\" onClick=\"toggleSessionInLocalStorage(1296)\">\n    <img decoding=\"async\" class=\"default opacity-100 group-hover:opacity-0 transition-all absolute left-0 top-0 w-full h-auto\" src=\"https:\/\/people-and-culture-festival.berlin\/wp-content\/themes\/pcf2025\/assets\/gfx\/icons\/session\/heart-list-default.svg\" alt=\"Session merken\">\n    <img decoding=\"async\" class=\"default opacity-0 group-hover:opacity-100 transition-all absolute left-0 top-0 w-full h-auto\" src=\"https:\/\/people-and-culture-festival.berlin\/wp-content\/themes\/pcf2025\/assets\/gfx\/icons\/session\/heart-list-hover.svg\" alt=\"Session merken\">\n    <img decoding=\"async\" class=\"selected opacity-100 group-hover:opacity-0 transition-all absolute left-0 top-0 w-full h-auto\" src=\"https:\/\/people-and-culture-festival.berlin\/wp-content\/themes\/pcf2025\/assets\/gfx\/icons\/session\/heart-list-active.svg\" alt=\"Session nicht mehr merken\">\n    <img decoding=\"async\" class=\"selected opacity-0 group-hover:opacity-100 transition-all absolute left-0 top-0 w-full h-auto\" src=\"https:\/\/people-and-culture-festival.berlin\/wp-content\/themes\/pcf2025\/assets\/gfx\/icons\/session\/heart-list-active-hover.svg\" alt=\"Session nicht mehr merken\">\n<\/button>            <\/div>\n            <div class=\"flex gap-1 flex-wrap mt-6 xl:mt-0 items-center\">\n                <!-- Meta: Rubrik -->\n                                    <div class=\"bg-rubrikBlau rounded-[24px] px-3 py-2 text-white text-[14px] tracking-[0.28px]\">\n                        Zukunft der Arbeit &amp; KI                    <\/div>\n                                <!-- Meta: Language -->\n                                    <div class=\"uppercase rounded-[24px] px-3 py-2 text-pcfPrimary bg-[rgba(76,26,58,0.09)] text-[14px] tracking-[0.28px]\">\n                        DE                    <\/div>\n                                <!-- Meta: Session -->\n                                    <div class=\"rounded-[24px] px-3 py-2 text-pcfPrimary bg-[rgba(76,26,58,0.09)] text-[14px] tracking-[0.28px]\">\n                        Panel                    <\/div>\n                \n                <div class=\"hidden xl:flex ms-auto items-center\">\n                    \n<button class=\"session-button w-7 h-[25px] group relative \" data-session=\"1296\" onClick=\"toggleSessionInLocalStorage(1296)\">\n    <img decoding=\"async\" class=\"default opacity-100 group-hover:opacity-0 transition-all absolute left-0 top-0 w-full h-auto\" src=\"https:\/\/people-and-culture-festival.berlin\/wp-content\/themes\/pcf2025\/assets\/gfx\/icons\/session\/heart-list-default.svg\" alt=\"Session merken\">\n    <img decoding=\"async\" class=\"default opacity-0 group-hover:opacity-100 transition-all absolute left-0 top-0 w-full h-auto\" src=\"https:\/\/people-and-culture-festival.berlin\/wp-content\/themes\/pcf2025\/assets\/gfx\/icons\/session\/heart-list-hover.svg\" alt=\"Session merken\">\n    <img decoding=\"async\" class=\"selected opacity-100 group-hover:opacity-0 transition-all absolute left-0 top-0 w-full h-auto\" src=\"https:\/\/people-and-culture-festival.berlin\/wp-content\/themes\/pcf2025\/assets\/gfx\/icons\/session\/heart-list-active.svg\" alt=\"Session nicht mehr merken\">\n    <img decoding=\"async\" class=\"selected opacity-0 group-hover:opacity-100 transition-all absolute left-0 top-0 w-full h-auto\" src=\"https:\/\/people-and-culture-festival.berlin\/wp-content\/themes\/pcf2025\/assets\/gfx\/icons\/session\/heart-list-active-hover.svg\" alt=\"Session nicht mehr merken\">\n<\/button>                <\/div>\n            <\/div>\n            <!-- Meta: Time -->\n            <div class=\"mt-6 text-pcfPrimary text-heading-mobile-h2 xl:text-heading-h3\">\n                14:30 &#8211;\n                15:15            <\/div>\n            <!-- Meta: Location -->\n            <div class=\"mt-2 flex items-center text-reading-body-1 text-pcfSecondary\">\n                <img decoding=\"async\" src=\"https:\/\/people-and-culture-festival.berlin\/wp-content\/themes\/pcf2025\/assets\/gfx\/location.svg\" alt=\"\" class=\"!h-5 !w-auto me-3\">\n                Cinema 10            <\/div>\n        <\/div>\n\n        <div class=\"mt-6 xl:mt-4 border-t-[1px] border-t-pcfSecondary\">\n            <!-- Title -->\n            <div class=\"mt-6 text-heading-mobile-h2 xl:text-heading-h3 text-pcfPrimary break-words\">\n                AI and creativity: Which future skills will count tomorrow?            <\/div>\n\n\n            <!-- Content -->\n            <div class=\"mt-7 xl:mt-6 lineCollapse text-reading-body-1 whitespace-pre-line\" data-showmore=\"expand\" data-showless=\"collapse\" data-buttonclasses=\"mt-6 lineCollapseButton\">What happens to our creativity when AI helps shape things? And which skills will become more relevant in the future? In a world where machines are increasingly taking over more tasks, human skills are becoming more central. Skills such as emotional competence, ethical judgment, and creative problem-solving are becoming crucial for using technology consciously and humanely. In this panel discussion moderated by Kathy K\u00e4nzig, Maria Hubert, Niklas Schade, Ina Remmers, and Ben Scharf will discuss how we can shape a future with AI in a creative, reflective, and collaborative way.<\/div>\n\n            <!-- Content: Themen -->\n            <div class=\"flex gap-1 flex-wrap mt-6 xl:mt-10\">\n                            <\/div>\n        <\/div>\n    <\/div>\n    <!-- Info Container -->\n            <div class=\"mt-6 xl:mt-4 border-t-[1px] xl:border-t-0 border-t-pcfSecondary\">\n                            <div class=\"mt-6 xl:mt-0 xl:mb-6\">\n                    <div class=\"text-pcfSecondary text-reading-caption\">\n                        Host                    <\/div>\n                    <div class=\"mt-2 flex flex-col gap-y-2\">\n                                                    <div>\n                                <a href=\"https:\/\/people-and-culture-festival.berlin\/en\/speakers\/kathy-kaenzig\/\" class=\"text-pcfLink text-reading-body-1-bold\">\n                                    Kathy K\u00e4nzig                                <\/a>\n                            <\/div>\n                                                    <div>\n                                <a href=\"https:\/\/people-and-culture-festival.berlin\/en\/?post_type=page&#038;p=1428\" class=\"text-pcfLink text-reading-body-1-bold\">\n                                                                    <\/a>\n                            <\/div>\n                                            <\/div>\n                <\/div>\n                                        <div class=\"mt-6 xl:mt-0\">\n                    <div class=\"text-pcfSecondary text-reading-caption\">\n                        Speaker                    <\/div>\n                    <div class=\"mt-2 flex flex-col gap-y-2\">\n                                                    <div class=\"\">\n                                <a href=\"https:\/\/people-and-culture-festival.berlin\/en\/speakers\/maria-hubert\/\" class=\"text-pcfLink text-reading-body-1-bold\">\n                                    Maria Hubert                                <\/a>\n                                <div class=\"text-pcfPrimary text-reading-body-1\">\n                                    the workwell                                <\/div>\n                            <\/div>\n                                                    <div class=\"\">\n                                <a href=\"https:\/\/people-and-culture-festival.berlin\/en\/speakers\/niklas-schade\/\" class=\"text-pcfLink text-reading-body-1-bold\">\n                                    Niklas Schade                                <\/a>\n                                <div class=\"text-pcfPrimary text-reading-body-1\">\n                                    medienzentrum Berlin GmbH &amp; Co. KG                                <\/div>\n                            <\/div>\n                                                    <div class=\"\">\n                                <a href=\"https:\/\/people-and-culture-festival.berlin\/en\/speakers\/ben-scharf\/\" class=\"text-pcfLink text-reading-body-1-bold\">\n                                    Ben Scharf                                <\/a>\n                                <div class=\"text-pcfPrimary text-reading-body-1\">\n                                    SAE Institute Berlin                                <\/div>\n                            <\/div>\n                                            <\/div>\n                <\/div>\n                                <\/div>\n    \n<\/div>\n\n\n\n\n\n<div class=\"session flex flex-col xl:grid xl:grid-cols-4 xl:gap-x-10 w-full bg-white px-4 xl:px-6 py-6 border-t-[2px] xl:border-t-[4px] border-t-pcfSecondary mb-10 xl:mb-12\" data-id=\"1289\" data-rubriken=\"mental-health-wellbeing-en\" data-sprachen=\"ger\" data-sessions=\"panel-en\" data-themen=\"\" data-orte=\"cinema-7\">\n    <!-- META -->\n\n    <div class=\"xl:col-span-3\">\n        <div class=\"\">\n            <div class=\"xl:hidden\">\n                \n<button class=\"session-button w-7 h-[25px] group relative \" data-session=\"1289\" onClick=\"toggleSessionInLocalStorage(1289)\">\n    <img decoding=\"async\" class=\"default opacity-100 group-hover:opacity-0 transition-all absolute left-0 top-0 w-full h-auto\" src=\"https:\/\/people-and-culture-festival.berlin\/wp-content\/themes\/pcf2025\/assets\/gfx\/icons\/session\/heart-list-default.svg\" alt=\"Session merken\">\n    <img decoding=\"async\" class=\"default opacity-0 group-hover:opacity-100 transition-all absolute left-0 top-0 w-full h-auto\" src=\"https:\/\/people-and-culture-festival.berlin\/wp-content\/themes\/pcf2025\/assets\/gfx\/icons\/session\/heart-list-hover.svg\" alt=\"Session merken\">\n    <img decoding=\"async\" class=\"selected opacity-100 group-hover:opacity-0 transition-all absolute left-0 top-0 w-full h-auto\" src=\"https:\/\/people-and-culture-festival.berlin\/wp-content\/themes\/pcf2025\/assets\/gfx\/icons\/session\/heart-list-active.svg\" alt=\"Session nicht mehr merken\">\n    <img decoding=\"async\" class=\"selected opacity-0 group-hover:opacity-100 transition-all absolute left-0 top-0 w-full h-auto\" src=\"https:\/\/people-and-culture-festival.berlin\/wp-content\/themes\/pcf2025\/assets\/gfx\/icons\/session\/heart-list-active-hover.svg\" alt=\"Session nicht mehr merken\">\n<\/button>            <\/div>\n            <div class=\"flex gap-1 flex-wrap mt-6 xl:mt-0 items-center\">\n                <!-- Meta: Rubrik -->\n                                    <div class=\"bg-rubrikRot rounded-[24px] px-3 py-2 text-white text-[14px] tracking-[0.28px]\">\n                        Mental Health &amp; Wellbeing                    <\/div>\n                                <!-- Meta: Language -->\n                                    <div class=\"uppercase rounded-[24px] px-3 py-2 text-pcfPrimary bg-[rgba(76,26,58,0.09)] text-[14px] tracking-[0.28px]\">\n                        DE                    <\/div>\n                                <!-- Meta: Session -->\n                                    <div class=\"rounded-[24px] px-3 py-2 text-pcfPrimary bg-[rgba(76,26,58,0.09)] text-[14px] tracking-[0.28px]\">\n                        Panel                    <\/div>\n                \n                <div class=\"hidden xl:flex ms-auto items-center\">\n                    \n<button class=\"session-button w-7 h-[25px] group relative \" data-session=\"1289\" onClick=\"toggleSessionInLocalStorage(1289)\">\n    <img decoding=\"async\" class=\"default opacity-100 group-hover:opacity-0 transition-all absolute left-0 top-0 w-full h-auto\" src=\"https:\/\/people-and-culture-festival.berlin\/wp-content\/themes\/pcf2025\/assets\/gfx\/icons\/session\/heart-list-default.svg\" alt=\"Session merken\">\n    <img decoding=\"async\" class=\"default opacity-0 group-hover:opacity-100 transition-all absolute left-0 top-0 w-full h-auto\" src=\"https:\/\/people-and-culture-festival.berlin\/wp-content\/themes\/pcf2025\/assets\/gfx\/icons\/session\/heart-list-hover.svg\" alt=\"Session merken\">\n    <img decoding=\"async\" class=\"selected opacity-100 group-hover:opacity-0 transition-all absolute left-0 top-0 w-full h-auto\" src=\"https:\/\/people-and-culture-festival.berlin\/wp-content\/themes\/pcf2025\/assets\/gfx\/icons\/session\/heart-list-active.svg\" alt=\"Session nicht mehr merken\">\n    <img decoding=\"async\" class=\"selected opacity-0 group-hover:opacity-100 transition-all absolute left-0 top-0 w-full h-auto\" src=\"https:\/\/people-and-culture-festival.berlin\/wp-content\/themes\/pcf2025\/assets\/gfx\/icons\/session\/heart-list-active-hover.svg\" alt=\"Session nicht mehr merken\">\n<\/button>                <\/div>\n            <\/div>\n            <!-- Meta: Time -->\n            <div class=\"mt-6 text-pcfPrimary text-heading-mobile-h2 xl:text-heading-h3\">\n                14:30 &#8211;\n                15:15            <\/div>\n            <!-- Meta: Location -->\n            <div class=\"mt-2 flex items-center text-reading-body-1 text-pcfSecondary\">\n                <img decoding=\"async\" src=\"https:\/\/people-and-culture-festival.berlin\/wp-content\/themes\/pcf2025\/assets\/gfx\/location.svg\" alt=\"\" class=\"!h-5 !w-auto me-3\">\n                Cinema 7            <\/div>\n        <\/div>\n\n        <div class=\"mt-6 xl:mt-4 border-t-[1px] border-t-pcfSecondary\">\n            <!-- Title -->\n            <div class=\"mt-6 text-heading-mobile-h2 xl:text-heading-h3 text-pcfPrimary break-words\">\n                Neurodiversity as a strength &#8211; How new inclusive structures make companies more resilient            <\/div>\n\n\n            <!-- Content -->\n            <div class=\"mt-7 xl:mt-6 lineCollapse text-reading-body-1 whitespace-pre-line\" data-showmore=\"expand\" data-showless=\"collapse\" data-buttonclasses=\"mt-6 lineCollapseButton\">How can companies create structures that include neurodiverse people \u2013 and why does this make organizations more resilient overall? Neuroinclusion not only strengthens the well-being of individual employees, but also promotes a culture of feedback, collaboration, values-based work, and leadership development.\r\n\r\nTogether, we will discuss how neuroinclusive structures can be created \u2013 and why they are the key to sustainable resilience in a complex, uncertain working world.\r\n\r\nThe focus will be on questions such as:\r\n\r\n&#8211; What role does neurodiversity play in modern leadership and corporate culture?\r\n&#8211; How can HR and people strategies practically implement neuroinclusive structures?\r\n&#8211; What opportunities do neurodiverse perspectives open up for resilience, collaboration, and innovation?<\/div>\n\n            <!-- Content: Themen -->\n            <div class=\"flex gap-1 flex-wrap mt-6 xl:mt-10\">\n                            <\/div>\n        <\/div>\n    <\/div>\n    <!-- Info Container -->\n            <div class=\"mt-6 xl:mt-4 border-t-[1px] xl:border-t-0 border-t-pcfSecondary\">\n                            <div class=\"mt-6 xl:mt-0 xl:mb-6\">\n                    <div class=\"text-pcfSecondary text-reading-caption\">\n                        Host                    <\/div>\n                    <div class=\"mt-2 flex flex-col gap-y-2\">\n                                                    <div>\n                                <a href=\"https:\/\/people-and-culture-festival.berlin\/en\/speakers\/alex-wolf\/\" class=\"text-pcfLink text-reading-body-1-bold\">\n                                    Alex Wolf                                <\/a>\n                            <\/div>\n                                            <\/div>\n                <\/div>\n                                        <div class=\"mt-6 xl:mt-0\">\n                    <div class=\"text-pcfSecondary text-reading-caption\">\n                        Speaker                    <\/div>\n                    <div class=\"mt-2 flex flex-col gap-y-2\">\n                                                    <div class=\"\">\n                                <a href=\"https:\/\/people-and-culture-festival.berlin\/en\/speakers\/luisa-weyrich\/\" class=\"text-pcfLink text-reading-body-1-bold\">\n                                    Luisa Weyrich                                <\/a>\n                                <div class=\"text-pcfPrimary text-reading-body-1\">\n                                    SHITSHOW \u2013 Agentur f\u00fcr psychische Gesundheit GmbH                                <\/div>\n                            <\/div>\n                                                    <div class=\"\">\n                                <a href=\"https:\/\/people-and-culture-festival.berlin\/en\/speakers\/franziska-meyer\/\" class=\"text-pcfLink text-reading-body-1-bold\">\n                                    Franziska Meyer                                <\/a>\n                                <div class=\"text-pcfPrimary text-reading-body-1\">\n                                    PeopleO                                <\/div>\n                            <\/div>\n                                                    <div class=\"\">\n                                <a href=\"https:\/\/people-and-culture-festival.berlin\/en\/speakers\/yasmine-amal\/\" class=\"text-pcfLink text-reading-body-1-bold\">\n                                    Yasmine Amal                                <\/a>\n                                <div class=\"text-pcfPrimary text-reading-body-1\">\n                                    Intersektional transformation                                <\/div>\n                            <\/div>\n                                            <\/div>\n                <\/div>\n                                <\/div>\n    \n<\/div>\n\n\n\n\n\n<div class=\"session flex flex-col xl:grid xl:grid-cols-4 xl:gap-x-10 w-full bg-white px-4 xl:px-6 py-6 border-t-[2px] xl:border-t-[4px] border-t-pcfSecondary mb-10 xl:mb-12\" data-id=\"1278\" data-rubriken=\"zukunft-der-arbeit-ki-en\" data-sprachen=\"ger\" data-sessions=\"keynote-en\" data-themen=\"\" data-orte=\"cinema-2\">\n    <!-- META -->\n\n    <div class=\"xl:col-span-3\">\n        <div class=\"\">\n            <div class=\"xl:hidden\">\n                \n<button class=\"session-button w-7 h-[25px] group relative \" data-session=\"1278\" onClick=\"toggleSessionInLocalStorage(1278)\">\n    <img decoding=\"async\" class=\"default opacity-100 group-hover:opacity-0 transition-all absolute left-0 top-0 w-full h-auto\" src=\"https:\/\/people-and-culture-festival.berlin\/wp-content\/themes\/pcf2025\/assets\/gfx\/icons\/session\/heart-list-default.svg\" alt=\"Session merken\">\n    <img decoding=\"async\" class=\"default opacity-0 group-hover:opacity-100 transition-all absolute left-0 top-0 w-full h-auto\" src=\"https:\/\/people-and-culture-festival.berlin\/wp-content\/themes\/pcf2025\/assets\/gfx\/icons\/session\/heart-list-hover.svg\" alt=\"Session merken\">\n    <img decoding=\"async\" class=\"selected opacity-100 group-hover:opacity-0 transition-all absolute left-0 top-0 w-full h-auto\" src=\"https:\/\/people-and-culture-festival.berlin\/wp-content\/themes\/pcf2025\/assets\/gfx\/icons\/session\/heart-list-active.svg\" alt=\"Session nicht mehr merken\">\n    <img decoding=\"async\" class=\"selected opacity-0 group-hover:opacity-100 transition-all absolute left-0 top-0 w-full h-auto\" src=\"https:\/\/people-and-culture-festival.berlin\/wp-content\/themes\/pcf2025\/assets\/gfx\/icons\/session\/heart-list-active-hover.svg\" alt=\"Session nicht mehr merken\">\n<\/button>            <\/div>\n            <div class=\"flex gap-1 flex-wrap mt-6 xl:mt-0 items-center\">\n                <!-- Meta: Rubrik -->\n                                    <div class=\"bg-rubrikBlau rounded-[24px] px-3 py-2 text-white text-[14px] tracking-[0.28px]\">\n                        Zukunft der Arbeit &amp; KI                    <\/div>\n                                <!-- Meta: Language -->\n                                    <div class=\"uppercase rounded-[24px] px-3 py-2 text-pcfPrimary bg-[rgba(76,26,58,0.09)] text-[14px] tracking-[0.28px]\">\n                        DE                    <\/div>\n                                <!-- Meta: Session -->\n                                    <div class=\"rounded-[24px] px-3 py-2 text-pcfPrimary bg-[rgba(76,26,58,0.09)] text-[14px] tracking-[0.28px]\">\n                        Keynote                    <\/div>\n                \n                <div class=\"hidden xl:flex ms-auto items-center\">\n                    \n<button class=\"session-button w-7 h-[25px] group relative \" data-session=\"1278\" onClick=\"toggleSessionInLocalStorage(1278)\">\n    <img decoding=\"async\" class=\"default opacity-100 group-hover:opacity-0 transition-all absolute left-0 top-0 w-full h-auto\" src=\"https:\/\/people-and-culture-festival.berlin\/wp-content\/themes\/pcf2025\/assets\/gfx\/icons\/session\/heart-list-default.svg\" alt=\"Session merken\">\n    <img decoding=\"async\" class=\"default opacity-0 group-hover:opacity-100 transition-all absolute left-0 top-0 w-full h-auto\" src=\"https:\/\/people-and-culture-festival.berlin\/wp-content\/themes\/pcf2025\/assets\/gfx\/icons\/session\/heart-list-hover.svg\" alt=\"Session merken\">\n    <img decoding=\"async\" class=\"selected opacity-100 group-hover:opacity-0 transition-all absolute left-0 top-0 w-full h-auto\" src=\"https:\/\/people-and-culture-festival.berlin\/wp-content\/themes\/pcf2025\/assets\/gfx\/icons\/session\/heart-list-active.svg\" alt=\"Session nicht mehr merken\">\n    <img decoding=\"async\" class=\"selected opacity-0 group-hover:opacity-100 transition-all absolute left-0 top-0 w-full h-auto\" src=\"https:\/\/people-and-culture-festival.berlin\/wp-content\/themes\/pcf2025\/assets\/gfx\/icons\/session\/heart-list-active-hover.svg\" alt=\"Session nicht mehr merken\">\n<\/button>                <\/div>\n            <\/div>\n            <!-- Meta: Time -->\n            <div class=\"mt-6 text-pcfPrimary text-heading-mobile-h2 xl:text-heading-h3\">\n                14:30 &#8211;\n                15:00            <\/div>\n            <!-- Meta: Location -->\n            <div class=\"mt-2 flex items-center text-reading-body-1 text-pcfSecondary\">\n                <img decoding=\"async\" src=\"https:\/\/people-and-culture-festival.berlin\/wp-content\/themes\/pcf2025\/assets\/gfx\/location.svg\" alt=\"\" class=\"!h-5 !w-auto me-3\">\n                Cinema 2            <\/div>\n        <\/div>\n\n        <div class=\"mt-6 xl:mt-4 border-t-[1px] border-t-pcfSecondary\">\n            <!-- Title -->\n            <div class=\"mt-6 text-heading-mobile-h2 xl:text-heading-h3 text-pcfPrimary break-words\">\n                Rituals for Resilience            <\/div>\n\n\n            <!-- Content -->\n            <div class=\"mt-7 xl:mt-6 lineCollapse text-reading-body-1 whitespace-pre-line\" data-showmore=\"expand\" data-showless=\"collapse\" data-buttonclasses=\"mt-6 lineCollapseButton\">In this relaxed talk, I&#8217;d like to add another form of resilience to the well-known personal-psychological resilience, one that a company can significantly influence: &#8220;team resilience,&#8221; the ability of a group of people to overcome conflicts, withstand external pressure, and build a team from diverse personalities. Teams also need to heal and renew themselves when individuals leave and new members join by building trust and discovering and nurturing new skills.\r\n\r\nAll of these processes require a good &#8220;social structure&#8221; to be successful and to motivate people for their work and their role within the team. In this talk, rituals are the proposed solution. Rituals can help people easily transition from their private role to a professional one. They can also contribute to sharing inspiration and exploring each individual&#8217;s motivation behind their work profile and their role within the team or company. It&#8217;s about attention, courage, vulnerability, and problems that aren&#8217;t actually problems.\r\n\r\nBut what are good rituals? Who initiates them, and what social mechanisms lie behind them? Let&#8217;s talk about them.<\/div>\n\n            <!-- Content: Themen -->\n            <div class=\"flex gap-1 flex-wrap mt-6 xl:mt-10\">\n                            <\/div>\n        <\/div>\n    <\/div>\n    <!-- Info Container -->\n            <div class=\"mt-6 xl:mt-4 border-t-[1px] xl:border-t-0 border-t-pcfSecondary\">\n                                        <div class=\"mt-6 xl:mt-0\">\n                    <div class=\"text-pcfSecondary text-reading-caption\">\n                        Speaker                    <\/div>\n                    <div class=\"mt-2 flex flex-col gap-y-2\">\n                                                    <div class=\"\">\n                                <a href=\"https:\/\/people-and-culture-festival.berlin\/en\/speakers\/julius-hassemer\/\" class=\"text-pcfLink text-reading-body-1-bold\">\n                                    Julius Hassemer                                <\/a>\n                                <div class=\"text-pcfPrimary text-reading-body-1\">\n                                    WeTeK                                <\/div>\n                            <\/div>\n                                            <\/div>\n                <\/div>\n                                <\/div>\n    \n<\/div>\n\n\n\n\n\n<div class=\"session flex flex-col xl:grid xl:grid-cols-4 xl:gap-x-10 w-full bg-white px-4 xl:px-6 py-6 border-t-[2px] xl:border-t-[4px] border-t-pcfSecondary mb-10 xl:mb-12\" data-id=\"1303\" data-rubriken=\"mental-health-wellbeing-en\" data-sprachen=\"ger\" data-sessions=\"workshop-en\" data-themen=\"\" data-orte=\"cinema-6\">\n    <!-- META -->\n\n    <div class=\"xl:col-span-3\">\n        <div class=\"\">\n            <div class=\"xl:hidden\">\n                \n<button class=\"session-button w-7 h-[25px] group relative \" data-session=\"1303\" onClick=\"toggleSessionInLocalStorage(1303)\">\n    <img decoding=\"async\" class=\"default opacity-100 group-hover:opacity-0 transition-all absolute left-0 top-0 w-full h-auto\" src=\"https:\/\/people-and-culture-festival.berlin\/wp-content\/themes\/pcf2025\/assets\/gfx\/icons\/session\/heart-list-default.svg\" alt=\"Session merken\">\n    <img decoding=\"async\" class=\"default opacity-0 group-hover:opacity-100 transition-all absolute left-0 top-0 w-full h-auto\" src=\"https:\/\/people-and-culture-festival.berlin\/wp-content\/themes\/pcf2025\/assets\/gfx\/icons\/session\/heart-list-hover.svg\" alt=\"Session merken\">\n    <img decoding=\"async\" class=\"selected opacity-100 group-hover:opacity-0 transition-all absolute left-0 top-0 w-full h-auto\" src=\"https:\/\/people-and-culture-festival.berlin\/wp-content\/themes\/pcf2025\/assets\/gfx\/icons\/session\/heart-list-active.svg\" alt=\"Session nicht mehr merken\">\n    <img decoding=\"async\" class=\"selected opacity-0 group-hover:opacity-100 transition-all absolute left-0 top-0 w-full h-auto\" src=\"https:\/\/people-and-culture-festival.berlin\/wp-content\/themes\/pcf2025\/assets\/gfx\/icons\/session\/heart-list-active-hover.svg\" alt=\"Session nicht mehr merken\">\n<\/button>            <\/div>\n            <div class=\"flex gap-1 flex-wrap mt-6 xl:mt-0 items-center\">\n                <!-- Meta: Rubrik -->\n                                    <div class=\"bg-rubrikRot rounded-[24px] px-3 py-2 text-white text-[14px] tracking-[0.28px]\">\n                        Mental Health &amp; Wellbeing                    <\/div>\n                                <!-- Meta: Language -->\n                                    <div class=\"uppercase rounded-[24px] px-3 py-2 text-pcfPrimary bg-[rgba(76,26,58,0.09)] text-[14px] tracking-[0.28px]\">\n                        DE                    <\/div>\n                                <!-- Meta: Session -->\n                                    <div class=\"rounded-[24px] px-3 py-2 text-pcfPrimary bg-[rgba(76,26,58,0.09)] text-[14px] tracking-[0.28px]\">\n                        Workshop                    <\/div>\n                \n                <div class=\"hidden xl:flex ms-auto items-center\">\n                    \n<button class=\"session-button w-7 h-[25px] group relative \" data-session=\"1303\" onClick=\"toggleSessionInLocalStorage(1303)\">\n    <img decoding=\"async\" class=\"default opacity-100 group-hover:opacity-0 transition-all absolute left-0 top-0 w-full h-auto\" src=\"https:\/\/people-and-culture-festival.berlin\/wp-content\/themes\/pcf2025\/assets\/gfx\/icons\/session\/heart-list-default.svg\" alt=\"Session merken\">\n    <img decoding=\"async\" class=\"default opacity-0 group-hover:opacity-100 transition-all absolute left-0 top-0 w-full h-auto\" src=\"https:\/\/people-and-culture-festival.berlin\/wp-content\/themes\/pcf2025\/assets\/gfx\/icons\/session\/heart-list-hover.svg\" alt=\"Session merken\">\n    <img decoding=\"async\" class=\"selected opacity-100 group-hover:opacity-0 transition-all absolute left-0 top-0 w-full h-auto\" src=\"https:\/\/people-and-culture-festival.berlin\/wp-content\/themes\/pcf2025\/assets\/gfx\/icons\/session\/heart-list-active.svg\" alt=\"Session nicht mehr merken\">\n    <img decoding=\"async\" class=\"selected opacity-0 group-hover:opacity-100 transition-all absolute left-0 top-0 w-full h-auto\" src=\"https:\/\/people-and-culture-festival.berlin\/wp-content\/themes\/pcf2025\/assets\/gfx\/icons\/session\/heart-list-active-hover.svg\" alt=\"Session nicht mehr merken\">\n<\/button>                <\/div>\n            <\/div>\n            <!-- Meta: Time -->\n            <div class=\"mt-6 text-pcfPrimary text-heading-mobile-h2 xl:text-heading-h3\">\n                14:45 &#8211;\n                15:45            <\/div>\n            <!-- Meta: Location -->\n            <div class=\"mt-2 flex items-center text-reading-body-1 text-pcfSecondary\">\n                <img decoding=\"async\" src=\"https:\/\/people-and-culture-festival.berlin\/wp-content\/themes\/pcf2025\/assets\/gfx\/location.svg\" alt=\"\" class=\"!h-5 !w-auto me-3\">\n                Cinema 6            <\/div>\n        <\/div>\n\n        <div class=\"mt-6 xl:mt-4 border-t-[1px] border-t-pcfSecondary\">\n            <!-- Title -->\n            <div class=\"mt-6 text-heading-mobile-h2 xl:text-heading-h3 text-pcfPrimary break-words\">\n                Transformation frustration?! How we can effectively shape regenerative change with resilience            <\/div>\n\n\n            <!-- Content -->\n            <div class=\"mt-7 xl:mt-6 lineCollapse text-reading-body-1 whitespace-pre-line\" data-showmore=\"expand\" data-showless=\"collapse\" data-buttonclasses=\"mt-6 lineCollapseButton\">Orienting organizations toward regenerative and sustainable change is a central task and responsibility of organizations. But how can change be achieved in the tension between a tomorrow that calls for change and a yesterday that stands in the way of it? While our everyday lives are changing rapidly, we are still stuck in structures, norms, and ways of thinking that are no longer appropriate for many current challenges. The result: increasing exhaustion and frustration.<\/div>\n\n            <!-- Content: Themen -->\n            <div class=\"flex gap-1 flex-wrap mt-6 xl:mt-10\">\n                            <\/div>\n        <\/div>\n    <\/div>\n    <!-- Info Container -->\n            <div class=\"mt-6 xl:mt-4 border-t-[1px] xl:border-t-0 border-t-pcfSecondary\">\n                                        <div class=\"mt-6 xl:mt-0\">\n                    <div class=\"text-pcfSecondary text-reading-caption\">\n                        Speaker                    <\/div>\n                    <div class=\"mt-2 flex flex-col gap-y-2\">\n                                                    <div class=\"\">\n                                <a href=\"https:\/\/people-and-culture-festival.berlin\/en\/speakers\/maik-birnbach-vanessa-seemann\/\" class=\"text-pcfLink text-reading-body-1-bold\">\n                                    Maik Birnbach &#038; Vanessa Seemann                                <\/a>\n                                <div class=\"text-pcfPrimary text-reading-body-1\">\n                                    ourShare                                <\/div>\n                            <\/div>\n                                            <\/div>\n                <\/div>\n                                        <div class=\"mt-6\">\n                        <a class=\"border-2 border-pcfYellow bg-pcfYellow inline-block text-pcfGray rounded-[24px] transition-colors hover-capable:hover:bg-white hover-capable:hover:text-black active:bg-white active:border-white active:text-black px-[18px] py-[6px] text-[16px] tracking-[0.08px]\" href=\"https:\/\/app.guestoo.de\/public\/event\/d3a59544-1ac9-4c7e-8553-cf2b3f3175f1\" target=\"_self\">\n        Sign Up    <\/a>\n                <\/div>\n                    <\/div>\n    \n<\/div>\n\n\n\n\n\n<div class=\"session flex flex-col xl:grid xl:grid-cols-4 xl:gap-x-10 w-full bg-white px-4 xl:px-6 py-6 border-t-[2px] xl:border-t-[4px] border-t-pcfSecondary mb-10 xl:mb-12\" data-id=\"1270\" data-rubriken=\"mental-health-wellbeing-en\" data-sprachen=\"ger\" data-sessions=\"workshop-en\" data-themen=\"\" data-orte=\"cinema-3\">\n    <!-- META -->\n\n    <div class=\"xl:col-span-3\">\n        <div class=\"\">\n            <div class=\"xl:hidden\">\n                \n<button class=\"session-button w-7 h-[25px] group relative \" data-session=\"1270\" onClick=\"toggleSessionInLocalStorage(1270)\">\n    <img decoding=\"async\" class=\"default opacity-100 group-hover:opacity-0 transition-all absolute left-0 top-0 w-full h-auto\" src=\"https:\/\/people-and-culture-festival.berlin\/wp-content\/themes\/pcf2025\/assets\/gfx\/icons\/session\/heart-list-default.svg\" alt=\"Session merken\">\n    <img decoding=\"async\" class=\"default opacity-0 group-hover:opacity-100 transition-all absolute left-0 top-0 w-full h-auto\" src=\"https:\/\/people-and-culture-festival.berlin\/wp-content\/themes\/pcf2025\/assets\/gfx\/icons\/session\/heart-list-hover.svg\" alt=\"Session merken\">\n    <img decoding=\"async\" class=\"selected opacity-100 group-hover:opacity-0 transition-all absolute left-0 top-0 w-full h-auto\" src=\"https:\/\/people-and-culture-festival.berlin\/wp-content\/themes\/pcf2025\/assets\/gfx\/icons\/session\/heart-list-active.svg\" alt=\"Session nicht mehr merken\">\n    <img decoding=\"async\" class=\"selected opacity-0 group-hover:opacity-100 transition-all absolute left-0 top-0 w-full h-auto\" src=\"https:\/\/people-and-culture-festival.berlin\/wp-content\/themes\/pcf2025\/assets\/gfx\/icons\/session\/heart-list-active-hover.svg\" alt=\"Session nicht mehr merken\">\n<\/button>            <\/div>\n            <div class=\"flex gap-1 flex-wrap mt-6 xl:mt-0 items-center\">\n                <!-- Meta: Rubrik -->\n                                    <div class=\"bg-rubrikRot rounded-[24px] px-3 py-2 text-white text-[14px] tracking-[0.28px]\">\n                        Mental Health &amp; Wellbeing                    <\/div>\n                                <!-- Meta: Language -->\n                                    <div class=\"uppercase rounded-[24px] px-3 py-2 text-pcfPrimary bg-[rgba(76,26,58,0.09)] text-[14px] tracking-[0.28px]\">\n                        DE                    <\/div>\n                                <!-- Meta: Session -->\n                                    <div class=\"rounded-[24px] px-3 py-2 text-pcfPrimary bg-[rgba(76,26,58,0.09)] text-[14px] tracking-[0.28px]\">\n                        Workshop                    <\/div>\n                \n                <div class=\"hidden xl:flex ms-auto items-center\">\n                    \n<button class=\"session-button w-7 h-[25px] group relative \" data-session=\"1270\" onClick=\"toggleSessionInLocalStorage(1270)\">\n    <img decoding=\"async\" class=\"default opacity-100 group-hover:opacity-0 transition-all absolute left-0 top-0 w-full h-auto\" src=\"https:\/\/people-and-culture-festival.berlin\/wp-content\/themes\/pcf2025\/assets\/gfx\/icons\/session\/heart-list-default.svg\" alt=\"Session merken\">\n    <img decoding=\"async\" class=\"default opacity-0 group-hover:opacity-100 transition-all absolute left-0 top-0 w-full h-auto\" src=\"https:\/\/people-and-culture-festival.berlin\/wp-content\/themes\/pcf2025\/assets\/gfx\/icons\/session\/heart-list-hover.svg\" alt=\"Session merken\">\n    <img decoding=\"async\" class=\"selected opacity-100 group-hover:opacity-0 transition-all absolute left-0 top-0 w-full h-auto\" src=\"https:\/\/people-and-culture-festival.berlin\/wp-content\/themes\/pcf2025\/assets\/gfx\/icons\/session\/heart-list-active.svg\" alt=\"Session nicht mehr merken\">\n    <img decoding=\"async\" class=\"selected opacity-0 group-hover:opacity-100 transition-all absolute left-0 top-0 w-full h-auto\" src=\"https:\/\/people-and-culture-festival.berlin\/wp-content\/themes\/pcf2025\/assets\/gfx\/icons\/session\/heart-list-active-hover.svg\" alt=\"Session nicht mehr merken\">\n<\/button>                <\/div>\n            <\/div>\n            <!-- Meta: Time -->\n            <div class=\"mt-6 text-pcfPrimary text-heading-mobile-h2 xl:text-heading-h3\">\n                14:45 &#8211;\n                15:45            <\/div>\n            <!-- Meta: Location -->\n            <div class=\"mt-2 flex items-center text-reading-body-1 text-pcfSecondary\">\n                <img decoding=\"async\" src=\"https:\/\/people-and-culture-festival.berlin\/wp-content\/themes\/pcf2025\/assets\/gfx\/location.svg\" alt=\"\" class=\"!h-5 !w-auto me-3\">\n                Cinema 3            <\/div>\n        <\/div>\n\n        <div class=\"mt-6 xl:mt-4 border-t-[1px] border-t-pcfSecondary\">\n            <!-- Title -->\n            <div class=\"mt-6 text-heading-mobile-h2 xl:text-heading-h3 text-pcfPrimary break-words\">\n                Ego-conscious leadership            <\/div>\n\n\n            <!-- Content -->\n            <div class=\"mt-7 xl:mt-6 lineCollapse text-reading-body-1 whitespace-pre-line\" data-showmore=\"expand\" data-showless=\"collapse\" data-buttonclasses=\"mt-6 lineCollapseButton\">&#8220;Ego-conscious leadership creates psychological safety, reduces stress, and promotes resilient, healthy teams.\r\n\r\nLeadership requires a healthy dose of self-confidence\u2014especially during phases of transformation. But as soon as the ego takes over, trust, creativity, and psychological stability crumble. In this interactive session, participants will learn to\r\n\r\nrecognize the subtle psychological mechanisms of ego-driven reactions,\r\nidentify their personal &#8220;ego triggers,&#8221; and\r\nbecome familiar with tried-and-tested principles and tools that positively shape culture and leadership style.\r\n\r\nThrough practical examples, guided self-reflection, live exercises, and peer exchange, you will:\r\nrecognize when the ego often unnoticed destroys trust, creativity, innovation, and psychological stability;\r\nidentify everyday situations in which egos often become loud and develop ego-conscious alternatives;\r\nunderstand the principles of ego-conscious leadership and collaboration; and\r\ntest simple, scientifically based interventions in real life to distinguish between ego reactions and conscious behavior, even in heated moments.\r\n\r\nThe result: You will leave this workshop with concrete tools that you can use the very next day, a clearer view of your own patterns, and inspiration for leadership and collaboration that combine courage and clarity with mental security.<\/div>\n\n            <!-- Content: Themen -->\n            <div class=\"flex gap-1 flex-wrap mt-6 xl:mt-10\">\n                            <\/div>\n        <\/div>\n    <\/div>\n    <!-- Info Container -->\n            <div class=\"mt-6 xl:mt-4 border-t-[1px] xl:border-t-0 border-t-pcfSecondary\">\n                                        <div class=\"mt-6 xl:mt-0\">\n                    <div class=\"text-pcfSecondary text-reading-caption\">\n                        Speaker                    <\/div>\n                    <div class=\"mt-2 flex flex-col gap-y-2\">\n                                                    <div class=\"\">\n                                <a href=\"https:\/\/people-and-culture-festival.berlin\/en\/speakers\/philomena-schweizer\/\" class=\"text-pcfLink text-reading-body-1-bold\">\n                                    Philomena Schweizer                                <\/a>\n                                <div class=\"text-pcfPrimary text-reading-body-1\">\n                                    AETHER Coaching + Consulting                                <\/div>\n                            <\/div>\n                                            <\/div>\n                <\/div>\n                                        <div class=\"mt-6\">\n                        <a class=\"border-2 border-pcfYellow bg-pcfYellow inline-block text-pcfGray rounded-[24px] transition-colors hover-capable:hover:bg-white hover-capable:hover:text-black active:bg-white active:border-white active:text-black px-[18px] py-[6px] text-[16px] tracking-[0.08px]\" href=\"https:\/\/app.guestoo.de\/public\/event\/2d63279e-7b94-4e1d-aa9c-5c344addc838\" target=\"_self\">\n        Sign Up    <\/a>\n                <\/div>\n                    <\/div>\n    \n<\/div>\n\n\n\n\n\n<div class=\"session flex flex-col xl:grid xl:grid-cols-4 xl:gap-x-10 w-full bg-white px-4 xl:px-6 py-6 border-t-[2px] xl:border-t-[4px] border-t-pcfSecondary mb-10 xl:mb-12\" data-id=\"1273\" data-rubriken=\"mental-health-wellbeing-en\" data-sprachen=\"en,ger\" data-sessions=\"workshop-en\" data-themen=\"\" data-orte=\"kino-4-en\">\n    <!-- META -->\n\n    <div class=\"xl:col-span-3\">\n        <div class=\"\">\n            <div class=\"xl:hidden\">\n                \n<button class=\"session-button w-7 h-[25px] group relative \" data-session=\"1273\" onClick=\"toggleSessionInLocalStorage(1273)\">\n    <img decoding=\"async\" class=\"default opacity-100 group-hover:opacity-0 transition-all absolute left-0 top-0 w-full h-auto\" src=\"https:\/\/people-and-culture-festival.berlin\/wp-content\/themes\/pcf2025\/assets\/gfx\/icons\/session\/heart-list-default.svg\" alt=\"Session merken\">\n    <img decoding=\"async\" class=\"default opacity-0 group-hover:opacity-100 transition-all absolute left-0 top-0 w-full h-auto\" src=\"https:\/\/people-and-culture-festival.berlin\/wp-content\/themes\/pcf2025\/assets\/gfx\/icons\/session\/heart-list-hover.svg\" alt=\"Session merken\">\n    <img decoding=\"async\" class=\"selected opacity-100 group-hover:opacity-0 transition-all absolute left-0 top-0 w-full h-auto\" src=\"https:\/\/people-and-culture-festival.berlin\/wp-content\/themes\/pcf2025\/assets\/gfx\/icons\/session\/heart-list-active.svg\" alt=\"Session nicht mehr merken\">\n    <img decoding=\"async\" class=\"selected opacity-0 group-hover:opacity-100 transition-all absolute left-0 top-0 w-full h-auto\" src=\"https:\/\/people-and-culture-festival.berlin\/wp-content\/themes\/pcf2025\/assets\/gfx\/icons\/session\/heart-list-active-hover.svg\" alt=\"Session nicht mehr merken\">\n<\/button>            <\/div>\n            <div class=\"flex gap-1 flex-wrap mt-6 xl:mt-0 items-center\">\n                <!-- Meta: Rubrik -->\n                                    <div class=\"bg-rubrikRot rounded-[24px] px-3 py-2 text-white text-[14px] tracking-[0.28px]\">\n                        Mental Health &amp; Wellbeing                    <\/div>\n                                <!-- Meta: Language -->\n                                    <div class=\"uppercase rounded-[24px] px-3 py-2 text-pcfPrimary bg-[rgba(76,26,58,0.09)] text-[14px] tracking-[0.28px]\">\n                        EN                    <\/div>\n                                <!-- Meta: Session -->\n                                    <div class=\"rounded-[24px] px-3 py-2 text-pcfPrimary bg-[rgba(76,26,58,0.09)] text-[14px] tracking-[0.28px]\">\n                        Workshop                    <\/div>\n                \n                <div class=\"hidden xl:flex ms-auto items-center\">\n                    \n<button class=\"session-button w-7 h-[25px] group relative \" data-session=\"1273\" onClick=\"toggleSessionInLocalStorage(1273)\">\n    <img decoding=\"async\" class=\"default opacity-100 group-hover:opacity-0 transition-all absolute left-0 top-0 w-full h-auto\" src=\"https:\/\/people-and-culture-festival.berlin\/wp-content\/themes\/pcf2025\/assets\/gfx\/icons\/session\/heart-list-default.svg\" alt=\"Session merken\">\n    <img decoding=\"async\" class=\"default opacity-0 group-hover:opacity-100 transition-all absolute left-0 top-0 w-full h-auto\" src=\"https:\/\/people-and-culture-festival.berlin\/wp-content\/themes\/pcf2025\/assets\/gfx\/icons\/session\/heart-list-hover.svg\" alt=\"Session merken\">\n    <img decoding=\"async\" class=\"selected opacity-100 group-hover:opacity-0 transition-all absolute left-0 top-0 w-full h-auto\" src=\"https:\/\/people-and-culture-festival.berlin\/wp-content\/themes\/pcf2025\/assets\/gfx\/icons\/session\/heart-list-active.svg\" alt=\"Session nicht mehr merken\">\n    <img decoding=\"async\" class=\"selected opacity-0 group-hover:opacity-100 transition-all absolute left-0 top-0 w-full h-auto\" src=\"https:\/\/people-and-culture-festival.berlin\/wp-content\/themes\/pcf2025\/assets\/gfx\/icons\/session\/heart-list-active-hover.svg\" alt=\"Session nicht mehr merken\">\n<\/button>                <\/div>\n            <\/div>\n            <!-- Meta: Time -->\n            <div class=\"mt-6 text-pcfPrimary text-heading-mobile-h2 xl:text-heading-h3\">\n                14:45 &#8211;\n                15:45            <\/div>\n            <!-- Meta: Location -->\n            <div class=\"mt-2 flex items-center text-reading-body-1 text-pcfSecondary\">\n                <img decoding=\"async\" src=\"https:\/\/people-and-culture-festival.berlin\/wp-content\/themes\/pcf2025\/assets\/gfx\/location.svg\" alt=\"\" class=\"!h-5 !w-auto me-3\">\n                Kino 4            <\/div>\n        <\/div>\n\n        <div class=\"mt-6 xl:mt-4 border-t-[1px] border-t-pcfSecondary\">\n            <!-- Title -->\n            <div class=\"mt-6 text-heading-mobile-h2 xl:text-heading-h3 text-pcfPrimary break-words\">\n                Wellbeing: Communication and Multilingualism | Communication &#038; Multilingualism            <\/div>\n\n\n            <!-- Content -->\n            <div class=\"mt-7 xl:mt-6 lineCollapse text-reading-body-1 whitespace-pre-line\" data-showmore=\"expand\" data-showless=\"collapse\" data-buttonclasses=\"mt-6 lineCollapseButton\">The focus is on how a better understanding of our linguistic navigation in a multilingual world (socially and professionally) influences our mental and physical health and improves our well-being. This interactive workshop in English and German will include insights and networking components.<\/div>\n\n            <!-- Content: Themen -->\n            <div class=\"flex gap-1 flex-wrap mt-6 xl:mt-10\">\n                            <\/div>\n        <\/div>\n    <\/div>\n    <!-- Info Container -->\n            <div class=\"mt-6 xl:mt-4 border-t-[1px] xl:border-t-0 border-t-pcfSecondary\">\n                                        <div class=\"mt-6 xl:mt-0\">\n                    <div class=\"text-pcfSecondary text-reading-caption\">\n                        Speaker                    <\/div>\n                    <div class=\"mt-2 flex flex-col gap-y-2\">\n                                                    <div class=\"\">\n                                <a href=\"https:\/\/people-and-culture-festival.berlin\/en\/speakers\/margaux-richet\/\" class=\"text-pcfLink text-reading-body-1-bold\">\n                                    Margaux Richet                                <\/a>\n                                <div class=\"text-pcfPrimary text-reading-body-1\">\n                                    Intercultural trainer, language trainer, conference moderator &amp; storyteller                                <\/div>\n                            <\/div>\n                                            <\/div>\n                <\/div>\n                                        <div class=\"mt-6\">\n                        <a class=\"border-2 border-pcfYellow bg-pcfYellow inline-block text-pcfGray rounded-[24px] transition-colors hover-capable:hover:bg-white hover-capable:hover:text-black active:bg-white active:border-white active:text-black px-[18px] py-[6px] text-[16px] tracking-[0.08px]\" href=\"https:\/\/app.guestoo.de\/public\/event\/628bd568-a77d-4212-a58a-fdc4c2c62d2a\" target=\"_self\">\n        Sign Up    <\/a>\n                <\/div>\n                    <\/div>\n    \n<\/div>\n\n\n\n\n\n<div class=\"session flex flex-col xl:grid xl:grid-cols-4 xl:gap-x-10 w-full bg-white px-4 xl:px-6 py-6 border-t-[2px] xl:border-t-[4px] border-t-pcfSecondary mb-10 xl:mb-12\" data-id=\"1659\" data-rubriken=\"zukunft-der-arbeit-ki-en\" data-sprachen=\"en\" data-sessions=\"networking-session-en\" data-themen=\"\" data-orte=\"networking-community-lounge-en\">\n    <!-- META -->\n\n    <div class=\"xl:col-span-3\">\n        <div class=\"\">\n            <div class=\"xl:hidden\">\n                \n<button class=\"session-button w-7 h-[25px] group relative \" data-session=\"1659\" onClick=\"toggleSessionInLocalStorage(1659)\">\n    <img decoding=\"async\" class=\"default opacity-100 group-hover:opacity-0 transition-all absolute left-0 top-0 w-full h-auto\" src=\"https:\/\/people-and-culture-festival.berlin\/wp-content\/themes\/pcf2025\/assets\/gfx\/icons\/session\/heart-list-default.svg\" alt=\"Session merken\">\n    <img decoding=\"async\" class=\"default opacity-0 group-hover:opacity-100 transition-all absolute left-0 top-0 w-full h-auto\" src=\"https:\/\/people-and-culture-festival.berlin\/wp-content\/themes\/pcf2025\/assets\/gfx\/icons\/session\/heart-list-hover.svg\" alt=\"Session merken\">\n    <img decoding=\"async\" class=\"selected opacity-100 group-hover:opacity-0 transition-all absolute left-0 top-0 w-full h-auto\" src=\"https:\/\/people-and-culture-festival.berlin\/wp-content\/themes\/pcf2025\/assets\/gfx\/icons\/session\/heart-list-active.svg\" alt=\"Session nicht mehr merken\">\n    <img decoding=\"async\" class=\"selected opacity-0 group-hover:opacity-100 transition-all absolute left-0 top-0 w-full h-auto\" src=\"https:\/\/people-and-culture-festival.berlin\/wp-content\/themes\/pcf2025\/assets\/gfx\/icons\/session\/heart-list-active-hover.svg\" alt=\"Session nicht mehr merken\">\n<\/button>            <\/div>\n            <div class=\"flex gap-1 flex-wrap mt-6 xl:mt-0 items-center\">\n                <!-- Meta: Rubrik -->\n                                    <div class=\"bg-rubrikBlau rounded-[24px] px-3 py-2 text-white text-[14px] tracking-[0.28px]\">\n                        Zukunft der Arbeit &amp; KI                    <\/div>\n                                <!-- Meta: Language -->\n                                    <div class=\"uppercase rounded-[24px] px-3 py-2 text-pcfPrimary bg-[rgba(76,26,58,0.09)] text-[14px] tracking-[0.28px]\">\n                        EN                    <\/div>\n                                <!-- Meta: Session -->\n                                    <div class=\"rounded-[24px] px-3 py-2 text-pcfPrimary bg-[rgba(76,26,58,0.09)] text-[14px] tracking-[0.28px]\">\n                        Networking Session                    <\/div>\n                \n                <div class=\"hidden xl:flex ms-auto items-center\">\n                    \n<button class=\"session-button w-7 h-[25px] group relative \" data-session=\"1659\" onClick=\"toggleSessionInLocalStorage(1659)\">\n    <img decoding=\"async\" class=\"default opacity-100 group-hover:opacity-0 transition-all absolute left-0 top-0 w-full h-auto\" src=\"https:\/\/people-and-culture-festival.berlin\/wp-content\/themes\/pcf2025\/assets\/gfx\/icons\/session\/heart-list-default.svg\" alt=\"Session merken\">\n    <img decoding=\"async\" class=\"default opacity-0 group-hover:opacity-100 transition-all absolute left-0 top-0 w-full h-auto\" src=\"https:\/\/people-and-culture-festival.berlin\/wp-content\/themes\/pcf2025\/assets\/gfx\/icons\/session\/heart-list-hover.svg\" alt=\"Session merken\">\n    <img decoding=\"async\" class=\"selected opacity-100 group-hover:opacity-0 transition-all absolute left-0 top-0 w-full h-auto\" src=\"https:\/\/people-and-culture-festival.berlin\/wp-content\/themes\/pcf2025\/assets\/gfx\/icons\/session\/heart-list-active.svg\" alt=\"Session nicht mehr merken\">\n    <img decoding=\"async\" class=\"selected opacity-0 group-hover:opacity-100 transition-all absolute left-0 top-0 w-full h-auto\" src=\"https:\/\/people-and-culture-festival.berlin\/wp-content\/themes\/pcf2025\/assets\/gfx\/icons\/session\/heart-list-active-hover.svg\" alt=\"Session nicht mehr merken\">\n<\/button>                <\/div>\n            <\/div>\n            <!-- Meta: Time -->\n            <div class=\"mt-6 text-pcfPrimary text-heading-mobile-h2 xl:text-heading-h3\">\n                15:00 &#8211;\n                15:30            <\/div>\n            <!-- Meta: Location -->\n            <div class=\"mt-2 flex items-center text-reading-body-1 text-pcfSecondary\">\n                <img decoding=\"async\" src=\"https:\/\/people-and-culture-festival.berlin\/wp-content\/themes\/pcf2025\/assets\/gfx\/location.svg\" alt=\"\" class=\"!h-5 !w-auto me-3\">\n                Networking &amp; Community Lounge            <\/div>\n        <\/div>\n\n        <div class=\"mt-6 xl:mt-4 border-t-[1px] border-t-pcfSecondary\">\n            <!-- Title -->\n            <div class=\"mt-6 text-heading-mobile-h2 xl:text-heading-h3 text-pcfPrimary break-words\">\n                The Inner Development Goals as Compass for Career Reflection            <\/div>\n\n\n            <!-- Content -->\n            <div class=\"mt-7 xl:mt-6 lineCollapse text-reading-body-1 whitespace-pre-line\" data-showmore=\"expand\" data-showless=\"collapse\" data-buttonclasses=\"mt-6 lineCollapseButton\">When it comes to careers, we often focus on external milestones \u2014 roles, achievements, opportunities \u2014 while the inner qualities that guide our choices and sustain our impact receive less attention. The Inner Development Goals (IDGs) offer a framework for shifting that perspective. They highlight the skills and capacities we need not only to navigate change, but also to grow in ways that align with our values and aspirations.\r\n\r\nIn this session, participants are invited to pause, connect, and reflect on their own professional journey through the lens of the IDGs. It is a chance to explore how inner growth and outer impact are connected, and to exchange perspectives with others who are asking themselves similar questions. Along the way, we will get to know the IDG framework in a practical, experience-based way \u2014 and perhaps discover new impulses for the next steps in our careers.\r\n\r\nHow will it work exactly:\r\nAfter a short introduction to the IDGs, the five dimensions will be brought to life in the room as \u201cislands\u201d or &#8220;corners&#8221;. Participants are invited to place themselves on the island\/ in the corner that resonates most with their current career situation and share reflections with others who made similar or different choices. Based on a second guiding question (Which dimension would you like to develop more?), participants then will change their place and have another exchange with people close to them. \r\n\r\nThe session blends networking with self-reflection, offering a chance to meet others in an informal yet thoughtful way while getting to know the IDG framework.<\/div>\n\n            <!-- Content: Themen -->\n            <div class=\"flex gap-1 flex-wrap mt-6 xl:mt-10\">\n                            <\/div>\n        <\/div>\n    <\/div>\n    <!-- Info Container -->\n            <div class=\"mt-6 xl:mt-4 border-t-[1px] xl:border-t-0 border-t-pcfSecondary\">\n                                        <div class=\"mt-6 xl:mt-0\">\n                    <div class=\"text-pcfSecondary text-reading-caption\">\n                        Speaker                    <\/div>\n                    <div class=\"mt-2 flex flex-col gap-y-2\">\n                                                    <div class=\"\">\n                                <a href=\"https:\/\/people-and-culture-festival.berlin\/en\/speakers\/nina-spiri\/\" class=\"text-pcfLink text-reading-body-1-bold\">\n                                    Nina Spiri                                <\/a>\n                                <div class=\"text-pcfPrimary text-reading-body-1\">\n                                    Freelance                                <\/div>\n                            <\/div>\n                                            <\/div>\n                <\/div>\n                                <\/div>\n    \n<\/div>\n\n\n\n\n\n<div class=\"session flex flex-col xl:grid xl:grid-cols-4 xl:gap-x-10 w-full bg-white px-4 xl:px-6 py-6 border-t-[2px] xl:border-t-[4px] border-t-pcfSecondary mb-10 xl:mb-12\" data-id=\"1663\" data-rubriken=\"mental-health-wellbeing-en\" data-sprachen=\"ger\" data-sessions=\"crash-course\" data-themen=\"\" data-orte=\"cinema-9\">\n    <!-- META -->\n\n    <div class=\"xl:col-span-3\">\n        <div class=\"\">\n            <div class=\"xl:hidden\">\n                \n<button class=\"session-button w-7 h-[25px] group relative \" data-session=\"1663\" onClick=\"toggleSessionInLocalStorage(1663)\">\n    <img decoding=\"async\" class=\"default opacity-100 group-hover:opacity-0 transition-all absolute left-0 top-0 w-full h-auto\" src=\"https:\/\/people-and-culture-festival.berlin\/wp-content\/themes\/pcf2025\/assets\/gfx\/icons\/session\/heart-list-default.svg\" alt=\"Session merken\">\n    <img decoding=\"async\" class=\"default opacity-0 group-hover:opacity-100 transition-all absolute left-0 top-0 w-full h-auto\" src=\"https:\/\/people-and-culture-festival.berlin\/wp-content\/themes\/pcf2025\/assets\/gfx\/icons\/session\/heart-list-hover.svg\" alt=\"Session merken\">\n    <img decoding=\"async\" class=\"selected opacity-100 group-hover:opacity-0 transition-all absolute left-0 top-0 w-full h-auto\" src=\"https:\/\/people-and-culture-festival.berlin\/wp-content\/themes\/pcf2025\/assets\/gfx\/icons\/session\/heart-list-active.svg\" alt=\"Session nicht mehr merken\">\n    <img decoding=\"async\" class=\"selected opacity-0 group-hover:opacity-100 transition-all absolute left-0 top-0 w-full h-auto\" src=\"https:\/\/people-and-culture-festival.berlin\/wp-content\/themes\/pcf2025\/assets\/gfx\/icons\/session\/heart-list-active-hover.svg\" alt=\"Session nicht mehr merken\">\n<\/button>            <\/div>\n            <div class=\"flex gap-1 flex-wrap mt-6 xl:mt-0 items-center\">\n                <!-- Meta: Rubrik -->\n                                    <div class=\"bg-rubrikRot rounded-[24px] px-3 py-2 text-white text-[14px] tracking-[0.28px]\">\n                        Mental Health &amp; Wellbeing                    <\/div>\n                                <!-- Meta: Language -->\n                                    <div class=\"uppercase rounded-[24px] px-3 py-2 text-pcfPrimary bg-[rgba(76,26,58,0.09)] text-[14px] tracking-[0.28px]\">\n                        DE                    <\/div>\n                                <!-- Meta: Session -->\n                                    <div class=\"rounded-[24px] px-3 py-2 text-pcfPrimary bg-[rgba(76,26,58,0.09)] text-[14px] tracking-[0.28px]\">\n                        Crash course                    <\/div>\n                \n                <div class=\"hidden xl:flex ms-auto items-center\">\n                    \n<button class=\"session-button w-7 h-[25px] group relative \" data-session=\"1663\" onClick=\"toggleSessionInLocalStorage(1663)\">\n    <img decoding=\"async\" class=\"default opacity-100 group-hover:opacity-0 transition-all absolute left-0 top-0 w-full h-auto\" src=\"https:\/\/people-and-culture-festival.berlin\/wp-content\/themes\/pcf2025\/assets\/gfx\/icons\/session\/heart-list-default.svg\" alt=\"Session merken\">\n    <img decoding=\"async\" class=\"default opacity-0 group-hover:opacity-100 transition-all absolute left-0 top-0 w-full h-auto\" src=\"https:\/\/people-and-culture-festival.berlin\/wp-content\/themes\/pcf2025\/assets\/gfx\/icons\/session\/heart-list-hover.svg\" alt=\"Session merken\">\n    <img decoding=\"async\" class=\"selected opacity-100 group-hover:opacity-0 transition-all absolute left-0 top-0 w-full h-auto\" src=\"https:\/\/people-and-culture-festival.berlin\/wp-content\/themes\/pcf2025\/assets\/gfx\/icons\/session\/heart-list-active.svg\" alt=\"Session nicht mehr merken\">\n    <img decoding=\"async\" class=\"selected opacity-0 group-hover:opacity-100 transition-all absolute left-0 top-0 w-full h-auto\" src=\"https:\/\/people-and-culture-festival.berlin\/wp-content\/themes\/pcf2025\/assets\/gfx\/icons\/session\/heart-list-active-hover.svg\" alt=\"Session nicht mehr merken\">\n<\/button>                <\/div>\n            <\/div>\n            <!-- Meta: Time -->\n            <div class=\"mt-6 text-pcfPrimary text-heading-mobile-h2 xl:text-heading-h3\">\n                15:00 &#8211;\n                16:15            <\/div>\n            <!-- Meta: Location -->\n            <div class=\"mt-2 flex items-center text-reading-body-1 text-pcfSecondary\">\n                <img decoding=\"async\" src=\"https:\/\/people-and-culture-festival.berlin\/wp-content\/themes\/pcf2025\/assets\/gfx\/location.svg\" alt=\"\" class=\"!h-5 !w-auto me-3\">\n                Cinema 9            <\/div>\n        <\/div>\n\n        <div class=\"mt-6 xl:mt-4 border-t-[1px] border-t-pcfSecondary\">\n            <!-- Title -->\n            <div class=\"mt-6 text-heading-mobile-h2 xl:text-heading-h3 text-pcfPrimary break-words\">\n                Of course, the new NETT is clear \u2013 setting boundaries, strengthening connections with the veto principle            <\/div>\n\n\n            <!-- Content -->\n            <div class=\"mt-7 xl:mt-6 lineCollapse text-reading-body-1 whitespace-pre-line\" data-showmore=\"expand\" data-showless=\"collapse\" data-buttonclasses=\"mt-6 lineCollapseButton\">Participants learn to boldly and clearly express their boundaries and needs using the veto principle. Especially in a work environment full of diversity and challenges, this strengthens mental health and creates genuine team connection. This boosts self-confidence and makes collaboration easier. In the workshop, everyone works together interactively, tries out the methods themselves, and thus enhances their well-being \u2013 in a relaxed way, with fun and plenty of heart.Since the number of participants is limited, attending this workshop requires registration. \r\n\r\nClick the &#8220;Sign Up&#8221; button to secure your spot in the workshop.<\/div>\n\n            <!-- Content: Themen -->\n            <div class=\"flex gap-1 flex-wrap mt-6 xl:mt-10\">\n                            <\/div>\n        <\/div>\n    <\/div>\n    <!-- Info Container -->\n            <div class=\"mt-6 xl:mt-4 border-t-[1px] xl:border-t-0 border-t-pcfSecondary\">\n                                        <div class=\"mt-6 xl:mt-0\">\n                    <div class=\"text-pcfSecondary text-reading-caption\">\n                        Speaker                    <\/div>\n                    <div class=\"mt-2 flex flex-col gap-y-2\">\n                                                    <div class=\"\">\n                                <a href=\"https:\/\/people-and-culture-festival.berlin\/en\/speakers\/tara-hawk\/\" class=\"text-pcfLink text-reading-body-1-bold\">\n                                    Tara Hawk                                <\/a>\n                                <div class=\"text-pcfPrimary text-reading-body-1\">\n                                    Freelancer                                <\/div>\n                            <\/div>\n                                            <\/div>\n                <\/div>\n                                        <div class=\"mt-6\">\n                        <a class=\"border-2 border-pcfYellow bg-pcfYellow inline-block text-pcfGray rounded-[24px] transition-colors hover-capable:hover:bg-white hover-capable:hover:text-black active:bg-white active:border-white active:text-black px-[18px] py-[6px] text-[16px] tracking-[0.08px]\" href=\"https:\/\/app.guestoo.de\/public\/event\/6c28fa42-95b8-47c6-b043-46aa9f5a83b4\" target=\"_self\">\n        Sign Up    <\/a>\n                <\/div>\n                    <\/div>\n    \n<\/div>\n\n\n\n\n\n<div class=\"session flex flex-col xl:grid xl:grid-cols-4 xl:gap-x-10 w-full bg-white px-4 xl:px-6 py-6 border-t-[2px] xl:border-t-[4px] border-t-pcfSecondary mb-10 xl:mb-12\" data-id=\"1293\" data-rubriken=\"demografischer-wandel-arbeitsgesellschaft-en\" data-sprachen=\"ger\" data-sessions=\"panel-en\" data-themen=\"\" data-orte=\"cinema-10\">\n    <!-- META -->\n\n    <div class=\"xl:col-span-3\">\n        <div class=\"\">\n            <div class=\"xl:hidden\">\n                \n<button class=\"session-button w-7 h-[25px] group relative \" data-session=\"1293\" onClick=\"toggleSessionInLocalStorage(1293)\">\n    <img decoding=\"async\" class=\"default opacity-100 group-hover:opacity-0 transition-all absolute left-0 top-0 w-full h-auto\" src=\"https:\/\/people-and-culture-festival.berlin\/wp-content\/themes\/pcf2025\/assets\/gfx\/icons\/session\/heart-list-default.svg\" alt=\"Session merken\">\n    <img decoding=\"async\" class=\"default opacity-0 group-hover:opacity-100 transition-all absolute left-0 top-0 w-full h-auto\" src=\"https:\/\/people-and-culture-festival.berlin\/wp-content\/themes\/pcf2025\/assets\/gfx\/icons\/session\/heart-list-hover.svg\" alt=\"Session merken\">\n    <img decoding=\"async\" class=\"selected opacity-100 group-hover:opacity-0 transition-all absolute left-0 top-0 w-full h-auto\" src=\"https:\/\/people-and-culture-festival.berlin\/wp-content\/themes\/pcf2025\/assets\/gfx\/icons\/session\/heart-list-active.svg\" alt=\"Session nicht mehr merken\">\n    <img decoding=\"async\" class=\"selected opacity-0 group-hover:opacity-100 transition-all absolute left-0 top-0 w-full h-auto\" src=\"https:\/\/people-and-culture-festival.berlin\/wp-content\/themes\/pcf2025\/assets\/gfx\/icons\/session\/heart-list-active-hover.svg\" alt=\"Session nicht mehr merken\">\n<\/button>            <\/div>\n            <div class=\"flex gap-1 flex-wrap mt-6 xl:mt-0 items-center\">\n                <!-- Meta: Rubrik -->\n                                    <div class=\"bg-rubrikGruen rounded-[24px] px-3 py-2 text-white text-[14px] tracking-[0.28px]\">\n                        Demografischer Wandel &amp; Arbeitsgesellschaft                    <\/div>\n                                <!-- Meta: Language -->\n                                    <div class=\"uppercase rounded-[24px] px-3 py-2 text-pcfPrimary bg-[rgba(76,26,58,0.09)] text-[14px] tracking-[0.28px]\">\n                        DE                    <\/div>\n                                <!-- Meta: Session -->\n                                    <div class=\"rounded-[24px] px-3 py-2 text-pcfPrimary bg-[rgba(76,26,58,0.09)] text-[14px] tracking-[0.28px]\">\n                        Panel                    <\/div>\n                \n                <div class=\"hidden xl:flex ms-auto items-center\">\n                    \n<button class=\"session-button w-7 h-[25px] group relative \" data-session=\"1293\" onClick=\"toggleSessionInLocalStorage(1293)\">\n    <img decoding=\"async\" class=\"default opacity-100 group-hover:opacity-0 transition-all absolute left-0 top-0 w-full h-auto\" src=\"https:\/\/people-and-culture-festival.berlin\/wp-content\/themes\/pcf2025\/assets\/gfx\/icons\/session\/heart-list-default.svg\" alt=\"Session merken\">\n    <img decoding=\"async\" class=\"default opacity-0 group-hover:opacity-100 transition-all absolute left-0 top-0 w-full h-auto\" src=\"https:\/\/people-and-culture-festival.berlin\/wp-content\/themes\/pcf2025\/assets\/gfx\/icons\/session\/heart-list-hover.svg\" alt=\"Session merken\">\n    <img decoding=\"async\" class=\"selected opacity-100 group-hover:opacity-0 transition-all absolute left-0 top-0 w-full h-auto\" src=\"https:\/\/people-and-culture-festival.berlin\/wp-content\/themes\/pcf2025\/assets\/gfx\/icons\/session\/heart-list-active.svg\" alt=\"Session nicht mehr merken\">\n    <img decoding=\"async\" class=\"selected opacity-0 group-hover:opacity-100 transition-all absolute left-0 top-0 w-full h-auto\" src=\"https:\/\/people-and-culture-festival.berlin\/wp-content\/themes\/pcf2025\/assets\/gfx\/icons\/session\/heart-list-active-hover.svg\" alt=\"Session nicht mehr merken\">\n<\/button>                <\/div>\n            <\/div>\n            <!-- Meta: Time -->\n            <div class=\"mt-6 text-pcfPrimary text-heading-mobile-h2 xl:text-heading-h3\">\n                15:15 &#8211;\n                16:00            <\/div>\n            <!-- Meta: Location -->\n            <div class=\"mt-2 flex items-center text-reading-body-1 text-pcfSecondary\">\n                <img decoding=\"async\" src=\"https:\/\/people-and-culture-festival.berlin\/wp-content\/themes\/pcf2025\/assets\/gfx\/location.svg\" alt=\"\" class=\"!h-5 !w-auto me-3\">\n                Cinema 10            <\/div>\n        <\/div>\n\n        <div class=\"mt-6 xl:mt-4 border-t-[1px] border-t-pcfSecondary\">\n            <!-- Title -->\n            <div class=\"mt-6 text-heading-mobile-h2 xl:text-heading-h3 text-pcfPrimary break-words\">\n                Working models of the future: Why co-leadership and a 4-day workweek are more than just trends            <\/div>\n\n\n            <!-- Content -->\n            <div class=\"mt-7 xl:mt-6 lineCollapse text-reading-body-1 whitespace-pre-line\" data-showmore=\"expand\" data-showless=\"collapse\" data-buttonclasses=\"mt-6 lineCollapseButton\">What will the world of work look like tomorrow? In this panel, experts will discuss **co-leadership, job sharing, and the 4-day workweek** \u2013 models that provide answers to demographic change and open up new opportunities for companies, managers, and employees.\r\n\r\nThe focus will be on the question of how new work models can actually work in practice:\r\n\r\nWhat potential lies in flexible working hours and shared leadership? What business hurdles exist in their implementation \u2013 and how can they be overcome? And what is needed for these models to not just be perceived as a trend, but to transform culture, collaboration, and leadership in the long term?\r\n\r\nThe aim of the panel is to shed light on **concrete experiences and approaches** \u2013 from practical challenges and best practices to visionary perspectives for the future of work.<\/div>\n\n            <!-- Content: Themen -->\n            <div class=\"flex gap-1 flex-wrap mt-6 xl:mt-10\">\n                            <\/div>\n        <\/div>\n    <\/div>\n    <!-- Info Container -->\n            <div class=\"mt-6 xl:mt-4 border-t-[1px] xl:border-t-0 border-t-pcfSecondary\">\n                            <div class=\"mt-6 xl:mt-0 xl:mb-6\">\n                    <div class=\"text-pcfSecondary text-reading-caption\">\n                        Host                    <\/div>\n                    <div class=\"mt-2 flex flex-col gap-y-2\">\n                                                    <div>\n                                <a href=\"https:\/\/people-and-culture-festival.berlin\/en\/speakers\/lisa-jikeli\/\" class=\"text-pcfLink text-reading-body-1-bold\">\n                                    Lisa Jikeli                                <\/a>\n                            <\/div>\n                                            <\/div>\n                <\/div>\n                                        <div class=\"mt-6 xl:mt-0\">\n                    <div class=\"text-pcfSecondary text-reading-caption\">\n                        Speaker                    <\/div>\n                    <div class=\"mt-2 flex flex-col gap-y-2\">\n                                                    <div class=\"\">\n                                <a href=\"https:\/\/people-and-culture-festival.berlin\/en\/speakers\/dr-esther-konieczny\/\" class=\"text-pcfLink text-reading-body-1-bold\">\n                                    Dr. Esther Konieczny                                <\/a>\n                                <div class=\"text-pcfPrimary text-reading-body-1\">\n                                    welcome in_between                                <\/div>\n                            <\/div>\n                                                    <div class=\"\">\n                                <a href=\"https:\/\/people-and-culture-festival.berlin\/en\/speakers\/jacomo-fritzsche\/\" class=\"text-pcfLink text-reading-body-1-bold\">\n                                    Jacomo Fritzsche                                <\/a>\n                                <div class=\"text-pcfPrimary text-reading-body-1\">\n                                    Institute for Inclusive Organizational Development                                <\/div>\n                            <\/div>\n                                                    <div class=\"\">\n                                <a href=\"https:\/\/people-and-culture-festival.berlin\/en\/speakers\/svenja-christen\/\" class=\"text-pcfLink text-reading-body-1-bold\">\n                                    Svenja Christen                                <\/a>\n                                <div class=\"text-pcfPrimary text-reading-body-1\">\n                                    franken | christen | PartG.: the jobsharing hub, PairToShare GmbH                                <\/div>\n                            <\/div>\n                                                    <div class=\"\">\n                                <a href=\"https:\/\/people-and-culture-festival.berlin\/en\/speakers\/lena-stossberger\/\" class=\"text-pcfLink text-reading-body-1-bold\">\n                                    Lena Sto\u00dfberger                                <\/a>\n                                <div class=\"text-pcfPrimary text-reading-body-1\">\n                                    Freelance                                <\/div>\n                            <\/div>\n                                            <\/div>\n                <\/div>\n                                <\/div>\n    \n<\/div>\n\n\n\n\n\n<div class=\"session flex flex-col xl:grid xl:grid-cols-4 xl:gap-x-10 w-full bg-white px-4 xl:px-6 py-6 border-t-[2px] xl:border-t-[4px] border-t-pcfSecondary mb-10 xl:mb-12\" data-id=\"1310\" data-rubriken=\"entrepreneurship-neue-berufliche-wege-en\" data-sprachen=\"ger\" data-sessions=\"lightning-talk-en\" data-themen=\"\" data-orte=\"cinema-2\">\n    <!-- META -->\n\n    <div class=\"xl:col-span-3\">\n        <div class=\"\">\n            <div class=\"xl:hidden\">\n                \n<button class=\"session-button w-7 h-[25px] group relative \" data-session=\"1310\" onClick=\"toggleSessionInLocalStorage(1310)\">\n    <img decoding=\"async\" class=\"default opacity-100 group-hover:opacity-0 transition-all absolute left-0 top-0 w-full h-auto\" src=\"https:\/\/people-and-culture-festival.berlin\/wp-content\/themes\/pcf2025\/assets\/gfx\/icons\/session\/heart-list-default.svg\" alt=\"Session merken\">\n    <img decoding=\"async\" class=\"default opacity-0 group-hover:opacity-100 transition-all absolute left-0 top-0 w-full h-auto\" src=\"https:\/\/people-and-culture-festival.berlin\/wp-content\/themes\/pcf2025\/assets\/gfx\/icons\/session\/heart-list-hover.svg\" alt=\"Session merken\">\n    <img decoding=\"async\" class=\"selected opacity-100 group-hover:opacity-0 transition-all absolute left-0 top-0 w-full h-auto\" src=\"https:\/\/people-and-culture-festival.berlin\/wp-content\/themes\/pcf2025\/assets\/gfx\/icons\/session\/heart-list-active.svg\" alt=\"Session nicht mehr merken\">\n    <img decoding=\"async\" class=\"selected opacity-0 group-hover:opacity-100 transition-all absolute left-0 top-0 w-full h-auto\" src=\"https:\/\/people-and-culture-festival.berlin\/wp-content\/themes\/pcf2025\/assets\/gfx\/icons\/session\/heart-list-active-hover.svg\" alt=\"Session nicht mehr merken\">\n<\/button>            <\/div>\n            <div class=\"flex gap-1 flex-wrap mt-6 xl:mt-0 items-center\">\n                <!-- Meta: Rubrik -->\n                                    <div class=\"bg-rubrikLila rounded-[24px] px-3 py-2 text-white text-[14px] tracking-[0.28px]\">\n                        Entrepreneurship &amp; neue berufliche Wege                    <\/div>\n                                <!-- Meta: Language -->\n                                    <div class=\"uppercase rounded-[24px] px-3 py-2 text-pcfPrimary bg-[rgba(76,26,58,0.09)] text-[14px] tracking-[0.28px]\">\n                        DE                    <\/div>\n                                <!-- Meta: Session -->\n                                    <div class=\"rounded-[24px] px-3 py-2 text-pcfPrimary bg-[rgba(76,26,58,0.09)] text-[14px] tracking-[0.28px]\">\n                        Lightning Talk                    <\/div>\n                \n                <div class=\"hidden xl:flex ms-auto items-center\">\n                    \n<button class=\"session-button w-7 h-[25px] group relative \" data-session=\"1310\" onClick=\"toggleSessionInLocalStorage(1310)\">\n    <img decoding=\"async\" class=\"default opacity-100 group-hover:opacity-0 transition-all absolute left-0 top-0 w-full h-auto\" src=\"https:\/\/people-and-culture-festival.berlin\/wp-content\/themes\/pcf2025\/assets\/gfx\/icons\/session\/heart-list-default.svg\" alt=\"Session merken\">\n    <img decoding=\"async\" class=\"default opacity-0 group-hover:opacity-100 transition-all absolute left-0 top-0 w-full h-auto\" src=\"https:\/\/people-and-culture-festival.berlin\/wp-content\/themes\/pcf2025\/assets\/gfx\/icons\/session\/heart-list-hover.svg\" alt=\"Session merken\">\n    <img decoding=\"async\" class=\"selected opacity-100 group-hover:opacity-0 transition-all absolute left-0 top-0 w-full h-auto\" src=\"https:\/\/people-and-culture-festival.berlin\/wp-content\/themes\/pcf2025\/assets\/gfx\/icons\/session\/heart-list-active.svg\" alt=\"Session nicht mehr merken\">\n    <img decoding=\"async\" class=\"selected opacity-0 group-hover:opacity-100 transition-all absolute left-0 top-0 w-full h-auto\" src=\"https:\/\/people-and-culture-festival.berlin\/wp-content\/themes\/pcf2025\/assets\/gfx\/icons\/session\/heart-list-active-hover.svg\" alt=\"Session nicht mehr merken\">\n<\/button>                <\/div>\n            <\/div>\n            <!-- Meta: Time -->\n            <div class=\"mt-6 text-pcfPrimary text-heading-mobile-h2 xl:text-heading-h3\">\n                15:15 &#8211;\n                15:30            <\/div>\n            <!-- Meta: Location -->\n            <div class=\"mt-2 flex items-center text-reading-body-1 text-pcfSecondary\">\n                <img decoding=\"async\" src=\"https:\/\/people-and-culture-festival.berlin\/wp-content\/themes\/pcf2025\/assets\/gfx\/location.svg\" alt=\"\" class=\"!h-5 !w-auto me-3\">\n                Cinema 2            <\/div>\n        <\/div>\n\n        <div class=\"mt-6 xl:mt-4 border-t-[1px] border-t-pcfSecondary\">\n            <!-- Title -->\n            <div class=\"mt-6 text-heading-mobile-h2 xl:text-heading-h3 text-pcfPrimary break-words\">\n                76 \/ 5.000 The TOOL DAY at rbb &#8211; a knowledge festival by colleagues for colleagues            <\/div>\n\n\n            <!-- Content -->\n            <div class=\"mt-7 xl:mt-6 lineCollapse text-reading-body-1 whitespace-pre-line\" data-showmore=\"expand\" data-showless=\"collapse\" data-buttonclasses=\"mt-6 lineCollapseButton\">What are your favorite tools? What tricks save your everyday work? The organizers of &#8220;TOOL DAY&#8221; at Rundfunk Berlin-Brandenburg want to hear from their colleagues. They&#8217;ll then invite them on stage as best-practice experts under the motto &#8220;Just try it out!&#8221; Idea management, AI tools, MS365, editing software, etc. Participants will enjoy a collegial knowledge festival and can pick up countless hacks and shortcuts \u2013 firsthand from experts and users.<\/div>\n\n            <!-- Content: Themen -->\n            <div class=\"flex gap-1 flex-wrap mt-6 xl:mt-10\">\n                            <\/div>\n        <\/div>\n    <\/div>\n    <!-- Info Container -->\n            <div class=\"mt-6 xl:mt-4 border-t-[1px] xl:border-t-0 border-t-pcfSecondary\">\n                                        <div class=\"mt-6 xl:mt-0\">\n                    <div class=\"text-pcfSecondary text-reading-caption\">\n                        Speaker                    <\/div>\n                    <div class=\"mt-2 flex flex-col gap-y-2\">\n                                                    <div class=\"\">\n                                <a href=\"https:\/\/people-and-culture-festival.berlin\/en\/speakers\/tilman-luecke\/\" class=\"text-pcfLink text-reading-body-1-bold\">\n                                    Tilman L\u00fccke                                <\/a>\n                                <div class=\"text-pcfPrimary text-reading-body-1\">\n                                    Rundfunk Berlin Brandenburg rbb                                <\/div>\n                            <\/div>\n                                                    <div class=\"\">\n                                <a href=\"https:\/\/people-and-culture-festival.berlin\/en\/speakers\/ilka-wille\/\" class=\"text-pcfLink text-reading-body-1-bold\">\n                                    Ilka Wille                                <\/a>\n                                <div class=\"text-pcfPrimary text-reading-body-1\">\n                                    rbb &#8211; Rundfunk Berlin Brandenburg                                <\/div>\n                            <\/div>\n                                                    <div class=\"\">\n                                <a href=\"https:\/\/people-and-culture-festival.berlin\/en\/speakers\/clarissa-gebauer\/\" class=\"text-pcfLink text-reading-body-1-bold\">\n                                    Clarissa Gebauer                                <\/a>\n                                <div class=\"text-pcfPrimary text-reading-body-1\">\n                                    rbb &#8211; Rundfunk Berlin Brandenburg                                <\/div>\n                            <\/div>\n                                            <\/div>\n                <\/div>\n                                <\/div>\n    \n<\/div>\n\n\n\n\n\n<div class=\"session flex flex-col xl:grid xl:grid-cols-4 xl:gap-x-10 w-full bg-white px-4 xl:px-6 py-6 border-t-[2px] xl:border-t-[4px] border-t-pcfSecondary mb-10 xl:mb-12\" data-id=\"1288\" data-rubriken=\"demografischer-wandel-arbeitsgesellschaft-en\" data-sprachen=\"ger\" data-sessions=\"lightning-talk-en\" data-themen=\"\" data-orte=\"cinema-7\">\n    <!-- META -->\n\n    <div class=\"xl:col-span-3\">\n        <div class=\"\">\n            <div class=\"xl:hidden\">\n                \n<button class=\"session-button w-7 h-[25px] group relative \" data-session=\"1288\" onClick=\"toggleSessionInLocalStorage(1288)\">\n    <img decoding=\"async\" class=\"default opacity-100 group-hover:opacity-0 transition-all absolute left-0 top-0 w-full h-auto\" src=\"https:\/\/people-and-culture-festival.berlin\/wp-content\/themes\/pcf2025\/assets\/gfx\/icons\/session\/heart-list-default.svg\" alt=\"Session merken\">\n    <img decoding=\"async\" class=\"default opacity-0 group-hover:opacity-100 transition-all absolute left-0 top-0 w-full h-auto\" src=\"https:\/\/people-and-culture-festival.berlin\/wp-content\/themes\/pcf2025\/assets\/gfx\/icons\/session\/heart-list-hover.svg\" alt=\"Session merken\">\n    <img decoding=\"async\" class=\"selected opacity-100 group-hover:opacity-0 transition-all absolute left-0 top-0 w-full h-auto\" src=\"https:\/\/people-and-culture-festival.berlin\/wp-content\/themes\/pcf2025\/assets\/gfx\/icons\/session\/heart-list-active.svg\" alt=\"Session nicht mehr merken\">\n    <img decoding=\"async\" class=\"selected opacity-0 group-hover:opacity-100 transition-all absolute left-0 top-0 w-full h-auto\" src=\"https:\/\/people-and-culture-festival.berlin\/wp-content\/themes\/pcf2025\/assets\/gfx\/icons\/session\/heart-list-active-hover.svg\" alt=\"Session nicht mehr merken\">\n<\/button>            <\/div>\n            <div class=\"flex gap-1 flex-wrap mt-6 xl:mt-0 items-center\">\n                <!-- Meta: Rubrik -->\n                                    <div class=\"bg-rubrikGruen rounded-[24px] px-3 py-2 text-white text-[14px] tracking-[0.28px]\">\n                        Demografischer Wandel &amp; Arbeitsgesellschaft                    <\/div>\n                                <!-- Meta: Language -->\n                                    <div class=\"uppercase rounded-[24px] px-3 py-2 text-pcfPrimary bg-[rgba(76,26,58,0.09)] text-[14px] tracking-[0.28px]\">\n                        DE                    <\/div>\n                                <!-- Meta: Session -->\n                                    <div class=\"rounded-[24px] px-3 py-2 text-pcfPrimary bg-[rgba(76,26,58,0.09)] text-[14px] tracking-[0.28px]\">\n                        Lightning Talk                    <\/div>\n                \n                <div class=\"hidden xl:flex ms-auto items-center\">\n                    \n<button class=\"session-button w-7 h-[25px] group relative \" data-session=\"1288\" onClick=\"toggleSessionInLocalStorage(1288)\">\n    <img decoding=\"async\" class=\"default opacity-100 group-hover:opacity-0 transition-all absolute left-0 top-0 w-full h-auto\" src=\"https:\/\/people-and-culture-festival.berlin\/wp-content\/themes\/pcf2025\/assets\/gfx\/icons\/session\/heart-list-default.svg\" alt=\"Session merken\">\n    <img decoding=\"async\" class=\"default opacity-0 group-hover:opacity-100 transition-all absolute left-0 top-0 w-full h-auto\" src=\"https:\/\/people-and-culture-festival.berlin\/wp-content\/themes\/pcf2025\/assets\/gfx\/icons\/session\/heart-list-hover.svg\" alt=\"Session merken\">\n    <img decoding=\"async\" class=\"selected opacity-100 group-hover:opacity-0 transition-all absolute left-0 top-0 w-full h-auto\" src=\"https:\/\/people-and-culture-festival.berlin\/wp-content\/themes\/pcf2025\/assets\/gfx\/icons\/session\/heart-list-active.svg\" alt=\"Session nicht mehr merken\">\n    <img decoding=\"async\" class=\"selected opacity-0 group-hover:opacity-100 transition-all absolute left-0 top-0 w-full h-auto\" src=\"https:\/\/people-and-culture-festival.berlin\/wp-content\/themes\/pcf2025\/assets\/gfx\/icons\/session\/heart-list-active-hover.svg\" alt=\"Session nicht mehr merken\">\n<\/button>                <\/div>\n            <\/div>\n            <!-- Meta: Time -->\n            <div class=\"mt-6 text-pcfPrimary text-heading-mobile-h2 xl:text-heading-h3\">\n                15:15 &#8211;\n                15:30            <\/div>\n            <!-- Meta: Location -->\n            <div class=\"mt-2 flex items-center text-reading-body-1 text-pcfSecondary\">\n                <img decoding=\"async\" src=\"https:\/\/people-and-culture-festival.berlin\/wp-content\/themes\/pcf2025\/assets\/gfx\/location.svg\" alt=\"\" class=\"!h-5 !w-auto me-3\">\n                Cinema 7            <\/div>\n        <\/div>\n\n        <div class=\"mt-6 xl:mt-4 border-t-[1px] border-t-pcfSecondary\">\n            <!-- Title -->\n            <div class=\"mt-6 text-heading-mobile-h2 xl:text-heading-h3 text-pcfPrimary break-words\">\n                GIF me a Break! How memes can connect generations            <\/div>\n\n\n            <!-- Content -->\n            <div class=\"mt-7 xl:mt-6 lineCollapse text-reading-body-1 whitespace-pre-line\" data-showmore=\"expand\" data-showless=\"collapse\" data-buttonclasses=\"mt-6 lineCollapseButton\">Memes are the common language of the internet. In his lightning talk &#8220;GIF me a Break!&#8221;, Felix Bundschuh demonstrates how they can act as a bridge between generations in the workplace. Instead of deepening divides, memes open up new avenues for humor, a shift in perspective, and understanding. The talk illustrates why even simple images can spark conversations where words often fail.<\/div>\n\n            <!-- Content: Themen -->\n            <div class=\"flex gap-1 flex-wrap mt-6 xl:mt-10\">\n                            <\/div>\n        <\/div>\n    <\/div>\n    <!-- Info Container -->\n            <div class=\"mt-6 xl:mt-4 border-t-[1px] xl:border-t-0 border-t-pcfSecondary\">\n                                        <div class=\"mt-6 xl:mt-0\">\n                    <div class=\"text-pcfSecondary text-reading-caption\">\n                        Speaker                    <\/div>\n                    <div class=\"mt-2 flex flex-col gap-y-2\">\n                                                    <div class=\"\">\n                                <a href=\"https:\/\/people-and-culture-festival.berlin\/en\/speakers\/felix-bundschuh\/\" class=\"text-pcfLink text-reading-body-1-bold\">\n                                    Felix Bundschuh                                <\/a>\n                                <div class=\"text-pcfPrimary text-reading-body-1\">\n                                    BetweenGen                                <\/div>\n                            <\/div>\n                                            <\/div>\n                <\/div>\n                                <\/div>\n    \n<\/div>\n\n\n\n\n\n<div class=\"session flex flex-col xl:grid xl:grid-cols-4 xl:gap-x-10 w-full bg-white px-4 xl:px-6 py-6 border-t-[2px] xl:border-t-[4px] border-t-pcfSecondary mb-10 xl:mb-12\" data-id=\"1283\" data-rubriken=\"mental-health-wellbeing-en\" data-sprachen=\"ger\" data-sessions=\"lightning-talk-en\" data-themen=\"\" data-orte=\"cinema-7\">\n    <!-- META -->\n\n    <div class=\"xl:col-span-3\">\n        <div class=\"\">\n            <div class=\"xl:hidden\">\n                \n<button class=\"session-button w-7 h-[25px] group relative \" data-session=\"1283\" onClick=\"toggleSessionInLocalStorage(1283)\">\n    <img decoding=\"async\" class=\"default opacity-100 group-hover:opacity-0 transition-all absolute left-0 top-0 w-full h-auto\" src=\"https:\/\/people-and-culture-festival.berlin\/wp-content\/themes\/pcf2025\/assets\/gfx\/icons\/session\/heart-list-default.svg\" alt=\"Session merken\">\n    <img decoding=\"async\" class=\"default opacity-0 group-hover:opacity-100 transition-all absolute left-0 top-0 w-full h-auto\" src=\"https:\/\/people-and-culture-festival.berlin\/wp-content\/themes\/pcf2025\/assets\/gfx\/icons\/session\/heart-list-hover.svg\" alt=\"Session merken\">\n    <img decoding=\"async\" class=\"selected opacity-100 group-hover:opacity-0 transition-all absolute left-0 top-0 w-full h-auto\" src=\"https:\/\/people-and-culture-festival.berlin\/wp-content\/themes\/pcf2025\/assets\/gfx\/icons\/session\/heart-list-active.svg\" alt=\"Session nicht mehr merken\">\n    <img decoding=\"async\" class=\"selected opacity-0 group-hover:opacity-100 transition-all absolute left-0 top-0 w-full h-auto\" src=\"https:\/\/people-and-culture-festival.berlin\/wp-content\/themes\/pcf2025\/assets\/gfx\/icons\/session\/heart-list-active-hover.svg\" alt=\"Session nicht mehr merken\">\n<\/button>            <\/div>\n            <div class=\"flex gap-1 flex-wrap mt-6 xl:mt-0 items-center\">\n                <!-- Meta: Rubrik -->\n                                    <div class=\"bg-rubrikRot rounded-[24px] px-3 py-2 text-white text-[14px] tracking-[0.28px]\">\n                        Mental Health &amp; Wellbeing                    <\/div>\n                                <!-- Meta: Language -->\n                                    <div class=\"uppercase rounded-[24px] px-3 py-2 text-pcfPrimary bg-[rgba(76,26,58,0.09)] text-[14px] tracking-[0.28px]\">\n                        DE                    <\/div>\n                                <!-- Meta: Session -->\n                                    <div class=\"rounded-[24px] px-3 py-2 text-pcfPrimary bg-[rgba(76,26,58,0.09)] text-[14px] tracking-[0.28px]\">\n                        Lightning Talk                    <\/div>\n                \n                <div class=\"hidden xl:flex ms-auto items-center\">\n                    \n<button class=\"session-button w-7 h-[25px] group relative \" data-session=\"1283\" onClick=\"toggleSessionInLocalStorage(1283)\">\n    <img decoding=\"async\" class=\"default opacity-100 group-hover:opacity-0 transition-all absolute left-0 top-0 w-full h-auto\" src=\"https:\/\/people-and-culture-festival.berlin\/wp-content\/themes\/pcf2025\/assets\/gfx\/icons\/session\/heart-list-default.svg\" alt=\"Session merken\">\n    <img decoding=\"async\" class=\"default opacity-0 group-hover:opacity-100 transition-all absolute left-0 top-0 w-full h-auto\" src=\"https:\/\/people-and-culture-festival.berlin\/wp-content\/themes\/pcf2025\/assets\/gfx\/icons\/session\/heart-list-hover.svg\" alt=\"Session merken\">\n    <img decoding=\"async\" class=\"selected opacity-100 group-hover:opacity-0 transition-all absolute left-0 top-0 w-full h-auto\" src=\"https:\/\/people-and-culture-festival.berlin\/wp-content\/themes\/pcf2025\/assets\/gfx\/icons\/session\/heart-list-active.svg\" alt=\"Session nicht mehr merken\">\n    <img decoding=\"async\" class=\"selected opacity-0 group-hover:opacity-100 transition-all absolute left-0 top-0 w-full h-auto\" src=\"https:\/\/people-and-culture-festival.berlin\/wp-content\/themes\/pcf2025\/assets\/gfx\/icons\/session\/heart-list-active-hover.svg\" alt=\"Session nicht mehr merken\">\n<\/button>                <\/div>\n            <\/div>\n            <!-- Meta: Time -->\n            <div class=\"mt-6 text-pcfPrimary text-heading-mobile-h2 xl:text-heading-h3\">\n                15:30 &#8211;\n                15:45            <\/div>\n            <!-- Meta: Location -->\n            <div class=\"mt-2 flex items-center text-reading-body-1 text-pcfSecondary\">\n                <img decoding=\"async\" src=\"https:\/\/people-and-culture-festival.berlin\/wp-content\/themes\/pcf2025\/assets\/gfx\/location.svg\" alt=\"\" class=\"!h-5 !w-auto me-3\">\n                Cinema 7            <\/div>\n        <\/div>\n\n        <div class=\"mt-6 xl:mt-4 border-t-[1px] border-t-pcfSecondary\">\n            <!-- Title -->\n            <div class=\"mt-6 text-heading-mobile-h2 xl:text-heading-h3 text-pcfPrimary break-words\">\n                Resilience needs structures \u2013 why lunch culture should be part of every HR strategy            <\/div>\n\n\n            <!-- Content -->\n            <div class=\"mt-7 xl:mt-6 lineCollapse text-reading-body-1 whitespace-pre-line\" data-showmore=\"expand\" data-showless=\"collapse\" data-buttonclasses=\"mt-6 lineCollapseButton\">In her talk, Laura demonstrates why resilience isn&#8217;t created solely by mindset, but by structures that HR can actively shape. She highlights how lunch culture is an underestimated lever for performance, mental health, and employee retention. Using practical examples from five years of HR dialogue, she inspires new perspectives on resilience in everyday work.<\/div>\n\n            <!-- Content: Themen -->\n            <div class=\"flex gap-1 flex-wrap mt-6 xl:mt-10\">\n                            <\/div>\n        <\/div>\n    <\/div>\n    <!-- Info Container -->\n            <div class=\"mt-6 xl:mt-4 border-t-[1px] xl:border-t-0 border-t-pcfSecondary\">\n                                        <div class=\"mt-6 xl:mt-0\">\n                    <div class=\"text-pcfSecondary text-reading-caption\">\n                        Speaker                    <\/div>\n                    <div class=\"mt-2 flex flex-col gap-y-2\">\n                                                    <div class=\"\">\n                                <a href=\"https:\/\/people-and-culture-festival.berlin\/en\/speakers\/laura-maria-a-brassard\/\" class=\"text-pcfLink text-reading-body-1-bold\">\n                                    Laura-Maria \u00e0 Brassard                                <\/a>\n                                <div class=\"text-pcfPrimary text-reading-body-1\">\n                                    MARKTKOST Lunch as a Service GmbH                                <\/div>\n                            <\/div>\n                                            <\/div>\n                <\/div>\n                                <\/div>\n    \n<\/div>\n\n\n\n\n\n<div class=\"session flex flex-col xl:grid xl:grid-cols-4 xl:gap-x-10 w-full bg-white px-4 xl:px-6 py-6 border-t-[2px] xl:border-t-[4px] border-t-pcfSecondary mb-10 xl:mb-12\" data-id=\"1277\" data-rubriken=\"mental-health-wellbeing-en\" data-sprachen=\"ger\" data-sessions=\"lightning-talk-en\" data-themen=\"\" data-orte=\"cinema-2\">\n    <!-- META -->\n\n    <div class=\"xl:col-span-3\">\n        <div class=\"\">\n            <div class=\"xl:hidden\">\n                \n<button class=\"session-button w-7 h-[25px] group relative \" data-session=\"1277\" onClick=\"toggleSessionInLocalStorage(1277)\">\n    <img decoding=\"async\" class=\"default opacity-100 group-hover:opacity-0 transition-all absolute left-0 top-0 w-full h-auto\" src=\"https:\/\/people-and-culture-festival.berlin\/wp-content\/themes\/pcf2025\/assets\/gfx\/icons\/session\/heart-list-default.svg\" alt=\"Session merken\">\n    <img decoding=\"async\" class=\"default opacity-0 group-hover:opacity-100 transition-all absolute left-0 top-0 w-full h-auto\" src=\"https:\/\/people-and-culture-festival.berlin\/wp-content\/themes\/pcf2025\/assets\/gfx\/icons\/session\/heart-list-hover.svg\" alt=\"Session merken\">\n    <img decoding=\"async\" class=\"selected opacity-100 group-hover:opacity-0 transition-all absolute left-0 top-0 w-full h-auto\" src=\"https:\/\/people-and-culture-festival.berlin\/wp-content\/themes\/pcf2025\/assets\/gfx\/icons\/session\/heart-list-active.svg\" alt=\"Session nicht mehr merken\">\n    <img decoding=\"async\" class=\"selected opacity-0 group-hover:opacity-100 transition-all absolute left-0 top-0 w-full h-auto\" src=\"https:\/\/people-and-culture-festival.berlin\/wp-content\/themes\/pcf2025\/assets\/gfx\/icons\/session\/heart-list-active-hover.svg\" alt=\"Session nicht mehr merken\">\n<\/button>            <\/div>\n            <div class=\"flex gap-1 flex-wrap mt-6 xl:mt-0 items-center\">\n                <!-- Meta: Rubrik -->\n                                    <div class=\"bg-rubrikRot rounded-[24px] px-3 py-2 text-white text-[14px] tracking-[0.28px]\">\n                        Mental Health &amp; Wellbeing                    <\/div>\n                                <!-- Meta: Language -->\n                                    <div class=\"uppercase rounded-[24px] px-3 py-2 text-pcfPrimary bg-[rgba(76,26,58,0.09)] text-[14px] tracking-[0.28px]\">\n                        DE                    <\/div>\n                                <!-- Meta: Session -->\n                                    <div class=\"rounded-[24px] px-3 py-2 text-pcfPrimary bg-[rgba(76,26,58,0.09)] text-[14px] tracking-[0.28px]\">\n                        Lightning Talk                    <\/div>\n                \n                <div class=\"hidden xl:flex ms-auto items-center\">\n                    \n<button class=\"session-button w-7 h-[25px] group relative \" data-session=\"1277\" onClick=\"toggleSessionInLocalStorage(1277)\">\n    <img decoding=\"async\" class=\"default opacity-100 group-hover:opacity-0 transition-all absolute left-0 top-0 w-full h-auto\" src=\"https:\/\/people-and-culture-festival.berlin\/wp-content\/themes\/pcf2025\/assets\/gfx\/icons\/session\/heart-list-default.svg\" alt=\"Session merken\">\n    <img decoding=\"async\" class=\"default opacity-0 group-hover:opacity-100 transition-all absolute left-0 top-0 w-full h-auto\" src=\"https:\/\/people-and-culture-festival.berlin\/wp-content\/themes\/pcf2025\/assets\/gfx\/icons\/session\/heart-list-hover.svg\" alt=\"Session merken\">\n    <img decoding=\"async\" class=\"selected opacity-100 group-hover:opacity-0 transition-all absolute left-0 top-0 w-full h-auto\" src=\"https:\/\/people-and-culture-festival.berlin\/wp-content\/themes\/pcf2025\/assets\/gfx\/icons\/session\/heart-list-active.svg\" alt=\"Session nicht mehr merken\">\n    <img decoding=\"async\" class=\"selected opacity-0 group-hover:opacity-100 transition-all absolute left-0 top-0 w-full h-auto\" src=\"https:\/\/people-and-culture-festival.berlin\/wp-content\/themes\/pcf2025\/assets\/gfx\/icons\/session\/heart-list-active-hover.svg\" alt=\"Session nicht mehr merken\">\n<\/button>                <\/div>\n            <\/div>\n            <!-- Meta: Time -->\n            <div class=\"mt-6 text-pcfPrimary text-heading-mobile-h2 xl:text-heading-h3\">\n                15:30 &#8211;\n                15:45            <\/div>\n            <!-- Meta: Location -->\n            <div class=\"mt-2 flex items-center text-reading-body-1 text-pcfSecondary\">\n                <img decoding=\"async\" src=\"https:\/\/people-and-culture-festival.berlin\/wp-content\/themes\/pcf2025\/assets\/gfx\/location.svg\" alt=\"\" class=\"!h-5 !w-auto me-3\">\n                Cinema 2            <\/div>\n        <\/div>\n\n        <div class=\"mt-6 xl:mt-4 border-t-[1px] border-t-pcfSecondary\">\n            <!-- Title -->\n            <div class=\"mt-6 text-heading-mobile-h2 xl:text-heading-h3 text-pcfPrimary break-words\">\n                Anchoring resilient development opportunities in organizations            <\/div>\n\n\n            <!-- Content -->\n            <div class=\"mt-7 xl:mt-6 lineCollapse text-reading-body-1 whitespace-pre-line\" data-showmore=\"expand\" data-showless=\"collapse\" data-buttonclasses=\"mt-6 lineCollapseButton\">Individual development in organizations can be resilient in two ways: 1) People are empowered to deal with dynamic change processes and strengthen their resilience to crises and stress. 2) Human resource development is designed to be sustainable even under changing conditions. Especially in difficult times, development budgets are often the first to be discussed.\r\n\r\nIn my article, I show how organizations can create guardrails for development that enable individual learning paths independent of short-term budgets. A practical example illustrates how resilient development emerges when responsibility for further development is more firmly anchored in employees and organizational structures.<\/div>\n\n            <!-- Content: Themen -->\n            <div class=\"flex gap-1 flex-wrap mt-6 xl:mt-10\">\n                            <\/div>\n        <\/div>\n    <\/div>\n    <!-- Info Container -->\n            <div class=\"mt-6 xl:mt-4 border-t-[1px] xl:border-t-0 border-t-pcfSecondary\">\n                                        <div class=\"mt-6 xl:mt-0\">\n                    <div class=\"text-pcfSecondary text-reading-caption\">\n                        Speaker                    <\/div>\n                    <div class=\"mt-2 flex flex-col gap-y-2\">\n                                                    <div class=\"\">\n                                <a href=\"https:\/\/people-and-culture-festival.berlin\/en\/speakers\/dr-johannes-fertmann\/\" class=\"text-pcfLink text-reading-body-1-bold\">\n                                    Dr. Johannes Fertmann                                <\/a>\n                                <div class=\"text-pcfPrimary text-reading-body-1\">\n                                    mglw. GmbH                                <\/div>\n                            <\/div>\n                                            <\/div>\n                <\/div>\n                                <\/div>\n    \n<\/div>\n\n\n\n\n\n<div class=\"session flex flex-col xl:grid xl:grid-cols-4 xl:gap-x-10 w-full bg-white px-4 xl:px-6 py-6 border-t-[2px] xl:border-t-[4px] border-t-pcfSecondary mb-10 xl:mb-12\" data-id=\"1308\" data-rubriken=\"mental-health-wellbeing-en\" data-sprachen=\"ger\" data-sessions=\"lightning-talk-en\" data-themen=\"\" data-orte=\"cinema-2\">\n    <!-- META -->\n\n    <div class=\"xl:col-span-3\">\n        <div class=\"\">\n            <div class=\"xl:hidden\">\n                \n<button class=\"session-button w-7 h-[25px] group relative \" data-session=\"1308\" onClick=\"toggleSessionInLocalStorage(1308)\">\n    <img decoding=\"async\" class=\"default opacity-100 group-hover:opacity-0 transition-all absolute left-0 top-0 w-full h-auto\" src=\"https:\/\/people-and-culture-festival.berlin\/wp-content\/themes\/pcf2025\/assets\/gfx\/icons\/session\/heart-list-default.svg\" alt=\"Session merken\">\n    <img decoding=\"async\" class=\"default opacity-0 group-hover:opacity-100 transition-all absolute left-0 top-0 w-full h-auto\" src=\"https:\/\/people-and-culture-festival.berlin\/wp-content\/themes\/pcf2025\/assets\/gfx\/icons\/session\/heart-list-hover.svg\" alt=\"Session merken\">\n    <img decoding=\"async\" class=\"selected opacity-100 group-hover:opacity-0 transition-all absolute left-0 top-0 w-full h-auto\" src=\"https:\/\/people-and-culture-festival.berlin\/wp-content\/themes\/pcf2025\/assets\/gfx\/icons\/session\/heart-list-active.svg\" alt=\"Session nicht mehr merken\">\n    <img decoding=\"async\" class=\"selected opacity-0 group-hover:opacity-100 transition-all absolute left-0 top-0 w-full h-auto\" src=\"https:\/\/people-and-culture-festival.berlin\/wp-content\/themes\/pcf2025\/assets\/gfx\/icons\/session\/heart-list-active-hover.svg\" alt=\"Session nicht mehr merken\">\n<\/button>            <\/div>\n            <div class=\"flex gap-1 flex-wrap mt-6 xl:mt-0 items-center\">\n                <!-- Meta: Rubrik -->\n                                    <div class=\"bg-rubrikRot rounded-[24px] px-3 py-2 text-white text-[14px] tracking-[0.28px]\">\n                        Mental Health &amp; Wellbeing                    <\/div>\n                                <!-- Meta: Language -->\n                                    <div class=\"uppercase rounded-[24px] px-3 py-2 text-pcfPrimary bg-[rgba(76,26,58,0.09)] text-[14px] tracking-[0.28px]\">\n                        DE                    <\/div>\n                                <!-- Meta: Session -->\n                                    <div class=\"rounded-[24px] px-3 py-2 text-pcfPrimary bg-[rgba(76,26,58,0.09)] text-[14px] tracking-[0.28px]\">\n                        Lightning Talk                    <\/div>\n                \n                <div class=\"hidden xl:flex ms-auto items-center\">\n                    \n<button class=\"session-button w-7 h-[25px] group relative \" data-session=\"1308\" onClick=\"toggleSessionInLocalStorage(1308)\">\n    <img decoding=\"async\" class=\"default opacity-100 group-hover:opacity-0 transition-all absolute left-0 top-0 w-full h-auto\" src=\"https:\/\/people-and-culture-festival.berlin\/wp-content\/themes\/pcf2025\/assets\/gfx\/icons\/session\/heart-list-default.svg\" alt=\"Session merken\">\n    <img decoding=\"async\" class=\"default opacity-0 group-hover:opacity-100 transition-all absolute left-0 top-0 w-full h-auto\" src=\"https:\/\/people-and-culture-festival.berlin\/wp-content\/themes\/pcf2025\/assets\/gfx\/icons\/session\/heart-list-hover.svg\" alt=\"Session merken\">\n    <img decoding=\"async\" class=\"selected opacity-100 group-hover:opacity-0 transition-all absolute left-0 top-0 w-full h-auto\" src=\"https:\/\/people-and-culture-festival.berlin\/wp-content\/themes\/pcf2025\/assets\/gfx\/icons\/session\/heart-list-active.svg\" alt=\"Session nicht mehr merken\">\n    <img decoding=\"async\" class=\"selected opacity-0 group-hover:opacity-100 transition-all absolute left-0 top-0 w-full h-auto\" src=\"https:\/\/people-and-culture-festival.berlin\/wp-content\/themes\/pcf2025\/assets\/gfx\/icons\/session\/heart-list-active-hover.svg\" alt=\"Session nicht mehr merken\">\n<\/button>                <\/div>\n            <\/div>\n            <!-- Meta: Time -->\n            <div class=\"mt-6 text-pcfPrimary text-heading-mobile-h2 xl:text-heading-h3\">\n                15:45 &#8211;\n                16:00            <\/div>\n            <!-- Meta: Location -->\n            <div class=\"mt-2 flex items-center text-reading-body-1 text-pcfSecondary\">\n                <img decoding=\"async\" src=\"https:\/\/people-and-culture-festival.berlin\/wp-content\/themes\/pcf2025\/assets\/gfx\/location.svg\" alt=\"\" class=\"!h-5 !w-auto me-3\">\n                Cinema 2            <\/div>\n        <\/div>\n\n        <div class=\"mt-6 xl:mt-4 border-t-[1px] border-t-pcfSecondary\">\n            <!-- Title -->\n            <div class=\"mt-6 text-heading-mobile-h2 xl:text-heading-h3 text-pcfPrimary break-words\">\n                How important real encounters are in times of remote work            <\/div>\n\n\n            <!-- Content -->\n            <div class=\"mt-7 xl:mt-6 lineCollapse text-reading-body-1 whitespace-pre-line\" data-showmore=\"expand\" data-showless=\"collapse\" data-buttonclasses=\"mt-6 lineCollapseButton\">Remote work brings flexibility, but often also distance. This article explores why real, physical encounters are more important today than ever: for trust, mental health, and shared alignment within the team. How do we create spaces where people can truly connect, beyond Zoom and to-do lists?<\/div>\n\n            <!-- Content: Themen -->\n            <div class=\"flex gap-1 flex-wrap mt-6 xl:mt-10\">\n                            <\/div>\n        <\/div>\n    <\/div>\n    <!-- Info Container -->\n            <div class=\"mt-6 xl:mt-4 border-t-[1px] xl:border-t-0 border-t-pcfSecondary\">\n                                        <div class=\"mt-6 xl:mt-0\">\n                    <div class=\"text-pcfSecondary text-reading-caption\">\n                        Speaker                    <\/div>\n                    <div class=\"mt-2 flex flex-col gap-y-2\">\n                                                    <div class=\"\">\n                                <a href=\"https:\/\/people-and-culture-festival.berlin\/en\/speakers\/nino-tsavalos\/\" class=\"text-pcfLink text-reading-body-1-bold\">\n                                    Nino Tsavalos                                <\/a>\n                                <div class=\"text-pcfPrimary text-reading-body-1\">\n                                    Offside GmbH                                <\/div>\n                            <\/div>\n                                            <\/div>\n                <\/div>\n                                <\/div>\n    \n<\/div>\n\n\n\n\n\n<div class=\"session flex flex-col xl:grid xl:grid-cols-4 xl:gap-x-10 w-full bg-white px-4 xl:px-6 py-6 border-t-[2px] xl:border-t-[4px] border-t-pcfSecondary mb-10 xl:mb-12\" data-id=\"1672\" data-rubriken=\"entrepreneurship-neue-berufliche-wege-en\" data-sprachen=\"ger\" data-sessions=\"panel-en\" data-themen=\"\" data-orte=\"cinema-7\">\n    <!-- META -->\n\n    <div class=\"xl:col-span-3\">\n        <div class=\"\">\n            <div class=\"xl:hidden\">\n                \n<button class=\"session-button w-7 h-[25px] group relative \" data-session=\"1672\" onClick=\"toggleSessionInLocalStorage(1672)\">\n    <img decoding=\"async\" class=\"default opacity-100 group-hover:opacity-0 transition-all absolute left-0 top-0 w-full h-auto\" src=\"https:\/\/people-and-culture-festival.berlin\/wp-content\/themes\/pcf2025\/assets\/gfx\/icons\/session\/heart-list-default.svg\" alt=\"Session merken\">\n    <img decoding=\"async\" class=\"default opacity-0 group-hover:opacity-100 transition-all absolute left-0 top-0 w-full h-auto\" src=\"https:\/\/people-and-culture-festival.berlin\/wp-content\/themes\/pcf2025\/assets\/gfx\/icons\/session\/heart-list-hover.svg\" alt=\"Session merken\">\n    <img decoding=\"async\" class=\"selected opacity-100 group-hover:opacity-0 transition-all absolute left-0 top-0 w-full h-auto\" src=\"https:\/\/people-and-culture-festival.berlin\/wp-content\/themes\/pcf2025\/assets\/gfx\/icons\/session\/heart-list-active.svg\" alt=\"Session nicht mehr merken\">\n    <img decoding=\"async\" class=\"selected opacity-0 group-hover:opacity-100 transition-all absolute left-0 top-0 w-full h-auto\" src=\"https:\/\/people-and-culture-festival.berlin\/wp-content\/themes\/pcf2025\/assets\/gfx\/icons\/session\/heart-list-active-hover.svg\" alt=\"Session nicht mehr merken\">\n<\/button>            <\/div>\n            <div class=\"flex gap-1 flex-wrap mt-6 xl:mt-0 items-center\">\n                <!-- Meta: Rubrik -->\n                                    <div class=\"bg-rubrikLila rounded-[24px] px-3 py-2 text-white text-[14px] tracking-[0.28px]\">\n                        Entrepreneurship &amp; neue berufliche Wege                    <\/div>\n                                <!-- Meta: Language -->\n                                    <div class=\"uppercase rounded-[24px] px-3 py-2 text-pcfPrimary bg-[rgba(76,26,58,0.09)] text-[14px] tracking-[0.28px]\">\n                        DE                    <\/div>\n                                <!-- Meta: Session -->\n                                    <div class=\"rounded-[24px] px-3 py-2 text-pcfPrimary bg-[rgba(76,26,58,0.09)] text-[14px] tracking-[0.28px]\">\n                        Panel                    <\/div>\n                \n                <div class=\"hidden xl:flex ms-auto items-center\">\n                    \n<button class=\"session-button w-7 h-[25px] group relative \" data-session=\"1672\" onClick=\"toggleSessionInLocalStorage(1672)\">\n    <img decoding=\"async\" class=\"default opacity-100 group-hover:opacity-0 transition-all absolute left-0 top-0 w-full h-auto\" src=\"https:\/\/people-and-culture-festival.berlin\/wp-content\/themes\/pcf2025\/assets\/gfx\/icons\/session\/heart-list-default.svg\" alt=\"Session merken\">\n    <img decoding=\"async\" class=\"default opacity-0 group-hover:opacity-100 transition-all absolute left-0 top-0 w-full h-auto\" src=\"https:\/\/people-and-culture-festival.berlin\/wp-content\/themes\/pcf2025\/assets\/gfx\/icons\/session\/heart-list-hover.svg\" alt=\"Session merken\">\n    <img decoding=\"async\" class=\"selected opacity-100 group-hover:opacity-0 transition-all absolute left-0 top-0 w-full h-auto\" src=\"https:\/\/people-and-culture-festival.berlin\/wp-content\/themes\/pcf2025\/assets\/gfx\/icons\/session\/heart-list-active.svg\" alt=\"Session nicht mehr merken\">\n    <img decoding=\"async\" class=\"selected opacity-0 group-hover:opacity-100 transition-all absolute left-0 top-0 w-full h-auto\" src=\"https:\/\/people-and-culture-festival.berlin\/wp-content\/themes\/pcf2025\/assets\/gfx\/icons\/session\/heart-list-active-hover.svg\" alt=\"Session nicht mehr merken\">\n<\/button>                <\/div>\n            <\/div>\n            <!-- Meta: Time -->\n            <div class=\"mt-6 text-pcfPrimary text-heading-mobile-h2 xl:text-heading-h3\">\n                15:45 &#8211;\n                16:30            <\/div>\n            <!-- Meta: Location -->\n            <div class=\"mt-2 flex items-center text-reading-body-1 text-pcfSecondary\">\n                <img decoding=\"async\" src=\"https:\/\/people-and-culture-festival.berlin\/wp-content\/themes\/pcf2025\/assets\/gfx\/location.svg\" alt=\"\" class=\"!h-5 !w-auto me-3\">\n                Cinema 7            <\/div>\n        <\/div>\n\n        <div class=\"mt-6 xl:mt-4 border-t-[1px] border-t-pcfSecondary\">\n            <!-- Title -->\n            <div class=\"mt-6 text-heading-mobile-h2 xl:text-heading-h3 text-pcfPrimary break-words\">\n                Resilience begins with orientation \u2013 securing the future with the Employment Agency            <\/div>\n\n\n            <!-- Content -->\n            <div class=\"mt-7 xl:mt-6 lineCollapse text-reading-body-1 whitespace-pre-line\" data-showmore=\"expand\" data-showless=\"collapse\" data-buttonclasses=\"mt-6 lineCollapseButton\">Whether young people, professionals, or employers: The changing world of work demands new approaches. The panel shows how the Employment Agency provides guidance, qualification, and support \u2013 for a future-proof training and labor market.\r\n<\/div>\n\n            <!-- Content: Themen -->\n            <div class=\"flex gap-1 flex-wrap mt-6 xl:mt-10\">\n                            <\/div>\n        <\/div>\n    <\/div>\n    <!-- Info Container -->\n            <div class=\"mt-6 xl:mt-4 border-t-[1px] xl:border-t-0 border-t-pcfSecondary\">\n                            <div class=\"mt-6 xl:mt-0 xl:mb-6\">\n                    <div class=\"text-pcfSecondary text-reading-caption\">\n                        Host                    <\/div>\n                    <div class=\"mt-2 flex flex-col gap-y-2\">\n                                                    <div>\n                                <a href=\"https:\/\/people-and-culture-festival.berlin\/en\/speakers\/nadja-voigt\/\" class=\"text-pcfLink text-reading-body-1-bold\">\n                                    Nadja Voigt                                <\/a>\n                            <\/div>\n                                            <\/div>\n                <\/div>\n                                        <div class=\"mt-6 xl:mt-0\">\n                    <div class=\"text-pcfSecondary text-reading-caption\">\n                        Speaker                    <\/div>\n                    <div class=\"mt-2 flex flex-col gap-y-2\">\n                                                    <div class=\"\">\n                                <a href=\"https:\/\/people-and-culture-festival.berlin\/en\/speakers\/hannes-pursche\/\" class=\"text-pcfLink text-reading-body-1-bold\">\n                                    Hannes Pursche                                <\/a>\n                                <div class=\"text-pcfPrimary text-reading-body-1\">\n                                    Agentur f\u00fcr Arbeit                                 <\/div>\n                            <\/div>\n                                                    <div class=\"\">\n                                <a href=\"https:\/\/people-and-culture-festival.berlin\/en\/speakers\/julia-borkenhagen\/\" class=\"text-pcfLink text-reading-body-1-bold\">\n                                    Julia Borkenhagen                                <\/a>\n                                <div class=\"text-pcfPrimary text-reading-body-1\">\n                                    Agentur f\u00fcr Arbeit                                 <\/div>\n                            <\/div>\n                                                    <div class=\"\">\n                                <a href=\"https:\/\/people-and-culture-festival.berlin\/en\/speakers\/markus-kesternich\/\" class=\"text-pcfLink text-reading-body-1-bold\">\n                                    Markus Kesternich                                <\/a>\n                                <div class=\"text-pcfPrimary text-reading-body-1\">\n                                    Agentur f\u00fcr Arbeit                                 <\/div>\n                            <\/div>\n                                                    <div class=\"\">\n                                <a href=\"https:\/\/people-and-culture-festival.berlin\/en\/speakers\/rebekka-benthien\/\" class=\"text-pcfLink text-reading-body-1-bold\">\n                                    Rebekka Benthien                                <\/a>\n                                <div class=\"text-pcfPrimary text-reading-body-1\">\n                                    Agentur f\u00fcr Arbeit                                 <\/div>\n                            <\/div>\n                                            <\/div>\n                <\/div>\n                                <\/div>\n    \n<\/div>\n\n\n\n\n\n<div class=\"session flex flex-col xl:grid xl:grid-cols-4 xl:gap-x-10 w-full bg-white px-4 xl:px-6 py-6 border-t-[2px] xl:border-t-[4px] border-t-pcfSecondary mb-10 xl:mb-12\" data-id=\"1269\" data-rubriken=\"mental-health-wellbeing-en\" data-sprachen=\"ger\" data-sessions=\"workshop-en\" data-themen=\"\" data-orte=\"cinema-3\">\n    <!-- META -->\n\n    <div class=\"xl:col-span-3\">\n        <div class=\"\">\n            <div class=\"xl:hidden\">\n                \n<button class=\"session-button w-7 h-[25px] group relative \" data-session=\"1269\" onClick=\"toggleSessionInLocalStorage(1269)\">\n    <img decoding=\"async\" class=\"default opacity-100 group-hover:opacity-0 transition-all absolute left-0 top-0 w-full h-auto\" src=\"https:\/\/people-and-culture-festival.berlin\/wp-content\/themes\/pcf2025\/assets\/gfx\/icons\/session\/heart-list-default.svg\" alt=\"Session merken\">\n    <img decoding=\"async\" class=\"default opacity-0 group-hover:opacity-100 transition-all absolute left-0 top-0 w-full h-auto\" src=\"https:\/\/people-and-culture-festival.berlin\/wp-content\/themes\/pcf2025\/assets\/gfx\/icons\/session\/heart-list-hover.svg\" alt=\"Session merken\">\n    <img decoding=\"async\" class=\"selected opacity-100 group-hover:opacity-0 transition-all absolute left-0 top-0 w-full h-auto\" src=\"https:\/\/people-and-culture-festival.berlin\/wp-content\/themes\/pcf2025\/assets\/gfx\/icons\/session\/heart-list-active.svg\" alt=\"Session nicht mehr merken\">\n    <img decoding=\"async\" class=\"selected opacity-0 group-hover:opacity-100 transition-all absolute left-0 top-0 w-full h-auto\" src=\"https:\/\/people-and-culture-festival.berlin\/wp-content\/themes\/pcf2025\/assets\/gfx\/icons\/session\/heart-list-active-hover.svg\" alt=\"Session nicht mehr merken\">\n<\/button>            <\/div>\n            <div class=\"flex gap-1 flex-wrap mt-6 xl:mt-0 items-center\">\n                <!-- Meta: Rubrik -->\n                                    <div class=\"bg-rubrikRot rounded-[24px] px-3 py-2 text-white text-[14px] tracking-[0.28px]\">\n                        Mental Health &amp; Wellbeing                    <\/div>\n                                <!-- Meta: Language -->\n                                    <div class=\"uppercase rounded-[24px] px-3 py-2 text-pcfPrimary bg-[rgba(76,26,58,0.09)] text-[14px] tracking-[0.28px]\">\n                        DE                    <\/div>\n                                <!-- Meta: Session -->\n                                    <div class=\"rounded-[24px] px-3 py-2 text-pcfPrimary bg-[rgba(76,26,58,0.09)] text-[14px] tracking-[0.28px]\">\n                        Workshop                    <\/div>\n                \n                <div class=\"hidden xl:flex ms-auto items-center\">\n                    \n<button class=\"session-button w-7 h-[25px] group relative \" data-session=\"1269\" onClick=\"toggleSessionInLocalStorage(1269)\">\n    <img decoding=\"async\" class=\"default opacity-100 group-hover:opacity-0 transition-all absolute left-0 top-0 w-full h-auto\" src=\"https:\/\/people-and-culture-festival.berlin\/wp-content\/themes\/pcf2025\/assets\/gfx\/icons\/session\/heart-list-default.svg\" alt=\"Session merken\">\n    <img decoding=\"async\" class=\"default opacity-0 group-hover:opacity-100 transition-all absolute left-0 top-0 w-full h-auto\" src=\"https:\/\/people-and-culture-festival.berlin\/wp-content\/themes\/pcf2025\/assets\/gfx\/icons\/session\/heart-list-hover.svg\" alt=\"Session merken\">\n    <img decoding=\"async\" class=\"selected opacity-100 group-hover:opacity-0 transition-all absolute left-0 top-0 w-full h-auto\" src=\"https:\/\/people-and-culture-festival.berlin\/wp-content\/themes\/pcf2025\/assets\/gfx\/icons\/session\/heart-list-active.svg\" alt=\"Session nicht mehr merken\">\n    <img decoding=\"async\" class=\"selected opacity-0 group-hover:opacity-100 transition-all absolute left-0 top-0 w-full h-auto\" src=\"https:\/\/people-and-culture-festival.berlin\/wp-content\/themes\/pcf2025\/assets\/gfx\/icons\/session\/heart-list-active-hover.svg\" alt=\"Session nicht mehr merken\">\n<\/button>                <\/div>\n            <\/div>\n            <!-- Meta: Time -->\n            <div class=\"mt-6 text-pcfPrimary text-heading-mobile-h2 xl:text-heading-h3\">\n                16:00 &#8211;\n                17:00            <\/div>\n            <!-- Meta: Location -->\n            <div class=\"mt-2 flex items-center text-reading-body-1 text-pcfSecondary\">\n                <img decoding=\"async\" src=\"https:\/\/people-and-culture-festival.berlin\/wp-content\/themes\/pcf2025\/assets\/gfx\/location.svg\" alt=\"\" class=\"!h-5 !w-auto me-3\">\n                Cinema 3            <\/div>\n        <\/div>\n\n        <div class=\"mt-6 xl:mt-4 border-t-[1px] border-t-pcfSecondary\">\n            <!-- Title -->\n            <div class=\"mt-6 text-heading-mobile-h2 xl:text-heading-h3 text-pcfPrimary break-words\">\n                Resilience leads &#8211; Leadership strengthens            <\/div>\n\n\n            <!-- Content -->\n            <div class=\"mt-7 xl:mt-6 lineCollapse text-reading-body-1 whitespace-pre-line\" data-showmore=\"expand\" data-showless=\"collapse\" data-buttonclasses=\"mt-6 lineCollapseButton\">In the session, the audience will reflect on their own relationship to resilience in their everyday professional lives. The influence of leadership on individual resilience, that of the team, and on corporate culture will be examined. Led by the speaker, a resilience-building exercise will be conducted that participants can apply to their everyday professional lives. Following the session, there will be time for questions about the INlead leadership development program, which will provide a more in-depth understanding of the presented content.<\/div>\n\n            <!-- Content: Themen -->\n            <div class=\"flex gap-1 flex-wrap mt-6 xl:mt-10\">\n                            <\/div>\n        <\/div>\n    <\/div>\n    <!-- Info Container -->\n            <div class=\"mt-6 xl:mt-4 border-t-[1px] xl:border-t-0 border-t-pcfSecondary\">\n                                        <div class=\"mt-6 xl:mt-0\">\n                    <div class=\"text-pcfSecondary text-reading-caption\">\n                        Speaker                    <\/div>\n                    <div class=\"mt-2 flex flex-col gap-y-2\">\n                                                    <div class=\"\">\n                                <a href=\"https:\/\/people-and-culture-festival.berlin\/en\/speakers\/jessica-von-dobeneck\/\" class=\"text-pcfLink text-reading-body-1-bold\">\n                                    Jessica von Dobeneck                                <\/a>\n                                <div class=\"text-pcfPrimary text-reading-body-1\">\n                                    frizzforum \u2013 a brand of Forum Berufsbildung e.V.                                <\/div>\n                            <\/div>\n                                                    <div class=\"\">\n                                <a href=\"https:\/\/people-and-culture-festival.berlin\/en\/speakers\/sandra-wagner\/\" class=\"text-pcfLink text-reading-body-1-bold\">\n                                    Sandra Wagner                                <\/a>\n                                <div class=\"text-pcfPrimary text-reading-body-1\">\n                                    InnoValiente &#8211; Human and Organization                                <\/div>\n                            <\/div>\n                                            <\/div>\n                <\/div>\n                                        <div class=\"mt-6\">\n                        <a class=\"border-2 border-pcfYellow bg-pcfYellow inline-block text-pcfGray rounded-[24px] transition-colors hover-capable:hover:bg-white hover-capable:hover:text-black active:bg-white active:border-white active:text-black px-[18px] py-[6px] text-[16px] tracking-[0.08px]\" href=\"https:\/\/app.guestoo.de\/public\/event\/082819f3-0ce7-4339-81fd-9076e219b535\" target=\"_self\">\n        Sign Up    <\/a>\n                <\/div>\n                    <\/div>\n    \n<\/div>\n\n\n\n\n\n<div class=\"session flex flex-col xl:grid xl:grid-cols-4 xl:gap-x-10 w-full bg-white px-4 xl:px-6 py-6 border-t-[2px] xl:border-t-[4px] border-t-pcfSecondary mb-10 xl:mb-12\" data-id=\"1674\" data-rubriken=\"entrepreneurship-neue-berufliche-wege-en\" data-sprachen=\"en,ger\" data-sessions=\"workshop-en\" data-themen=\"\" data-orte=\"cinema-6\">\n    <!-- META -->\n\n    <div class=\"xl:col-span-3\">\n        <div class=\"\">\n            <div class=\"xl:hidden\">\n                \n<button class=\"session-button w-7 h-[25px] group relative \" data-session=\"1674\" onClick=\"toggleSessionInLocalStorage(1674)\">\n    <img decoding=\"async\" class=\"default opacity-100 group-hover:opacity-0 transition-all absolute left-0 top-0 w-full h-auto\" src=\"https:\/\/people-and-culture-festival.berlin\/wp-content\/themes\/pcf2025\/assets\/gfx\/icons\/session\/heart-list-default.svg\" alt=\"Session merken\">\n    <img decoding=\"async\" class=\"default opacity-0 group-hover:opacity-100 transition-all absolute left-0 top-0 w-full h-auto\" src=\"https:\/\/people-and-culture-festival.berlin\/wp-content\/themes\/pcf2025\/assets\/gfx\/icons\/session\/heart-list-hover.svg\" alt=\"Session merken\">\n    <img decoding=\"async\" class=\"selected opacity-100 group-hover:opacity-0 transition-all absolute left-0 top-0 w-full h-auto\" src=\"https:\/\/people-and-culture-festival.berlin\/wp-content\/themes\/pcf2025\/assets\/gfx\/icons\/session\/heart-list-active.svg\" alt=\"Session nicht mehr merken\">\n    <img decoding=\"async\" class=\"selected opacity-0 group-hover:opacity-100 transition-all absolute left-0 top-0 w-full h-auto\" src=\"https:\/\/people-and-culture-festival.berlin\/wp-content\/themes\/pcf2025\/assets\/gfx\/icons\/session\/heart-list-active-hover.svg\" alt=\"Session nicht mehr merken\">\n<\/button>            <\/div>\n            <div class=\"flex gap-1 flex-wrap mt-6 xl:mt-0 items-center\">\n                <!-- Meta: Rubrik -->\n                                    <div class=\"bg-rubrikLila rounded-[24px] px-3 py-2 text-white text-[14px] tracking-[0.28px]\">\n                        Entrepreneurship &amp; neue berufliche Wege                    <\/div>\n                                <!-- Meta: Language -->\n                                    <div class=\"uppercase rounded-[24px] px-3 py-2 text-pcfPrimary bg-[rgba(76,26,58,0.09)] text-[14px] tracking-[0.28px]\">\n                        EN                    <\/div>\n                                <!-- Meta: Session -->\n                                    <div class=\"rounded-[24px] px-3 py-2 text-pcfPrimary bg-[rgba(76,26,58,0.09)] text-[14px] tracking-[0.28px]\">\n                        Workshop                    <\/div>\n                \n                <div class=\"hidden xl:flex ms-auto items-center\">\n                    \n<button class=\"session-button w-7 h-[25px] group relative \" data-session=\"1674\" onClick=\"toggleSessionInLocalStorage(1674)\">\n    <img decoding=\"async\" class=\"default opacity-100 group-hover:opacity-0 transition-all absolute left-0 top-0 w-full h-auto\" src=\"https:\/\/people-and-culture-festival.berlin\/wp-content\/themes\/pcf2025\/assets\/gfx\/icons\/session\/heart-list-default.svg\" alt=\"Session merken\">\n    <img decoding=\"async\" class=\"default opacity-0 group-hover:opacity-100 transition-all absolute left-0 top-0 w-full h-auto\" src=\"https:\/\/people-and-culture-festival.berlin\/wp-content\/themes\/pcf2025\/assets\/gfx\/icons\/session\/heart-list-hover.svg\" alt=\"Session merken\">\n    <img decoding=\"async\" class=\"selected opacity-100 group-hover:opacity-0 transition-all absolute left-0 top-0 w-full h-auto\" src=\"https:\/\/people-and-culture-festival.berlin\/wp-content\/themes\/pcf2025\/assets\/gfx\/icons\/session\/heart-list-active.svg\" alt=\"Session nicht mehr merken\">\n    <img decoding=\"async\" class=\"selected opacity-0 group-hover:opacity-100 transition-all absolute left-0 top-0 w-full h-auto\" src=\"https:\/\/people-and-culture-festival.berlin\/wp-content\/themes\/pcf2025\/assets\/gfx\/icons\/session\/heart-list-active-hover.svg\" alt=\"Session nicht mehr merken\">\n<\/button>                <\/div>\n            <\/div>\n            <!-- Meta: Time -->\n            <div class=\"mt-6 text-pcfPrimary text-heading-mobile-h2 xl:text-heading-h3\">\n                16:00 &#8211;\n                17:00            <\/div>\n            <!-- Meta: Location -->\n            <div class=\"mt-2 flex items-center text-reading-body-1 text-pcfSecondary\">\n                <img decoding=\"async\" src=\"https:\/\/people-and-culture-festival.berlin\/wp-content\/themes\/pcf2025\/assets\/gfx\/location.svg\" alt=\"\" class=\"!h-5 !w-auto me-3\">\n                Cinema 6            <\/div>\n        <\/div>\n\n        <div class=\"mt-6 xl:mt-4 border-t-[1px] border-t-pcfSecondary\">\n            <!-- Title -->\n            <div class=\"mt-6 text-heading-mobile-h2 xl:text-heading-h3 text-pcfPrimary break-words\">\n                Career Opportunities in Berlin (and how to go about it)            <\/div>\n\n\n            <!-- Content -->\n            <div class=\"mt-7 xl:mt-6 lineCollapse text-reading-body-1 whitespace-pre-line\" data-showmore=\"expand\" data-showless=\"collapse\" data-buttonclasses=\"mt-6 lineCollapseButton\">Whether you are a career starter, a young professional, or an experienced expert looking for a fresh start \u2013 Berlin offers a wide range of career opportunities. This deep-dive session shows which industries are particularly exciting, how to get started, and which networks and resources can support you. Inspiration and tips for your next career step included!\r\n\r\nSince the number of participants is limited, attending this workshop requires registration. Click the &#8220;Sign Up&#8221; button to secure your spot in the workshop.<\/div>\n\n            <!-- Content: Themen -->\n            <div class=\"flex gap-1 flex-wrap mt-6 xl:mt-10\">\n                            <\/div>\n        <\/div>\n    <\/div>\n    <!-- Info Container -->\n            <div class=\"mt-6 xl:mt-4 border-t-[1px] xl:border-t-0 border-t-pcfSecondary\">\n                                        <div class=\"mt-6 xl:mt-0\">\n                    <div class=\"text-pcfSecondary text-reading-caption\">\n                        Speaker                    <\/div>\n                    <div class=\"mt-2 flex flex-col gap-y-2\">\n                                                    <div class=\"\">\n                                <a href=\"https:\/\/people-and-culture-festival.berlin\/en\/speakers\/rouven-sperling-lisa-pachurka\/\" class=\"text-pcfLink text-reading-body-1-bold\">\n                                    Rouven Sperling &#038; Lisa Pachurka                                <\/a>\n                                <div class=\"text-pcfPrimary text-reading-body-1\">\n                                    Berlin Partner for Business and Technology GmbH                                <\/div>\n                            <\/div>\n                                            <\/div>\n                <\/div>\n                                        <div class=\"mt-6\">\n                        <a class=\"border-2 border-pcfYellow bg-pcfYellow inline-block text-pcfGray rounded-[24px] transition-colors hover-capable:hover:bg-white hover-capable:hover:text-black active:bg-white active:border-white active:text-black px-[18px] py-[6px] text-[16px] tracking-[0.08px]\" href=\"https:\/\/app.guestoo.de\/public\/event\/0275ebcf-b84f-43fe-90ee-8fd12bf343b1\" target=\"_self\">\n        Sign Up    <\/a>\n                <\/div>\n                    <\/div>\n    \n<\/div>\n\n\n\n\n\n<div class=\"session flex flex-col xl:grid xl:grid-cols-4 xl:gap-x-10 w-full bg-white px-4 xl:px-6 py-6 border-t-[2px] xl:border-t-[4px] border-t-pcfSecondary mb-10 xl:mb-12\" data-id=\"1660\" data-rubriken=\"entrepreneurship-neue-berufliche-wege-en\" data-sprachen=\"ger\" data-sessions=\"networking-session-en\" data-themen=\"\" data-orte=\"networking-community-lounge-en\">\n    <!-- META -->\n\n    <div class=\"xl:col-span-3\">\n        <div class=\"\">\n            <div class=\"xl:hidden\">\n                \n<button class=\"session-button w-7 h-[25px] group relative \" data-session=\"1660\" onClick=\"toggleSessionInLocalStorage(1660)\">\n    <img decoding=\"async\" class=\"default opacity-100 group-hover:opacity-0 transition-all absolute left-0 top-0 w-full h-auto\" src=\"https:\/\/people-and-culture-festival.berlin\/wp-content\/themes\/pcf2025\/assets\/gfx\/icons\/session\/heart-list-default.svg\" alt=\"Session merken\">\n    <img decoding=\"async\" class=\"default opacity-0 group-hover:opacity-100 transition-all absolute left-0 top-0 w-full h-auto\" src=\"https:\/\/people-and-culture-festival.berlin\/wp-content\/themes\/pcf2025\/assets\/gfx\/icons\/session\/heart-list-hover.svg\" alt=\"Session merken\">\n    <img decoding=\"async\" class=\"selected opacity-100 group-hover:opacity-0 transition-all absolute left-0 top-0 w-full h-auto\" src=\"https:\/\/people-and-culture-festival.berlin\/wp-content\/themes\/pcf2025\/assets\/gfx\/icons\/session\/heart-list-active.svg\" alt=\"Session nicht mehr merken\">\n    <img decoding=\"async\" class=\"selected opacity-0 group-hover:opacity-100 transition-all absolute left-0 top-0 w-full h-auto\" src=\"https:\/\/people-and-culture-festival.berlin\/wp-content\/themes\/pcf2025\/assets\/gfx\/icons\/session\/heart-list-active-hover.svg\" alt=\"Session nicht mehr merken\">\n<\/button>            <\/div>\n            <div class=\"flex gap-1 flex-wrap mt-6 xl:mt-0 items-center\">\n                <!-- Meta: Rubrik -->\n                                    <div class=\"bg-rubrikLila rounded-[24px] px-3 py-2 text-white text-[14px] tracking-[0.28px]\">\n                        Entrepreneurship &amp; neue berufliche Wege                    <\/div>\n                                <!-- Meta: Language -->\n                                    <div class=\"uppercase rounded-[24px] px-3 py-2 text-pcfPrimary bg-[rgba(76,26,58,0.09)] text-[14px] tracking-[0.28px]\">\n                        DE                    <\/div>\n                                <!-- Meta: Session -->\n                                    <div class=\"rounded-[24px] px-3 py-2 text-pcfPrimary bg-[rgba(76,26,58,0.09)] text-[14px] tracking-[0.28px]\">\n                        Networking Session                    <\/div>\n                \n                <div class=\"hidden xl:flex ms-auto items-center\">\n                    \n<button class=\"session-button w-7 h-[25px] group relative \" data-session=\"1660\" onClick=\"toggleSessionInLocalStorage(1660)\">\n    <img decoding=\"async\" class=\"default opacity-100 group-hover:opacity-0 transition-all absolute left-0 top-0 w-full h-auto\" src=\"https:\/\/people-and-culture-festival.berlin\/wp-content\/themes\/pcf2025\/assets\/gfx\/icons\/session\/heart-list-default.svg\" alt=\"Session merken\">\n    <img decoding=\"async\" class=\"default opacity-0 group-hover:opacity-100 transition-all absolute left-0 top-0 w-full h-auto\" src=\"https:\/\/people-and-culture-festival.berlin\/wp-content\/themes\/pcf2025\/assets\/gfx\/icons\/session\/heart-list-hover.svg\" alt=\"Session merken\">\n    <img decoding=\"async\" class=\"selected opacity-100 group-hover:opacity-0 transition-all absolute left-0 top-0 w-full h-auto\" src=\"https:\/\/people-and-culture-festival.berlin\/wp-content\/themes\/pcf2025\/assets\/gfx\/icons\/session\/heart-list-active.svg\" alt=\"Session nicht mehr merken\">\n    <img decoding=\"async\" class=\"selected opacity-0 group-hover:opacity-100 transition-all absolute left-0 top-0 w-full h-auto\" src=\"https:\/\/people-and-culture-festival.berlin\/wp-content\/themes\/pcf2025\/assets\/gfx\/icons\/session\/heart-list-active-hover.svg\" alt=\"Session nicht mehr merken\">\n<\/button>                <\/div>\n            <\/div>\n            <!-- Meta: Time -->\n            <div class=\"mt-6 text-pcfPrimary text-heading-mobile-h2 xl:text-heading-h3\">\n                16:00 &#8211;\n                16:30            <\/div>\n            <!-- Meta: Location -->\n            <div class=\"mt-2 flex items-center text-reading-body-1 text-pcfSecondary\">\n                <img decoding=\"async\" src=\"https:\/\/people-and-culture-festival.berlin\/wp-content\/themes\/pcf2025\/assets\/gfx\/location.svg\" alt=\"\" class=\"!h-5 !w-auto me-3\">\n                Networking &amp; Community Lounge            <\/div>\n        <\/div>\n\n        <div class=\"mt-6 xl:mt-4 border-t-[1px] border-t-pcfSecondary\">\n            <!-- Title -->\n            <div class=\"mt-6 text-heading-mobile-h2 xl:text-heading-h3 text-pcfPrimary break-words\">\n                Forward Failure: How We Grow from Screw-Ups            <\/div>\n\n\n            <!-- Content -->\n            <div class=\"mt-7 xl:mt-6 lineCollapse text-reading-body-1 whitespace-pre-line\" data-showmore=\"expand\" data-showless=\"collapse\" data-buttonclasses=\"mt-6 lineCollapseButton\">Johanna Schuck invites participants in her session to openly talk about mishaps and failed plans. With ease and humor, she shows that mistakes are not the end, but often the beginning of growth and change. In this interactive exchange, participants discover how valuable opportunities can arise from &#8220;fuck-ups&#8221; and that &#8220;failure&#8221; is a deeply human experience that we all share.\r\n<\/div>\n\n            <!-- Content: Themen -->\n            <div class=\"flex gap-1 flex-wrap mt-6 xl:mt-10\">\n                            <\/div>\n        <\/div>\n    <\/div>\n    <!-- Info Container -->\n            <div class=\"mt-6 xl:mt-4 border-t-[1px] xl:border-t-0 border-t-pcfSecondary\">\n                                        <div class=\"mt-6 xl:mt-0\">\n                    <div class=\"text-pcfSecondary text-reading-caption\">\n                        Speaker                    <\/div>\n                    <div class=\"mt-2 flex flex-col gap-y-2\">\n                                                    <div class=\"\">\n                                <a href=\"https:\/\/people-and-culture-festival.berlin\/en\/speakers\/johanna-schuck\/\" class=\"text-pcfLink text-reading-body-1-bold\">\n                                    Johanna Schuck                                <\/a>\n                                <div class=\"text-pcfPrimary text-reading-body-1\">\n                                    Johanna Schuck                                <\/div>\n                            <\/div>\n                                            <\/div>\n                <\/div>\n                                <\/div>\n    \n<\/div>\n\n\n\n\n\n<div class=\"session flex flex-col xl:grid xl:grid-cols-4 xl:gap-x-10 w-full bg-white px-4 xl:px-6 py-6 border-t-[2px] xl:border-t-[4px] border-t-pcfSecondary mb-10 xl:mb-12\" data-id=\"1292\" data-rubriken=\"zukunft-der-arbeit-ki-en\" data-sprachen=\"ger\" data-sessions=\"keynote-en\" data-themen=\"\" data-orte=\"cinema-10\">\n    <!-- META -->\n\n    <div class=\"xl:col-span-3\">\n        <div class=\"\">\n            <div class=\"xl:hidden\">\n                \n<button class=\"session-button w-7 h-[25px] group relative \" data-session=\"1292\" onClick=\"toggleSessionInLocalStorage(1292)\">\n    <img decoding=\"async\" class=\"default opacity-100 group-hover:opacity-0 transition-all absolute left-0 top-0 w-full h-auto\" src=\"https:\/\/people-and-culture-festival.berlin\/wp-content\/themes\/pcf2025\/assets\/gfx\/icons\/session\/heart-list-default.svg\" alt=\"Session merken\">\n    <img decoding=\"async\" class=\"default opacity-0 group-hover:opacity-100 transition-all absolute left-0 top-0 w-full h-auto\" src=\"https:\/\/people-and-culture-festival.berlin\/wp-content\/themes\/pcf2025\/assets\/gfx\/icons\/session\/heart-list-hover.svg\" alt=\"Session merken\">\n    <img decoding=\"async\" class=\"selected opacity-100 group-hover:opacity-0 transition-all absolute left-0 top-0 w-full h-auto\" src=\"https:\/\/people-and-culture-festival.berlin\/wp-content\/themes\/pcf2025\/assets\/gfx\/icons\/session\/heart-list-active.svg\" alt=\"Session nicht mehr merken\">\n    <img decoding=\"async\" class=\"selected opacity-0 group-hover:opacity-100 transition-all absolute left-0 top-0 w-full h-auto\" src=\"https:\/\/people-and-culture-festival.berlin\/wp-content\/themes\/pcf2025\/assets\/gfx\/icons\/session\/heart-list-active-hover.svg\" alt=\"Session nicht mehr merken\">\n<\/button>            <\/div>\n            <div class=\"flex gap-1 flex-wrap mt-6 xl:mt-0 items-center\">\n                <!-- Meta: Rubrik -->\n                                    <div class=\"bg-rubrikBlau rounded-[24px] px-3 py-2 text-white text-[14px] tracking-[0.28px]\">\n                        Zukunft der Arbeit &amp; KI                    <\/div>\n                                <!-- Meta: Language -->\n                                    <div class=\"uppercase rounded-[24px] px-3 py-2 text-pcfPrimary bg-[rgba(76,26,58,0.09)] text-[14px] tracking-[0.28px]\">\n                        DE                    <\/div>\n                                <!-- Meta: Session -->\n                                    <div class=\"rounded-[24px] px-3 py-2 text-pcfPrimary bg-[rgba(76,26,58,0.09)] text-[14px] tracking-[0.28px]\">\n                        Keynote                    <\/div>\n                \n                <div class=\"hidden xl:flex ms-auto items-center\">\n                    \n<button class=\"session-button w-7 h-[25px] group relative \" data-session=\"1292\" onClick=\"toggleSessionInLocalStorage(1292)\">\n    <img decoding=\"async\" class=\"default opacity-100 group-hover:opacity-0 transition-all absolute left-0 top-0 w-full h-auto\" src=\"https:\/\/people-and-culture-festival.berlin\/wp-content\/themes\/pcf2025\/assets\/gfx\/icons\/session\/heart-list-default.svg\" alt=\"Session merken\">\n    <img decoding=\"async\" class=\"default opacity-0 group-hover:opacity-100 transition-all absolute left-0 top-0 w-full h-auto\" src=\"https:\/\/people-and-culture-festival.berlin\/wp-content\/themes\/pcf2025\/assets\/gfx\/icons\/session\/heart-list-hover.svg\" alt=\"Session merken\">\n    <img decoding=\"async\" class=\"selected opacity-100 group-hover:opacity-0 transition-all absolute left-0 top-0 w-full h-auto\" src=\"https:\/\/people-and-culture-festival.berlin\/wp-content\/themes\/pcf2025\/assets\/gfx\/icons\/session\/heart-list-active.svg\" alt=\"Session nicht mehr merken\">\n    <img decoding=\"async\" class=\"selected opacity-0 group-hover:opacity-100 transition-all absolute left-0 top-0 w-full h-auto\" src=\"https:\/\/people-and-culture-festival.berlin\/wp-content\/themes\/pcf2025\/assets\/gfx\/icons\/session\/heart-list-active-hover.svg\" alt=\"Session nicht mehr merken\">\n<\/button>                <\/div>\n            <\/div>\n            <!-- Meta: Time -->\n            <div class=\"mt-6 text-pcfPrimary text-heading-mobile-h2 xl:text-heading-h3\">\n                16:00 &#8211;\n                16:30            <\/div>\n            <!-- Meta: Location -->\n            <div class=\"mt-2 flex items-center text-reading-body-1 text-pcfSecondary\">\n                <img decoding=\"async\" src=\"https:\/\/people-and-culture-festival.berlin\/wp-content\/themes\/pcf2025\/assets\/gfx\/location.svg\" alt=\"\" class=\"!h-5 !w-auto me-3\">\n                Cinema 10            <\/div>\n        <\/div>\n\n        <div class=\"mt-6 xl:mt-4 border-t-[1px] border-t-pcfSecondary\">\n            <!-- Title -->\n            <div class=\"mt-6 text-heading-mobile-h2 xl:text-heading-h3 text-pcfPrimary break-words\">\n                Future of work \u2013 a collective real-time picture            <\/div>\n\n\n            <!-- Content -->\n            <div class=\"mt-7 xl:mt-6 lineCollapse text-reading-body-1 whitespace-pre-line\" data-showmore=\"expand\" data-showless=\"collapse\" data-buttonclasses=\"mt-6 lineCollapseButton\">Futurologist Max Irmer invites the audience to collaboratively create a real-time vision of the future of work. Keyword: swarm intelligence. Theses on the future of work will be interactively discussed, evaluated, and visualized. The result: a collective and certainly controversial vision of the future that not only stimulates debate but can also serve as a stimulus.<\/div>\n\n            <!-- Content: Themen -->\n            <div class=\"flex gap-1 flex-wrap mt-6 xl:mt-10\">\n                            <\/div>\n        <\/div>\n    <\/div>\n    <!-- Info Container -->\n            <div class=\"mt-6 xl:mt-4 border-t-[1px] xl:border-t-0 border-t-pcfSecondary\">\n                                        <div class=\"mt-6 xl:mt-0\">\n                    <div class=\"text-pcfSecondary text-reading-caption\">\n                        Speaker                    <\/div>\n                    <div class=\"mt-2 flex flex-col gap-y-2\">\n                                                    <div class=\"\">\n                                <a href=\"https:\/\/people-and-culture-festival.berlin\/en\/speakers\/max-irmer\/\" class=\"text-pcfLink text-reading-body-1-bold\">\n                                    Max Irmer                                <\/a>\n                                <div class=\"text-pcfPrimary text-reading-body-1\">\n                                                                    <\/div>\n                            <\/div>\n                                            <\/div>\n                <\/div>\n                                <\/div>\n    \n<\/div>\n\n\n\n\n\n<div class=\"session flex flex-col xl:grid xl:grid-cols-4 xl:gap-x-10 w-full bg-white px-4 xl:px-6 py-6 border-t-[2px] xl:border-t-[4px] border-t-pcfSecondary mb-10 xl:mb-12\" data-id=\"1670\" data-rubriken=\"zukunft-der-arbeit-ki-en\" data-sprachen=\"ger\" data-sessions=\"ai-consultation\" data-themen=\"\" data-orte=\"cinema-2\">\n    <!-- META -->\n\n    <div class=\"xl:col-span-3\">\n        <div class=\"\">\n            <div class=\"xl:hidden\">\n                \n<button class=\"session-button w-7 h-[25px] group relative \" data-session=\"1670\" onClick=\"toggleSessionInLocalStorage(1670)\">\n    <img decoding=\"async\" class=\"default opacity-100 group-hover:opacity-0 transition-all absolute left-0 top-0 w-full h-auto\" src=\"https:\/\/people-and-culture-festival.berlin\/wp-content\/themes\/pcf2025\/assets\/gfx\/icons\/session\/heart-list-default.svg\" alt=\"Session merken\">\n    <img decoding=\"async\" class=\"default opacity-0 group-hover:opacity-100 transition-all absolute left-0 top-0 w-full h-auto\" src=\"https:\/\/people-and-culture-festival.berlin\/wp-content\/themes\/pcf2025\/assets\/gfx\/icons\/session\/heart-list-hover.svg\" alt=\"Session merken\">\n    <img decoding=\"async\" class=\"selected opacity-100 group-hover:opacity-0 transition-all absolute left-0 top-0 w-full h-auto\" src=\"https:\/\/people-and-culture-festival.berlin\/wp-content\/themes\/pcf2025\/assets\/gfx\/icons\/session\/heart-list-active.svg\" alt=\"Session nicht mehr merken\">\n    <img decoding=\"async\" class=\"selected opacity-0 group-hover:opacity-100 transition-all absolute left-0 top-0 w-full h-auto\" src=\"https:\/\/people-and-culture-festival.berlin\/wp-content\/themes\/pcf2025\/assets\/gfx\/icons\/session\/heart-list-active-hover.svg\" alt=\"Session nicht mehr merken\">\n<\/button>            <\/div>\n            <div class=\"flex gap-1 flex-wrap mt-6 xl:mt-0 items-center\">\n                <!-- Meta: Rubrik -->\n                                    <div class=\"bg-rubrikBlau rounded-[24px] px-3 py-2 text-white text-[14px] tracking-[0.28px]\">\n                        Zukunft der Arbeit &amp; KI                    <\/div>\n                                <!-- Meta: Language -->\n                                    <div class=\"uppercase rounded-[24px] px-3 py-2 text-pcfPrimary bg-[rgba(76,26,58,0.09)] text-[14px] tracking-[0.28px]\">\n                        DE                    <\/div>\n                                <!-- Meta: Session -->\n                                    <div class=\"rounded-[24px] px-3 py-2 text-pcfPrimary bg-[rgba(76,26,58,0.09)] text-[14px] tracking-[0.28px]\">\n                        AI Consultation                    <\/div>\n                \n                <div class=\"hidden xl:flex ms-auto items-center\">\n                    \n<button class=\"session-button w-7 h-[25px] group relative \" data-session=\"1670\" onClick=\"toggleSessionInLocalStorage(1670)\">\n    <img decoding=\"async\" class=\"default opacity-100 group-hover:opacity-0 transition-all absolute left-0 top-0 w-full h-auto\" src=\"https:\/\/people-and-culture-festival.berlin\/wp-content\/themes\/pcf2025\/assets\/gfx\/icons\/session\/heart-list-default.svg\" alt=\"Session merken\">\n    <img decoding=\"async\" class=\"default opacity-0 group-hover:opacity-100 transition-all absolute left-0 top-0 w-full h-auto\" src=\"https:\/\/people-and-culture-festival.berlin\/wp-content\/themes\/pcf2025\/assets\/gfx\/icons\/session\/heart-list-hover.svg\" alt=\"Session merken\">\n    <img decoding=\"async\" class=\"selected opacity-100 group-hover:opacity-0 transition-all absolute left-0 top-0 w-full h-auto\" src=\"https:\/\/people-and-culture-festival.berlin\/wp-content\/themes\/pcf2025\/assets\/gfx\/icons\/session\/heart-list-active.svg\" alt=\"Session nicht mehr merken\">\n    <img decoding=\"async\" class=\"selected opacity-0 group-hover:opacity-100 transition-all absolute left-0 top-0 w-full h-auto\" src=\"https:\/\/people-and-culture-festival.berlin\/wp-content\/themes\/pcf2025\/assets\/gfx\/icons\/session\/heart-list-active-hover.svg\" alt=\"Session nicht mehr merken\">\n<\/button>                <\/div>\n            <\/div>\n            <!-- Meta: Time -->\n            <div class=\"mt-6 text-pcfPrimary text-heading-mobile-h2 xl:text-heading-h3\">\n                16:00 &#8211;\n                16:30            <\/div>\n            <!-- Meta: Location -->\n            <div class=\"mt-2 flex items-center text-reading-body-1 text-pcfSecondary\">\n                <img decoding=\"async\" src=\"https:\/\/people-and-culture-festival.berlin\/wp-content\/themes\/pcf2025\/assets\/gfx\/location.svg\" alt=\"\" class=\"!h-5 !w-auto me-3\">\n                Cinema 2            <\/div>\n        <\/div>\n\n        <div class=\"mt-6 xl:mt-4 border-t-[1px] border-t-pcfSecondary\">\n            <!-- Title -->\n            <div class=\"mt-6 text-heading-mobile-h2 xl:text-heading-h3 text-pcfPrimary break-words\">\n                Why we need to talk about superintelligence now            <\/div>\n\n\n            <!-- Content -->\n            <div class=\"mt-7 xl:mt-6 lineCollapse text-reading-body-1 whitespace-pre-line\" data-showmore=\"expand\" data-showless=\"collapse\" data-buttonclasses=\"mt-6 lineCollapseButton\">The development of Artificial General Intelligence (AGI) is no longer a distant utopia, but a realistic prospect for the coming years. Leading tech CEOs speak of a &#8220;once-in-a-lifetime reinvention of everything we know&#8221; and are investing billions: over $500 billion alone will flow into AI in 2025. Sam Altman (OpenAI) expects AI agents to be part of the workforce as early as 2025, while Dario Amodei (Anthropic) considers AGI possible as soon as 2026.\r\n\r\nYet, while an international race for technological dominance is raging, Germany remains surprisingly quiet, focusing instead on optimization tools. Between global forecasts (2026\/2027) and German planning horizons (from 2035), there is a dangerous gap \u2013 the &#8220;timeline splitter.&#8221;\r\n\r\nIn the live talk, we will address the central questions: \r\n\r\nLabor Market: Is a &#8216;white-collar bloodbath&#8217; looming, with massive displacement of office and knowledge jobs in the next five years? Geopolitics: How is AGI changing the balance of power between the USA, China, and Europe? Germany: Why are public debates lacking here \u2013 and are we at risk of stumbling unprepared into the greatest transformation of our time? How can human-centered AI support us? This panel examines which discussions we need to have now, so that Silicon Valley alone doesn&#8217;t decide our future.<\/div>\n\n            <!-- Content: Themen -->\n            <div class=\"flex gap-1 flex-wrap mt-6 xl:mt-10\">\n                            <\/div>\n        <\/div>\n    <\/div>\n    <!-- Info Container -->\n            <div class=\"mt-6 xl:mt-4 border-t-[1px] xl:border-t-0 border-t-pcfSecondary\">\n                            <div class=\"mt-6 xl:mt-0 xl:mb-6\">\n                    <div class=\"text-pcfSecondary text-reading-caption\">\n                        Host                    <\/div>\n                    <div class=\"mt-2 flex flex-col gap-y-2\">\n                                                    <div>\n                                <a href=\"https:\/\/people-and-culture-festival.berlin\/en\/speakers\/paul-probst\/\" class=\"text-pcfLink text-reading-body-1-bold\">\n                                    Paul Probst                                <\/a>\n                            <\/div>\n                                            <\/div>\n                <\/div>\n                                        <div class=\"mt-6 xl:mt-0\">\n                    <div class=\"text-pcfSecondary text-reading-caption\">\n                        Speaker                    <\/div>\n                    <div class=\"mt-2 flex flex-col gap-y-2\">\n                                                    <div class=\"\">\n                                <a href=\"https:\/\/people-and-culture-festival.berlin\/en\/speakers\/max-senges\/\" class=\"text-pcfLink text-reading-body-1-bold\">\n                                    Prof. Max Senges                                <\/a>\n                                <div class=\"text-pcfPrimary text-reading-body-1\">\n                                    IEB\/UdK                                <\/div>\n                            <\/div>\n                                                    <div class=\"\">\n                                <a href=\"https:\/\/people-and-culture-festival.berlin\/en\/speakers\/monika-ilves\/\" class=\"text-pcfLink text-reading-body-1-bold\">\n                                    Monika Ilves                                <\/a>\n                                <div class=\"text-pcfPrimary text-reading-body-1\">\n                                    Institute of Electronic Business                                <\/div>\n                            <\/div>\n                                            <\/div>\n                <\/div>\n                                <\/div>\n    \n<\/div>\n\n\n\n\n\n<div class=\"session flex flex-col xl:grid xl:grid-cols-4 xl:gap-x-10 w-full bg-white px-4 xl:px-6 py-6 border-t-[2px] xl:border-t-[4px] border-t-pcfSecondary mb-10 xl:mb-12\" data-id=\"1272\" data-rubriken=\"zukunft-der-arbeit-ki-en\" data-sprachen=\"en\" data-sessions=\"workshop-en\" data-themen=\"\" data-orte=\"kino-4-en\">\n    <!-- META -->\n\n    <div class=\"xl:col-span-3\">\n        <div class=\"\">\n            <div class=\"xl:hidden\">\n                \n<button class=\"session-button w-7 h-[25px] group relative \" data-session=\"1272\" onClick=\"toggleSessionInLocalStorage(1272)\">\n    <img decoding=\"async\" class=\"default opacity-100 group-hover:opacity-0 transition-all absolute left-0 top-0 w-full h-auto\" src=\"https:\/\/people-and-culture-festival.berlin\/wp-content\/themes\/pcf2025\/assets\/gfx\/icons\/session\/heart-list-default.svg\" alt=\"Session merken\">\n    <img decoding=\"async\" class=\"default opacity-0 group-hover:opacity-100 transition-all absolute left-0 top-0 w-full h-auto\" src=\"https:\/\/people-and-culture-festival.berlin\/wp-content\/themes\/pcf2025\/assets\/gfx\/icons\/session\/heart-list-hover.svg\" alt=\"Session merken\">\n    <img decoding=\"async\" class=\"selected opacity-100 group-hover:opacity-0 transition-all absolute left-0 top-0 w-full h-auto\" src=\"https:\/\/people-and-culture-festival.berlin\/wp-content\/themes\/pcf2025\/assets\/gfx\/icons\/session\/heart-list-active.svg\" alt=\"Session nicht mehr merken\">\n    <img decoding=\"async\" class=\"selected opacity-0 group-hover:opacity-100 transition-all absolute left-0 top-0 w-full h-auto\" src=\"https:\/\/people-and-culture-festival.berlin\/wp-content\/themes\/pcf2025\/assets\/gfx\/icons\/session\/heart-list-active-hover.svg\" alt=\"Session nicht mehr merken\">\n<\/button>            <\/div>\n            <div class=\"flex gap-1 flex-wrap mt-6 xl:mt-0 items-center\">\n                <!-- Meta: Rubrik -->\n                                    <div class=\"bg-rubrikBlau rounded-[24px] px-3 py-2 text-white text-[14px] tracking-[0.28px]\">\n                        Zukunft der Arbeit &amp; KI                    <\/div>\n                                <!-- Meta: Language -->\n                                    <div class=\"uppercase rounded-[24px] px-3 py-2 text-pcfPrimary bg-[rgba(76,26,58,0.09)] text-[14px] tracking-[0.28px]\">\n                        EN                    <\/div>\n                                <!-- Meta: Session -->\n                                    <div class=\"rounded-[24px] px-3 py-2 text-pcfPrimary bg-[rgba(76,26,58,0.09)] text-[14px] tracking-[0.28px]\">\n                        Workshop                    <\/div>\n                \n                <div class=\"hidden xl:flex ms-auto items-center\">\n                    \n<button class=\"session-button w-7 h-[25px] group relative \" data-session=\"1272\" onClick=\"toggleSessionInLocalStorage(1272)\">\n    <img decoding=\"async\" class=\"default opacity-100 group-hover:opacity-0 transition-all absolute left-0 top-0 w-full h-auto\" src=\"https:\/\/people-and-culture-festival.berlin\/wp-content\/themes\/pcf2025\/assets\/gfx\/icons\/session\/heart-list-default.svg\" alt=\"Session merken\">\n    <img decoding=\"async\" class=\"default opacity-0 group-hover:opacity-100 transition-all absolute left-0 top-0 w-full h-auto\" src=\"https:\/\/people-and-culture-festival.berlin\/wp-content\/themes\/pcf2025\/assets\/gfx\/icons\/session\/heart-list-hover.svg\" alt=\"Session merken\">\n    <img decoding=\"async\" class=\"selected opacity-100 group-hover:opacity-0 transition-all absolute left-0 top-0 w-full h-auto\" src=\"https:\/\/people-and-culture-festival.berlin\/wp-content\/themes\/pcf2025\/assets\/gfx\/icons\/session\/heart-list-active.svg\" alt=\"Session nicht mehr merken\">\n    <img decoding=\"async\" class=\"selected opacity-0 group-hover:opacity-100 transition-all absolute left-0 top-0 w-full h-auto\" src=\"https:\/\/people-and-culture-festival.berlin\/wp-content\/themes\/pcf2025\/assets\/gfx\/icons\/session\/heart-list-active-hover.svg\" alt=\"Session nicht mehr merken\">\n<\/button>                <\/div>\n            <\/div>\n            <!-- Meta: Time -->\n            <div class=\"mt-6 text-pcfPrimary text-heading-mobile-h2 xl:text-heading-h3\">\n                16:00 &#8211;\n                17:00            <\/div>\n            <!-- Meta: Location -->\n            <div class=\"mt-2 flex items-center text-reading-body-1 text-pcfSecondary\">\n                <img decoding=\"async\" src=\"https:\/\/people-and-culture-festival.berlin\/wp-content\/themes\/pcf2025\/assets\/gfx\/location.svg\" alt=\"\" class=\"!h-5 !w-auto me-3\">\n                Kino 4            <\/div>\n        <\/div>\n\n        <div class=\"mt-6 xl:mt-4 border-t-[1px] border-t-pcfSecondary\">\n            <!-- Title -->\n            <div class=\"mt-6 text-heading-mobile-h2 xl:text-heading-h3 text-pcfPrimary break-words\">\n                Impro for Life \u2013 Improvisation as a Key to the Future            <\/div>\n\n\n            <!-- Content -->\n            <div class=\"mt-7 xl:mt-6 lineCollapse text-reading-body-1 whitespace-pre-line\" data-showmore=\"expand\" data-showless=\"collapse\" data-buttonclasses=\"mt-6 lineCollapseButton\">In a world that is constantly changing, the ability to improvise is key. \r\n\r\nBeing able to improvise, you retain a sense of agency and the ability to act amid uncertainty and constant change. In this interactive workshop, you will learn how improvisation techniques can help you react flexibly, recognise opportunities in the unexpected and perhaps even discover uncertainty as a source of surprise and joy.\r\n\r\nNo matter what field you are in or whether you are currently looking for a new career path, the ability to use the unpredictable not as a threat but as a resource makes you Resilience Ready. Look forward to an hour of inspiration and exercises that will help you get ready for tomorrow&#8217;s world of work in a playful, philosophical and practical way.<\/div>\n\n            <!-- Content: Themen -->\n            <div class=\"flex gap-1 flex-wrap mt-6 xl:mt-10\">\n                            <\/div>\n        <\/div>\n    <\/div>\n    <!-- Info Container -->\n            <div class=\"mt-6 xl:mt-4 border-t-[1px] xl:border-t-0 border-t-pcfSecondary\">\n                                        <div class=\"mt-6 xl:mt-0\">\n                    <div class=\"text-pcfSecondary text-reading-caption\">\n                        Speaker                    <\/div>\n                    <div class=\"mt-2 flex flex-col gap-y-2\">\n                                                    <div class=\"\">\n                                <a href=\"https:\/\/people-and-culture-festival.berlin\/en\/speakers\/dr-chris-heimann\/\" class=\"text-pcfLink text-reading-body-1-bold\">\n                                    Dr. Chris Heimann                                <\/a>\n                                <div class=\"text-pcfPrimary text-reading-body-1\">\n                                    Spacecraft Ltd                                <\/div>\n                            <\/div>\n                                                    <div class=\"\">\n                                <a href=\"https:\/\/people-and-culture-festival.berlin\/en\/?post_type=page&#038;p=1428\" class=\"text-pcfLink text-reading-body-1-bold\">\n                                                                    <\/a>\n                                <div class=\"text-pcfPrimary text-reading-body-1\">\n                                                                    <\/div>\n                            <\/div>\n                                            <\/div>\n                <\/div>\n                                        <div class=\"mt-6\">\n                        <a class=\"border-2 border-pcfYellow bg-pcfYellow inline-block text-pcfGray rounded-[24px] transition-colors hover-capable:hover:bg-white hover-capable:hover:text-black active:bg-white active:border-white active:text-black px-[18px] py-[6px] text-[16px] tracking-[0.08px]\" href=\"https:\/\/app.guestoo.de\/public\/event\/644ab9e8-cc02-4b83-be0d-0f727da16499\" target=\"_self\">\n        Sign Up    <\/a>\n                <\/div>\n                    <\/div>\n    \n<\/div>\n\n\n\n\n\n<div class=\"session flex flex-col xl:grid xl:grid-cols-4 xl:gap-x-10 w-full bg-white px-4 xl:px-6 py-6 border-t-[2px] xl:border-t-[4px] border-t-pcfSecondary mb-10 xl:mb-12\" data-id=\"1276\" data-rubriken=\"mental-health-wellbeing-en\" data-sprachen=\"ger\" data-sessions=\"lightning-talk-en\" data-themen=\"\" data-orte=\"cinema-2\">\n    <!-- META -->\n\n    <div class=\"xl:col-span-3\">\n        <div class=\"\">\n            <div class=\"xl:hidden\">\n                \n<button class=\"session-button w-7 h-[25px] group relative \" data-session=\"1276\" onClick=\"toggleSessionInLocalStorage(1276)\">\n    <img decoding=\"async\" class=\"default opacity-100 group-hover:opacity-0 transition-all absolute left-0 top-0 w-full h-auto\" src=\"https:\/\/people-and-culture-festival.berlin\/wp-content\/themes\/pcf2025\/assets\/gfx\/icons\/session\/heart-list-default.svg\" alt=\"Session merken\">\n    <img decoding=\"async\" class=\"default opacity-0 group-hover:opacity-100 transition-all absolute left-0 top-0 w-full h-auto\" src=\"https:\/\/people-and-culture-festival.berlin\/wp-content\/themes\/pcf2025\/assets\/gfx\/icons\/session\/heart-list-hover.svg\" alt=\"Session merken\">\n    <img decoding=\"async\" class=\"selected opacity-100 group-hover:opacity-0 transition-all absolute left-0 top-0 w-full h-auto\" src=\"https:\/\/people-and-culture-festival.berlin\/wp-content\/themes\/pcf2025\/assets\/gfx\/icons\/session\/heart-list-active.svg\" alt=\"Session nicht mehr merken\">\n    <img decoding=\"async\" class=\"selected opacity-0 group-hover:opacity-100 transition-all absolute left-0 top-0 w-full h-auto\" src=\"https:\/\/people-and-culture-festival.berlin\/wp-content\/themes\/pcf2025\/assets\/gfx\/icons\/session\/heart-list-active-hover.svg\" alt=\"Session nicht mehr merken\">\n<\/button>            <\/div>\n            <div class=\"flex gap-1 flex-wrap mt-6 xl:mt-0 items-center\">\n                <!-- Meta: Rubrik -->\n                                    <div class=\"bg-rubrikRot rounded-[24px] px-3 py-2 text-white text-[14px] tracking-[0.28px]\">\n                        Mental Health &amp; Wellbeing                    <\/div>\n                                <!-- Meta: Language -->\n                                    <div class=\"uppercase rounded-[24px] px-3 py-2 text-pcfPrimary bg-[rgba(76,26,58,0.09)] text-[14px] tracking-[0.28px]\">\n                        DE                    <\/div>\n                                <!-- Meta: Session -->\n                                    <div class=\"rounded-[24px] px-3 py-2 text-pcfPrimary bg-[rgba(76,26,58,0.09)] text-[14px] tracking-[0.28px]\">\n                        Lightning Talk                    <\/div>\n                \n                <div class=\"hidden xl:flex ms-auto items-center\">\n                    \n<button class=\"session-button w-7 h-[25px] group relative \" data-session=\"1276\" onClick=\"toggleSessionInLocalStorage(1276)\">\n    <img decoding=\"async\" class=\"default opacity-100 group-hover:opacity-0 transition-all absolute left-0 top-0 w-full h-auto\" src=\"https:\/\/people-and-culture-festival.berlin\/wp-content\/themes\/pcf2025\/assets\/gfx\/icons\/session\/heart-list-default.svg\" alt=\"Session merken\">\n    <img decoding=\"async\" class=\"default opacity-0 group-hover:opacity-100 transition-all absolute left-0 top-0 w-full h-auto\" src=\"https:\/\/people-and-culture-festival.berlin\/wp-content\/themes\/pcf2025\/assets\/gfx\/icons\/session\/heart-list-hover.svg\" alt=\"Session merken\">\n    <img decoding=\"async\" class=\"selected opacity-100 group-hover:opacity-0 transition-all absolute left-0 top-0 w-full h-auto\" src=\"https:\/\/people-and-culture-festival.berlin\/wp-content\/themes\/pcf2025\/assets\/gfx\/icons\/session\/heart-list-active.svg\" alt=\"Session nicht mehr merken\">\n    <img decoding=\"async\" class=\"selected opacity-0 group-hover:opacity-100 transition-all absolute left-0 top-0 w-full h-auto\" src=\"https:\/\/people-and-culture-festival.berlin\/wp-content\/themes\/pcf2025\/assets\/gfx\/icons\/session\/heart-list-active-hover.svg\" alt=\"Session nicht mehr merken\">\n<\/button>                <\/div>\n            <\/div>\n            <!-- Meta: Time -->\n            <div class=\"mt-6 text-pcfPrimary text-heading-mobile-h2 xl:text-heading-h3\">\n                16:30 &#8211;\n                16:45            <\/div>\n            <!-- Meta: Location -->\n            <div class=\"mt-2 flex items-center text-reading-body-1 text-pcfSecondary\">\n                <img decoding=\"async\" src=\"https:\/\/people-and-culture-festival.berlin\/wp-content\/themes\/pcf2025\/assets\/gfx\/location.svg\" alt=\"\" class=\"!h-5 !w-auto me-3\">\n                Cinema 2            <\/div>\n        <\/div>\n\n        <div class=\"mt-6 xl:mt-4 border-t-[1px] border-t-pcfSecondary\">\n            <!-- Title -->\n            <div class=\"mt-6 text-heading-mobile-h2 xl:text-heading-h3 text-pcfPrimary break-words\">\n                Connection before change &#8211; What we are not (yet) telling about resilience            <\/div>\n\n\n            <!-- Content -->\n            <div class=\"mt-7 xl:mt-6 lineCollapse text-reading-body-1 whitespace-pre-line\" data-showmore=\"expand\" data-showless=\"collapse\" data-buttonclasses=\"mt-6 lineCollapseButton\">Resilience is not an individual state\u2014it is a social process. The nervous system doesn&#8217;t seek goals, but security. Felicia shows why resistance is a neurobiologically intelligent protective mechanism\u2014and why mental health in organizations requires co-regulation. Only where people feel connected, heard, and internally secure does change lead to true development. For people who want to make a difference\u2014in themselves, in their relationships, in organizations.<\/div>\n\n            <!-- Content: Themen -->\n            <div class=\"flex gap-1 flex-wrap mt-6 xl:mt-10\">\n                            <\/div>\n        <\/div>\n    <\/div>\n    <!-- Info Container -->\n            <div class=\"mt-6 xl:mt-4 border-t-[1px] xl:border-t-0 border-t-pcfSecondary\">\n                                        <div class=\"mt-6 xl:mt-0\">\n                    <div class=\"text-pcfSecondary text-reading-caption\">\n                        Speaker                    <\/div>\n                    <div class=\"mt-2 flex flex-col gap-y-2\">\n                                                    <div class=\"\">\n                                <a href=\"https:\/\/people-and-culture-festival.berlin\/en\/speakers\/felicia-fischer\/\" class=\"text-pcfLink text-reading-body-1-bold\">\n                                    Felicia Fischer                                <\/a>\n                                <div class=\"text-pcfPrimary text-reading-body-1\">\n                                    Felicia Fischer \/ Human Insight                                <\/div>\n                            <\/div>\n                                            <\/div>\n                <\/div>\n                                <\/div>\n    \n<\/div>\n\n\n\n\n\n<div class=\"session flex flex-col xl:grid xl:grid-cols-4 xl:gap-x-10 w-full bg-white px-4 xl:px-6 py-6 border-t-[2px] xl:border-t-[4px] border-t-pcfSecondary mb-10 xl:mb-12\" data-id=\"1284\" data-rubriken=\"mental-health-wellbeing-en\" data-sprachen=\"ger\" data-sessions=\"lightning-talk-en\" data-themen=\"\" data-orte=\"cinema-7\">\n    <!-- META -->\n\n    <div class=\"xl:col-span-3\">\n        <div class=\"\">\n            <div class=\"xl:hidden\">\n                \n<button class=\"session-button w-7 h-[25px] group relative \" data-session=\"1284\" onClick=\"toggleSessionInLocalStorage(1284)\">\n    <img decoding=\"async\" class=\"default opacity-100 group-hover:opacity-0 transition-all absolute left-0 top-0 w-full h-auto\" src=\"https:\/\/people-and-culture-festival.berlin\/wp-content\/themes\/pcf2025\/assets\/gfx\/icons\/session\/heart-list-default.svg\" alt=\"Session merken\">\n    <img decoding=\"async\" class=\"default opacity-0 group-hover:opacity-100 transition-all absolute left-0 top-0 w-full h-auto\" src=\"https:\/\/people-and-culture-festival.berlin\/wp-content\/themes\/pcf2025\/assets\/gfx\/icons\/session\/heart-list-hover.svg\" alt=\"Session merken\">\n    <img decoding=\"async\" class=\"selected opacity-100 group-hover:opacity-0 transition-all absolute left-0 top-0 w-full h-auto\" src=\"https:\/\/people-and-culture-festival.berlin\/wp-content\/themes\/pcf2025\/assets\/gfx\/icons\/session\/heart-list-active.svg\" alt=\"Session nicht mehr merken\">\n    <img decoding=\"async\" class=\"selected opacity-0 group-hover:opacity-100 transition-all absolute left-0 top-0 w-full h-auto\" src=\"https:\/\/people-and-culture-festival.berlin\/wp-content\/themes\/pcf2025\/assets\/gfx\/icons\/session\/heart-list-active-hover.svg\" alt=\"Session nicht mehr merken\">\n<\/button>            <\/div>\n            <div class=\"flex gap-1 flex-wrap mt-6 xl:mt-0 items-center\">\n                <!-- Meta: Rubrik -->\n                                    <div class=\"bg-rubrikRot rounded-[24px] px-3 py-2 text-white text-[14px] tracking-[0.28px]\">\n                        Mental Health &amp; Wellbeing                    <\/div>\n                                <!-- Meta: Language -->\n                                    <div class=\"uppercase rounded-[24px] px-3 py-2 text-pcfPrimary bg-[rgba(76,26,58,0.09)] text-[14px] tracking-[0.28px]\">\n                        DE                    <\/div>\n                                <!-- Meta: Session -->\n                                    <div class=\"rounded-[24px] px-3 py-2 text-pcfPrimary bg-[rgba(76,26,58,0.09)] text-[14px] tracking-[0.28px]\">\n                        Lightning Talk                    <\/div>\n                \n                <div class=\"hidden xl:flex ms-auto items-center\">\n                    \n<button class=\"session-button w-7 h-[25px] group relative \" data-session=\"1284\" onClick=\"toggleSessionInLocalStorage(1284)\">\n    <img decoding=\"async\" class=\"default opacity-100 group-hover:opacity-0 transition-all absolute left-0 top-0 w-full h-auto\" src=\"https:\/\/people-and-culture-festival.berlin\/wp-content\/themes\/pcf2025\/assets\/gfx\/icons\/session\/heart-list-default.svg\" alt=\"Session merken\">\n    <img decoding=\"async\" class=\"default opacity-0 group-hover:opacity-100 transition-all absolute left-0 top-0 w-full h-auto\" src=\"https:\/\/people-and-culture-festival.berlin\/wp-content\/themes\/pcf2025\/assets\/gfx\/icons\/session\/heart-list-hover.svg\" alt=\"Session merken\">\n    <img decoding=\"async\" class=\"selected opacity-100 group-hover:opacity-0 transition-all absolute left-0 top-0 w-full h-auto\" src=\"https:\/\/people-and-culture-festival.berlin\/wp-content\/themes\/pcf2025\/assets\/gfx\/icons\/session\/heart-list-active.svg\" alt=\"Session nicht mehr merken\">\n    <img decoding=\"async\" class=\"selected opacity-0 group-hover:opacity-100 transition-all absolute left-0 top-0 w-full h-auto\" src=\"https:\/\/people-and-culture-festival.berlin\/wp-content\/themes\/pcf2025\/assets\/gfx\/icons\/session\/heart-list-active-hover.svg\" alt=\"Session nicht mehr merken\">\n<\/button>                <\/div>\n            <\/div>\n            <!-- Meta: Time -->\n            <div class=\"mt-6 text-pcfPrimary text-heading-mobile-h2 xl:text-heading-h3\">\n                16:30 &#8211;\n                16:45            <\/div>\n            <!-- Meta: Location -->\n            <div class=\"mt-2 flex items-center text-reading-body-1 text-pcfSecondary\">\n                <img decoding=\"async\" src=\"https:\/\/people-and-culture-festival.berlin\/wp-content\/themes\/pcf2025\/assets\/gfx\/location.svg\" alt=\"\" class=\"!h-5 !w-auto me-3\">\n                Cinema 7            <\/div>\n        <\/div>\n\n        <div class=\"mt-6 xl:mt-4 border-t-[1px] border-t-pcfSecondary\">\n            <!-- Title -->\n            <div class=\"mt-6 text-heading-mobile-h2 xl:text-heading-h3 text-pcfPrimary break-words\">\n                Writing resilience: Using the power of words for your own health            <\/div>\n\n\n            <!-- Content -->\n            <div class=\"mt-7 xl:mt-6 lineCollapse text-reading-body-1 whitespace-pre-line\" data-showmore=\"expand\" data-showless=\"collapse\" data-buttonclasses=\"mt-6 lineCollapseButton\">Wenn man Schreibinterventionen als Medikament verkaufen w\u00fcrde, dann w\u00fcrden sich Pharma-Firmen vermutlich um das Patent rei\u00dfen: Die gesundheitsf\u00f6rdernde und sogar heilende Wirkung von Schreiben ist in zahlreichen medizinischen und psychologischen Studien \u00fcber Jahrzehnte hinweg immer wieder best\u00e4tigt worden. Bereits minimale Schreib\u00fcbungen, z.B. in einem Zeitrahmen von 15 Minuten an mehreren Tagen hintereinander, erzielen erstaunliche Wirkungen.<\/div>\n\n            <!-- Content: Themen -->\n            <div class=\"flex gap-1 flex-wrap mt-6 xl:mt-10\">\n                            <\/div>\n        <\/div>\n    <\/div>\n    <!-- Info Container -->\n            <div class=\"mt-6 xl:mt-4 border-t-[1px] xl:border-t-0 border-t-pcfSecondary\">\n                                        <div class=\"mt-6 xl:mt-0\">\n                    <div class=\"text-pcfSecondary text-reading-caption\">\n                        Speaker                    <\/div>\n                    <div class=\"mt-2 flex flex-col gap-y-2\">\n                                                    <div class=\"\">\n                                <a href=\"https:\/\/people-and-culture-festival.berlin\/en\/speakers\/katrin-girgensohn\/\" class=\"text-pcfLink text-reading-body-1-bold\">\n                                    Katrin Girgensohn                                <\/a>\n                                <div class=\"text-pcfPrimary text-reading-body-1\">\n                                    SRH University of Applied Sciences Heidelberg, Campus Berlin                                <\/div>\n                            <\/div>\n                                            <\/div>\n                <\/div>\n                                <\/div>\n    \n<\/div>\n\n\n\n\n\n<div class=\"session flex flex-col xl:grid xl:grid-cols-4 xl:gap-x-10 w-full bg-white px-4 xl:px-6 py-6 border-t-[2px] xl:border-t-[4px] border-t-pcfSecondary mb-10 xl:mb-12\" data-id=\"1275\" data-rubriken=\"mental-health-wellbeing-en\" data-sprachen=\"ger\" data-sessions=\"keynote-en\" data-themen=\"\" data-orte=\"cinema-2\">\n    <!-- META -->\n\n    <div class=\"xl:col-span-3\">\n        <div class=\"\">\n            <div class=\"xl:hidden\">\n                \n<button class=\"session-button w-7 h-[25px] group relative \" data-session=\"1275\" onClick=\"toggleSessionInLocalStorage(1275)\">\n    <img decoding=\"async\" class=\"default opacity-100 group-hover:opacity-0 transition-all absolute left-0 top-0 w-full h-auto\" src=\"https:\/\/people-and-culture-festival.berlin\/wp-content\/themes\/pcf2025\/assets\/gfx\/icons\/session\/heart-list-default.svg\" alt=\"Session merken\">\n    <img decoding=\"async\" class=\"default opacity-0 group-hover:opacity-100 transition-all absolute left-0 top-0 w-full h-auto\" src=\"https:\/\/people-and-culture-festival.berlin\/wp-content\/themes\/pcf2025\/assets\/gfx\/icons\/session\/heart-list-hover.svg\" alt=\"Session merken\">\n    <img decoding=\"async\" class=\"selected opacity-100 group-hover:opacity-0 transition-all absolute left-0 top-0 w-full h-auto\" src=\"https:\/\/people-and-culture-festival.berlin\/wp-content\/themes\/pcf2025\/assets\/gfx\/icons\/session\/heart-list-active.svg\" alt=\"Session nicht mehr merken\">\n    <img decoding=\"async\" class=\"selected opacity-0 group-hover:opacity-100 transition-all absolute left-0 top-0 w-full h-auto\" src=\"https:\/\/people-and-culture-festival.berlin\/wp-content\/themes\/pcf2025\/assets\/gfx\/icons\/session\/heart-list-active-hover.svg\" alt=\"Session nicht mehr merken\">\n<\/button>            <\/div>\n            <div class=\"flex gap-1 flex-wrap mt-6 xl:mt-0 items-center\">\n                <!-- Meta: Rubrik -->\n                                    <div class=\"bg-rubrikRot rounded-[24px] px-3 py-2 text-white text-[14px] tracking-[0.28px]\">\n                        Mental Health &amp; Wellbeing                    <\/div>\n                                <!-- Meta: Language -->\n                                    <div class=\"uppercase rounded-[24px] px-3 py-2 text-pcfPrimary bg-[rgba(76,26,58,0.09)] text-[14px] tracking-[0.28px]\">\n                        DE                    <\/div>\n                                <!-- Meta: Session -->\n                                    <div class=\"rounded-[24px] px-3 py-2 text-pcfPrimary bg-[rgba(76,26,58,0.09)] text-[14px] tracking-[0.28px]\">\n                        Keynote                    <\/div>\n                \n                <div class=\"hidden xl:flex ms-auto items-center\">\n                    \n<button class=\"session-button w-7 h-[25px] group relative \" data-session=\"1275\" onClick=\"toggleSessionInLocalStorage(1275)\">\n    <img decoding=\"async\" class=\"default opacity-100 group-hover:opacity-0 transition-all absolute left-0 top-0 w-full h-auto\" src=\"https:\/\/people-and-culture-festival.berlin\/wp-content\/themes\/pcf2025\/assets\/gfx\/icons\/session\/heart-list-default.svg\" alt=\"Session merken\">\n    <img decoding=\"async\" class=\"default opacity-0 group-hover:opacity-100 transition-all absolute left-0 top-0 w-full h-auto\" src=\"https:\/\/people-and-culture-festival.berlin\/wp-content\/themes\/pcf2025\/assets\/gfx\/icons\/session\/heart-list-hover.svg\" alt=\"Session merken\">\n    <img decoding=\"async\" class=\"selected opacity-100 group-hover:opacity-0 transition-all absolute left-0 top-0 w-full h-auto\" src=\"https:\/\/people-and-culture-festival.berlin\/wp-content\/themes\/pcf2025\/assets\/gfx\/icons\/session\/heart-list-active.svg\" alt=\"Session nicht mehr merken\">\n    <img decoding=\"async\" class=\"selected opacity-0 group-hover:opacity-100 transition-all absolute left-0 top-0 w-full h-auto\" src=\"https:\/\/people-and-culture-festival.berlin\/wp-content\/themes\/pcf2025\/assets\/gfx\/icons\/session\/heart-list-active-hover.svg\" alt=\"Session nicht mehr merken\">\n<\/button>                <\/div>\n            <\/div>\n            <!-- Meta: Time -->\n            <div class=\"mt-6 text-pcfPrimary text-heading-mobile-h2 xl:text-heading-h3\">\n                16:45 &#8211;\n                17:15            <\/div>\n            <!-- Meta: Location -->\n            <div class=\"mt-2 flex items-center text-reading-body-1 text-pcfSecondary\">\n                <img decoding=\"async\" src=\"https:\/\/people-and-culture-festival.berlin\/wp-content\/themes\/pcf2025\/assets\/gfx\/location.svg\" alt=\"\" class=\"!h-5 !w-auto me-3\">\n                Cinema 2            <\/div>\n        <\/div>\n\n        <div class=\"mt-6 xl:mt-4 border-t-[1px] border-t-pcfSecondary\">\n            <!-- Title -->\n            <div class=\"mt-6 text-heading-mobile-h2 xl:text-heading-h3 text-pcfPrimary break-words\">\n                What good is applause if no one can do anything anymore?            <\/div>\n\n\n            <!-- Content -->\n            <div class=\"mt-7 xl:mt-6 lineCollapse text-reading-body-1 whitespace-pre-line\" data-showmore=\"expand\" data-showless=\"collapse\" data-buttonclasses=\"mt-6 lineCollapseButton\">Spotlight on, spotlight off: This session demonstrates why mental health coordination is a game-changer for film, media, and culture. Based on current studies, it&#8217;s clear: mental stability increases creativity, productivity, and social sustainability. Specifically, this session includes tried-and-tested structures for sensitive scenes, clear roles, a hotline, and de-roling\u2014protection without censorship. Following this session, there will be short exercises to take with you for everyday life.<\/div>\n\n            <!-- Content: Themen -->\n            <div class=\"flex gap-1 flex-wrap mt-6 xl:mt-10\">\n                            <\/div>\n        <\/div>\n    <\/div>\n    <!-- Info Container -->\n            <div class=\"mt-6 xl:mt-4 border-t-[1px] xl:border-t-0 border-t-pcfSecondary\">\n                                        <div class=\"mt-6 xl:mt-0\">\n                    <div class=\"text-pcfSecondary text-reading-caption\">\n                        Speaker                    <\/div>\n                    <div class=\"mt-2 flex flex-col gap-y-2\">\n                                                    <div class=\"\">\n                                <a href=\"https:\/\/people-and-culture-festival.berlin\/en\/speakers\/heike-dzaack-crostewitz\/\" class=\"text-pcfLink text-reading-body-1-bold\">\n                                    Heike Dzaack-Crostewitz                                <\/a>\n                                <div class=\"text-pcfPrimary text-reading-body-1\">\n                                    DramaCare GmbH                                <\/div>\n                            <\/div>\n                                            <\/div>\n                <\/div>\n                                <\/div>\n    \n<\/div>\n\n\n\n\n\n<div class=\"session flex flex-col xl:grid xl:grid-cols-4 xl:gap-x-10 w-full bg-white px-4 xl:px-6 py-6 border-t-[2px] xl:border-t-[4px] border-t-pcfSecondary mb-10 xl:mb-12\" data-id=\"1285\" data-rubriken=\"entrepreneurship-neue-berufliche-wege-en\" data-sprachen=\"ger\" data-sessions=\"firesite-chat-en\" data-themen=\"\" data-orte=\"cinema-10\">\n    <!-- META -->\n\n    <div class=\"xl:col-span-3\">\n        <div class=\"\">\n            <div class=\"xl:hidden\">\n                \n<button class=\"session-button w-7 h-[25px] group relative \" data-session=\"1285\" onClick=\"toggleSessionInLocalStorage(1285)\">\n    <img decoding=\"async\" class=\"default opacity-100 group-hover:opacity-0 transition-all absolute left-0 top-0 w-full h-auto\" src=\"https:\/\/people-and-culture-festival.berlin\/wp-content\/themes\/pcf2025\/assets\/gfx\/icons\/session\/heart-list-default.svg\" alt=\"Session merken\">\n    <img decoding=\"async\" class=\"default opacity-0 group-hover:opacity-100 transition-all absolute left-0 top-0 w-full h-auto\" src=\"https:\/\/people-and-culture-festival.berlin\/wp-content\/themes\/pcf2025\/assets\/gfx\/icons\/session\/heart-list-hover.svg\" alt=\"Session merken\">\n    <img decoding=\"async\" class=\"selected opacity-100 group-hover:opacity-0 transition-all absolute left-0 top-0 w-full h-auto\" src=\"https:\/\/people-and-culture-festival.berlin\/wp-content\/themes\/pcf2025\/assets\/gfx\/icons\/session\/heart-list-active.svg\" alt=\"Session nicht mehr merken\">\n    <img decoding=\"async\" class=\"selected opacity-0 group-hover:opacity-100 transition-all absolute left-0 top-0 w-full h-auto\" src=\"https:\/\/people-and-culture-festival.berlin\/wp-content\/themes\/pcf2025\/assets\/gfx\/icons\/session\/heart-list-active-hover.svg\" alt=\"Session nicht mehr merken\">\n<\/button>            <\/div>\n            <div class=\"flex gap-1 flex-wrap mt-6 xl:mt-0 items-center\">\n                <!-- Meta: Rubrik -->\n                                    <div class=\"bg-rubrikLila rounded-[24px] px-3 py-2 text-white text-[14px] tracking-[0.28px]\">\n                        Entrepreneurship &amp; neue berufliche Wege                    <\/div>\n                                <!-- Meta: Language -->\n                                    <div class=\"uppercase rounded-[24px] px-3 py-2 text-pcfPrimary bg-[rgba(76,26,58,0.09)] text-[14px] tracking-[0.28px]\">\n                        DE                    <\/div>\n                                <!-- Meta: Session -->\n                                    <div class=\"rounded-[24px] px-3 py-2 text-pcfPrimary bg-[rgba(76,26,58,0.09)] text-[14px] tracking-[0.28px]\">\n                        Firesite Chat                    <\/div>\n                \n                <div class=\"hidden xl:flex ms-auto items-center\">\n                    \n<button class=\"session-button w-7 h-[25px] group relative \" data-session=\"1285\" onClick=\"toggleSessionInLocalStorage(1285)\">\n    <img decoding=\"async\" class=\"default opacity-100 group-hover:opacity-0 transition-all absolute left-0 top-0 w-full h-auto\" src=\"https:\/\/people-and-culture-festival.berlin\/wp-content\/themes\/pcf2025\/assets\/gfx\/icons\/session\/heart-list-default.svg\" alt=\"Session merken\">\n    <img decoding=\"async\" class=\"default opacity-0 group-hover:opacity-100 transition-all absolute left-0 top-0 w-full h-auto\" src=\"https:\/\/people-and-culture-festival.berlin\/wp-content\/themes\/pcf2025\/assets\/gfx\/icons\/session\/heart-list-hover.svg\" alt=\"Session merken\">\n    <img decoding=\"async\" class=\"selected opacity-100 group-hover:opacity-0 transition-all absolute left-0 top-0 w-full h-auto\" src=\"https:\/\/people-and-culture-festival.berlin\/wp-content\/themes\/pcf2025\/assets\/gfx\/icons\/session\/heart-list-active.svg\" alt=\"Session nicht mehr merken\">\n    <img decoding=\"async\" class=\"selected opacity-0 group-hover:opacity-100 transition-all absolute left-0 top-0 w-full h-auto\" src=\"https:\/\/people-and-culture-festival.berlin\/wp-content\/themes\/pcf2025\/assets\/gfx\/icons\/session\/heart-list-active-hover.svg\" alt=\"Session nicht mehr merken\">\n<\/button>                <\/div>\n            <\/div>\n            <!-- Meta: Time -->\n            <div class=\"mt-6 text-pcfPrimary text-heading-mobile-h2 xl:text-heading-h3\">\n                16:45 &#8211;\n                17:15            <\/div>\n            <!-- Meta: Location -->\n            <div class=\"mt-2 flex items-center text-reading-body-1 text-pcfSecondary\">\n                <img decoding=\"async\" src=\"https:\/\/people-and-culture-festival.berlin\/wp-content\/themes\/pcf2025\/assets\/gfx\/location.svg\" alt=\"\" class=\"!h-5 !w-auto me-3\">\n                Cinema 10            <\/div>\n        <\/div>\n\n        <div class=\"mt-6 xl:mt-4 border-t-[1px] border-t-pcfSecondary\">\n            <!-- Title -->\n            <div class=\"mt-6 text-heading-mobile-h2 xl:text-heading-h3 text-pcfPrimary break-words\">\n                Shaping instead of managing \u2013 your path into public service \/\/ How to become a State Secretary?            <\/div>\n\n\n            <!-- Content -->\n            <div class=\"mt-7 xl:mt-6 lineCollapse text-reading-body-1 whitespace-pre-line\" data-showmore=\"expand\" data-showless=\"collapse\" data-buttonclasses=\"mt-6 lineCollapseButton\">Shaping the future, managing challenges, and making a difference in society\u2014the public service offers more than many people think. In a fireside chat, State Secretary Michael Biel shares his personal career path, explains entry-level opportunities in public administration, dispels prejudices, and highlights opportunities to assume responsibility early on. In short: How to become a State Secretary? An invitation to everyone who wants to make an impact\u2014not just a career.<\/div>\n\n            <!-- Content: Themen -->\n            <div class=\"flex gap-1 flex-wrap mt-6 xl:mt-10\">\n                            <\/div>\n        <\/div>\n    <\/div>\n    <!-- Info Container -->\n            <div class=\"mt-6 xl:mt-4 border-t-[1px] xl:border-t-0 border-t-pcfSecondary\">\n                            <div class=\"mt-6 xl:mt-0 xl:mb-6\">\n                    <div class=\"text-pcfSecondary text-reading-caption\">\n                        Host                    <\/div>\n                    <div class=\"mt-2 flex flex-col gap-y-2\">\n                                                    <div>\n                                <a href=\"https:\/\/people-and-culture-festival.berlin\/en\/speakers\/jeannine-koch\/\" class=\"text-pcfLink text-reading-body-1-bold\">\n                                    Jeannine Koch                                <\/a>\n                            <\/div>\n                                            <\/div>\n                <\/div>\n                                        <div class=\"mt-6 xl:mt-0\">\n                    <div class=\"text-pcfSecondary text-reading-caption\">\n                        Speaker                    <\/div>\n                    <div class=\"mt-2 flex flex-col gap-y-2\">\n                                                    <div class=\"\">\n                                <a href=\"https:\/\/people-and-culture-festival.berlin\/en\/speakers\/michael-biel\/\" class=\"text-pcfLink text-reading-body-1-bold\">\n                                    Michael Biel                                <\/a>\n                                <div class=\"text-pcfPrimary text-reading-body-1\">\n                                    Senate Department for Economic Affairs, Energy and Public Enterprises                                <\/div>\n                            <\/div>\n                                            <\/div>\n                <\/div>\n                                <\/div>\n    \n<\/div>\n\n\n\n\n\n<div class=\"session flex flex-col xl:grid xl:grid-cols-4 xl:gap-x-10 w-full bg-white px-4 xl:px-6 py-6 border-t-[2px] xl:border-t-[4px] border-t-pcfSecondary mb-10 xl:mb-12\" data-id=\"1282\" data-rubriken=\"zukunft-der-arbeit-ki-en\" data-sprachen=\"ger\" data-sessions=\"keynote-en\" data-themen=\"\" data-orte=\"cinema-7\">\n    <!-- META -->\n\n    <div class=\"xl:col-span-3\">\n        <div class=\"\">\n            <div class=\"xl:hidden\">\n                \n<button class=\"session-button w-7 h-[25px] group relative \" data-session=\"1282\" onClick=\"toggleSessionInLocalStorage(1282)\">\n    <img decoding=\"async\" class=\"default opacity-100 group-hover:opacity-0 transition-all absolute left-0 top-0 w-full h-auto\" src=\"https:\/\/people-and-culture-festival.berlin\/wp-content\/themes\/pcf2025\/assets\/gfx\/icons\/session\/heart-list-default.svg\" alt=\"Session merken\">\n    <img decoding=\"async\" class=\"default opacity-0 group-hover:opacity-100 transition-all absolute left-0 top-0 w-full h-auto\" src=\"https:\/\/people-and-culture-festival.berlin\/wp-content\/themes\/pcf2025\/assets\/gfx\/icons\/session\/heart-list-hover.svg\" alt=\"Session merken\">\n    <img decoding=\"async\" class=\"selected opacity-100 group-hover:opacity-0 transition-all absolute left-0 top-0 w-full h-auto\" src=\"https:\/\/people-and-culture-festival.berlin\/wp-content\/themes\/pcf2025\/assets\/gfx\/icons\/session\/heart-list-active.svg\" alt=\"Session nicht mehr merken\">\n    <img decoding=\"async\" class=\"selected opacity-0 group-hover:opacity-100 transition-all absolute left-0 top-0 w-full h-auto\" src=\"https:\/\/people-and-culture-festival.berlin\/wp-content\/themes\/pcf2025\/assets\/gfx\/icons\/session\/heart-list-active-hover.svg\" alt=\"Session nicht mehr merken\">\n<\/button>            <\/div>\n            <div class=\"flex gap-1 flex-wrap mt-6 xl:mt-0 items-center\">\n                <!-- Meta: Rubrik -->\n                                    <div class=\"bg-rubrikBlau rounded-[24px] px-3 py-2 text-white text-[14px] tracking-[0.28px]\">\n                        Zukunft der Arbeit &amp; KI                    <\/div>\n                                <!-- Meta: Language -->\n                                    <div class=\"uppercase rounded-[24px] px-3 py-2 text-pcfPrimary bg-[rgba(76,26,58,0.09)] text-[14px] tracking-[0.28px]\">\n                        DE                    <\/div>\n                                <!-- Meta: Session -->\n                                    <div class=\"rounded-[24px] px-3 py-2 text-pcfPrimary bg-[rgba(76,26,58,0.09)] text-[14px] tracking-[0.28px]\">\n                        Keynote                    <\/div>\n                \n                <div class=\"hidden xl:flex ms-auto items-center\">\n                    \n<button class=\"session-button w-7 h-[25px] group relative \" data-session=\"1282\" onClick=\"toggleSessionInLocalStorage(1282)\">\n    <img decoding=\"async\" class=\"default opacity-100 group-hover:opacity-0 transition-all absolute left-0 top-0 w-full h-auto\" src=\"https:\/\/people-and-culture-festival.berlin\/wp-content\/themes\/pcf2025\/assets\/gfx\/icons\/session\/heart-list-default.svg\" alt=\"Session merken\">\n    <img decoding=\"async\" class=\"default opacity-0 group-hover:opacity-100 transition-all absolute left-0 top-0 w-full h-auto\" src=\"https:\/\/people-and-culture-festival.berlin\/wp-content\/themes\/pcf2025\/assets\/gfx\/icons\/session\/heart-list-hover.svg\" alt=\"Session merken\">\n    <img decoding=\"async\" class=\"selected opacity-100 group-hover:opacity-0 transition-all absolute left-0 top-0 w-full h-auto\" src=\"https:\/\/people-and-culture-festival.berlin\/wp-content\/themes\/pcf2025\/assets\/gfx\/icons\/session\/heart-list-active.svg\" alt=\"Session nicht mehr merken\">\n    <img decoding=\"async\" class=\"selected opacity-0 group-hover:opacity-100 transition-all absolute left-0 top-0 w-full h-auto\" src=\"https:\/\/people-and-culture-festival.berlin\/wp-content\/themes\/pcf2025\/assets\/gfx\/icons\/session\/heart-list-active-hover.svg\" alt=\"Session nicht mehr merken\">\n<\/button>                <\/div>\n            <\/div>\n            <!-- Meta: Time -->\n            <div class=\"mt-6 text-pcfPrimary text-heading-mobile-h2 xl:text-heading-h3\">\n                16:45 &#8211;\n                17:15            <\/div>\n            <!-- Meta: Location -->\n            <div class=\"mt-2 flex items-center text-reading-body-1 text-pcfSecondary\">\n                <img decoding=\"async\" src=\"https:\/\/people-and-culture-festival.berlin\/wp-content\/themes\/pcf2025\/assets\/gfx\/location.svg\" alt=\"\" class=\"!h-5 !w-auto me-3\">\n                Cinema 7            <\/div>\n        <\/div>\n\n        <div class=\"mt-6 xl:mt-4 border-t-[1px] border-t-pcfSecondary\">\n            <!-- Title -->\n            <div class=\"mt-6 text-heading-mobile-h2 xl:text-heading-h3 text-pcfPrimary break-words\">\n                AI as job support or job threat? A plea for a humanistic AI model            <\/div>\n\n\n            <!-- Content -->\n            <div class=\"mt-7 xl:mt-6 lineCollapse text-reading-body-1 whitespace-pre-line\" data-showmore=\"expand\" data-showless=\"collapse\" data-buttonclasses=\"mt-6 lineCollapseButton\">The session presents a tech-optimistic yet humanistic AI vision: Instead of a threat to jobs, AI is understood as a tool for augmentation and the development of potential. Discussions will cover not only the philosophical and socio-economic foundations but also concrete implementation: how companies can create spaces for self-directed AI learning and practice, and how individual AI can develop sovereignty.<\/div>\n\n            <!-- Content: Themen -->\n            <div class=\"flex gap-1 flex-wrap mt-6 xl:mt-10\">\n                            <\/div>\n        <\/div>\n    <\/div>\n    <!-- Info Container -->\n            <div class=\"mt-6 xl:mt-4 border-t-[1px] xl:border-t-0 border-t-pcfSecondary\">\n                                        <div class=\"mt-6 xl:mt-0\">\n                    <div class=\"text-pcfSecondary text-reading-caption\">\n                        Speaker                    <\/div>\n                    <div class=\"mt-2 flex flex-col gap-y-2\">\n                                                    <div class=\"\">\n                                <a href=\"https:\/\/people-and-culture-festival.berlin\/en\/speakers\/max-senges\/\" class=\"text-pcfLink text-reading-body-1-bold\">\n                                    Prof. Max Senges                                <\/a>\n                                <div class=\"text-pcfPrimary text-reading-body-1\">\n                                    IEB\/UdK                                <\/div>\n                            <\/div>\n                                                    <div class=\"\">\n                                <a href=\"https:\/\/people-and-culture-festival.berlin\/en\/speakers\/monika-ilves\/\" class=\"text-pcfLink text-reading-body-1-bold\">\n                                    Monika Ilves                                <\/a>\n                                <div class=\"text-pcfPrimary text-reading-body-1\">\n                                    Institute of Electronic Business                                <\/div>\n                            <\/div>\n                                            <\/div>\n                <\/div>\n                                <\/div>\n    \n<\/div>\n\n\n\n\n\n<div class=\"session flex flex-col xl:grid xl:grid-cols-4 xl:gap-x-10 w-full bg-white px-4 xl:px-6 py-6 border-t-[2px] xl:border-t-[4px] border-t-pcfSecondary mb-10 xl:mb-12\" data-id=\"1286\" data-rubriken=\"zukunft-der-arbeit-ki-en\" data-sprachen=\"ger\" data-sessions=\"panel-en\" data-themen=\"\" data-orte=\"cinema-10\">\n    <!-- META -->\n\n    <div class=\"xl:col-span-3\">\n        <div class=\"\">\n            <div class=\"xl:hidden\">\n                \n<button class=\"session-button w-7 h-[25px] group relative \" data-session=\"1286\" onClick=\"toggleSessionInLocalStorage(1286)\">\n    <img decoding=\"async\" class=\"default opacity-100 group-hover:opacity-0 transition-all absolute left-0 top-0 w-full h-auto\" src=\"https:\/\/people-and-culture-festival.berlin\/wp-content\/themes\/pcf2025\/assets\/gfx\/icons\/session\/heart-list-default.svg\" alt=\"Session merken\">\n    <img decoding=\"async\" class=\"default opacity-0 group-hover:opacity-100 transition-all absolute left-0 top-0 w-full h-auto\" src=\"https:\/\/people-and-culture-festival.berlin\/wp-content\/themes\/pcf2025\/assets\/gfx\/icons\/session\/heart-list-hover.svg\" alt=\"Session merken\">\n    <img decoding=\"async\" class=\"selected opacity-100 group-hover:opacity-0 transition-all absolute left-0 top-0 w-full h-auto\" src=\"https:\/\/people-and-culture-festival.berlin\/wp-content\/themes\/pcf2025\/assets\/gfx\/icons\/session\/heart-list-active.svg\" alt=\"Session nicht mehr merken\">\n    <img decoding=\"async\" class=\"selected opacity-0 group-hover:opacity-100 transition-all absolute left-0 top-0 w-full h-auto\" src=\"https:\/\/people-and-culture-festival.berlin\/wp-content\/themes\/pcf2025\/assets\/gfx\/icons\/session\/heart-list-active-hover.svg\" alt=\"Session nicht mehr merken\">\n<\/button>            <\/div>\n            <div class=\"flex gap-1 flex-wrap mt-6 xl:mt-0 items-center\">\n                <!-- Meta: Rubrik -->\n                                    <div class=\"bg-rubrikBlau rounded-[24px] px-3 py-2 text-white text-[14px] tracking-[0.28px]\">\n                        Zukunft der Arbeit &amp; KI                    <\/div>\n                                <!-- Meta: Language -->\n                                    <div class=\"uppercase rounded-[24px] px-3 py-2 text-pcfPrimary bg-[rgba(76,26,58,0.09)] text-[14px] tracking-[0.28px]\">\n                        DE                    <\/div>\n                                <!-- Meta: Session -->\n                                    <div class=\"rounded-[24px] px-3 py-2 text-pcfPrimary bg-[rgba(76,26,58,0.09)] text-[14px] tracking-[0.28px]\">\n                        Panel                    <\/div>\n                \n                <div class=\"hidden xl:flex ms-auto items-center\">\n                    \n<button class=\"session-button w-7 h-[25px] group relative \" data-session=\"1286\" onClick=\"toggleSessionInLocalStorage(1286)\">\n    <img decoding=\"async\" class=\"default opacity-100 group-hover:opacity-0 transition-all absolute left-0 top-0 w-full h-auto\" src=\"https:\/\/people-and-culture-festival.berlin\/wp-content\/themes\/pcf2025\/assets\/gfx\/icons\/session\/heart-list-default.svg\" alt=\"Session merken\">\n    <img decoding=\"async\" class=\"default opacity-0 group-hover:opacity-100 transition-all absolute left-0 top-0 w-full h-auto\" src=\"https:\/\/people-and-culture-festival.berlin\/wp-content\/themes\/pcf2025\/assets\/gfx\/icons\/session\/heart-list-hover.svg\" alt=\"Session merken\">\n    <img decoding=\"async\" class=\"selected opacity-100 group-hover:opacity-0 transition-all absolute left-0 top-0 w-full h-auto\" src=\"https:\/\/people-and-culture-festival.berlin\/wp-content\/themes\/pcf2025\/assets\/gfx\/icons\/session\/heart-list-active.svg\" alt=\"Session nicht mehr merken\">\n    <img decoding=\"async\" class=\"selected opacity-0 group-hover:opacity-100 transition-all absolute left-0 top-0 w-full h-auto\" src=\"https:\/\/people-and-culture-festival.berlin\/wp-content\/themes\/pcf2025\/assets\/gfx\/icons\/session\/heart-list-active-hover.svg\" alt=\"Session nicht mehr merken\">\n<\/button>                <\/div>\n            <\/div>\n            <!-- Meta: Time -->\n            <div class=\"mt-6 text-pcfPrimary text-heading-mobile-h2 xl:text-heading-h3\">\n                17:15 &#8211;\n                18:00            <\/div>\n            <!-- Meta: Location -->\n            <div class=\"mt-2 flex items-center text-reading-body-1 text-pcfSecondary\">\n                <img decoding=\"async\" src=\"https:\/\/people-and-culture-festival.berlin\/wp-content\/themes\/pcf2025\/assets\/gfx\/location.svg\" alt=\"\" class=\"!h-5 !w-auto me-3\">\n                Cinema 10            <\/div>\n        <\/div>\n\n        <div class=\"mt-6 xl:mt-4 border-t-[1px] border-t-pcfSecondary\">\n            <!-- Title -->\n            <div class=\"mt-6 text-heading-mobile-h2 xl:text-heading-h3 text-pcfPrimary break-words\">\n                Innovations in and from Berlin \u2013 Rethinking the economy            <\/div>\n\n\n            <!-- Content -->\n            <div class=\"mt-7 xl:mt-6 lineCollapse text-reading-body-1 whitespace-pre-line\" data-showmore=\"expand\" data-showless=\"collapse\" data-buttonclasses=\"mt-6 lineCollapseButton\">Berlin is considered a hotspot for startups, creative minds, and pioneering technologies. But how can innovations be made sustainable \u2013 economically, socially, and ecologically? How can Berlin, with its high level of startup activity, excellent research landscape, and strong network, position itself even more effectively internationally? In this panel, experts from politics and business will discuss new approaches to economic activity, Berlin&#8217;s role as a center of innovation, and the opportunities and challenges of a sustainable economy &#8220;Made in Berlin.&#8221; The focus will be on issues of location attractiveness, the promotion of technology and creative industries, crisis resilience, and the expansion of educational structures.<\/div>\n\n            <!-- Content: Themen -->\n            <div class=\"flex gap-1 flex-wrap mt-6 xl:mt-10\">\n                            <\/div>\n        <\/div>\n    <\/div>\n    <!-- Info Container -->\n            <div class=\"mt-6 xl:mt-4 border-t-[1px] xl:border-t-0 border-t-pcfSecondary\">\n                            <div class=\"mt-6 xl:mt-0 xl:mb-6\">\n                    <div class=\"text-pcfSecondary text-reading-caption\">\n                        Host                    <\/div>\n                    <div class=\"mt-2 flex flex-col gap-y-2\">\n                                                    <div>\n                                <a href=\"https:\/\/people-and-culture-festival.berlin\/en\/speakers\/jeannine-koch\/\" class=\"text-pcfLink text-reading-body-1-bold\">\n                                    Jeannine Koch                                <\/a>\n                            <\/div>\n                                            <\/div>\n                <\/div>\n                                        <div class=\"mt-6 xl:mt-0\">\n                    <div class=\"text-pcfSecondary text-reading-caption\">\n                        Speaker                    <\/div>\n                    <div class=\"mt-2 flex flex-col gap-y-2\">\n                                                    <div class=\"\">\n                                <a href=\"https:\/\/people-and-culture-festival.berlin\/en\/speakers\/dr-stefan-franzke\/\" class=\"text-pcfLink text-reading-body-1-bold\">\n                                    Dr. Stefan Franzke                                <\/a>\n                                <div class=\"text-pcfPrimary text-reading-body-1\">\n                                    Berliner Partner f\u00fcr Wirtschaft und Technologie GmbH                                <\/div>\n                            <\/div>\n                                                    <div class=\"\">\n                                <a href=\"https:\/\/people-and-culture-festival.berlin\/en\/speakers\/ina-remmers\/\" class=\"text-pcfLink text-reading-body-1-bold\">\n                                    Ina Remmers                                <\/a>\n                                <div class=\"text-pcfPrimary text-reading-body-1\">\n                                    Rulemapping Group GmbH                                <\/div>\n                            <\/div>\n                                                    <div class=\"\">\n                                <a href=\"https:\/\/people-and-culture-festival.berlin\/en\/speakers\/laura-moeller\/\" class=\"text-pcfLink text-reading-body-1-bold\">\n                                    Laura M\u00f6ller                                <\/a>\n                                <div class=\"text-pcfPrimary text-reading-body-1\">\n                                    UNITE                                <\/div>\n                            <\/div>\n                                                    <div class=\"\">\n                                <a href=\"https:\/\/people-and-culture-festival.berlin\/en\/speakers\/martin-eyerer\/\" class=\"text-pcfLink text-reading-body-1-bold\">\n                                    Martin Eyerer                                <\/a>\n                                <div class=\"text-pcfPrimary text-reading-body-1\">\n                                    Green City Development GmbH\/Riversidestudios                                <\/div>\n                            <\/div>\n                                                    <div class=\"\">\n                                <a href=\"https:\/\/people-and-culture-festival.berlin\/en\/speakers\/michael-biel\/\" class=\"text-pcfLink text-reading-body-1-bold\">\n                                    Michael Biel                                <\/a>\n                                <div class=\"text-pcfPrimary text-reading-body-1\">\n                                    Senate Department for Economic Affairs, Energy and Public Enterprises                                <\/div>\n                            <\/div>\n                                            <\/div>\n                <\/div>\n                                <\/div>\n    \n<\/div>\n\n\n\n\n\n<div class=\"session flex flex-col xl:grid xl:grid-cols-4 xl:gap-x-10 w-full bg-white px-4 xl:px-6 py-6 border-t-[2px] xl:border-t-[4px] border-t-pcfSecondary mb-10 xl:mb-12\" data-id=\"1667\" data-rubriken=\"demografischer-wandel-arbeitsgesellschaft-en,entrepreneurship-neue-berufliche-wege-en,mental-health-wellbeing-en,zukunft-der-arbeit-ki-en\" data-sprachen=\"ger\" data-sessions=\"festival-closing-en\" data-themen=\"\" data-orte=\"cinema-10\">\n    <!-- META -->\n\n    <div class=\"xl:col-span-3\">\n        <div class=\"\">\n            <div class=\"xl:hidden\">\n                \n<button class=\"session-button w-7 h-[25px] group relative \" data-session=\"1667\" onClick=\"toggleSessionInLocalStorage(1667)\">\n    <img decoding=\"async\" class=\"default opacity-100 group-hover:opacity-0 transition-all absolute left-0 top-0 w-full h-auto\" src=\"https:\/\/people-and-culture-festival.berlin\/wp-content\/themes\/pcf2025\/assets\/gfx\/icons\/session\/heart-list-default.svg\" alt=\"Session merken\">\n    <img decoding=\"async\" class=\"default opacity-0 group-hover:opacity-100 transition-all absolute left-0 top-0 w-full h-auto\" src=\"https:\/\/people-and-culture-festival.berlin\/wp-content\/themes\/pcf2025\/assets\/gfx\/icons\/session\/heart-list-hover.svg\" alt=\"Session merken\">\n    <img decoding=\"async\" class=\"selected opacity-100 group-hover:opacity-0 transition-all absolute left-0 top-0 w-full h-auto\" src=\"https:\/\/people-and-culture-festival.berlin\/wp-content\/themes\/pcf2025\/assets\/gfx\/icons\/session\/heart-list-active.svg\" alt=\"Session nicht mehr merken\">\n    <img decoding=\"async\" class=\"selected opacity-0 group-hover:opacity-100 transition-all absolute left-0 top-0 w-full h-auto\" src=\"https:\/\/people-and-culture-festival.berlin\/wp-content\/themes\/pcf2025\/assets\/gfx\/icons\/session\/heart-list-active-hover.svg\" alt=\"Session nicht mehr merken\">\n<\/button>            <\/div>\n            <div class=\"flex gap-1 flex-wrap mt-6 xl:mt-0 items-center\">\n                <!-- Meta: Rubrik -->\n                                    <div class=\"bg-rubrikGruen rounded-[24px] px-3 py-2 text-white text-[14px] tracking-[0.28px]\">\n                        Demografischer Wandel &amp; Arbeitsgesellschaft                    <\/div>\n                                    <div class=\"bg-rubrikGruen rounded-[24px] px-3 py-2 text-white text-[14px] tracking-[0.28px]\">\n                        Entrepreneurship &amp; neue berufliche Wege                    <\/div>\n                                    <div class=\"bg-rubrikGruen rounded-[24px] px-3 py-2 text-white text-[14px] tracking-[0.28px]\">\n                        Mental Health &amp; Wellbeing                    <\/div>\n                                    <div class=\"bg-rubrikGruen rounded-[24px] px-3 py-2 text-white text-[14px] tracking-[0.28px]\">\n                        Zukunft der Arbeit &amp; KI                    <\/div>\n                                <!-- Meta: Language -->\n                                    <div class=\"uppercase rounded-[24px] px-3 py-2 text-pcfPrimary bg-[rgba(76,26,58,0.09)] text-[14px] tracking-[0.28px]\">\n                        DE                    <\/div>\n                                <!-- Meta: Session -->\n                                    <div class=\"rounded-[24px] px-3 py-2 text-pcfPrimary bg-[rgba(76,26,58,0.09)] text-[14px] tracking-[0.28px]\">\n                        Festival Closing                    <\/div>\n                \n                <div class=\"hidden xl:flex ms-auto items-center\">\n                    \n<button class=\"session-button w-7 h-[25px] group relative \" data-session=\"1667\" onClick=\"toggleSessionInLocalStorage(1667)\">\n    <img decoding=\"async\" class=\"default opacity-100 group-hover:opacity-0 transition-all absolute left-0 top-0 w-full h-auto\" src=\"https:\/\/people-and-culture-festival.berlin\/wp-content\/themes\/pcf2025\/assets\/gfx\/icons\/session\/heart-list-default.svg\" alt=\"Session merken\">\n    <img decoding=\"async\" class=\"default opacity-0 group-hover:opacity-100 transition-all absolute left-0 top-0 w-full h-auto\" src=\"https:\/\/people-and-culture-festival.berlin\/wp-content\/themes\/pcf2025\/assets\/gfx\/icons\/session\/heart-list-hover.svg\" alt=\"Session merken\">\n    <img decoding=\"async\" class=\"selected opacity-100 group-hover:opacity-0 transition-all absolute left-0 top-0 w-full h-auto\" src=\"https:\/\/people-and-culture-festival.berlin\/wp-content\/themes\/pcf2025\/assets\/gfx\/icons\/session\/heart-list-active.svg\" alt=\"Session nicht mehr merken\">\n    <img decoding=\"async\" class=\"selected opacity-0 group-hover:opacity-100 transition-all absolute left-0 top-0 w-full h-auto\" src=\"https:\/\/people-and-culture-festival.berlin\/wp-content\/themes\/pcf2025\/assets\/gfx\/icons\/session\/heart-list-active-hover.svg\" alt=\"Session nicht mehr merken\">\n<\/button>                <\/div>\n            <\/div>\n            <!-- Meta: Time -->\n            <div class=\"mt-6 text-pcfPrimary text-heading-mobile-h2 xl:text-heading-h3\">\n                18:00 &#8211;\n                18:30            <\/div>\n            <!-- Meta: Location -->\n            <div class=\"mt-2 flex items-center text-reading-body-1 text-pcfSecondary\">\n                <img decoding=\"async\" src=\"https:\/\/people-and-culture-festival.berlin\/wp-content\/themes\/pcf2025\/assets\/gfx\/location.svg\" alt=\"\" class=\"!h-5 !w-auto me-3\">\n                Cinema 10            <\/div>\n        <\/div>\n\n        <div class=\"mt-6 xl:mt-4 border-t-[1px] border-t-pcfSecondary\">\n            <!-- Title -->\n            <div class=\"mt-6 text-heading-mobile-h2 xl:text-heading-h3 text-pcfPrimary break-words\">\n                Festival Closing            <\/div>\n\n\n            <!-- Content -->\n            <div class=\"mt-7 xl:mt-6 lineCollapse text-reading-body-1 whitespace-pre-line\" data-showmore=\"expand\" data-showless=\"collapse\" data-buttonclasses=\"mt-6 lineCollapseButton\"><\/div>\n\n            <!-- Content: Themen -->\n            <div class=\"flex gap-1 flex-wrap mt-6 xl:mt-10\">\n                            <\/div>\n        <\/div>\n    <\/div>\n    <!-- Info Container -->\n            <div class=\"mt-6 xl:mt-4 border-t-[1px] xl:border-t-0 border-t-pcfSecondary\">\n                                        <div class=\"mt-6 xl:mt-0\">\n                    <div class=\"text-pcfSecondary text-reading-caption\">\n                        Speaker                    <\/div>\n                    <div class=\"mt-2 flex flex-col gap-y-2\">\n                                                    <div class=\"\">\n                                <a href=\"https:\/\/people-and-culture-festival.berlin\/en\/speakers\/jeannine-koch\/\" class=\"text-pcfLink text-reading-body-1-bold\">\n                                    Jeannine Koch                                <\/a>\n                                <div class=\"text-pcfPrimary text-reading-body-1\">\n                                    medianet berlinbrandenburg e.V.                                <\/div>\n                            <\/div>\n                                            <\/div>\n                <\/div>\n                                <\/div>\n    \n<\/div>\n    <\/div>\n<\/div>\n\n\n\n<p><\/p>\n","protected":false},"excerpt":{"rendered":"","protected":false},"author":2,"featured_media":0,"parent":0,"menu_order":0,"comment_status":"closed","ping_status":"closed","template":"","meta":{"_acf_changed":false,"inline_featured_image":false,"footnotes":""},"class_list":["post-1428","page","type-page","status-publish","hentry"],"acf":[],"yoast_head":"<!-- This site is optimized with the Yoast SEO Premium plugin v26.0 (Yoast SEO v27.5) - https:\/\/yoast.com\/product\/yoast-seo-premium-wordpress\/ -->\n<title>Sessions - People &amp; Culture Festival 2025<\/title>\n<meta name=\"robots\" content=\"index, follow, max-snippet:-1, max-image-preview:large, max-video-preview:-1\" \/>\n<link rel=\"canonical\" href=\"https:\/\/people-and-culture-festival.berlin\/en\/sessions\/\" \/>\n<meta property=\"og:locale\" content=\"en_US\" \/>\n<meta property=\"og:type\" content=\"article\" \/>\n<meta property=\"og:title\" content=\"Sessions\" \/>\n<meta property=\"og:url\" content=\"https:\/\/people-and-culture-festival.berlin\/en\/sessions\/\" \/>\n<meta property=\"og:site_name\" content=\"People &amp; Culture Festival 2025\" \/>\n<meta property=\"article:modified_time\" content=\"2025-09-30T12:57:47+00:00\" \/>\n<meta name=\"twitter:card\" content=\"summary_large_image\" \/>\n<script type=\"application\/ld+json\" class=\"yoast-schema-graph\">{\"@context\":\"https:\\\/\\\/schema.org\",\"@graph\":[{\"@type\":\"WebPage\",\"@id\":\"https:\\\/\\\/people-and-culture-festival.berlin\\\/en\\\/sessions\\\/\",\"url\":\"https:\\\/\\\/people-and-culture-festival.berlin\\\/en\\\/sessions\\\/\",\"name\":\"Sessions - People &amp; Culture Festival 2025\",\"isPartOf\":{\"@id\":\"https:\\\/\\\/people-and-culture-festival.berlin\\\/en\\\/#website\"},\"datePublished\":\"2025-09-25T13:34:18+00:00\",\"dateModified\":\"2025-09-30T12:57:47+00:00\",\"breadcrumb\":{\"@id\":\"https:\\\/\\\/people-and-culture-festival.berlin\\\/en\\\/sessions\\\/#breadcrumb\"},\"inLanguage\":\"en-US\",\"potentialAction\":[{\"@type\":\"ReadAction\",\"target\":[\"https:\\\/\\\/people-and-culture-festival.berlin\\\/en\\\/sessions\\\/\"]}]},{\"@type\":\"BreadcrumbList\",\"@id\":\"https:\\\/\\\/people-and-culture-festival.berlin\\\/en\\\/sessions\\\/#breadcrumb\",\"itemListElement\":[{\"@type\":\"ListItem\",\"position\":1,\"name\":\"Startseite\",\"item\":\"https:\\\/\\\/people-and-culture-festival.berlin\\\/en\\\/\"},{\"@type\":\"ListItem\",\"position\":2,\"name\":\"Sessions\"}]},{\"@type\":\"WebSite\",\"@id\":\"https:\\\/\\\/people-and-culture-festival.berlin\\\/en\\\/#website\",\"url\":\"https:\\\/\\\/people-and-culture-festival.berlin\\\/en\\\/\",\"name\":\"People & Culture Festival 2025\",\"description\":\"Werde Teil der Arbeitswelt von morgen!\",\"publisher\":{\"@id\":\"https:\\\/\\\/people-and-culture-festival.berlin\\\/en\\\/#organization\"},\"potentialAction\":[{\"@type\":\"SearchAction\",\"target\":{\"@type\":\"EntryPoint\",\"urlTemplate\":\"https:\\\/\\\/people-and-culture-festival.berlin\\\/en\\\/?s={search_term_string}\"},\"query-input\":{\"@type\":\"PropertyValueSpecification\",\"valueRequired\":true,\"valueName\":\"search_term_string\"}}],\"inLanguage\":\"en-US\"},{\"@type\":\"Organization\",\"@id\":\"https:\\\/\\\/people-and-culture-festival.berlin\\\/en\\\/#organization\",\"name\":\"People & Culture Festival 2025\",\"url\":\"https:\\\/\\\/people-and-culture-festival.berlin\\\/en\\\/\",\"logo\":{\"@type\":\"ImageObject\",\"inLanguage\":\"en-US\",\"@id\":\"https:\\\/\\\/people-and-culture-festival.berlin\\\/en\\\/#\\\/schema\\\/logo\\\/image\\\/\",\"url\":\"https:\\\/\\\/people-and-culture-festival.berlin\\\/wp-content\\\/uploads\\\/2025\\\/08\\\/PCF25-Keyvisual-1920x1080-1.jpg\",\"contentUrl\":\"https:\\\/\\\/people-and-culture-festival.berlin\\\/wp-content\\\/uploads\\\/2025\\\/08\\\/PCF25-Keyvisual-1920x1080-1.jpg\",\"width\":1920,\"height\":1080,\"caption\":\"People & Culture Festival 2025\"},\"image\":{\"@id\":\"https:\\\/\\\/people-and-culture-festival.berlin\\\/en\\\/#\\\/schema\\\/logo\\\/image\\\/\"},\"sameAs\":[\"https:\\\/\\\/www.instagram.com\\\/medianetbb\\\/\",\"https:\\\/\\\/www.linkedin.com\\\/company\\\/media-net-berlinbrandenburg-e-v-\\\/\"]}]}<\/script>\n<!-- \/ Yoast SEO Premium plugin. -->","yoast_head_json":{"title":"Sessions - People &amp; Culture Festival 2025","robots":{"index":"index","follow":"follow","max-snippet":"max-snippet:-1","max-image-preview":"max-image-preview:large","max-video-preview":"max-video-preview:-1"},"canonical":"https:\/\/people-and-culture-festival.berlin\/en\/sessions\/","og_locale":"en_US","og_type":"article","og_title":"Sessions","og_url":"https:\/\/people-and-culture-festival.berlin\/en\/sessions\/","og_site_name":"People &amp; Culture Festival 2025","article_modified_time":"2025-09-30T12:57:47+00:00","twitter_card":"summary_large_image","schema":{"@context":"https:\/\/schema.org","@graph":[{"@type":"WebPage","@id":"https:\/\/people-and-culture-festival.berlin\/en\/sessions\/","url":"https:\/\/people-and-culture-festival.berlin\/en\/sessions\/","name":"Sessions - People &amp; Culture Festival 2025","isPartOf":{"@id":"https:\/\/people-and-culture-festival.berlin\/en\/#website"},"datePublished":"2025-09-25T13:34:18+00:00","dateModified":"2025-09-30T12:57:47+00:00","breadcrumb":{"@id":"https:\/\/people-and-culture-festival.berlin\/en\/sessions\/#breadcrumb"},"inLanguage":"en-US","potentialAction":[{"@type":"ReadAction","target":["https:\/\/people-and-culture-festival.berlin\/en\/sessions\/"]}]},{"@type":"BreadcrumbList","@id":"https:\/\/people-and-culture-festival.berlin\/en\/sessions\/#breadcrumb","itemListElement":[{"@type":"ListItem","position":1,"name":"Startseite","item":"https:\/\/people-and-culture-festival.berlin\/en\/"},{"@type":"ListItem","position":2,"name":"Sessions"}]},{"@type":"WebSite","@id":"https:\/\/people-and-culture-festival.berlin\/en\/#website","url":"https:\/\/people-and-culture-festival.berlin\/en\/","name":"People & Culture Festival 2025","description":"Werde Teil der Arbeitswelt von morgen!","publisher":{"@id":"https:\/\/people-and-culture-festival.berlin\/en\/#organization"},"potentialAction":[{"@type":"SearchAction","target":{"@type":"EntryPoint","urlTemplate":"https:\/\/people-and-culture-festival.berlin\/en\/?s={search_term_string}"},"query-input":{"@type":"PropertyValueSpecification","valueRequired":true,"valueName":"search_term_string"}}],"inLanguage":"en-US"},{"@type":"Organization","@id":"https:\/\/people-and-culture-festival.berlin\/en\/#organization","name":"People & Culture Festival 2025","url":"https:\/\/people-and-culture-festival.berlin\/en\/","logo":{"@type":"ImageObject","inLanguage":"en-US","@id":"https:\/\/people-and-culture-festival.berlin\/en\/#\/schema\/logo\/image\/","url":"https:\/\/people-and-culture-festival.berlin\/wp-content\/uploads\/2025\/08\/PCF25-Keyvisual-1920x1080-1.jpg","contentUrl":"https:\/\/people-and-culture-festival.berlin\/wp-content\/uploads\/2025\/08\/PCF25-Keyvisual-1920x1080-1.jpg","width":1920,"height":1080,"caption":"People & Culture Festival 2025"},"image":{"@id":"https:\/\/people-and-culture-festival.berlin\/en\/#\/schema\/logo\/image\/"},"sameAs":["https:\/\/www.instagram.com\/medianetbb\/","https:\/\/www.linkedin.com\/company\/media-net-berlinbrandenburg-e-v-\/"]}]}},"_links":{"self":[{"href":"https:\/\/people-and-culture-festival.berlin\/en\/wp-json\/wp\/v2\/pages\/1428","targetHints":{"allow":["GET"]}}],"collection":[{"href":"https:\/\/people-and-culture-festival.berlin\/en\/wp-json\/wp\/v2\/pages"}],"about":[{"href":"https:\/\/people-and-culture-festival.berlin\/en\/wp-json\/wp\/v2\/types\/page"}],"author":[{"embeddable":true,"href":"https:\/\/people-and-culture-festival.berlin\/en\/wp-json\/wp\/v2\/users\/2"}],"replies":[{"embeddable":true,"href":"https:\/\/people-and-culture-festival.berlin\/en\/wp-json\/wp\/v2\/comments?post=1428"}],"version-history":[{"count":2,"href":"https:\/\/people-and-culture-festival.berlin\/en\/wp-json\/wp\/v2\/pages\/1428\/revisions"}],"predecessor-version":[{"id":1433,"href":"https:\/\/people-and-culture-festival.berlin\/en\/wp-json\/wp\/v2\/pages\/1428\/revisions\/1433"}],"wp:attachment":[{"href":"https:\/\/people-and-culture-festival.berlin\/en\/wp-json\/wp\/v2\/media?parent=1428"}],"curies":[{"name":"wp","href":"https:\/\/api.w.org\/{rel}","templated":true}]}}